{"id":22510,"date":"2025-07-22T20:03:52","date_gmt":"2025-07-22T18:03:52","guid":{"rendered":"https:\/\/uj.adatbank.ro\/lexikon\/termek\/szongott-kristof-%c2%a7\/"},"modified":"2025-07-22T20:03:52","modified_gmt":"2025-07-22T18:03:52","slug":"szongott-kristof-%c2%a7","status":"publish","type":"product","link":"https:\/\/uj.adatbank.ro\/lexikon\/termek\/szongott-kristof-%c2%a7\/","title":{"rendered":"SZONGOTT Krist\u00f3f, \u00a7"},"content":{"rendered":"<p>Marosbog\u00e1t, 1843. m\u00e1rc. 21.,v.29.\u2020 Szamos\u00fajv\u00e1r, 1907. jan. 24. a szamos\u00fajv\u00e1ri \u00f6rm\u00e9ny katolikus katedr\u00e1lis kript\u00e1j\u00e1ban nyugszik.: tan\u00e1r; \u00f6rm\u00e9nys\u00e9gkutat\u00f3 (armenol\u00f3gus). \u2013 K\u00f6z\u00e9piskol\u00e1it Gyulafeh\u00e9rv\u00e1ron v\u00e9gezte (1863). A szamos\u00fajv\u00e1ri \u00f6rm\u00e9ny algimn\u00e1zium tan\u00e1ra nyugd\u00edjaz\u00e1s\u00e1ig (1863\u20131904). Az Ipari K\u00f6z\u00e9piskola els\u0151 igazgat\u00f3ja (1884\u2013). A v\u00e1ros k\u00e9pvisel\u0151-test\u00fclet\u00e9nek tagja (1877\u20131907). Kezdem\u00e9nyezte az \u00d6rm\u00e9ny M\u00fazeum megalap\u00edt\u00e1s\u00e1t (1904), de megnyit\u00e1s\u00e1t m\u00e1r nem \u00e9rte meg (1907. j\u00fal. 16.), igazgat\u00f3ja lett az \u00d6rm\u00e9ny M\u00fazeum Egyes\u00fcletnek (1905\u201307). Minden vagyon\u00e1t a m\u00fazeumra hagyta. Az Erd\u00e9lyi Kat. St\u00e1tus, a M. N\u00e9prajzi T\u00e1rs. \u00e9s a Szt. Istv\u00e1n T\u00e1rsulat Tud. \u00e9s Irod. Oszt\u00e1ly\u00e1nak tagja. A szamos\u00fajv\u00e1ri t\u00f6rv\u00e9nyhat\u00f3s\u00e1gi bizotts\u00e1g tagja (1877\u20131907). Kutat\u00e1sai kiterjedtek az \u00f6rm\u00e9ny-m. kapcsolatok vizsg\u00e1lat\u00e1ra, az \u00f6rm\u00e9nyek m. t\u00f6rt\u00e9nelemben j\u00e1tszott szerep\u00e9nek, az erd\u00e9lyi \u00f6rm\u00e9nyek t\u00f6rt\u00e9net\u00e9nek vizsg\u00e1lat\u00e1ra. Pet\u0151finek t\u00f6bb vers\u00e9t leford\u00edtotta \u00f6rm\u00e9nyre. Az \u00f6rm\u00e9nyek t\u00f6rt\u00e9net\u00e9vel foglalkoz\u00f3 munk\u00e1i gazdag n\u00e9prajzi anyagot is tartalmaznak. Az Armenia c. foly\u00f3irat alap\u00edt\u00f3 szerk., nagy r\u00e9szben \u00edr\u00f3ja (1887 \u2013 1907). <strong>Cikkei:<\/strong> M. Polg\u00e1r, Ethimologische Mitteilungen-ben jelentek meg. \u2013 <strong><strong>F. m.<\/strong><\/strong>: A hazai \u00f6rm\u00e9nyek vezet\u00e9k- \u00e9s keresztnevei (Szamos\u00fajv\u00e1r, 1884); Arm\u00e9nia K\u00e9pes Napt\u00e1ra (Szamos\u00fajv\u00e1r, 1892); Szamos\u00fajv\u00e1r, a magyar \u00f6rm\u00e9ny metropolisz \u00edr\u00e1sban \u00e9s k\u00e9pekben (Szamos\u00fajv\u00e1r, 1893); Szamos\u00fajv\u00e1r m. kir. v\u00e1ros monogr\u00e1phi\u00e1ja. 1\u20134 k\u00f6t. (Szamos\u00fajv\u00e1r, 1893\u20131901); A magyarhoni \u00f6rm\u00e9ny csal\u00e1dok geneal\u00f3gi\u00e1ja (Szamos\u00fajv\u00e1r, 1898; repr. Ut\u00f3sz\u00f3 Dzsotj\u00e1nn\u00e9 Krajcsir Piroska. Bp., 1995); A magyarorsz\u00e1gi \u00f6rm\u00e9nyek ethnographi\u00e1ja (Szamos\u00fajv\u00e1r, 1903); A magyarok eredete \u00e9s \u0151slaka (Szamos\u00fajv\u00e1r, 1905); <strong>ford.:<\/strong> Chorenei M\u00f3zes: Nagy \u00d6rm\u00e9nyorsz\u00e1g t\u00f6rt\u00e9nete. (Szamos\u00fajv\u00e1r, 1892). <br \/><strong>Irod.:<\/strong> Gazdovits; L\u00e9czfalvi Sipos Kamill\u00f3: A nemzetis\u00e9gi k\u00e9rd\u00e9s k\u00f6nyv\u00e9szet\u00e9hez (Kv., 1915); M\u00c9L; Mikl\u00f3si\u2013Sikes Csaba: Sz. K. (M. m\u00faz. arck\u00e9pcsarnok. Bp., 2002); M\u00c9L; MMA; Szinnyei; Miclea Andrea Szid\u00f3nia: Szongott Krist\u00f3fra eml\u00e9keznek az \u00f6rm\u00e9ny kult\u00fara napjain (N\u00fa., 2023. okt. 10.); \u00daM\u00c9L Szont\u00e1gh Guszt\u00e1v\u00a0\u2013 2987.<\/br><\/p>\n","protected":false},"excerpt":{"rendered":"<p>Marosbog\u00e1t, 1843. m\u00e1rc. 21.,v.29.\u2020 Szamos\u00fajv\u00e1r, 1907. jan. 24. a szamos\u00fajv\u00e1ri \u00f6rm\u00e9ny katolikus katedr\u00e1lis kript\u00e1j\u00e1ban nyugszik.: tan\u00e1r; \u00f6rm\u00e9nys\u00e9gkutat\u00f3 (armenol\u00f3gus). \u2013 K\u00f6z\u00e9piskol\u00e1it Gyulafeh\u00e9rv\u00e1ron v\u00e9gezte (1863). A szamos\u00fajv\u00e1ri \u00f6rm\u00e9ny algimn\u00e1zium tan\u00e1ra nyugd\u00edjaz\u00e1s\u00e1ig (1863\u20131904). Az Ipari K\u00f6z\u00e9piskola els\u0151 igazgat\u00f3ja (1884\u2013). A v\u00e1ros k\u00e9pvisel\u0151-test\u00fclet\u00e9nek tagja (1877\u20131907). Kezdem\u00e9nyezte az \u00d6rm\u00e9ny M\u00fazeum megalap\u00edt\u00e1s\u00e1t (1904), de megnyit\u00e1s\u00e1t m\u00e1r nem \u00e9rte meg (1907. j\u00fal. [&hellip;]<\/p>\n","protected":false},"featured_media":0,"comment_status":"open","ping_status":"closed","template":"","meta":[],"product_brand":[],"product_cat":[137],"product_tag":[],"class_list":{"0":"post-22510","1":"product","2":"type-product","3":"status-publish","5":"product_cat-maros-megyei-eletrajzi-lexikon","7":"first","8":"instock","9":"shipping-taxable","10":"product-type-simple"},"_links":{"self":[{"href":"https:\/\/uj.adatbank.ro\/lexikon\/wp-json\/wp\/v2\/product\/22510","targetHints":{"allow":["GET"]}}],"collection":[{"href":"https:\/\/uj.adatbank.ro\/lexikon\/wp-json\/wp\/v2\/product"}],"about":[{"href":"https:\/\/uj.adatbank.ro\/lexikon\/wp-json\/wp\/v2\/types\/product"}],"replies":[{"embeddable":true,"href":"https:\/\/uj.adatbank.ro\/lexikon\/wp-json\/wp\/v2\/comments?post=22510"}],"wp:attachment":[{"href":"https:\/\/uj.adatbank.ro\/lexikon\/wp-json\/wp\/v2\/media?parent=22510"}],"wp:term":[{"taxonomy":"product_brand","embeddable":true,"href":"https:\/\/uj.adatbank.ro\/lexikon\/wp-json\/wp\/v2\/product_brand?post=22510"},{"taxonomy":"product_cat","embeddable":true,"href":"https:\/\/uj.adatbank.ro\/lexikon\/wp-json\/wp\/v2\/product_cat?post=22510"},{"taxonomy":"product_tag","embeddable":true,"href":"https:\/\/uj.adatbank.ro\/lexikon\/wp-json\/wp\/v2\/product_tag?post=22510"}],"curies":[{"name":"wp","href":"https:\/\/api.w.org\/{rel}","templated":true}]}}