{"id":22523,"date":"2025-07-22T20:04:24","date_gmt":"2025-07-22T18:04:24","guid":{"rendered":"https:\/\/uj.adatbank.ro\/lexikon\/termek\/szortsey-gabor-%c2%a7-gaga-szorcsei-szortsei\/"},"modified":"2025-07-22T20:04:24","modified_gmt":"2025-07-22T18:04:24","slug":"szortsey-gabor-%c2%a7-gaga-szorcsei-szortsei","status":"publish","type":"product","link":"https:\/\/uj.adatbank.ro\/lexikon\/termek\/szortsey-gabor-%c2%a7-gaga-szorcsei-szortsei\/","title":{"rendered":"SZ\u00d6RTSEY G\u00e1bor, \u00a7 G\u00e1g\u00e1, Sz\u00f6rcsei, Sz\u00f6rtsei"},"content":{"rendered":"<p>Sz\u00e9kelyudvarhely, 1951. dec. 24., \u2020 Bp., 2004. m\u00e1j. 8.: fest\u0151. \u2013 Feles\u00e9ge Chilf M\u00e1ria k\u00e9pz\u0151m\u0171v\u00e9sz. \u2013 Fiatal kor\u00e1t Mv.-en \u00e9s Kv.-on t\u00f6lt\u00f6tte. Mv.-en a M\u0171v\u00e9szeti L\u00edc.-ban, majd Kv.-on a Ion Andreescu F\u0151iskol\u00e1n, ker\u00e1mia szakon v\u00e9gzett (1974\u201379). A f\u0151iskol\u00e1n Bretter Gy\u00f6rgy filoz\u00f3fus tan\u00edtv\u00e1nya volt \u00e9s Lupas Ana ir\u00e1ny\u00edtotta szakmai t\u00e1j\u00e9koz\u00f3d\u00e1s\u00e1t. Az egyre s\u00falyosbod\u00f3 diktat\u00fara ellen a m\u0171v\u00e9szetbe menek\u00fclt. El\u0151bb a buk.-i k\u00e9pz\u0151m\u0171v\u00e9szeti \u00e9let \u00e9s a sz\u00ednh\u00e1z, a nyugati, francia \u00e9s angol k\u00f6vets\u00e9gi k\u00f6nyvt\u00e1rakban lelte meg a mened\u00e9ket. \u00c1ttelepedett Bp.-re (1981\u2013), A XI. ker\u00fcleti Budapest M\u0171vel\u0151d\u00e9si K\u00f6zpont m\u0171v\u00e9szeti szakir\u00e1ny\u00edt\u00f3ja. Bekapcsol\u00f3dott a szentendrei Vajda Lajos st\u00fadi\u00f3, a Fiatal M\u0171v\u00e9szek Klubja alkot\u00f3i, ki\u00e1ll\u00edt\u00f3i l\u00e9gk\u00f6r\u00e9be. \u00cdgy jutott el szem\u00e9lyesen \u00e9s munk\u00e1ival is nyugati alkot\u00f3t\u00e1borokba, egyre felszabadultabban \u00e9lt, sz\u00ednes k\u00e9peket festett. Az \u00daj Hull\u00e1m, a Fluxus, az \u00daj Szenzibilit\u00e1s, mindig az \u00faj serkentette, \u0171zte a szabads\u00e1g \u00e9s a fiatal bar\u00e1ti k\u00f6z\u00f6ss\u00e9gek fel\u00e9. Ki\u00e1ll.-on szerepelt festm\u00e9nyekkel, rajzokkal \u00e9s grafik\u00e1kkal, install\u00e1ci\u00f3kkal, d\u00edszlet- \u00e9s jelmeztervekkel, fot\u00f3kkal, ker\u00e1mi\u00e1kkal, stb. Munk\u00e1i megtal\u00e1lhat\u00f3k m\u00fazeumok, k\u00f6nyvt\u00e1rak, int\u00e9zm\u00e9nyek gy\u0171jtem\u00e9nyeiben (Graz, Bp., B\u00e9k\u00e9scsaba, Kyoto, P\u00e9cs, Salg\u00f3tarj\u00e1n, Santa Catarina, Hatvan, Frankfurt am Main, Paks). K\u00fclf\u00f6ldi \u00e9s belf\u00f6ldi d\u00edjak birtokosa. \u2013 <strong><strong>F. ki\u00e1ll.:<\/strong> egy\u00e9ni:<\/strong> Bp. (1984, 1985, 1988, 1991, 1993, 1994, 1996, 1997, 1998; Szentendre (1984), Kecskem\u00e9t (1986); P\u00e9cs (1999); Kv. (Antik S., Chilf M.-val 2000); Buk. (2000); Mv. Kult\u00farpalota (Chilf M.-val, 2000); <strong>csoportos:<\/strong> Mv. (1975, 1978, 1980, 1982), Kv. (1977, 1980, 1998, 2000); Erfurt (1978); Sepsiszentgy\u00f6rgy (1980), Buk. (1980 1981); Bp. (1981, 1982, 1983, 1984, 1985, 1986, 1987, 1990, 1991, 1992, 1994, 1995, 1997, 2000, 2002, 2006), P\u00e9cs (1982, 1984, 1985, 1986, 1987, 1988), Salg\u00f3tarj\u00e1n (1982, 1984); Szentendre (1982), Kyoto (1982); Miskolc (1983, 1985, 1987), Havanna (1984), Graz (1984), Vars\u00f3 (1984), Pr\u00e1ga (1984), Tampere (1986), Nogent sur Seine (1986), Helsinki (1986), Eger (1986), Pori (1986), Berlin (1987), Amszterdam (1987); Freyming-Merlbach (1989); Sepsiszentgy\u00f6rgy (1991), Linz (1992), Santa Catarina (1992), Hamburg (1993, 1995), Velence (1995), Mil\u00e1n\u00f3 (1996), New York (1997), Bari (1997), Kasse (1997), Paks (1998), Torda (1998), R\u00f3ma (1999), Oslo (1999), Mak\u00f3 (2001). <br \/><strong>Irod.:<\/strong> \u00c1goston Vilmos. B\u00facs\u00f3 Sz. G. fest\u0151m\u0171v\u00e9szt\u0151l (N\u00fa., M\u00fazsa 640. sz., 2004. m\u00e1j., 22), Nagy Mikl\u00f3s Kund: L\u00e1tv\u00e1ny a hatv\u00e1nyon (N\u00fa., 2000. m\u00e1j. 3.); [Nekrol\u00f3g] (N\u00fa., 2004. m\u00e1j. 8.) Sz\u00f6rtsey G\u00e1bor, 1951\u20132004 (Bp., 2008); Todea 2013.<\/br><\/p>\n","protected":false},"excerpt":{"rendered":"<p>Sz\u00e9kelyudvarhely, 1951. dec. 24., \u2020 Bp., 2004. m\u00e1j. 8.: fest\u0151. \u2013 Feles\u00e9ge Chilf M\u00e1ria k\u00e9pz\u0151m\u0171v\u00e9sz. \u2013 Fiatal kor\u00e1t Mv.-en \u00e9s Kv.-on t\u00f6lt\u00f6tte. Mv.-en a M\u0171v\u00e9szeti L\u00edc.-ban, majd Kv.-on a Ion Andreescu F\u0151iskol\u00e1n, ker\u00e1mia szakon v\u00e9gzett (1974\u201379). A f\u0151iskol\u00e1n Bretter Gy\u00f6rgy filoz\u00f3fus tan\u00edtv\u00e1nya volt \u00e9s Lupas Ana ir\u00e1ny\u00edtotta szakmai t\u00e1j\u00e9koz\u00f3d\u00e1s\u00e1t. Az egyre s\u00falyosbod\u00f3 diktat\u00fara ellen a [&hellip;]<\/p>\n","protected":false},"featured_media":0,"comment_status":"open","ping_status":"closed","template":"","meta":[],"product_brand":[],"product_cat":[137],"product_tag":[],"class_list":{"0":"post-22523","1":"product","2":"type-product","3":"status-publish","5":"product_cat-maros-megyei-eletrajzi-lexikon","7":"first","8":"instock","9":"shipping-taxable","10":"product-type-simple"},"_links":{"self":[{"href":"https:\/\/uj.adatbank.ro\/lexikon\/wp-json\/wp\/v2\/product\/22523","targetHints":{"allow":["GET"]}}],"collection":[{"href":"https:\/\/uj.adatbank.ro\/lexikon\/wp-json\/wp\/v2\/product"}],"about":[{"href":"https:\/\/uj.adatbank.ro\/lexikon\/wp-json\/wp\/v2\/types\/product"}],"replies":[{"embeddable":true,"href":"https:\/\/uj.adatbank.ro\/lexikon\/wp-json\/wp\/v2\/comments?post=22523"}],"wp:attachment":[{"href":"https:\/\/uj.adatbank.ro\/lexikon\/wp-json\/wp\/v2\/media?parent=22523"}],"wp:term":[{"taxonomy":"product_brand","embeddable":true,"href":"https:\/\/uj.adatbank.ro\/lexikon\/wp-json\/wp\/v2\/product_brand?post=22523"},{"taxonomy":"product_cat","embeddable":true,"href":"https:\/\/uj.adatbank.ro\/lexikon\/wp-json\/wp\/v2\/product_cat?post=22523"},{"taxonomy":"product_tag","embeddable":true,"href":"https:\/\/uj.adatbank.ro\/lexikon\/wp-json\/wp\/v2\/product_tag?post=22523"}],"curies":[{"name":"wp","href":"https:\/\/api.w.org\/{rel}","templated":true}]}}