{"id":22551,"date":"2025-07-22T20:05:25","date_gmt":"2025-07-22T18:05:25","guid":{"rendered":"https:\/\/uj.adatbank.ro\/lexikon\/termek\/szoverdi-gaspar-janos-szoverdi\/"},"modified":"2025-07-22T20:05:25","modified_gmt":"2025-07-22T18:05:25","slug":"szoverdi-gaspar-janos-szoverdi","status":"publish","type":"product","link":"https:\/\/uj.adatbank.ro\/lexikon\/termek\/szoverdi-gaspar-janos-szoverdi\/","title":{"rendered":"SZ\u00d6V\u00c9RDI G\u00c1SP\u00c1R J\u00e1nos, sz\u00f6v\u00e9rdi"},"content":{"rendered":"<p>1571, \u2020 Buk., 1625. j\u00fal. 1., gyalakutai ref. templomba temett\u00e9k: f\u0151udvarnok, Marossz\u00e9k f\u0151kapit\u00e1nya, f\u0151kir\u00e1lyb\u00edr\u00f3. \u2013 Feles\u00e9ge: bethleni Bethlen Zs\u00f3fia (1593. k. \u2013?). \u2013 B\u00e1thory Krist\u00f3f l\u00f3f\u0151s\u00e9gre emelte (1599). Gyulakuta falu ura, az orsz\u00e1g k\u00f6vete Kass\u00e1ra Bocskayhoz (1606), a kiskor\u00fa L\u00e1z\u00e1r J\u00e1nos gondnoka (1607), Marossz\u00e9k f\u0151kir\u00e1lyb\u00edr\u00f3ja (1610); Marossz\u00e9k f\u0151kapit\u00e1nya (\u20131618). Gyalakut\u00e1n, Sz\u00f6v\u00e9rden voltak birtokai \u00e9s 10 faluban volt sz\u00e9kely \u00f6r\u00f6ks\u00e9ge (Kelementelke, Gyalakuta, Bede, Vadasd, Sz\u00f6v\u00e9rd, Atosfalva, Rigm\u00e1ny, Andr\u00e1sfava, Sepr\u0151d, Fele, Havadt\u0151 \u00e9s Szov\u00e1ta), B\u00e1thori G\u00e1bor meger\u0151s\u00edtette birtokaiban (1609. okt. 18.). Feles\u00e9g\u00e9vel k\u00f6z\u00f6sen k\u00e9sz\u00edtett\u00e9k a gyulakutai ref. templom kazett\u00e1s mennyezet\u00e9t (1625). Remek \u00f6tv\u00f6sm\u0171v\u0171 kelyhet a hozz\u00e1tartoz\u00f3 ez\u00fcst aranyozott t\u00e1ny\u00e9rral adom\u00e1nyozott a gyulakuti egyh\u00e1znak. B\u0151kez\u0171en gondoskodott a sz\u00f6v\u00e9rdi ref. egyh\u00e1zr\u00f3l is: ez\u00fcst poharat s egy ez\u00fcst aranyozott t\u00e1ny\u00e9rt hagyott annak is (1643). Megv\u00e1s\u00e1rolta a Bal\u00e1ssy birtokot, amely Kereszt\u00fari P\u00e1l birtok\u00e1ba ker\u00fclt, \u00edgy a legnagyobb szov\u00e1tai birtokos volt. Bethlen G\u00e1bort\u00f3l nyert birtokokat Benefalv\u00e1n, Udvarfalv\u00e1n, L\u0151rincfalv\u00e1n \u00e9s Kisfaludon (1624), az Al\u00e1rdi Ferenct\u0151l elkobozott paniti birtok is r\u00e1sz\u00e1llt. \u00d6zvegye, Bethlen Zs\u00f3fia, ezt a birtokot, udvart, a malommal egy\u00fctt Bethlen Gy\u00f6rgynek adom\u00e1nyozta (1630). \u00d6r\u00f6k\u00f6s\u00f6k n\u00e9lk\u00fclt halt meg \u00edgy benefalvi birtok\u00e1t Bethlen G\u00e1bor novaji Szentp\u00e1li J\u00e1nosnak aj\u00e1nd\u00e9kozta (1627). Egy \u00farasztali ez\u00fcst kelyhet \u00e9s t\u00e1ny\u00e9rt adom\u00e1nyozott a sz\u00f6v\u00e9rdi egyh\u00e1zk\u00f6zs\u00e9gnek (1623), amelyet gr. B\u00e1nffy Mikl\u00f3s v\u00e1s\u00e1rolt meg \u00e9s az \u00e1r\u00e1b\u00f3l \u00e9p\u00edtett\u00e9k a felekezeti iskol\u00e1t (1635). Ma az egyh\u00e1z visszakapta az iskola \u00e9p\u00fclet\u00e9t. T\u00f6bb \u00edzben Bethlen G\u00e1bor portai k\u00f6vete, Mur\u00e1d szult\u00e1nn\u00e1l j\u00e1rt k\u00f6vets\u00e9gben, amikor meghalt. Gyalakut\u00e1n a Maros Megyei M\u00fazeum r\u00e9g\u00e9szei \u00e1sat\u00e1sokat v\u00e9geztek a ref. templomban, a szent\u00e9ly\u00e9ben aranygy\u0171r\u0171ket, ruhad\u00edszeket tal\u00e1ltak. Az egyik gy\u0171r\u0171ben bev\u00e9sve van Bethlen Zs\u00f3fia neve. <br \/><strong>Irod.:<\/strong> B\u00f6l\u00f6ni Domokos: Gyulakuta h\u00e1romsz\u00e1z \u00e9ve (N\u00fa., 1992. m\u00e1j. 26.);) Keresztes Gyula: Kast\u00e9lyaink 15. A mez\u0151paniti kast\u00e9ly (N\u00fa., 1992. j\u00fal. 18.); Keresztes Gyula: Kast\u00e9lyaink 24.: A gyulakutai udvarh\u00e1z (N\u00fa., 1992. okt. 3.). Keresztes Gyula: \u00d6r\u00f6ks\u00e9g\u00fcnk 64.: Udvarh\u00e1zak Kisk\u00fck\u00fcll\u0151 v\u00f6lgy\u00e9ben (N\u00fa., 1994. okt. 1.); K.L. M\u0171v. t\u00f6rt. tan. 1; L\u00e9sty\u00e1n \u2013 templomok 1.; Mez\u0151panit; P\u00e1l-Antal 2009; P\u00e1lmay; Rosnyai D\u00e1vid az utols\u00f3 t\u00f6r\u00f6k de\u00e1k t\u00f6rt\u00e9nelmi maradv\u00e1nyai (Pest, 1867); Sepsisz\u00e9ki; Sz\u00e9pr\u00e9ti Lilla: A mec\u00e9n\u00e1s nem t\u00e9rhetett haza: A gyalakutai templom (Erd\u00e9lyi Figyel\u0151, 21\u201322. sz., 1990); Szov\u00e1ta.<\/br><\/p>\n","protected":false},"excerpt":{"rendered":"<p>1571, \u2020 Buk., 1625. j\u00fal. 1., gyalakutai ref. templomba temett\u00e9k: f\u0151udvarnok, Marossz\u00e9k f\u0151kapit\u00e1nya, f\u0151kir\u00e1lyb\u00edr\u00f3. \u2013 Feles\u00e9ge: bethleni Bethlen Zs\u00f3fia (1593. k. \u2013?). \u2013 B\u00e1thory Krist\u00f3f l\u00f3f\u0151s\u00e9gre emelte (1599). Gyulakuta falu ura, az orsz\u00e1g k\u00f6vete Kass\u00e1ra Bocskayhoz (1606), a kiskor\u00fa L\u00e1z\u00e1r J\u00e1nos gondnoka (1607), Marossz\u00e9k f\u0151kir\u00e1lyb\u00edr\u00f3ja (1610); Marossz\u00e9k f\u0151kapit\u00e1nya (\u20131618). Gyalakut\u00e1n, Sz\u00f6v\u00e9rden voltak birtokai \u00e9s 10 [&hellip;]<\/p>\n","protected":false},"featured_media":0,"comment_status":"open","ping_status":"closed","template":"","meta":[],"product_brand":[],"product_cat":[137],"product_tag":[],"class_list":{"0":"post-22551","1":"product","2":"type-product","3":"status-publish","5":"product_cat-maros-megyei-eletrajzi-lexikon","7":"first","8":"instock","9":"shipping-taxable","10":"product-type-simple"},"_links":{"self":[{"href":"https:\/\/uj.adatbank.ro\/lexikon\/wp-json\/wp\/v2\/product\/22551","targetHints":{"allow":["GET"]}}],"collection":[{"href":"https:\/\/uj.adatbank.ro\/lexikon\/wp-json\/wp\/v2\/product"}],"about":[{"href":"https:\/\/uj.adatbank.ro\/lexikon\/wp-json\/wp\/v2\/types\/product"}],"replies":[{"embeddable":true,"href":"https:\/\/uj.adatbank.ro\/lexikon\/wp-json\/wp\/v2\/comments?post=22551"}],"wp:attachment":[{"href":"https:\/\/uj.adatbank.ro\/lexikon\/wp-json\/wp\/v2\/media?parent=22551"}],"wp:term":[{"taxonomy":"product_brand","embeddable":true,"href":"https:\/\/uj.adatbank.ro\/lexikon\/wp-json\/wp\/v2\/product_brand?post=22551"},{"taxonomy":"product_cat","embeddable":true,"href":"https:\/\/uj.adatbank.ro\/lexikon\/wp-json\/wp\/v2\/product_cat?post=22551"},{"taxonomy":"product_tag","embeddable":true,"href":"https:\/\/uj.adatbank.ro\/lexikon\/wp-json\/wp\/v2\/product_tag?post=22551"}],"curies":[{"name":"wp","href":"https:\/\/api.w.org\/{rel}","templated":true}]}}