{"id":22631,"date":"2025-08-01T16:53:25","date_gmt":"2025-08-01T14:53:25","guid":{"rendered":"https:\/\/uj.adatbank.ro\/lexikon\/termek\/tamas-anna-%c2%a7-kelemen-tamas-anna\/"},"modified":"2025-08-01T16:53:25","modified_gmt":"2025-08-01T14:53:25","slug":"tamas-anna-%c2%a7-kelemen-tamas-anna","status":"publish","type":"product","link":"https:\/\/uj.adatbank.ro\/lexikon\/termek\/tamas-anna-%c2%a7-kelemen-tamas-anna\/","title":{"rendered":"TAM\u00c1S Anna, \u00a7 Kelemen Tam\u00e1s Anna"},"content":{"rendered":"<p>Mv., 1945. j\u00fal. 14., \u2020 New-York, 2010. febr. 10.: k\u00e9pz\u0151m\u0171v\u00e9sz, d\u00edszlet- \u00e9s jelmeztervez\u0151, divattervez\u0151. \u2013 A mv.-i Zenei- \u00e9s K\u00e9pz\u0151m\u0171v\u00e9szeti K\u00f6z\u00e9piskol\u00e1ban v\u00e9gzett (1964), a kv.-i Ion Andreescu K\u00e9pz\u0151m\u0171v\u00e9szeti Int\u00e9zetben szerzett diplom\u00e1t (1970). A K\u00e9pz\u0151m\u0171v\u00e9szeti Sz\u00f6vets\u00e9g tagja (1971\u2013), majd az orsz\u00e1gos vezet\u0151tan\u00e1csba is bev\u00e1lasztott\u00e1k. A Mv.-i Nemzeti Sz\u00ednh\u00e1zhoz szerz\u0151d\u00f6tt (1974\u2013), ahol d\u00edszletek \u00e9s jelmezek sokas\u00e1g\u00e1t k\u00e9sz\u00edtette. D\u00edszletei \u00e9s jelmezei \u00f6tv\u00f6zt\u00e9k a modern alakzatokat \u00e9s n\u00e9pm\u0171v\u00e9szeti elemeket. 22 grandi\u00f3zus k\u00e1rpitot k\u00e9sz\u00edtett (12 \u00e9v alatt). Elhagyta az orsz\u00e1got \u00e9s az AE\u00c1-ban \u00e9lt \u00e9s alkotott (1985\u2013). New Yorkban volt m\u0171terme, Ralph Lauren divat\u00e1ruc\u00e9g vezet\u0151 divattervez\u0151je volt, tan\u00edtotta New-York-i Parsons School of Desing egyetemen. Tervezte egy rendhagy\u00f3 album \u2013 szak\u00e1csk\u00f6nyv kiad\u00e1s\u00e1t Transsylvania c.-mel. D\u00edjai: I. d\u00edj az Ifj\u00fas\u00e1gi Szalonon (1970); a K\u00e9pz\u0151m\u0171v\u00e9szeti Sz\u00f6vets\u00e9g textild\u00edja (1974); I. d\u00edj (textil) a Meg\u00e9nekl\u00fcnk, Rom\u00e1nia Fesztiv\u00e1l k\u00f6zt\u00e1rsas\u00e1gi szakasz\u00e1n (1977); az Erfurti Nemzetk\u00f6zi Iparm\u0171v\u00e9szeti Quadrien\u00e1l\u00e9n dics\u00e9r\u0151 oklev\u00e9l (1978); II. d\u00edj (d\u00edszlettervez\u00e9s) a Meg\u00e9nekl\u00fcnk, Rom\u00e1nia Fesztiv\u00e1l k\u00f6zt\u00e1rsas\u00e1gi szakasz\u00e1n (1979); a Jelenkori Sz\u00ednh\u00e1zm\u0171v\u00e9szeti Fesztiv\u00e1l k\u00fcl\u00f6nd\u00edja (1980); az Erfurti Nemzetk\u00f6zi Iparm\u0171v\u00e9szeti Quadrien\u00e1l\u00e9n II. d\u00edj (1982). \u2013 <strong>F. d\u00edszl.:<\/strong> Mircea \u015etef\u0103nescu: A kis pokol: \u00c1d\u00e1m Erzs\u00e9bet el\u0151ad\u00f3estje (1974); A. Baranga: Szic\u00edliai v\u00e9delem I. II. (1974, 1975); L\u00edrai orat\u00f3rium: Illy\u00e9s Kinga Szil\u00e1gyi Domokos estje (1974); Iosif Naghiu: Pillang\u00f3k a b\u0151r\u00f6ndben (1975); Csehov: H\u00e1rom n\u0151v\u00e9r (1975); K\u0151szegi Margit el\u0151ad\u00f3estje (1975); Rejtelmek ha zengenek: \u00c1d\u00e1m Erzs\u00e9bet el\u0151ad\u00f3estje J\u00f3zsef Attila verseib\u0151l(1976, 1984); Paul Ioachim: Nem vagyunk angyalok (1976); F\u00e1t\u00f3l f\u00e1ig: R\u00e9thy \u00c1rp\u00e1d el\u0151ad\u00f3estje (1977); Shaw: Barbara \u0151rnagy (Szak\u00e1cs Gy\u00f6rggyel, 1977); S\u00fct\u0151 Andr\u00e1s: Vid\u00e1m sirat\u00f3 egy bolyong\u00f3 porszem\u00e9rt (1977); Schiller: Don Carlos (1977); Vadr\u00f3zs\u00e1k: \u00c1d\u00e1m Erzs\u00e9bet el\u0151ad\u00f3estje Kriza J\u00e1nos gy\u0171jt\u00e9s\u00e9b\u0151l (1978); Tam\u00e1si \u00c1ron: \u00c9nekes mad\u00e1r (1978); Kocsis Istv\u00e1n: \u00c1rva Bethlen Kata: Farkas Ibolya el\u0151ad\u00f3estje (1978); Paul Everac Az \u00f6t\u00f6dik hatty\u00fa (1979); Teodor Mazilu: Balg\u00e1k a holdf\u00e9nyben (1979); M\u00f3ricz Zsigmond: A nap \u00e1rny\u00e9ka: \u00c1d\u00e1m Erzs\u00e9bet el\u0151ad\u00e1s\u00e1ban (1980); Horia Lovinescu: \u00c9let \u00e9s hal\u00e1l j\u00e1t\u00e9ka (1980); Hajdu Gy\u0151z\u0151: Van ilyen szerelem (1981); Az eml\u00e9kek k\u00e1v\u00e9h\u00e1za (1983); Oriana Fallaci: A n\u0151, aki vir\u00e1got akart szak\u00edtani (1983); Caragiale: Z\u0171rzavaros \u00e9jszaka (1984); Horia Lovinescu: Mi lesz vel\u00fcnk reggelig (1984); <strong>illusztr:<\/strong> Tam\u00e1s M\u00e1ria: Babaujjak t\u00e1nca (Buk., 1978), Tam\u00e1s Anna: [Katal\u00f3gus] (A bevezet\u0151t Sz\u0151cs G\u00e9za \u00edrta. A bor\u00edt\u00f3lapon Distichen (r\u00e9szlet): a h\u00e1ts\u00f3 bor\u00edt\u00f3n Invok\u00e1ci\u00f3. A felv\u00e9teleket Tam\u00e1s Anna k\u00e9sz\u00edtette; Buk., 1985);  <strong>F. m..:<\/strong> sz\u0151nyegek, k\u00e1rpitok: Tengerek dala (1970, 280&#215;255 cm.); Triptichon (1971, 480&#215;280 cm.); Kompoz\u00edci\u00f3 1 (1972, 315&#215;280 cm); Kompoz\u00edci\u00f3 2 (1972, 280&#215;260 cm); Kompoz\u00edci\u00f3 3 (1972, 280&#215;255 cm); Kompoz\u00edci\u00f3 4 (1972, 357&#215;280 cm); Egek (1973, 515&#215;280 cm.); \u00d6narck\u00e9p (1974, 480&#215;280 cm.); \u00d6narck\u00e9p (1974, 480&#215;280 cm.); Term\u00e9kenys\u00e9g (1975, 450&#215;230 cm.); Diptichon (1981, 500&#215;350 cm.); Sirat\u00f3asszonyok, Kora tavaszi t\u00e1nc stb. \u2013  <strong>F. ki\u00e1ll.:<\/strong>  <strong>egy\u00e9ni:<\/strong> Buk. (Apollo-terem, 1972; Orizont Gal\u00e9ria, 1974; V\u00e1rosi Gall\u00e9ria, 1976); Mv. (1973, 1975); Kv. (1975); Bp. (Iparm\u0171v\u00e9szeti M\u00fazeum, 1978); R\u00f3ma (1982); G\u00f6ttingen (1982); kollekt\u00edv,  <strong>csoportos:<\/strong> Buk.: 1969, 1972, 1973, 1974, 1975, 1977, 1979, 1980, 1982, 1984); Kv. (1970, 1979); Mv. (1974, 1976, 1978, 1984); Kov\u00e1szna (1976); Nagyv\u00e1rad (1977); Sepsiszentgy\u00f6rgy (1981); Moszkva (1972); Philadelphia, Boston, Kanada, Hamburg, Pr\u00e1ga, Karlovy Vary, Brno (1973); Erfurt, Ausztr\u00e1lia (1974), Stockholm (1975); P\u00e1rizs, Ath\u00e9n (1976); AE\u00c1 (1980); Finno. (1981); Sv\u00e9do., Erfurt (1982); Norfolk, Belgium (1983); \u00dajvid\u00e9k, Szombathely (1984). <br \/><strong>\u2013 Irod.:<\/strong> Arck\u00e9pcsarnok (Igaz Sz\u00f3, 1972, 11. sz.); Duicu, Serafim: Formele nelini\u015ftii (Tg. M., 2009); Erd\u00e9lyi Lajos 2018; K\u00e1ntor\u2013K\u00f6t\u0151; Katona Szab\u00f3 Istv\u00e1n: Az \u00daj \u00c9let lexikona, 156. (\u00daj \u00c9let, 1977, 1. sz.); Kov\u00e1cs Levente: In memoriam T. A. (N\u00fa., 2010. febr. 15.); Nagy Dalma: In memoriam T. A.: Hi\u00e1ny\u00e1t \u00e9rezt\u00fck\u2026(N\u00fa., M\u00fazsa, 2010. febr. 20., 921. sz.); Nagy Mikl\u00f3s Kund: El\u00e1rvult m\u0171terem a catskilli hegyekben (N\u00fa., M\u00fazsa, 2010. febr. 20., 921. sz.); Nagy Mikl\u00f3s Kund: Tam\u00e1s Anna \u00fajra itthon (N\u00fa., 2022. \u00e1pr.9.); [Nekrol\u00f3g] (N\u00fa., 2010. febr. 13.); T. A. (bev. Sz\u0151cs G\u00e9za; Buk., 1985); Todea 2013.<\/br><\/p>\n","protected":false},"excerpt":{"rendered":"<p>Mv., 1945. j\u00fal. 14., \u2020 New-York, 2010. febr. 10.: k\u00e9pz\u0151m\u0171v\u00e9sz, d\u00edszlet- \u00e9s jelmeztervez\u0151, divattervez\u0151. \u2013 A mv.-i Zenei- \u00e9s K\u00e9pz\u0151m\u0171v\u00e9szeti K\u00f6z\u00e9piskol\u00e1ban v\u00e9gzett (1964), a kv.-i Ion Andreescu K\u00e9pz\u0151m\u0171v\u00e9szeti Int\u00e9zetben szerzett diplom\u00e1t (1970). A K\u00e9pz\u0151m\u0171v\u00e9szeti Sz\u00f6vets\u00e9g tagja (1971\u2013), majd az orsz\u00e1gos vezet\u0151tan\u00e1csba is bev\u00e1lasztott\u00e1k. A Mv.-i Nemzeti Sz\u00ednh\u00e1zhoz szerz\u0151d\u00f6tt (1974\u2013), ahol d\u00edszletek \u00e9s jelmezek sokas\u00e1g\u00e1t k\u00e9sz\u00edtette. [&hellip;]<\/p>\n","protected":false},"featured_media":0,"comment_status":"open","ping_status":"closed","template":"","meta":[],"product_brand":[],"product_cat":[137],"product_tag":[],"class_list":{"0":"post-22631","1":"product","2":"type-product","3":"status-publish","5":"product_cat-maros-megyei-eletrajzi-lexikon","7":"first","8":"instock","9":"shipping-taxable","10":"product-type-simple"},"_links":{"self":[{"href":"https:\/\/uj.adatbank.ro\/lexikon\/wp-json\/wp\/v2\/product\/22631","targetHints":{"allow":["GET"]}}],"collection":[{"href":"https:\/\/uj.adatbank.ro\/lexikon\/wp-json\/wp\/v2\/product"}],"about":[{"href":"https:\/\/uj.adatbank.ro\/lexikon\/wp-json\/wp\/v2\/types\/product"}],"replies":[{"embeddable":true,"href":"https:\/\/uj.adatbank.ro\/lexikon\/wp-json\/wp\/v2\/comments?post=22631"}],"wp:attachment":[{"href":"https:\/\/uj.adatbank.ro\/lexikon\/wp-json\/wp\/v2\/media?parent=22631"}],"wp:term":[{"taxonomy":"product_brand","embeddable":true,"href":"https:\/\/uj.adatbank.ro\/lexikon\/wp-json\/wp\/v2\/product_brand?post=22631"},{"taxonomy":"product_cat","embeddable":true,"href":"https:\/\/uj.adatbank.ro\/lexikon\/wp-json\/wp\/v2\/product_cat?post=22631"},{"taxonomy":"product_tag","embeddable":true,"href":"https:\/\/uj.adatbank.ro\/lexikon\/wp-json\/wp\/v2\/product_tag?post=22631"}],"curies":[{"name":"wp","href":"https:\/\/api.w.org\/{rel}","templated":true}]}}