{"id":22696,"date":"2025-08-01T16:56:13","date_gmt":"2025-08-01T14:56:13","guid":{"rendered":"https:\/\/uj.adatbank.ro\/lexikon\/termek\/tarnaveanu-alexandru-tarnavean-alexandru\/"},"modified":"2025-08-01T16:56:13","modified_gmt":"2025-08-01T14:56:13","slug":"tarnaveanu-alexandru-tarnavean-alexandru","status":"publish","type":"product","link":"https:\/\/uj.adatbank.ro\/lexikon\/termek\/tarnaveanu-alexandru-tarnavean-alexandru\/","title":{"rendered":"T\u00c2RN\u0102VEANU, Alexandru, T\u00e2rn\u0103vean, Alexandru"},"content":{"rendered":"<p>Marosfelfalu, 1848. m\u00e1rc. 12., \u2020 Hod\u00e1k, 1935. aug. 17.: ort. pap, alesperes, politikus. \u2013 Mv.-en \u00e9retts\u00e9gizett (1867), teol\u00f3gi\u00e1t Bal\u00e1zsfalv\u00e1n v\u00e9gzett (1870), \u00e9rseki irodatiszt (1870. nov. 1.\u201371. okt. 1.), majd papp\u00e1 szentelt\u00e9k (1872). Pl\u00e9b\u00e1niai gondnok volt Radn\u00f3tf\u00e1j\u00e1n (1872\u201381), K\u00e1sv\u00e1n, pl\u00e9b\u00e1nos G\u00f6rg\u00e9nyorsova \u00e9s Hod\u00e1k falvakban (1881\u20131907). Alesperes (1900). Az ASTRA r\u00e9geni tagozat\u00e1nak tagja (1879). A R\u00e9geni k\u00f6rzet tan\u00fcgyi szen\u00e1tus\u00e1nak tagja, a Mure\u015feana hitelint\u00e9zet igazgat\u00f3 tan\u00e1cs\u00e1nak tagja. A v\u00e1rmegyei v\u00e1laszt\u00e1sok ut\u00e1n tagja lett Maros-Torda vm. tan\u00e1cs\u00e1nak (1890). A Mez\u0151pagocsai egyh\u00e1zker\u00fclet esperese (1907\u201329). Az ASTRA r\u00fccsi tagozat\u00e1nak eln\u00f6ke (1913), hozz\u00e1tartozott 14 k\u00f6zs\u00e9g. Mez\u0151pagocsa hivatalos k\u00fcld\u00f6ttjek\u00e9nt szavazati joggal vett r\u00e9szt Gyulafeh\u00e9rv\u00e1ron az egyes\u00fcl\u00e9si gy\u0171l\u00e9sen (1918. dec. 1.). A Rom\u00e1n Nemzeti Tan\u00e1cs Maros-Torda megyei r\u00e9szleg\u00e9nek tagja a megyei k\u00f6zigazgat\u00e1si bizotts\u00e1g (1919\u201320), a megyei \u00e1lland\u00f3 bizotts\u00e1g (1923\u201325) tagja. A Rom\u00e1n Nemzeti P\u00e1rt, k\u00e9s\u0151bb a Rom\u00e1n Nemzeti Parasztp\u00e1rt (1926) tagja. R\u00e9szt vett az Avram Iancu szobor\u00e1ll\u00edt\u00f3 bizotts\u00e1g munk\u00e1lataiban \u00e9s a Gh. Sincai eml\u00e9kplakett leleplez\u00e9s\u00e9n Sincai k\u00f6zs\u00e9gben. <br \/><strong>\u2013 Irod.:<\/strong> Bosoanc\u0103; Chiorean 2008; Dobozi; Gurghiu; Marea Unire dela 1. dec. 1918. (Buc., 1943); Todea 2013 \u015eincan 2006.<\/br><\/p>\n","protected":false},"excerpt":{"rendered":"<p>Marosfelfalu, 1848. m\u00e1rc. 12., \u2020 Hod\u00e1k, 1935. aug. 17.: ort. pap, alesperes, politikus. \u2013 Mv.-en \u00e9retts\u00e9gizett (1867), teol\u00f3gi\u00e1t Bal\u00e1zsfalv\u00e1n v\u00e9gzett (1870), \u00e9rseki irodatiszt (1870. nov. 1.\u201371. okt. 1.), majd papp\u00e1 szentelt\u00e9k (1872). Pl\u00e9b\u00e1niai gondnok volt Radn\u00f3tf\u00e1j\u00e1n (1872\u201381), K\u00e1sv\u00e1n, pl\u00e9b\u00e1nos G\u00f6rg\u00e9nyorsova \u00e9s Hod\u00e1k falvakban (1881\u20131907). Alesperes (1900). Az ASTRA r\u00e9geni tagozat\u00e1nak tagja (1879). A R\u00e9geni k\u00f6rzet [&hellip;]<\/p>\n","protected":false},"featured_media":0,"comment_status":"open","ping_status":"closed","template":"","meta":[],"product_brand":[],"product_cat":[137],"product_tag":[],"class_list":{"0":"post-22696","1":"product","2":"type-product","3":"status-publish","5":"product_cat-maros-megyei-eletrajzi-lexikon","7":"first","8":"instock","9":"shipping-taxable","10":"product-type-simple"},"_links":{"self":[{"href":"https:\/\/uj.adatbank.ro\/lexikon\/wp-json\/wp\/v2\/product\/22696","targetHints":{"allow":["GET"]}}],"collection":[{"href":"https:\/\/uj.adatbank.ro\/lexikon\/wp-json\/wp\/v2\/product"}],"about":[{"href":"https:\/\/uj.adatbank.ro\/lexikon\/wp-json\/wp\/v2\/types\/product"}],"replies":[{"embeddable":true,"href":"https:\/\/uj.adatbank.ro\/lexikon\/wp-json\/wp\/v2\/comments?post=22696"}],"wp:attachment":[{"href":"https:\/\/uj.adatbank.ro\/lexikon\/wp-json\/wp\/v2\/media?parent=22696"}],"wp:term":[{"taxonomy":"product_brand","embeddable":true,"href":"https:\/\/uj.adatbank.ro\/lexikon\/wp-json\/wp\/v2\/product_brand?post=22696"},{"taxonomy":"product_cat","embeddable":true,"href":"https:\/\/uj.adatbank.ro\/lexikon\/wp-json\/wp\/v2\/product_cat?post=22696"},{"taxonomy":"product_tag","embeddable":true,"href":"https:\/\/uj.adatbank.ro\/lexikon\/wp-json\/wp\/v2\/product_tag?post=22696"}],"curies":[{"name":"wp","href":"https:\/\/api.w.org\/{rel}","templated":true}]}}