{"id":22701,"date":"2025-08-01T16:56:25","date_gmt":"2025-08-01T14:56:25","guid":{"rendered":"https:\/\/uj.adatbank.ro\/lexikon\/termek\/tarnoczy-sebestyen-kiralyfalvi\/"},"modified":"2025-08-01T16:56:25","modified_gmt":"2025-08-01T14:56:25","slug":"tarnoczy-sebestyen-kiralyfalvi","status":"publish","type":"product","link":"https:\/\/uj.adatbank.ro\/lexikon\/termek\/tarnoczy-sebestyen-kiralyfalvi\/","title":{"rendered":"TARN\u00d3CZY Sebesty\u00e9n, kir\u00e1lyfalvi"},"content":{"rendered":"<p>? \u2020 1630. febr. 4. \u00e9s 9. k\u00f6z\u00f6tt: kir\u00e1lyfalvi nemes, birtokos. \u2013 Tarn\u00f3czy P\u00e9ter (1585-ben m\u00e1r nem \u00e9lt) fia, anyja Herencs\u00e9nyi.Petronella. Feles\u00e9ge: s\u00e1rfalvi K\u00e1rolyi Zs\u00f3fia, le\u00e1nya T. S\u00e1ra (1623). Az unok\u00e1ja lehetett Z\u00e1gori Tarn\u00f3czy P\u00e9ter (m\u00e1r nem \u00e9lt 1585-ben), feles\u00e9ge Herencs\u00e9nyi Petronella, aki Barcsay Boldizs\u00e1r, vajdai udvari famili\u00e1ris feles\u00e9ge lett (1588. m\u00e1j. 29.\u2013). Ipolytarn\u00f3cr\u00f3l (N\u00f3gr\u00e1d megye) birtokcser\u00e9vel k\u00f6lt\u00f6z\u00f6tt vissza az erd\u00e9lyi sz\u00e1rmaz\u00e1s\u00fa csal\u00e1d K\u00fck\u00fcll\u0151 \u00e9s Feh\u00e9r megy\u00e9be (1492). Szolg\u00e1latai\u00e9rt, ist\u00e1ll\u00f3mesterk\u00e9nt, B\u00e1thory Zsigmondt\u00f3l fejedelmi adom\u00e1nyban r\u00e9szes\u00fclt (1599). Visszakapta Z\u00e1gort, Szentl\u00e9lek v\u00e1r\u00e1t \u00e9s a hozz\u00e1 tartoz\u00f3 mez\u0151v\u00e1rosokat \u00e9s helys\u00e9geket. Rendbeszedt\u00e9k a z\u00e1gori \u00e9s kir\u00e1lyfalvi birtokait, udvarh\u00e1zat, malmot \u00e9p\u00edtettek. Feles\u00e9ge \u00e9desanyja, Bethlen S\u00e1ra, Becz Tam\u00e1s \u00f6zvegye, seg\u00edtette a romban \u00e1ll\u00f3 k\u00e9zdiszentl\u00e9leki kast\u00e9ly feljav\u00edt\u00e1s\u00e1t, fel\u00e9p\u00edt\u00e9s\u00e9t \u00e9s bek\u00f6lt\u00f6ztek a biztons\u00e1gos kast\u00e9lyba. R\u00e9szt vett a fejedelems\u00e9g politikai \u00e9let\u00e9ben. Birtokainak j\u00f3 r\u00e9sz\u00e9t Brandenburgi Katalin Bethlen Istv\u00e1nnak adom\u00e1nyozta. V\u00e9grendelet\u00e9ben (1630. jan. 14.) a K\u00fck\u00fcll\u0151 vm.-i z\u00e1gori, kir\u00e1lyfalvi \u00e9s dics\u0151szentm\u00e1rtoni r\u00e9szbirtok\u00e1t, udvarh\u00e1z\u00e1t \u00e9s a h\u00e1romsz\u00e9ki porci\u00f3it, kast\u00e9ly\u00e1t feles\u00e9g\u00e9re, K\u00e1rolyi Zs\u00f3fi\u00e1ra hagyta, majd le\u00e1nya \u00f6r\u00f6k\u00f6lte. Vagyon\u00e1b\u00f3l sokat elvettek, de Nemesk\u00fcrti Vit\u00e9z L\u00e1szl\u00f3, kor\u00e1bbi vajdai secret\u00e1rius, seg\u00edtett a birtokai egyr\u00e9sz\u00e9t visszaszerezni \u00e9s feles\u00e9g\u00fcl vette \u00f6zv. K\u00e1rolyi Zs\u00f3fi\u00e1t (1630. aug. 20.). <br \/><strong>\u2013 Irod.:<\/strong> Erd\u00e9lyi testamentumok 1; Jak\u00f3 Kl\u00e1ra = Tonk S. 2020.<\/br><\/p>\n","protected":false},"excerpt":{"rendered":"<p>? \u2020 1630. febr. 4. \u00e9s 9. k\u00f6z\u00f6tt: kir\u00e1lyfalvi nemes, birtokos. \u2013 Tarn\u00f3czy P\u00e9ter (1585-ben m\u00e1r nem \u00e9lt) fia, anyja Herencs\u00e9nyi.Petronella. Feles\u00e9ge: s\u00e1rfalvi K\u00e1rolyi Zs\u00f3fia, le\u00e1nya T. S\u00e1ra (1623). Az unok\u00e1ja lehetett Z\u00e1gori Tarn\u00f3czy P\u00e9ter (m\u00e1r nem \u00e9lt 1585-ben), feles\u00e9ge Herencs\u00e9nyi Petronella, aki Barcsay Boldizs\u00e1r, vajdai udvari famili\u00e1ris feles\u00e9ge lett (1588. m\u00e1j. 29.\u2013). Ipolytarn\u00f3cr\u00f3l (N\u00f3gr\u00e1d [&hellip;]<\/p>\n","protected":false},"featured_media":0,"comment_status":"open","ping_status":"closed","template":"","meta":[],"product_brand":[],"product_cat":[137],"product_tag":[],"class_list":{"0":"post-22701","1":"product","2":"type-product","3":"status-publish","5":"product_cat-maros-megyei-eletrajzi-lexikon","7":"first","8":"instock","9":"shipping-taxable","10":"product-type-simple"},"_links":{"self":[{"href":"https:\/\/uj.adatbank.ro\/lexikon\/wp-json\/wp\/v2\/product\/22701","targetHints":{"allow":["GET"]}}],"collection":[{"href":"https:\/\/uj.adatbank.ro\/lexikon\/wp-json\/wp\/v2\/product"}],"about":[{"href":"https:\/\/uj.adatbank.ro\/lexikon\/wp-json\/wp\/v2\/types\/product"}],"replies":[{"embeddable":true,"href":"https:\/\/uj.adatbank.ro\/lexikon\/wp-json\/wp\/v2\/comments?post=22701"}],"wp:attachment":[{"href":"https:\/\/uj.adatbank.ro\/lexikon\/wp-json\/wp\/v2\/media?parent=22701"}],"wp:term":[{"taxonomy":"product_brand","embeddable":true,"href":"https:\/\/uj.adatbank.ro\/lexikon\/wp-json\/wp\/v2\/product_brand?post=22701"},{"taxonomy":"product_cat","embeddable":true,"href":"https:\/\/uj.adatbank.ro\/lexikon\/wp-json\/wp\/v2\/product_cat?post=22701"},{"taxonomy":"product_tag","embeddable":true,"href":"https:\/\/uj.adatbank.ro\/lexikon\/wp-json\/wp\/v2\/product_tag?post=22701"}],"curies":[{"name":"wp","href":"https:\/\/api.w.org\/{rel}","templated":true}]}}