{"id":22730,"date":"2025-08-01T16:57:37","date_gmt":"2025-08-01T14:57:37","guid":{"rendered":"https:\/\/uj.adatbank.ro\/lexikon\/termek\/tavaszy-sandor-%c2%a7-magyarbolkenyi-tavaszi-sandor-alneve-gentry\/"},"modified":"2025-08-01T16:57:37","modified_gmt":"2025-08-01T14:57:37","slug":"tavaszy-sandor-%c2%a7-magyarbolkenyi-tavaszi-sandor-alneve-gentry","status":"publish","type":"product","link":"https:\/\/uj.adatbank.ro\/lexikon\/termek\/tavaszy-sandor-%c2%a7-magyarbolkenyi-tavaszi-sandor-alneve-gentry\/","title":{"rendered":"TAVASZY S\u00e1ndor, \u00a7 magyarb\u00f6lk\u00e9nyi, Tavaszi S\u00e1ndor, \u00e1lneve: Gentry"},"content":{"rendered":"<p>Maross\u00e1rpatak, 1888. febr. 25. \u2020 Kv., 1951. dec. 8., a H\u00e1zsong\u00e1rdi temet\u0151ben nyugszik: ref. teol\u00f3gus, filoz\u00f3fus, p\u00fcsp\u00f6khelyettes, \u00edr\u00f3, szerk., dr. \u2013 Apja T. K\u00e1roly. Feles\u00e9ge: Borb\u00e1th Lujza (1915\u2013). \u00c9desanyja P\u00f3k\u00e1b\u00f3l sz\u00e1rmazott ott v\u00e1s\u00e1rolt kisbirtokot, a csal\u00e1d ide telepedett, ker\u00fcleti jegyz\u0151k\u00e9nt. Elemi \u00e9s k\u00f6z\u00e9piskolai tanulm\u00e1nyait a p\u00f3kai ref. iskol\u00e1ban, a mv.-i Ref. Koll.-ban folytatta v\u00e9gig eminens tanul\u00f3 volt, \u00e9retts\u00e9gizett (1907). Egyetemi tanulm\u00e1nyait a kv.-i ref. teol\u00f3gi\u00e1n \u00e9s a Ferenc J\u00f3zsef TE-en v\u00e9gezte, ahol f\u0151k\u00e9pp filoz\u00f3fiai, nevel\u00e9studom\u00e1nyi \u00e9s m\u0171vel\u0151d\u00e9st\u00f6rt\u00e9neti el\u0151ad\u00e1sokat hallgatott (1907\u201311).Nagy hat\u00e1ssal volt szellemis\u00e9g\u00e9re B\u00f6hm K\u00e1roly filoz\u00f3fia prof., Ravasz L\u00e1szl\u00f3 \u00e9s Bart\u00f3k Gy\u00f6rgy teol\u00f3giai professzorok; N\u00e9meto.-ba ment tanulm\u00e1ny\u00fatra, ahol a jenai egy. Hittud. \u00e9s B\u00f6lcs. Kar\u00e1n (1911. okt.\u2013), a berlini egy.-en (1912. m\u00e1j.\u20131913. aug.), valamint Bethelben (Bielefeld mellett) teol\u00f3gi\u00e1t, filoz\u00f3fi\u00e1t \u00e9s l\u00e9lektant is tanult. Hazat\u00e9rve p\u00fcsp\u00f6ki titk\u00e1r (1913\u201315), \u00e9s helyettes vall\u00e1stan\u00e1r a kv.-i \u00e1llami tan\u00edt\u00f3k\u00e9pz\u0151 int\u00e9zetben. A kv.-i egy.-en b\u00f6lcs\u00e9szdoktori oklevelet szerzett (1915). Doktori dolgozata: Az ismeretelm\u00e9let \u00e9s a megismer\u00e9s psychologi\u00e1ja. Transcendent\u00e1l-philosophiai tanulm\u00e1ny. Kv.-on a ref. koll.-ban h. vall\u00e1stan\u00e1r (1915\u201319), a ref. le\u00e1ny k\u00f6z\u00e9pkisk.-ban r. vall\u00e1stan\u00e1r (1919), a kv.-i Ref. Theol\u00f3giai Fakult\u00e1s megh\u00edvta az egyh\u00e1zt\u00f6rt\u00e9net h. tan\u00e1r\u00e1nak (1920- ), etik\u00e1t is tan\u00edtott, mag\u00e1ntan\u00e1r az egyh\u00e1zt\u00f6rt\u00e9net h. (1920\u2013), r. tan\u00e1ra (1921\u2013), fakult\u00e1s igazgat\u00f3professzora (1924\u201332), a rendszeres teol\u00f3gia r. tan\u00e1ra nyugd\u00edjaz\u00e1s\u00e1ig (1926\u201348). Az erd\u00e9lyi ref. egyh\u00e1zker. lelk\u00e9szi f\u0151jegyz\u0151je hal\u00e1l\u00e1ig (p\u00fcsp\u00f6kh.) (1936\u201351). Ezzel zsinati \u00e9s az egyetemes konventi tags\u00e1g j\u00e1rt (1940\u201344). A kv.-i magyar egy. filoz\u00f3fiaprofesszora (1944\u2013). K\u00e9nyszernyugd\u00edjazt\u00e1k (1951. A Ref. Szemle hetilap, a P\u00e1sztort\u0171z bels\u0151, ill. f\u0151munkat\u00e1rsa, Az \u00dat c. havifoly\u00f3irat \u00e1lland\u00f3 munkat\u00e1rsa (1923\u2013), Maksay Alberttel megalap\u00edtotta a K\u00e1lvinista Vil\u00e1g c. egyh\u00e1zi-k\u00f6z\u00e9leti lapot (1926-ig \u2013 Marosi szerint 1929\u201333-ig \u2013 szerkesztette), amelyet a k\u00e9thetente megjelen\u0151 Ki\u00e1lt\u00f3 Sz\u00f3 c.-en visz tov\u00e1bb (1934\u2013). Tucatnyi k\u00f6nyvet 800 tanulm\u00e1nyt \u00e9s sz\u00e1mos cikket \u00edrt. Rendszeresen k\u00f6z\u00f6lt a Vas\u00e1rnap, Egyh\u00e1zi \u00dajs\u00e1g, Protest\u00e1ns Szemle, Magyar N\u00e9p, Ifj\u00fa Erd\u00e9ly, Erd\u00e9lyi Irodalmi Szemle, Erd\u00e9lyi M. Ref. Napt\u00e1r, K\u00e1lvinista Vil\u00e1g, Erd\u00e9lyi M\u00fazeum, Keleti \u00dajs\u00e1g, Ellenz\u00e9k, Egyh\u00e1zi K\u00f6zl\u00f6ny, Erd\u00e9lyi Helikon, Reform\u00e1tus Csal\u00e1d, Ellen\u0151r, Transzilv\u00e1nia (Erd\u00e9ly), Erd\u00e9ly, Reform\u00e1tus \u00c9let, Szellem \u00e9s \u00c9let, T\u00farist\u00e1k Lapja has\u00e1bjain. Az EME tagja (1920), b\u00f6lcseleti, nyelv- \u00e9s t\u00f6rt\u00e9nettud. szakoszt\u00e1ly\u00e1nak eln\u00f6ke (1930-t\u00f3l), az egyes\u00fclet aleln\u00f6ke, majd eln\u00f6ke. A kv.-i Erd\u00e9lyi Irod. T\u00e1rsalap\u00edt\u00f3 tagja (1924), aleln\u00f6ke (1937-t\u0151l), tagja a mv.-i KZST-nek (1923), az Erd\u00e9lyi Helikon alap\u00edt\u00f3 tagja (1926). A M. Kultur\u00e1lis Egyes.-ek Orsz. Sz\u00f6v. t\u00e1rsaleln\u00f6ke (1944-ig). Az EMKE aleln\u00f6ke (1941\u2013). Filoz\u00f3fiai tanulm\u00e1nyait Bevezet\u00e9s a filoz\u00f3fi\u00e1ba \u00e9s a vall\u00e1sfiloz\u00f3fi\u00e1ba jegyzeteiben \u00f6sszegezte, ezek a Bolyai Egyetemen tartott el\u0151ad\u00e1sok alapjai is (1945\u201348). T\u00f6bb m\u0171ve (pl. \u00f6n\u00e9letrajza) k\u00e9ziratban maradt. Kit\u00fcntet\u00e9se: Corvin-koszor\u00fa (1940). Tisztelet\u00e9re a maross\u00e1rpataki ref. egyh\u00e1zk\u00f6zs\u00e9g eml\u00e9kt\u00e1bl\u00e1t \u00e1ll\u00edtott a helyi ref. templom fal\u00e1ra (2000. okt. 29). Maross\u00e1rpatakon \u00fcnnep\u00e9lyesen felavatt\u00e1k mellszobr\u00e1t, Miholcsa J\u00f3zsef alkot\u00e1s\u00e1t (2011. dec. 11.). \u2013  <strong>F. m..:<\/strong> Az ismeretelm\u00e9let \u00e9s a megismer\u00e9s psychologi\u00e1ja. (Kv., 1914); Az emberis\u00e9g \u00e9let\u00e9nek filoz\u00f3fi\u00e1ja (Bp., 1917); Schleiermacher philosophi\u00e1ja (Kv., 1918); Hist\u00f3riai megismer\u00e9s a theologi\u00e1ban (Bp., 1919); A jelenkor szellemi v\u00e1ls\u00e1ga (Kv., 1923); A nyugateur\u00f3pai kult\u00fara sorsa Spengler philosophi\u00e1j\u00e1nak t\u00fckr\u00e9ben (Kv., 1924); K\u00e1lvin J\u00e1nos \u00e9lete (Kv., 1924); Vil\u00e1gn\u00e9zeti k\u00e9rd\u00e9sek (Torda, 1925); Ap\u00e1czai Csere J\u00e1nos szem\u00e9lyis\u00e9ge \u00e9s vil\u00e1gn\u00e9zete (Kv., 1925); A tudom\u00e1nyok rendszere (Kv., 1925); M\u00faltunk \u00f6r\u00f6ks\u00e9ge \u00e9s \u00f6r\u00f6ks\u00e9g\u00fcnk szelleme (Kv., 1925); Erd\u00e9lyi szellemi \u00e9let\u00fcnk k\u00e9t d\u00f6nt\u0151 k\u00e9rd\u00e9se (Kv., 1928); Mi a filoz\u00f3fia? (Kv., 1928); A dialektika theologiai probl\u00e9m\u00e1ja \u00e9s probl\u00e9m\u00e1i&#8230; (Kv., 1929); A k\u00e1lvinizmus vil\u00e1gmisszi\u00f3ja (Bp., 1929); A kijelent\u00e9s felt\u00e9tele alatt&#8230; (Kv., 1929); Kierkegaard szem\u00e9lyis\u00e9ge \u00e9s gondolkod\u00e1sa (Kv., 1930); A theologiai ir\u00e1nyok \u00e1t\u00e9rt\u00e9kel\u00e9se&#8230; (Kv., 1931); A szoci\u00e1lis \u00e9s gazdas\u00e1gi t\u00f6rekv\u00e9sek theologiai meg\u00edt\u00e9l\u00e9se (Kv., 1931); Reform\u00e1tus kereszty\u00e9n dogmatika (Kv., 1932); Mit mond a filoz\u00f3fia a mai embernek (Kv., 1932); L\u00e9t \u00e9s val\u00f3s\u00e1g (Kv., 1933); Erd\u00e9lyi tet\u0151k. \u00dati\u00e9lm\u00e9nyek \u00e9s term\u00e9szeti k\u00e9pek (Kv., 1938; 2004); A nevel\u00e9s reform\u00e1tus alapelvei le\u00e1ny- \u00e9s fi\u00fa-k\u00f6z\u00e9piskol\u00e1kban (Kv., 1938); A dialektika teol\u00f3giai probl\u00e9m\u00e1i (Kv., 1939); Az ethika mai k\u00e9rd\u00e9sei (Kv., 1939); Az ember filoz\u00f3fiai \u00e9rtelmez\u00e9se (Az Erd. M\u00faz.-Egyes. 16. k\u00f6zgy\u0171l\u00e9se. Kv., 1940); A polg\u00e1ri gondolkod\u00e1s (Kv., 1941); A teol\u00f3gia a tudom\u00e1nyos \u00e9letben (Bp., 1941); A term\u00e9szettudom\u00e1ny vil\u00e1gn\u00e9zeti jelent\u0151s\u00e9ge (Kv., 1941); Orb\u00e1n Bal\u00e1zs (1829\u20131890) = Erd\u00e9lyi csillagok 1942; A reform\u00e1tus egyh\u00e1z jelent\u0151s\u00e9ge Erd\u00e9ly t\u00f6rt\u00e9net\u00e9ben (Kv., 1943); A refom\u00e1tus theologiai gondolkod\u00e1s mai k\u00e9rd\u00e9sei (Mv., 1943); A k\u00e9t Apafi fejedelem (Kv., 1943); A szenved\u00e9s titka (Aiud, 1947); Bevezet\u00e9s a filoz\u00f3fi\u00e1ba. Kiad. Tonk M\u00e1rton (Kv., 1999); V\u00e1logatott filoz\u00f3fiai \u00edr\u00e1sok. Kiad. Tonk M\u00e1rton (Kv.\u2013Szeged, 1999), Erd\u00e9lyi tet\u0151k: \u00dati \u00e9lm\u00e9nyek \u00e9s term\u00e9szeti k\u00e9pek (Kv., 2003); <strong>antol\u00f3g.:<\/strong> Az igazs\u00e1gos Isten = Theol\u00f3giai tanulm\u00e1nyok. Kecskem\u00e9ty Istv\u00e1n eml\u00e9kk\u00f6nyv (Kv., 1934); A nemzeti \u00e9let \u00e9s a m\u0171vel\u0151d\u00e9s f\u0151 k\u00e9rd\u00e9sei = Az EME tizedik v\u00e1ndorgy\u0171l\u00e9s\u00e9nek eml\u00e9kk\u00f6nyve (Kv., 1934); A mi egyh\u00e1zunk (Kv., 1935); Vil\u00e1gn\u00e9zeti k\u00e9rd\u00e9sek \u00faj be\u00e1ll\u00edt\u00e1sban = Az EME tizenharmadik v\u00e1ndorgy\u0171l\u00e9s\u00e9nek eml\u00e9kk\u00f6nyve (Kv., 1935); Erd\u00e9lyi csillagok (Kv., 1935); K\u00e1lvin \u00fczenete. K\u00e1lvin tan\u00edt\u00e1sa = Az Institutio megjelen\u00e9s\u00e9nek 400. \u00e9vfordul\u00f3j\u00e1ra (Kv., 1937); Az ember filoz\u00f3fiai \u00e9rtelmez\u00e9se = Az EME 1939 \u00e9vi v\u00e1ndorgy\u0171l\u00e9s\u00e9nek \u00e9vk\u00f6nyve (Kv., 1940); A theol\u00f3gia a tudom\u00e1nyos \u00e9letben = \u00c9s l\u0151n vil\u00e1goss\u00e1g. Ravasz L\u00e1szl\u00f3 Eml\u00e9kk\u00f6nyv (Bp., 1941); A ref. teol\u00f3giai gondolkod\u00e1s mai k\u00e9rd\u00e9sei = Ref. Napok Eml\u00e9kk\u00f6nyv (Mv., 1943); Erd\u00e9lyi Ref. Napt\u00e1r (1925\u201349); Az id\u0151 hat\u00e1r\u00e1n = Dolgozatok a ref. teol\u00f3giai tudom\u00e1ny k\u00f6r\u00e9b\u0151l (Kv.); Erd\u00e9lyi csillagok (Orb\u00e1n Bal\u00e1zs) (Bp., 1943); Sz\u00e9kelyf\u00f6ld = Volt j\u00f6v\u0151kbe n\u00e9zve: V\u00e1logat\u00e1s a M\u00fazsa irodalmi anyag\u00e1b\u00f3l (Mv., 2001),  <strong> szerk.:<\/strong> Heidelbergi k\u00e1t\u00e9. A reform\u00e1tus kereszty\u00e9n egyh\u00e1z hitvall\u00e1sa (sz\u00f6veg meg\u00e1llap\u00edt\u00e1s; Cluj-Kv., 1930; Buk., 1972, 1974, 1978, 1979). <br \/><strong>\u2013 Irod.:<\/strong> Adamovits; Adamovits S\u00e1ndor: Erd\u00e9lyi tet\u0151k\u00f6n \u2013 a legmagasabb cs\u00facson (N\u00fa., M\u00fazsa, 1998. \u00e1pr. 25., 341. sz.); Akik j\u00f3 bizonys\u00e1got nyertek. A kv.-i Reform\u00e1tus Theol\u00f3gia tan\u00e1rai, 1895\u20131948 (Kv., 1996); Bal\u00e1zs S\u00e1ndor: T. S. filoz\u00f3fi\u00e1ja (Buk., 1982); Berekm\u00e9ri\u2013G\u00e1lfi; Clujeni ai sec. 20.; Dsida; Dubovitz; EM; Az Erd\u00e9lyi Helikon mo.-i bar\u00e1tainak aranyk\u00f6nyve 1937 (Kv., 1937); Az EME h\u00e1romnegyedsz\u00e1zados tudom\u00e1nyos m\u0171k\u00f6d\u00e9se 1859\u20131934 (Kv., 1937); F\u00e9ja; Ferenczi 1931; Fornade; Ga\u00e1l: Kv. vonz\u00e1s\u00e1ban; Gy\u00f6rgy; Gy\u00f6rgy 1926; Han\u00e1k Tibor: Az elfelejtett renesz\u00e1nsz (Bp., 1993); H\u00e1zsong\u00e1rd; Helikon 1924\u20131944; Helikoni arck\u00e9pcsarnok 1; Hivat\u00e1s \u00e9s tudom\u00e1ny; Id\u0151t\u00e1r 3; Jancs\u00f3 Elem\u00e9r: Magyar tudom\u00e1nyos \u00e9let Erd\u00e9lyben 1918-t\u00f3l napjainkig (Bp., s.a.); Maksay \u00c1gnes, T.: Egzisztencializmus \u00e9s teol\u00f3gia az erd\u00e9lyi szellemis\u00e9g szolg\u00e1lat\u00e1ban = Etnikai szempontok a rom\u00e1ns\u00e1g \u00e9s magyars\u00e1g viszony\u00e1nak meg\u00edt\u00e9l\u00e9s\u00e9hez (Korunk, 1990. m\u00e1rc.); M\u00e1ln\u00e1si; Marosi-Helikon; Marosi-KZST; Molter 3.; Nagy Lajos: Nagyernye&#8230; = Eml\u00e9kk. Szab\u00f3 Mikl\u00f3s; Nagy M\u00e1ria; Nagy \u00d6d\u00f6n; Osv\u00e1th; Pomog\u00e1ts 1.; R\u00e9thy\u2013\u00dajv\u00e1ri\u2013V\u00e1czi, RMIL; Szab\u00f3\u2013Simon\u2013Sz\u00f6gi, Szigethy\u2013\u00dajv\u00e1ri; Tonk M\u00e1rton: A kantianizmus magyar recepci\u00f3j\u00e1nak t\u00f6rt\u00e9net\u00e9b\u0151l. T. S. \u00e9s a kolozsv\u00e1ri B\u00f6hm-iskola (K\u00f6zel\u00edt\u00e9sek a m. filoz\u00f3fia t\u00f6rt\u00e9net\u00e9hez. Bp., 2004); T\u00f3falvi 5.; -vagy-: A l\u00e9lek p\u00e1sztora a term\u00e9szet v\u00e1ndora volt: Szobrot emeltek dr. T. S.-nak (N\u00fa., Sz\u00ednes Vil\u00e1g, 2011. dec. 17.); T\u00f3th\u2013G\u00e1bor; T\u0151k\u00e9s Istv\u00e1n; Veres Ildik\u00f3 \u2013 T\u0151k\u00e9s Istv\u00e1n: T. S. Egy magyar reform\u00e1tus gondolkod\u00f3 a XX. sz\u00e1zad els\u0151 fel\u00e9nek Erd\u00e9ly\u00e9ben (Debrecen, 1994); \u00dcnnepi k\u00f6nyv; Valentiny 1936.<\/br><\/p>\n","protected":false},"excerpt":{"rendered":"<p>Maross\u00e1rpatak, 1888. febr. 25. \u2020 Kv., 1951. dec. 8., a H\u00e1zsong\u00e1rdi temet\u0151ben nyugszik: ref. teol\u00f3gus, filoz\u00f3fus, p\u00fcsp\u00f6khelyettes, \u00edr\u00f3, szerk., dr. \u2013 Apja T. K\u00e1roly. Feles\u00e9ge: Borb\u00e1th Lujza (1915\u2013). \u00c9desanyja P\u00f3k\u00e1b\u00f3l sz\u00e1rmazott ott v\u00e1s\u00e1rolt kisbirtokot, a csal\u00e1d ide telepedett, ker\u00fcleti jegyz\u0151k\u00e9nt. Elemi \u00e9s k\u00f6z\u00e9piskolai tanulm\u00e1nyait a p\u00f3kai ref. iskol\u00e1ban, a mv.-i Ref. Koll.-ban folytatta v\u00e9gig eminens [&hellip;]<\/p>\n","protected":false},"featured_media":0,"comment_status":"open","ping_status":"closed","template":"","meta":[],"product_brand":[],"product_cat":[137],"product_tag":[],"class_list":{"0":"post-22730","1":"product","2":"type-product","3":"status-publish","5":"product_cat-maros-megyei-eletrajzi-lexikon","7":"first","8":"instock","9":"shipping-taxable","10":"product-type-simple"},"_links":{"self":[{"href":"https:\/\/uj.adatbank.ro\/lexikon\/wp-json\/wp\/v2\/product\/22730","targetHints":{"allow":["GET"]}}],"collection":[{"href":"https:\/\/uj.adatbank.ro\/lexikon\/wp-json\/wp\/v2\/product"}],"about":[{"href":"https:\/\/uj.adatbank.ro\/lexikon\/wp-json\/wp\/v2\/types\/product"}],"replies":[{"embeddable":true,"href":"https:\/\/uj.adatbank.ro\/lexikon\/wp-json\/wp\/v2\/comments?post=22730"}],"wp:attachment":[{"href":"https:\/\/uj.adatbank.ro\/lexikon\/wp-json\/wp\/v2\/media?parent=22730"}],"wp:term":[{"taxonomy":"product_brand","embeddable":true,"href":"https:\/\/uj.adatbank.ro\/lexikon\/wp-json\/wp\/v2\/product_brand?post=22730"},{"taxonomy":"product_cat","embeddable":true,"href":"https:\/\/uj.adatbank.ro\/lexikon\/wp-json\/wp\/v2\/product_cat?post=22730"},{"taxonomy":"product_tag","embeddable":true,"href":"https:\/\/uj.adatbank.ro\/lexikon\/wp-json\/wp\/v2\/product_tag?post=22730"}],"curies":[{"name":"wp","href":"https:\/\/api.w.org\/{rel}","templated":true}]}}