{"id":22750,"date":"2025-08-01T16:58:26","date_gmt":"2025-08-01T14:58:26","guid":{"rendered":"https:\/\/uj.adatbank.ro\/lexikon\/termek\/teglas-ferenc\/"},"modified":"2025-08-01T16:58:26","modified_gmt":"2025-08-01T14:58:26","slug":"teglas-ferenc","status":"publish","type":"product","link":"https:\/\/uj.adatbank.ro\/lexikon\/termek\/teglas-ferenc\/","title":{"rendered":"T\u00c9GL\u00c1S Ferenc"},"content":{"rendered":"<p>? \u2020 ?: tan\u00edt\u00f3. \u2013 B\u00faz\u00e1sbeseny\u0151n tan\u00edtott a ref. iskol\u00e1ban \u00e9s \u00e9nekvez\u00e9r, valamint egyh\u00e1zi f\u0151jegyz\u0151 volt (1902\u2013). Amikor a ref. isk.-t \u00e1talak\u00edtott\u00e1k magyar \u00e1llami elemi n\u00e9piskol\u00e1v\u00e1 (1907\u20131908-as tan\u00e9vt\u0151l) igazgat\u00f3-tan\u00edt\u00f3ja maradt, a vall\u00e1st \u00e9s \u00e9neket heti 31 \u00f3r\u00e1ban tan\u00edtotta, de megtartotta az egyh\u00e1zn\u00e1l az \u00e9nekvez\u00e9ri \u00e9s f\u0151jegyz\u0151i tiszts\u00e9get is (1919). Az iskol\u00e1ban 64 tanul\u00f3 volt, ebb\u0151l 20 rom\u00e1n anyanyelv\u0171. Egyh\u00e1zi jelent\u00e9sekb\u0151l kit\u0171nik, h. a faluban r. kat. isk. is m\u0171k\u00f6d\u00f6tt (1869\u2013). A hatalomv\u00e1lt\u00e1s ut\u00e1n a magyar \u00e1llami isk.-t rom\u00e1n \u00e1llami isk.-v\u00e1 nyilv\u00e1n\u00edtott\u00e1k, a tan\u00edt\u00f3 \u00e1tadta a p\u00e9nzt\u00e1rnapl\u00f3t a rom\u00e1n \u00e1llami isk.-\u00faj igazgat\u00f3j\u00e1nak, Pompeiu Stoicanak.(1919. szept.5.). T.F. nyugd\u00edjaz\u00e1s\u00e1ig \u00e1llami tan\u00edt\u00f3 \u00e9s ref. \u00e9nekvez\u00e9r maradt (1928. j\u00fan.). Teh\u00e1t ez id\u0151 t\u00e1jt a faluban volt a rom\u00e1n \u00e1llami isk. (8\u201310 tanul\u00f3val) \u00e9s a r. kat. felekezeti isk. (87 tanul\u00f3val) V\u00e9ger B\u00e9la tan\u00edt\u00f3 vezet\u00e9s\u00e9vel. <br \/><strong>\u2013 Irod.:<\/strong> P\u00e1l-Antal \u2013 Szab\u00f3 2.<\/br><\/p>\n","protected":false},"excerpt":{"rendered":"<p>? \u2020 ?: tan\u00edt\u00f3. \u2013 B\u00faz\u00e1sbeseny\u0151n tan\u00edtott a ref. iskol\u00e1ban \u00e9s \u00e9nekvez\u00e9r, valamint egyh\u00e1zi f\u0151jegyz\u0151 volt (1902\u2013). Amikor a ref. isk.-t \u00e1talak\u00edtott\u00e1k magyar \u00e1llami elemi n\u00e9piskol\u00e1v\u00e1 (1907\u20131908-as tan\u00e9vt\u0151l) igazgat\u00f3-tan\u00edt\u00f3ja maradt, a vall\u00e1st \u00e9s \u00e9neket heti 31 \u00f3r\u00e1ban tan\u00edtotta, de megtartotta az egyh\u00e1zn\u00e1l az \u00e9nekvez\u00e9ri \u00e9s f\u0151jegyz\u0151i tiszts\u00e9get is (1919). Az iskol\u00e1ban 64 tanul\u00f3 volt, ebb\u0151l [&hellip;]<\/p>\n","protected":false},"featured_media":0,"comment_status":"open","ping_status":"closed","template":"","meta":[],"product_brand":[],"product_cat":[137],"product_tag":[],"class_list":{"0":"post-22750","1":"product","2":"type-product","3":"status-publish","5":"product_cat-maros-megyei-eletrajzi-lexikon","7":"first","8":"instock","9":"shipping-taxable","10":"product-type-simple"},"_links":{"self":[{"href":"https:\/\/uj.adatbank.ro\/lexikon\/wp-json\/wp\/v2\/product\/22750","targetHints":{"allow":["GET"]}}],"collection":[{"href":"https:\/\/uj.adatbank.ro\/lexikon\/wp-json\/wp\/v2\/product"}],"about":[{"href":"https:\/\/uj.adatbank.ro\/lexikon\/wp-json\/wp\/v2\/types\/product"}],"replies":[{"embeddable":true,"href":"https:\/\/uj.adatbank.ro\/lexikon\/wp-json\/wp\/v2\/comments?post=22750"}],"wp:attachment":[{"href":"https:\/\/uj.adatbank.ro\/lexikon\/wp-json\/wp\/v2\/media?parent=22750"}],"wp:term":[{"taxonomy":"product_brand","embeddable":true,"href":"https:\/\/uj.adatbank.ro\/lexikon\/wp-json\/wp\/v2\/product_brand?post=22750"},{"taxonomy":"product_cat","embeddable":true,"href":"https:\/\/uj.adatbank.ro\/lexikon\/wp-json\/wp\/v2\/product_cat?post=22750"},{"taxonomy":"product_tag","embeddable":true,"href":"https:\/\/uj.adatbank.ro\/lexikon\/wp-json\/wp\/v2\/product_tag?post=22750"}],"curies":[{"name":"wp","href":"https:\/\/api.w.org\/{rel}","templated":true}]}}