{"id":22778,"date":"2025-08-01T16:59:36","date_gmt":"2025-08-01T14:59:36","guid":{"rendered":"https:\/\/uj.adatbank.ro\/lexikon\/termek\/teleki-anna-%c2%a7-szeki-gr-kemeny-simonne\/"},"modified":"2025-08-01T16:59:36","modified_gmt":"2025-08-01T14:59:36","slug":"teleki-anna-%c2%a7-szeki-gr-kemeny-simonne","status":"publish","type":"product","link":"https:\/\/uj.adatbank.ro\/lexikon\/termek\/teleki-anna-%c2%a7-szeki-gr-kemeny-simonne\/","title":{"rendered":"TELEKI Anna, \u00a7 sz\u00e9ki gr., Kem\u00e9ny Simonn\u00e9"},"content":{"rendered":"<p>1782., \u2020 Kv., 1851. aug. 27. a h\u00e1zsong\u00e1rdi temet\u0151ben nyugszik: birtokos gr. \u2013 T. Domokos (\u20131824) \u00e9s Bethlen Judit (\u20131784) le\u00e1nya. Testv\u00e9rei: T. Polix\u00e9nia gr. Kem\u00e9ny Mikl\u00f3sn\u00e9; R\u00e1chel br. Kem\u00e9ny P\u00e1ln\u00e9; Elek; Krisztina, Zeyk J\u00e1nosn\u00e9. A k\u00f6nyvt\u00e1ralap\u00edt\u00f3 T. S\u00e1muel fi\u00e1nak Teleki Domokosnak volt a menyasszonya, de meghi\u00fasult a frigy az ifj\u00fa gr\u00f3f korai hal\u00e1la miatt. \u00c9vek m\u00falva Zeyk D\u00e1nielhez akart menni, de ez is meghi\u00fasult a k\u00f6zeli rokons\u00e1g miatt. V\u00e9g\u00fcl is br.Kem\u00e9ny Simon feles\u00e9ge lett. Gyermekeik: Kata Kem\u00e9ny Dezs\u0151n\u00e9; Judit Zeyk K\u00e1rolyn\u00e9; Domokos (Mv., 1806\u20131885), Istv\u00e1n (1811\u20131881), feles\u00e9ge: B\u00e1nffy Kata; Gy\u00f6rgy (1812\u20131896), feles\u00e9ge gr. Bethlen M\u00e1ria. \u2013 Apanagyfaluban Bethlen Judit j\u00f3sz\u00e1g\u00e1n az apja \u00faj udvarh\u00e1zat \u00e9p\u00edttetett sz\u00e1mukra, el\u0151bb ott majd Kem\u00e9ny Simon birtok\u00e1n \u00e9ltek, ott fejl\u0151d\u00f6tt ki azz\u00e1 a nagyszer\u0171 asszonny\u00e1 \u00e9s \u00e9desany\u00e1v\u00e1, akit Erd\u00e9lyszerte ismertek. Mintaszer\u0171 feles\u00e9g \u00e9s csal\u00e1danya volt aki maga k\u00e9sz\u00edtett gyermekei sz\u00e1m\u00e1ra \u00e9vekre beosztott nevel\u00e9si munkatervet. V\u00e9letlens\u00e9gb\u0151l Tab\u00e9ry G\u00e9za Szarvasbika c. reg\u00e9ny\u00e9nek h\u0151sn\u0151je lett, aki nem ismerte mintaszer\u0171 nemes \u00e9let\u00e9t, \u00e9s megtette a k\u00e9t Bolyai \u201ev\u00e1gyt\u00e1rs\u00e1nak\u201d. 70 rhf.-t adom\u00e1nyozott a mv.-i k\u00f3rh\u00e1z sz\u00e1m\u00e1ra (1826). Nagyenyeden kelt meghagy\u00e1s\u00e1val (1826. nov. 24.) 500 n\u00e9met forintot adott a mv.-i ref. koll.- ban matesist tan\u00edt\u00f3 de\u00e1k-praesek fizet\u00e9s\u00e9re, f\u00e9rje is sok \u00e9ven \u00e1t adott e c\u00e9lra 30\u201330 forintot. Bihar megy\u00e9ben \u00e9lt (1848\u201349), oda menek\u00fclt a borzalmak el\u0151l. Bolyai Farkas levele ismeretes, amelyet 1849. \u00e1pr. 3-\u00e1n \u00edrt hozz\u00e1, akkor T. A. 65 \u00e9ves volt. <br \/><strong>\u2013 Irod.:<\/strong> Apor\u2013Ol\u00e1h-G\u00e1l; Bolyai Farkas levele Teleki Anna gr\u00f3fn\u0151h\u00f6z = Kelemen Lajos 2006; Kelemen Lajos 1982; Kelemen Lajos 2006; Kr\u00f3n. F\u00fcz. (1939.4\/9); Nagy Iv\u00e1n; Ol\u00e1h-G\u00e1l 2013; Ol\u00e1h-G\u00e1l R\u00f3bert: T. A. \u00e9s Bolyai Farkas (N\u00fa., Sz\u00ednes Vil\u00e1g, 2009. j\u00fal. 25.; 2009. aug. 1.); Szotyori.<\/br><\/p>\n","protected":false},"excerpt":{"rendered":"<p>1782., \u2020 Kv., 1851. aug. 27. a h\u00e1zsong\u00e1rdi temet\u0151ben nyugszik: birtokos gr. \u2013 T. Domokos (\u20131824) \u00e9s Bethlen Judit (\u20131784) le\u00e1nya. Testv\u00e9rei: T. Polix\u00e9nia gr. Kem\u00e9ny Mikl\u00f3sn\u00e9; R\u00e1chel br. Kem\u00e9ny P\u00e1ln\u00e9; Elek; Krisztina, Zeyk J\u00e1nosn\u00e9. A k\u00f6nyvt\u00e1ralap\u00edt\u00f3 T. S\u00e1muel fi\u00e1nak Teleki Domokosnak volt a menyasszonya, de meghi\u00fasult a frigy az ifj\u00fa gr\u00f3f korai hal\u00e1la miatt. [&hellip;]<\/p>\n","protected":false},"featured_media":0,"comment_status":"open","ping_status":"closed","template":"","meta":[],"product_brand":[],"product_cat":[137],"product_tag":[],"class_list":{"0":"post-22778","1":"product","2":"type-product","3":"status-publish","5":"product_cat-maros-megyei-eletrajzi-lexikon","7":"first","8":"instock","9":"shipping-taxable","10":"product-type-simple"},"_links":{"self":[{"href":"https:\/\/uj.adatbank.ro\/lexikon\/wp-json\/wp\/v2\/product\/22778","targetHints":{"allow":["GET"]}}],"collection":[{"href":"https:\/\/uj.adatbank.ro\/lexikon\/wp-json\/wp\/v2\/product"}],"about":[{"href":"https:\/\/uj.adatbank.ro\/lexikon\/wp-json\/wp\/v2\/types\/product"}],"replies":[{"embeddable":true,"href":"https:\/\/uj.adatbank.ro\/lexikon\/wp-json\/wp\/v2\/comments?post=22778"}],"wp:attachment":[{"href":"https:\/\/uj.adatbank.ro\/lexikon\/wp-json\/wp\/v2\/media?parent=22778"}],"wp:term":[{"taxonomy":"product_brand","embeddable":true,"href":"https:\/\/uj.adatbank.ro\/lexikon\/wp-json\/wp\/v2\/product_brand?post=22778"},{"taxonomy":"product_cat","embeddable":true,"href":"https:\/\/uj.adatbank.ro\/lexikon\/wp-json\/wp\/v2\/product_cat?post=22778"},{"taxonomy":"product_tag","embeddable":true,"href":"https:\/\/uj.adatbank.ro\/lexikon\/wp-json\/wp\/v2\/product_tag?post=22778"}],"curies":[{"name":"wp","href":"https:\/\/api.w.org\/{rel}","templated":true}]}}