{"id":22789,"date":"2025-08-01T17:00:07","date_gmt":"2025-08-01T15:00:07","guid":{"rendered":"https:\/\/uj.adatbank.ro\/lexikon\/termek\/teleki-domokos-%c2%a7-szeki-gr\/"},"modified":"2025-08-01T17:00:07","modified_gmt":"2025-08-01T15:00:07","slug":"teleki-domokos-%c2%a7-szeki-gr","status":"publish","type":"product","link":"https:\/\/uj.adatbank.ro\/lexikon\/termek\/teleki-domokos-%c2%a7-szeki-gr\/","title":{"rendered":"TELEKI Domokos, \u00a7 sz\u00e9ki gr."},"content":{"rendered":"<p>S\u00e1romberke, 1773. szept. 5., \u2020 Mv., 1798. szept. 16., a s\u00e1romberki Teleki-kript\u00e1ban nyugszik: cs. k. kamar\u00e1s, guberniumi titoknok, a mv.-i Kir\u00e1lyi T\u00e1bla egyik \u00edt\u00e9l\u0151b\u00edr\u00e1ja, a J\u00e9nai \u00e9s Erd\u00e9lyi Tud\u00f3s T\u00e1rsas\u00e1gok tagja, utaz\u00f3, \u00e1sv\u00e1nygy\u0171jt\u0151. \u2013 Apja S\u00e1muel, anyja ikt\u00e1ri Bethlen Zsuzsanna. \u2013 Az Erd\u00e9ly kancell\u00e1rj\u00e1nak legnagyobb gondja gyermekei sokoldal\u00fa oktat\u00e1s\u00e1nak megszervez\u00e9se. A h\u00e1zitan\u00edt\u00f3kat a legjobbak k\u00f6z\u00fcl v\u00e1logatta ki; a mv.-i ref. koll.-ba adta nyolc\u00e9ves kor\u00e1ban, de apja gyakori helyv\u00e1ltoztat\u00e1sa (Nagyszeben, Nagyv\u00e1rad, v\u00e9g\u00fcl B\u00e9cs), valamint a gyakori betegesked\u00e9s miatt k\u00e9nytelen volt fi\u00e1t mag\u00e1nnevel\u0151vel tan\u00edttatni, igy ker\u00fclt Nagyenyedre Benke Mih\u00e1ly filoz\u00f3fiatan\u00e1r keze al\u00e1, aki el\u0151sz\u00f6r \u00e1sv\u00e1nytanra oktatta, mely eg\u00e9sz \u00e9let\u00e9ben kedvelt tudom\u00e1nya lett; azonban m\u00e1s tudom\u00e1nyokban is \u2013 t\u00f6rt\u00e9nelem, \u00e1llamtudom\u00e1nyok \u00e9s n\u00e9prajz- kik\u00e9pz\u00e9st nyert. Amikor a csal\u00e1d B\u00e9csbe k\u00f6lt\u00f6z\u00f6tt (1787\u2013), a b\u00e9csi egyetemet l\u00e1togatta, ahol hum\u00e1n- \u00e9s term\u00e9szettudom\u00e1nyi tanulm\u00e1nyokat folytatott (1788\u201391), majd a pesti egy.-en jogot tanult (1791\u2013). Tanulm\u00e1nyai befejezt\u00e9vel a Kir\u00e1lyi K\u00fari\u00e1n\u00e1l jur\u00e1tusk\u00e9nt kezdett dolgozni, majd V\u00e1radon aljegyz\u0151, Bihar v\u00e1rmegye jegyz\u0151je volt. Eg\u00e9szs\u00e9ge egyre romlott, a gy\u00f3gyul\u00e1s rem\u00e9ny\u00e9ben a k\u00e9s\u0151bbi neves erd\u00e9lyi orvossal Pataki S\u00e1muellel egy hathetes \u00fatra indult, beutazta Magyaro. fels\u0151 r\u00e9sz\u00e9t \u00e9s a b\u00e1nyav\u00e1rosokat, \u0151sszel pedig Erd\u00e9lyben tett utaz\u00e1st (1793), majd Mo. d\u00e9li r\u00e9szeit j\u00e1rta be (1794) javul\u00e1st rem\u00e9lve a radnai vizekt\u0151l. A k\u00f6vetkez\u0151 \u00e9vben horv\u00e1torsz\u00e1gi utat tett, majd Karlsbadban gy\u00f3gykezel\u00e9sen volt; ezut\u00e1n megl\u00e1togatta a n\u00e9met v\u00e1rosok egy r\u00e9sz\u00e9t (Drezda, Lipcse, J\u00e9na, Koburg), majd Pr\u00e1g\u00e1n kereszt\u00fcl B\u00e9csbe \u00e9rkezett. J\u00e9n\u00e1ban f\u00f6lkereste a Term\u00e9szetvizsg\u00e1l\u00f3 T\u00e1rsas\u00e1got, mely tagjai k\u00f6z\u00e9 v\u00e1lasztotta (1796). K\u00f6zel h\u00e1rom\u00e9vi utaz\u00e1s ut\u00e1n hazat\u00e9rt Erd\u00e9lybe mint cs. k. kamar\u00e1s (1796\u2013), a csal\u00e1d s\u00e1romberki birtok\u00e1val foglalkozott, tev\u00e9keny munkat\u00e1rsa volt az Erd\u00e9lyi M. Nyelvm\u0171vel\u0151 T\u00e1rsas\u00e1gnak, okt\u00f3berben r\u00e9szt vett a pozsonyi di\u00e9t\u00e1n; az erd\u00e9lyi guberniumn\u00e1l titk\u00e1r (1796), Mv.-en a kir\u00e1lyi t\u00e1bla \u00fcln\u00f6ke (1797\u201398), sokat tart\u00f3zkodott Kv.-on; V\u00e1radon r\u00e9szt vett az Insurrectio k\u00e9t \u00fcl\u00e9s\u00e9n; m\u00e1jusban az akkor sz\u00e9p sz\u00e1m\u00fa \u00e1sv\u00e1nygy\u0171jtem\u00e9ny\u00e9t az apja B\u00e9csb\u0151l Mv.-re sz\u00e1ll\u00edttatta a franci\u00e1kkal folytatott hadm\u0171veletek el\u0151l. Az elk\u00e9pzel\u00e9se \u00e9s v\u00e1zlatterve alapj\u00e1n kezdt\u00e9k \u00e9p\u00edteni a ma Teleki-h\u00e1z n\u00e9ven ismert \u00e9p\u00fcletet (1797\u20131803, a hajdani V\u00e1r \/ K\u00e1lvin, a mai Pet\u0151fi t\u00e9r 2. sz.). Eg\u00e9szs\u00e9gi \u00e1llapota rohamosan romlott, s v\u00e9g\u00fcl kev\u00e9ssel 25. sz\u00fclet\u00e9snapja ut\u00e1n meghalt. F\u0151k\u00e9nt \u00e1sv\u00e1nytannal, r\u00e9szben t\u00f6rt\u00e9nelemmel \u00e9s jogtudom\u00e1nnyal foglalkozott. F\u0151leg az \u00e1sv\u00e1nyokkal val\u00f3 foglalkoz\u00e1s hozta meg \u00e9let\u00e9ben a legnagyobb elismer\u00e9st. Amikor n\u00e9meto.-i \u00fatj\u00e1t j\u00e1rta m\u00e1r t\u00f6bb\u00e9ves gy\u0171jt\u0151munka volt m\u00f6g\u00f6tte. Szaktud\u00e1s\u00e1t, j\u00e1rtass\u00e1g\u00e1t a k\u00fclf\u00f6ldi szakemberek is l\u00e1tt\u00e1k, \u00e9s ennek k\u00f6sz\u00f6nhet\u0151, hogy a j\u00e9nai, lipcsei tud\u00f3s t\u00e1rsas\u00e1gok tiszteletbeli tagnak v\u00e1lasztott\u00e1k, de a legkomolyabb elismer\u00e9st az jelentette, hogy a J\u00e9n\u00e1ban megalakult els\u0151 n\u00e9met \u00c1sv\u00e1nytani T\u00e1rsulat (Soziet\u00e4t f\u00fcr Gesamte Mineralogie zu Jena) az akkor mind\u00f6ssze 24 \u00e9ves fiatalembert els\u0151 eln\u0151k\u00e9nek v\u00e1lasztotta (1797). \u00c9rt\u00e9kes \u00e1sv\u00e1nygy\u0171jtem\u00e9nye mintegy 2000 darabot sz\u00e1ml\u00e1l, nagyr\u00e9szt erd\u00e9lyi lel\u0151helyekr\u0151l, melyet apja tov\u00e1bb gyarap\u00edtott \u00e9s a v\u00e1s\u00e1rhelyi T\u00e9k\u00e1ban helyezett el, elk\u00e9sz\u00edttette a katal\u00f3gus\u00e1t \u00e9s ma is megtal\u00e1lhat\u00f3 ott. Munk\u00e1ss\u00e1g\u00e1nak tal\u00e1n legismertebb oldala az Erd\u00e9lyi Nyelvm\u0171vel\u0151 T\u00e1rsas\u00e1gban kifejtett tev\u00e9kenys\u00e9ge, Aranka Gy\u00f6rgy f\u00e1radoz\u00e1sai nyom\u00e1n Mv.-en j\u00f6tt l\u00e9tre a nyelv- \u00e9s tudom\u00e1nym\u0171vel\u00e9st, kall\u00f3d\u00f3 k\u00e9z\u00edr\u00e1sos eml\u00e9keink \u00f6sszegy\u0171jt\u00e9s\u00e9t programj\u00e1ba iktat\u00f3 tudom\u00e1nyos t\u00e1rsas\u00e1g (1793), amely munk\u00e1j\u00e1ba bekapcsol\u00f3dott, t\u00f6bbsz\u00f6r szerepelt a Mv.-en tartott \u00f6sszej\u00f6veteleken, \u00faj tagokat szervezett, m\u0171k\u00f6d\u00e9si \u00e9s szervez\u00e9si javaslatokat fogalmazott meg, adom\u00e1nyokat tett a t\u00e1rsulat jav\u00e1ra. A k\u00f6zj\u00f3 el\u0151mozd\u00edt\u00e1s\u00e1t szolg\u00e1lt\u00e1k az erd\u00e9lyi oktatat\u00e1ssal, k\u00fcl\u00f6n\u00f6sen a vid\u00e9ki gyerekek nevel\u00e9s\u00e9vel kapcsolatos javaslatai, csal\u00e1dja s\u00e1romberki birtok\u00e1n konkr\u00e9t int\u00e9zked\u00e9seket tett a tan\u00edt\u00e1s megreform\u00e1l\u00e1s\u00e1t illet\u0151en A lipcsei Gazd. T\u00e1rsulat (1796), a j\u00e9nai Term\u00e9szettud. T\u00e1rsulat tagja (1796), \u00e9s a J\u00e9nai Mineorol\u00f3giai T\u00e1rsas\u00e1g (1797) els\u0151 eln\u00f6ke, az Erd\u00e9lyi Nyelvm\u00edvel\u0151 T\u00e1rsas\u00e1g r. tagja (1798). A mv.-i Ref. Koll. f\u0151gondnoka (1798. j\u00fan. 29.\u2013). Hazai \u00e9s k\u00fclf\u00f6ldi utaz\u00e1sair\u00f3l feljegyz\u00e9seket k\u00e9sz\u00edtett melyek megjelentek magyar (1796) \u00e9s n\u00e9met (1805) nyelven. Levele Aranka Gy\u00f6rgyh\u00f6z (1790. szept. 12). Sz\u00e9pirodalmi pr\u00f3b\u00e1lkoz\u00e1sai is voltak: versek, dr\u00e1mak\u00e9zirat: A Spanyolok Mexicoba: Szomor\u00fa j\u00e1t\u00e9k \u2013 Mv.-en 3 k\u00e9ziratos p\u00e9ld\u00e1nyban maradt fenn. \u00cdr\u00e1sos hagyat\u00e9k\u00e1nak egyik \u00e9rt\u00e9kes darabja az a 15 lapnyi \u00f6n\u00e9letrajzi feljegyz\u00e9s, amely a Teleki T\u00e9k\u00e1ban van k\u00e9ziratai k\u00f6z\u00f6tt, valamint levelez\u00e9se. A gernyeszegi \u00e1ltal\u00e1nos iskola felvette a nev\u00e9t (1912. \u00e1pr. 29.). \u2013  <strong>F. m..:<\/strong> Gr\u00f3f Teleki J\u00f3zsef elk\u00f6lt\u00f6z\u00f6tt lelk\u00e9hez. N\u00e9vtelen\u00fcl (k\u00f6lt.; H. n., \u00e9. n.); Gr\u00f3f Rh\u00e9dey \u00c1d\u00e1mnak \u00e9s gr\u00f3f Teleki M\u00e1ri\u00e1nak egym\u00e1ssal k\u00f6t\u00f6tt h\u00e1zass\u00e1gi sz. sz\u00f6vets\u00e9geket \u00f6rvendetes eml\u00e9kezetben ki-v\u00e1nja tartani&#8230; N\u00e9vtelen\u00fcl (B\u00e9cs, 1795); Egyn\u00e9h\u00e1ny hazai utaz\u00e1sok le\u00edr\u00e1sa, T\u00f3t- \u00e9s Horv\u00e1th orsz\u00e1gnak r\u00f6vid esmertet\u00e9s\u00e9vel egy\u00fctt, kiadatott G. T. D. \u00e1ltal (B\u00e9cs, 1796; Bp., 1993; n\u00e9met\u00fcl Pest, 1805); S\u00e1ndor Leopoldnak Ausztria f\u0151herceg\u00e9nek Magyaro. n\u00e1dorisp\u00e1nj\u00e1nak nev\u00e9t \u00f6r\u00f6k\u00f6s\u00edt\u0151 eml\u00e9keztet\u0151 \u00edr\u00e1s&#8230; de\u00e1k nyelven Birkenstock Menyh\u00e9rt k\u00e9sz\u00edtett, e ford\u00edt\u00e1sban pedig magyar nyelvere \u00e1ltal tenni pr\u00f3b\u00e1lt (B\u00e9cs, 1796); A vall\u00e1s \u00e9s erk\u00f6lts summ\u00e1s tan\u00edt\u00e1sa. N\u00e9vtelen\u00fcl (Pest, 1798); Reisen durch Ungern und einige angr\u00e4nzende L\u00e4nder (Pesth, 1805); <strong>antol\u00f3g.:<\/strong> Hazai utaz\u00f3k Erd\u00e9lyben (Kv., 1942); K\u00e9ziratban is vannak munk\u00e1i, melyeket a marosv\u00e1s\u00e1rhelyi k\u00f6nyvt\u00e1rban \u0151riznek; a M. N. M\u00fazeumban: Gr\u00f3f Teleki J\u00f3zsef elk\u00f6lt\u00f6z\u00f6tt lelk\u00e9hez c. k\u00f6ltem\u00e9nye. <br \/><strong>\u2013 Irod.:<\/strong> Czirj\u00e1k 3; De\u00e9 Nagy Anik\u00f3 2007; De\u00e9 Nagy Anik\u00f3: Ifj\u00fa gr\u00f3f T. D. (Erd\u00e9lyi M\u00fazeum, 56., 1994, 1\u20132); De\u00e9 Nagy Anik\u00f3: Eml\u00e9kezetre m\u00e9lt\u00f3 dolgok (N\u00fa., M\u00fazsa, 365. sz., 1998. okt. 10.); De\u00e9 Nagy Anik\u00f3: Ifj\u00fa T. D. az erd\u00e9lyi tudom\u00e1nyoss\u00e1g szolg\u00e1lat\u00e1ban = \u00c9vek 1100-b\u00f3l; De\u00e9 Nagy Anik\u00f3 2007; De\u00e9 Nagy Anik\u00f3 2020; Egyed Emese: A zseni\u00e1lis olvas\u00f3 Teleki Domokos. A Spanyolok Mexik\u00f3ban (Telekiek); Gergely P\u00e1l: Sz\u00e9kely vil\u00e1gj\u00e1r\u00f3k (Bp., 1940); Id\u0151t\u00e1r 1; Koncz; Koncz J\u00f3zsef: Ifj. T. D., a j\u00e9nai \u00e1sv\u00e1nyt\u00e1rsulat eln\u00f6ke 1798 (Irod.t\u00f6rt. K\u00f6zl., 1891); Kov\u00e1sznai; Kr\u00f3n. F\u00fcz. (1939. 4\/9); Lev\u00e9lt\u00e1ri gy\u00e1szj.; M\u00e1ln\u00e1si; Man: Tg. M.; M\u00c9L; MMA; Nemes Gyula: A maross\u00e1rpataki Teleki kripta \u00e9rt\u00e9keit mentik (K\u00f6zpont, 2016. j\u00fan. 2\u20138.); P\u00e1l-Antal 2002; P\u00e1l-Antal 2009; Pataki J\u00f3zsef: A magyar sz\u00edn\u00e9szet t\u00f6rt\u00e9nete (Bp., 1922); P\u00e1pay S\u00e1muel: A magyar literat\u00fara esm\u00e9rete (Veszpr\u00e9m, 1808); Pesty 2014; Pint\u00e9r Jen\u0151: A m. irod. t\u00f6rt\u00e9nete Bessenyit\u0151l Kazinczyig (Bp., 1913); S\u00e1romberke, 1319\u20131994 (S\u00e1romberke, 1994); Szab\u00f3\u2013Sz\u00f6gi; Szinnyei; Szinnyei J \u2013 Sz. J.; Szinnyey J\u00f3zsef: A gr\u00f3f Teleki csal\u00e1d \u00edr\u00f3i (Bp., 1910); Telekiek; \u00daM\u00c9L, Veress.<\/br><\/p>\n","protected":false},"excerpt":{"rendered":"<p>S\u00e1romberke, 1773. szept. 5., \u2020 Mv., 1798. szept. 16., a s\u00e1romberki Teleki-kript\u00e1ban nyugszik: cs. k. kamar\u00e1s, guberniumi titoknok, a mv.-i Kir\u00e1lyi T\u00e1bla egyik \u00edt\u00e9l\u0151b\u00edr\u00e1ja, a J\u00e9nai \u00e9s Erd\u00e9lyi Tud\u00f3s T\u00e1rsas\u00e1gok tagja, utaz\u00f3, \u00e1sv\u00e1nygy\u0171jt\u0151. \u2013 Apja S\u00e1muel, anyja ikt\u00e1ri Bethlen Zsuzsanna. \u2013 Az Erd\u00e9ly kancell\u00e1rj\u00e1nak legnagyobb gondja gyermekei sokoldal\u00fa oktat\u00e1s\u00e1nak megszervez\u00e9se. A h\u00e1zitan\u00edt\u00f3kat a legjobbak k\u00f6z\u00fcl [&hellip;]<\/p>\n","protected":false},"featured_media":0,"comment_status":"open","ping_status":"closed","template":"","meta":[],"product_brand":[],"product_cat":[137],"product_tag":[],"class_list":{"0":"post-22789","1":"product","2":"type-product","3":"status-publish","5":"product_cat-maros-megyei-eletrajzi-lexikon","7":"first","8":"instock","9":"shipping-taxable","10":"product-type-simple"},"_links":{"self":[{"href":"https:\/\/uj.adatbank.ro\/lexikon\/wp-json\/wp\/v2\/product\/22789","targetHints":{"allow":["GET"]}}],"collection":[{"href":"https:\/\/uj.adatbank.ro\/lexikon\/wp-json\/wp\/v2\/product"}],"about":[{"href":"https:\/\/uj.adatbank.ro\/lexikon\/wp-json\/wp\/v2\/types\/product"}],"replies":[{"embeddable":true,"href":"https:\/\/uj.adatbank.ro\/lexikon\/wp-json\/wp\/v2\/comments?post=22789"}],"wp:attachment":[{"href":"https:\/\/uj.adatbank.ro\/lexikon\/wp-json\/wp\/v2\/media?parent=22789"}],"wp:term":[{"taxonomy":"product_brand","embeddable":true,"href":"https:\/\/uj.adatbank.ro\/lexikon\/wp-json\/wp\/v2\/product_brand?post=22789"},{"taxonomy":"product_cat","embeddable":true,"href":"https:\/\/uj.adatbank.ro\/lexikon\/wp-json\/wp\/v2\/product_cat?post=22789"},{"taxonomy":"product_tag","embeddable":true,"href":"https:\/\/uj.adatbank.ro\/lexikon\/wp-json\/wp\/v2\/product_tag?post=22789"}],"curies":[{"name":"wp","href":"https:\/\/api.w.org\/{rel}","templated":true}]}}