{"id":22808,"date":"2025-08-01T17:00:55","date_gmt":"2025-08-01T15:00:55","guid":{"rendered":"https:\/\/uj.adatbank.ro\/lexikon\/termek\/teleki-ferenc-szeki-gr-3\/"},"modified":"2025-08-01T17:00:55","modified_gmt":"2025-08-01T15:00:55","slug":"teleki-ferenc-szeki-gr-3","status":"publish","type":"product","link":"https:\/\/uj.adatbank.ro\/lexikon\/termek\/teleki-ferenc-szeki-gr-3\/","title":{"rendered":"TELEKI Ferenc, sz\u00e9ki gr."},"content":{"rendered":"<p>Nagyv\u00e1rad, 1787. febr. 26., \u2020 S\u00e1romberke, 1861. dec. 11. a csal\u00e1di Teleki-kript\u00e1ba temett\u00e9k: cs. kir. kamar\u00e1s, kapit\u00e1ny, matematikus. \u2013 T. S\u00e1muel kancell\u00e1r \u00e9s ikt\u00e1ri Bethlen Zsuzsanna fia. Feles\u00e9ge: losonczi br. B\u00e1nffy Erzs\u00e9bet (B\u00e9cs, 1794. j\u00fal. 28.\u2013 S\u00e1romberke, 1853. szept. 1.). Esk\u00fcv\u0151: C\u00e9g 1810. jan. 14. Gyermekeik: S\u00e1muel Ferenc (1819\u20131882); Erzs\u00e9bet br. Vay Lajosn\u00e9 (1812\u20131881), \u00c1gnes waldecki \u00e9s pyrmonti Herczeg Hermann\u00e9 (1814\u20131896); R\u00f3za gr. Solms-Baruth Frigyesn\u00e9 (1818\u20131890). \u2013 Tanulm\u00e1nyait h\u00e1zitan\u00edt\u00f3k ir\u00e1ny\u00edt\u00e1s\u00e1val S\u00e1romberk\u00e9n \u00e9s B\u00e9csben v\u00e9gezte. Az erd\u00e9lyi matematikus \u00e9s filoz\u00f3fus Sipos P\u00e1l a kiv\u00e1l\u00f3 matematikus \u00e9s geom\u00e9ter volt a tan\u00edt\u00f3ja (1795\u201396). Tal\u00e1n neki k\u00f6sz\u00f6nhette matematikai \u00e9rdekl\u0151d\u00e9s\u00e9t. Tanulm\u00e1nyait N\u00e9metorsz\u00e1gban G\u00f6ttingenben eg\u00e9sz\u00edtette ki. (1808) A cs. \u00e9s k. sz\u00e9kely husz\u00e1rezred hadnagyak\u00e9nt k\u00fcl\u00f6nb\u00f6z\u0151 mo-i v\u00e1rosokban f\u00f6ldm\u00e9r\u00e9seket v\u00e9gzett. Optikai \u00e9s f\u00f6ldm\u00e9r\u00e9stani probl\u00e9m\u00e1kkal foglalkozott. Kor\u00e1ban f\u00f6ldm\u00e9r\u00e9shez, t\u00e9rk\u00e9pez\u00e9shez neh\u00e9zkes, t\u00f6bb ember seg\u00edts\u00e9g\u00e9t ig\u00e9nybev\u0151 teodolitokat haszn\u00e1ltak. Feltal\u00e1lt egy k\u00e9zben tarthat\u00f3 sz\u00f6gm\u00e9r\u0151t (1812). Tal\u00e1lm\u00e1nya kivitelez\u00e9s\u00e9t egy Voigtl\u00e4nder nev\u0171 fiatal b\u00e9csi technikusra b\u00edzta, akib\u0151l k\u00e9s\u0151bb milliomos lett egy m\u00e1sik tal\u00e1lm\u00e1ny, a Petzval J\u00f3zsef-f\u00e9le akromatikus lencserendszer el\u0151\u00e1ll\u00edt\u00e1sa r\u00e9v\u00e9n. Feltal\u00e1lt m\u00e9g egy a napmagass\u00e1g meghat\u00e1roz\u00e1s\u00e1ra szolg\u00e1l\u00f3 csillag\u00e1szati eszk\u00f6zt (1812), melynek le\u00edr\u00e1sa nyomtat\u00e1sban is megjelent (1817). Friss h\u00edrlapokkal gyarap\u00edtotta a Teleki T\u00e9k\u00e1t. S\u00e1romberk\u00e9n \u00faj iskol\u00e1t \u00e9s tan\u00edt\u00f3i lak\u00e1st \u00e9p\u00edttetett (1824). Adom\u00e1nyozott h\u00e1romszor is 550 rhf.- ot a mv.-i k\u00f3rh\u00e1z sz\u00e1m\u00e1ra. A V\u00e1rtemplom sz\u00f3sz\u00e9ke \u00e9s \u00farasztala az \u0151 k\u00f6lts\u00e9g\u00e9n k\u00e9sz\u00fclt (1841). Kiv\u00e1l\u00f3 matematikus, hum\u00e1nus gondolkod\u00f3, saj\u00e1tosan eredeti kutat\u00f3 elme volt. \u2013  <strong>F. m..:<\/strong> Die Schpiegel-Schreibe. (A t\u00fck\u00f6rt\u00e1rcsa) Ein neues catoptrischen Instrument zur Messung terrestrischer Winkel und Bestimmung der Sonnenh\u00f6hen (Wien, 1817). <br \/><strong>\u2013 Irod.:<\/strong> De\u00e9 Nagy Anik\u00f3 1997, 2007; Gudenus; Gy\u00e1szjelent\u0151; Id\u0151t\u00e1r 1; Lev\u00e9lt\u00e1ri gy\u00e1szj.; Nemes Gyula: A maross\u00e1rpataki Teleki kripta \u00e9rt\u00e9keit mentik (K\u00f6zpont, 2016. j\u00fan. 2\u20138.); P\u00e1l-Antal 2009; S\u00e1romberke; Szotyori; \u00daj \u00c9let (16. sz. 1970); Vajda P\u00e1l: Nagy magyar feltal\u00e1l\u00f3k (Bp., 1958).<\/br><\/p>\n","protected":false},"excerpt":{"rendered":"<p>Nagyv\u00e1rad, 1787. febr. 26., \u2020 S\u00e1romberke, 1861. dec. 11. a csal\u00e1di Teleki-kript\u00e1ba temett\u00e9k: cs. kir. kamar\u00e1s, kapit\u00e1ny, matematikus. \u2013 T. S\u00e1muel kancell\u00e1r \u00e9s ikt\u00e1ri Bethlen Zsuzsanna fia. Feles\u00e9ge: losonczi br. B\u00e1nffy Erzs\u00e9bet (B\u00e9cs, 1794. j\u00fal. 28.\u2013 S\u00e1romberke, 1853. szept. 1.). Esk\u00fcv\u0151: C\u00e9g 1810. jan. 14. Gyermekeik: S\u00e1muel Ferenc (1819\u20131882); Erzs\u00e9bet br. Vay Lajosn\u00e9 (1812\u20131881), \u00c1gnes [&hellip;]<\/p>\n","protected":false},"featured_media":0,"comment_status":"open","ping_status":"closed","template":"","meta":[],"product_brand":[],"product_cat":[137],"product_tag":[],"class_list":{"0":"post-22808","1":"product","2":"type-product","3":"status-publish","5":"product_cat-maros-megyei-eletrajzi-lexikon","7":"first","8":"instock","9":"shipping-taxable","10":"product-type-simple"},"_links":{"self":[{"href":"https:\/\/uj.adatbank.ro\/lexikon\/wp-json\/wp\/v2\/product\/22808","targetHints":{"allow":["GET"]}}],"collection":[{"href":"https:\/\/uj.adatbank.ro\/lexikon\/wp-json\/wp\/v2\/product"}],"about":[{"href":"https:\/\/uj.adatbank.ro\/lexikon\/wp-json\/wp\/v2\/types\/product"}],"replies":[{"embeddable":true,"href":"https:\/\/uj.adatbank.ro\/lexikon\/wp-json\/wp\/v2\/comments?post=22808"}],"wp:attachment":[{"href":"https:\/\/uj.adatbank.ro\/lexikon\/wp-json\/wp\/v2\/media?parent=22808"}],"wp:term":[{"taxonomy":"product_brand","embeddable":true,"href":"https:\/\/uj.adatbank.ro\/lexikon\/wp-json\/wp\/v2\/product_brand?post=22808"},{"taxonomy":"product_cat","embeddable":true,"href":"https:\/\/uj.adatbank.ro\/lexikon\/wp-json\/wp\/v2\/product_cat?post=22808"},{"taxonomy":"product_tag","embeddable":true,"href":"https:\/\/uj.adatbank.ro\/lexikon\/wp-json\/wp\/v2\/product_tag?post=22808"}],"curies":[{"name":"wp","href":"https:\/\/api.w.org\/{rel}","templated":true}]}}