{"id":22823,"date":"2025-08-01T17:01:34","date_gmt":"2025-08-01T15:01:34","guid":{"rendered":"https:\/\/uj.adatbank.ro\/lexikon\/termek\/teleki-imre-szeki-gr\/"},"modified":"2025-08-01T17:01:34","modified_gmt":"2025-08-01T15:01:34","slug":"teleki-imre-szeki-gr","status":"publish","type":"product","link":"https:\/\/uj.adatbank.ro\/lexikon\/termek\/teleki-imre-szeki-gr\/","title":{"rendered":"TELEKI Imre, sz\u00e9ki gr."},"content":{"rendered":"<p>1730, \u2020 Kv., 1802. febr. 1: t\u00e1blai \u00fcln\u00f6k. \u2013 T. S\u00e1muel (1710\u20131783) \u00e9s v\u00e1s\u00e1rosnam\u00e9nyi \u00d6tv\u00f6s M\u00e1ria (\u2020 1782) fia. Feles\u00e9ge: 1. hidv\u00e9gi gr. Nemes Zsuzsa (\u2020 1788); 2. vajai Ibr\u00e1nyi M\u00e1ria (\u2020 1835). Fia m\u00e1sodik feles\u00e9g\u00e9t\u0151l Imre (1782\u20131848). \u2013 A mv.-i Kir. T\u00e1bla \u00fcln\u00f6ke (1768). Mv.-en polg\u00e1ri esk\u00fct tett (1768. m\u00e1j. 31.), emeletes h\u00e1zat \u00e9p\u00edttetett (1770 k\u00f6r\u00fcl).a h\u00e1z k\u00e9s\u0151bb br. B\u00e1nffy J\u00f3zsefn\u00e9, majd Kov\u00e1ts Istv\u00e1n gy\u00f3gyszer\u00e9sz ut\u00e1n, az \u00f6rm\u00e9ny eredet\u0171 G\u00e1sp\u00e1r csal\u00e1d tulajdona lett. Kendinl\u00f3na tulajdonosa, \u00fajj\u00e1\u00e9p\u00edtette a kast\u00e9lyt a 18. sz. v\u00e9gi t\u0171zv\u00e9sz ut\u00e1n, amit fia \u00f6r\u00f6k\u00f6lt. <br \/><strong>\u2013 Irod.:<\/strong> Albiz\u00e1l\u00e1s; Bicsok\u2013Orb\u00e1n; Gudenus; Lev\u00e9lt\u00e1ri gy\u00e1szj.; Orb\u00e1n J\u00e1nos: T\u00e1blab\u00edr\u00e1k, f\u0151nemesek, pall\u00e9rok \u00e9s h\u00e1zak: V\u00e1rosk\u00e9p \u00e9s t\u00e1rsadalom v\u00e1ltoz\u00e1sai Mv.-en a Kir\u00e1lyi T\u00e1bla bek\u00f6lt\u00f6z\u00e9se ut\u00e1n [1754] = K\u00f6nyvek \u00e1ltal; Orb\u00e1n J\u00e1nos: A barokkt\u00f3l a barokkig. A mv.-i R\u00f3zs\u00e1k tere 52. sz\u00e1m alatti h\u00e1z t\u00f6rt\u00e9net\u00e9b\u0151l = Dolgozatok&#8230;<\/br><\/p>\n","protected":false},"excerpt":{"rendered":"<p>1730, \u2020 Kv., 1802. febr. 1: t\u00e1blai \u00fcln\u00f6k. \u2013 T. S\u00e1muel (1710\u20131783) \u00e9s v\u00e1s\u00e1rosnam\u00e9nyi \u00d6tv\u00f6s M\u00e1ria (\u2020 1782) fia. Feles\u00e9ge: 1. hidv\u00e9gi gr. Nemes Zsuzsa (\u2020 1788); 2. vajai Ibr\u00e1nyi M\u00e1ria (\u2020 1835). Fia m\u00e1sodik feles\u00e9g\u00e9t\u0151l Imre (1782\u20131848). \u2013 A mv.-i Kir. T\u00e1bla \u00fcln\u00f6ke (1768). Mv.-en polg\u00e1ri esk\u00fct tett (1768. m\u00e1j. 31.), emeletes h\u00e1zat \u00e9p\u00edttetett [&hellip;]<\/p>\n","protected":false},"featured_media":0,"comment_status":"open","ping_status":"closed","template":"","meta":[],"product_brand":[],"product_cat":[137],"product_tag":[],"class_list":{"0":"post-22823","1":"product","2":"type-product","3":"status-publish","5":"product_cat-maros-megyei-eletrajzi-lexikon","7":"first","8":"instock","9":"shipping-taxable","10":"product-type-simple"},"_links":{"self":[{"href":"https:\/\/uj.adatbank.ro\/lexikon\/wp-json\/wp\/v2\/product\/22823","targetHints":{"allow":["GET"]}}],"collection":[{"href":"https:\/\/uj.adatbank.ro\/lexikon\/wp-json\/wp\/v2\/product"}],"about":[{"href":"https:\/\/uj.adatbank.ro\/lexikon\/wp-json\/wp\/v2\/types\/product"}],"replies":[{"embeddable":true,"href":"https:\/\/uj.adatbank.ro\/lexikon\/wp-json\/wp\/v2\/comments?post=22823"}],"wp:attachment":[{"href":"https:\/\/uj.adatbank.ro\/lexikon\/wp-json\/wp\/v2\/media?parent=22823"}],"wp:term":[{"taxonomy":"product_brand","embeddable":true,"href":"https:\/\/uj.adatbank.ro\/lexikon\/wp-json\/wp\/v2\/product_brand?post=22823"},{"taxonomy":"product_cat","embeddable":true,"href":"https:\/\/uj.adatbank.ro\/lexikon\/wp-json\/wp\/v2\/product_cat?post=22823"},{"taxonomy":"product_tag","embeddable":true,"href":"https:\/\/uj.adatbank.ro\/lexikon\/wp-json\/wp\/v2\/product_tag?post=22823"}],"curies":[{"name":"wp","href":"https:\/\/api.w.org\/{rel}","templated":true}]}}