{"id":22827,"date":"2025-08-01T17:01:43","date_gmt":"2025-08-01T15:01:43","guid":{"rendered":"https:\/\/uj.adatbank.ro\/lexikon\/termek\/teleki-janos-szeki\/"},"modified":"2025-08-01T17:01:43","modified_gmt":"2025-08-01T15:01:43","slug":"teleki-janos-szeki","status":"publish","type":"product","link":"https:\/\/uj.adatbank.ro\/lexikon\/termek\/teleki-janos-szeki\/","title":{"rendered":"TELEKI J\u00e1nos, sz\u00e9ki"},"content":{"rendered":"<p>? \u2020 ?: katona, v\u00e1rkapit\u00e1ny. \u2013 T. Mih\u00e1ly \u00e9s Gar\u00e1zda Anna fia. Feles\u00e9ge: berhidai \u00e9s petrelini nemes Bornemisza L\u00e1szl\u00f3 le\u00e1nya, Anna (esk\u00fcv\u0151 1630). Gyermekei: Anna Vass L\u00e1szl\u00f3n\u00e9, Mih\u00e1ly kancell\u00e1r (1634\u20131690), Kata St\u00e9p\u00e1n Ferencn\u00e9, Erzs\u00f3k. Szer\u00e9ny birtok\u00fa nemes lehetett ez\u00e9rt a katonai p\u00e1ly\u00e1t v\u00e1lasztotta. A borosjen\u0151i v\u00e1r porkol\u00e1bja (kapit\u00e1nya), k\u00e9s\u0151bb a v\u00e1radi lovass\u00e1g egyik alhadnagya lett, egyesek szerint f\u0151kapit\u00e1ny. Nem Zar\u00e1nd megye f\u0151isp\u00e1nja mint ahogy azt egyes historikusok \u00e1ll\u00edtott\u00e1k (Nagy Iv\u00e1n is). Feles\u00e9ge az el\u0151kel\u0151 erd\u00e9lyi csal\u00e1db\u00f3l sz\u00e1rmaz\u00f3 Bornemissza Anna lett, aki Apafi Mih\u00e1ly erd\u00e9lyi fejedelem azonos nev\u0171 nej\u00e9nek volt \u00e9des nagyn\u00e9nje. Neki jutott \u00f6r\u00f6ks\u00e9g\u00fcl a Sz\u00e9ki birtok, ott lakott (1634) \u00e9s m\u00e1r I. R\u00e1k\u00f3czi Gy\u00f6rgy oklevele (1636) a de Sz\u00e9k el\u0151n\u00e9vvel eml\u00edti. <br \/><strong>\u2013 Irod.:<\/strong> De\u00e9 Nagy Anik\u00f3 1997; Nagy Iv\u00e1n; Teleki Mih\u00e1ly levelez\u00e9se (Bp., 1906\u201316); Teleki Mih\u00e1ly udvartart\u00e1si napl\u00f3ja 1673\u20131681 (Kv., 2007).<\/br><\/p>\n","protected":false},"excerpt":{"rendered":"<p>? \u2020 ?: katona, v\u00e1rkapit\u00e1ny. \u2013 T. Mih\u00e1ly \u00e9s Gar\u00e1zda Anna fia. Feles\u00e9ge: berhidai \u00e9s petrelini nemes Bornemisza L\u00e1szl\u00f3 le\u00e1nya, Anna (esk\u00fcv\u0151 1630). Gyermekei: Anna Vass L\u00e1szl\u00f3n\u00e9, Mih\u00e1ly kancell\u00e1r (1634\u20131690), Kata St\u00e9p\u00e1n Ferencn\u00e9, Erzs\u00f3k. Szer\u00e9ny birtok\u00fa nemes lehetett ez\u00e9rt a katonai p\u00e1ly\u00e1t v\u00e1lasztotta. A borosjen\u0151i v\u00e1r porkol\u00e1bja (kapit\u00e1nya), k\u00e9s\u0151bb a v\u00e1radi lovass\u00e1g egyik alhadnagya lett, [&hellip;]<\/p>\n","protected":false},"featured_media":0,"comment_status":"open","ping_status":"closed","template":"","meta":[],"product_brand":[],"product_cat":[137],"product_tag":[],"class_list":{"0":"post-22827","1":"product","2":"type-product","3":"status-publish","5":"product_cat-maros-megyei-eletrajzi-lexikon","7":"first","8":"instock","9":"shipping-taxable","10":"product-type-simple"},"_links":{"self":[{"href":"https:\/\/uj.adatbank.ro\/lexikon\/wp-json\/wp\/v2\/product\/22827","targetHints":{"allow":["GET"]}}],"collection":[{"href":"https:\/\/uj.adatbank.ro\/lexikon\/wp-json\/wp\/v2\/product"}],"about":[{"href":"https:\/\/uj.adatbank.ro\/lexikon\/wp-json\/wp\/v2\/types\/product"}],"replies":[{"embeddable":true,"href":"https:\/\/uj.adatbank.ro\/lexikon\/wp-json\/wp\/v2\/comments?post=22827"}],"wp:attachment":[{"href":"https:\/\/uj.adatbank.ro\/lexikon\/wp-json\/wp\/v2\/media?parent=22827"}],"wp:term":[{"taxonomy":"product_brand","embeddable":true,"href":"https:\/\/uj.adatbank.ro\/lexikon\/wp-json\/wp\/v2\/product_brand?post=22827"},{"taxonomy":"product_cat","embeddable":true,"href":"https:\/\/uj.adatbank.ro\/lexikon\/wp-json\/wp\/v2\/product_cat?post=22827"},{"taxonomy":"product_tag","embeddable":true,"href":"https:\/\/uj.adatbank.ro\/lexikon\/wp-json\/wp\/v2\/product_tag?post=22827"}],"curies":[{"name":"wp","href":"https:\/\/api.w.org\/{rel}","templated":true}]}}