{"id":22837,"date":"2025-08-01T17:02:10","date_gmt":"2025-08-01T15:02:10","guid":{"rendered":"https:\/\/uj.adatbank.ro\/lexikon\/termek\/teleki-jozsef-szeki-gr-2\/"},"modified":"2025-08-01T17:02:10","modified_gmt":"2025-08-01T15:02:10","slug":"teleki-jozsef-szeki-gr-2","status":"publish","type":"product","link":"https:\/\/uj.adatbank.ro\/lexikon\/termek\/teleki-jozsef-szeki-gr-2\/","title":{"rendered":"TELEKI J\u00f3zsef, sz\u00e9ki gr."},"content":{"rendered":"<p>Huszt, 1738. dec. 21, \u2020 Szir\u00e1k, 1796. szept. 1. (S\u00f3falvi J\u00e1nos gernyeszegi lelk\u00e9sz szerint 1796. okt. 9.-\u00e9n halt meg): korona\u0151r, f\u0151isp\u00e1n, a p\u00e9csi tanker\u00fclet igazgat\u00f3ja, cs. k. kamar\u00e1s, v.b.t.t., k\u00f6nyv- \u00e9s m\u0171gy\u0171jt\u0151, \u00edr\u00f3. \u2013 T. L\u00e1szl\u00f3 (1710\u20131778) f\u0151korm\u00e1nytan\u00e1csos \u00e9s R\u00e1day Eszter (1716\u20131764) fia. Feles\u00e9ge kir\u00e1lyfalvi R\u00f3th Johanna v. Janka (1741\u20131814). Gyermekei: L\u00e1szl\u00f3 (1764\u20131821), Istv\u00e1n (\u20201785), Janka br. Pr\u00f3nay S\u00e1ndorn\u00e9, J\u00f3zsef (1777\u20131817). \u2013 Losoncon tanult (1745\u2013), majd mag\u00e1nnevel\u0151k k\u00e9pezt\u00e9k (1748\u201353), 16 \u00e9ves kor\u00e1ban Bod P\u00e9tern\u00e9l tanult Magyarigenben filoz\u00f3fi\u00e1t, teol\u00f3gi\u00e1t \u00e9s hist\u00f3ri\u00e1t (1754\u201356). A b\u00e1zeli egyetemet k\u00e9t unokatestv\u00e9r\u00e9vel T. \u00c1d\u00e1mmal \u00e9s T. S\u00e1muellel hallgatta, majd a leydeni egyetemeken politik\u00e1t, matematik\u00e1t, archeol\u00f3gi\u00e1t, \u00e9p\u00edt\u00e9szetet \u00e9s m\u0171v\u00e9szeti ismereteket tanult (1759\u201360), felvil\u00e1gosod\u00e1s eszm\u00e9inek hirdet\u0151je. Nagyszab\u00e1s\u00fa k\u00fclf\u00f6ldi utaz\u00e1sai sor\u00e1n bej\u00e1rta Sv\u00e1jcot, Hollandi\u00e1t, N\u00e9meto., Franciao.-t, \u00e9s \u00e1tal\u00e1ban a k\u00fclf\u00f6ldi tud\u00f3sok, udvarok \u00e9s nagy emberek ismer\u00e9k \u0151t. Visszat\u00e9rt B\u00e9csbe (1761), k\u00e9s\u0151bb Teleki Lajossal \u00e9s Cornides D\u00e1niellel Olaszo. \u00e9s N\u00e9meto.-ban tett utaz\u00e1st (1768). Utaz\u00e1sair\u00f3l napl\u00f3t vezetett. Az Erd\u00e9lyi Kir\u00e1lyi T\u00e1bla b\u00edr\u00e1ja (1767\u2013), a mv.-i Kir. T\u00e1bla \u00fcln\u00f6ke (1766, 1781); Mv.-en polg\u00e1ri esk\u00fct tett (1771); a mv.-i Ref. Koll. f\u0151gondnoka (1772\u201396), Bar\u00e1ti kapcsolat f\u0171zte Kov\u00e1sznai S\u00e1ndorhoz. Protest\u00e1ns l\u00e9t\u00e9re a p\u00e9csi f\u0151iskola ker\u00fcleti igazgat\u00f3ja, B\u00e9k\u00e9s megye f\u0151isp\u00e1ni helytart\u00f3ja (1782) \u00e9s ugyanazon \u00e9vben Ugocsa megye f\u0151isp\u00e1nja; az orsz\u00e1ggy\u0171l\u00e9snek egyik legtekint\u00e9lyesebb tagja (1790\u201391); a ref. zsinat eln\u00f6ke (1791); v. b. titkos tan\u00e1csoss\u00e1 (1792), v\u00e9g\u00fcl a m. szent korona \u0151r\u00e9v\u00e9 lett (1795). A Dunamell\u00e9ki Ref. Egyh\u00e1zker. f\u0151gondnoka. R\u00e9szt vett a m. \u00e9s erd\u00e9lyi protest\u00e1nsok II. J\u00f3zsefhez int\u00e9zett beadv\u00e1ny\u00e1nak szerkeszt\u00e9s\u00e9ben, amelyben vall\u00e1si toleranci\u00e1t k\u00e9rnek az uralkod\u00f3t\u00f3l (1781). Tulajdon\u00e1ba volt a mv.-i K\u00f6peczi-Teleki h\u00e1z, amit \u00e1t\u00e9p\u00edtett. Folytatta a gernyeszegi barokk kast\u00e9ly \u00e9p\u00edt\u00e9s\u00e9t, melyet apja T. L\u00e1szl\u00f3 kezdett el a romos r\u00e9gi v\u00e1rkast\u00e9ly lebont\u00e1sa ut\u00e1n (1778\u201395). A kast\u00e9ly kertj\u00e9nek elrendez\u00e9s\u00e9vel is foglalkozott, fi\u00e1val T. L\u00e1szl\u00f3val kert\u00e9szt szerz\u0151dtetett, a kert terve (1792) ma is ismeretes, voltak ott halastavak, vizes\u00e1rkok, malom, pajt\u00e1k, gy\u00fcm\u00f6lcs\u00f6s, konyhakert, j\u00e9gverem, majorh\u00e1z- \u00e9s udvar, vetem\u00e9nyespince, d\u00edszkert, vir\u00e1g\u00e1gyak, vir\u00e1gh\u00e1z. Az \u0151 \u00e9s feles\u00e9ge Roth Johanna adom\u00e1ny\u00e1b\u00f3l \u00e9p\u00fclt fel a gernyeszegi ref. templom tornya (1794\u201395). A Teleki csal\u00e1dban gener\u00e1ci\u00f3kon kereszt\u00fcl \u00e9lt a k\u00f6nyvgy\u0171jt\u00e9s divatja. K\u00f6nyveinek egy r\u00e9sz\u00e9t \u00f6r\u00f6k\u00f6lte, majd gyarap\u00edtotta k\u00fclf\u00f6ldi tanulm\u00e1ny\u00fatja sor\u00e1n, valamint hazat\u00e9rve m\u00e1sok \u00e1ltal form\u00e1lt \u00e1llom\u00e1nyokat v\u00e1s\u00e1rolt meg, m\u00e1sr\u00e9szt \u0151 maga saj\u00e1t olvas\u00e1si ig\u00e9ny\u00e9nek megfelel\u0151en szerezte be. Mv.-en a K\u00f6peczi-Teleki h\u00e1zat apj\u00e1t\u00f3l \u00f6r\u00f6k\u00f6lte, ott helyezte el 1763) a Szebenb\u0151l \u00e1tsz\u00e1ll\u00edtott \u00e9rt\u00e9kes k\u00f6nyvt\u00e1r\u00e1t, \u00e1llattani m\u00fazeum\u00e1t, \u00e1sv\u00e1nytani gy\u0171jtem\u00e9ny\u00e9t, valamint matematikai \u00e9s fizikai eszk\u00f6z\u00f6kb\u0151l \u00e1ll\u00f3 szert\u00e1r\u00e1t. A k\u00f6nyvt\u00e1r (1763\u201396) teljes eg\u00e9sz\u00e9ben T. J\u00f3zsef szerzem\u00e9nye \u2013 1657 m\u0171 2777 k\u00f6tetben, a Cornides D\u00e1niel \u00e1ltal k\u00e9sz\u00edtett katal\u00f3gus szerint (1782). Cornides D\u00e1niel hal\u00e1la (1787) ut\u00e1n megv\u00e1s\u00e1rolta gazdag oklev\u00e9l- f\u00f6lirat- \u00e9s \u00e9remgy\u0171jtem\u00e9ny\u00e9t. A mv.-i k\u00f6nyvt\u00e1rnak volt egy m. r\u00e9szlege is, az Erd\u00e9lyi M. Th\u00e9ka (378 m\u0171 413 k\u00f6tetben). M\u00fazeuma els\u0151 volt Erd\u00e9lyben. Hal\u00e1la ut\u00e1n gyermekei \u00f6r\u00f6k\u00f6lt\u00e9k k\u00f6nyveit, felt\u00e9telezhet\u0151, hogy Erd\u00e9lyben maradtak \u00e9s \u00edgy ma valamelyik gy\u0171jtem\u00e9nyben lappangnak darabjai. T\u00e1mogatta a term\u00e9szettudom\u00e1nyok oktat\u00e1s\u00e1nak korszer\u0171s\u00edt\u00e9s\u00e9t a mo.-i \u00e9s erd\u00e9lyi prot. iskol\u00e1kban. Tud\u00f3sok mec\u00e9n\u00e1sa volt: \u0151 seg\u00edtette Getse D\u00e1nielt, akinek fedezte a pesti orvosegyetemen tanulm\u00e1nyi k\u00f6lts\u00e9geit. Egy francia \u00e9rtekez\u00e9se, kinyomott alkalmi latin \u00e9s m. besz\u00e9dei, n\u0151v\u00e9re hal\u00e1l\u00e1ra \u00edrt versei, k\u00e9ziratban maradt dolgozatai stb. \u0151t a tud\u00f3sok \u00e9s \u00edr\u00f3k sor\u00e1ba is emelte. Versei a M. Hirmond\u00f3ban \u00e9s az Orpheusban jelentek meg. Napl\u00f3ja \u00e9rt\u00e9kes m\u0171vel\u0151d\u00e9st\u00f6rt\u00e9neti forr\u00e1s. \u2013  <strong>F. m..:<\/strong> Essai sur la foiblesse des esprits-forts (Leiden, 1760; Amszterdam, 1761, 1762; Ausbourg, 1762); Atya-fi\u00fai bar\u00e1ts\u00e1gnak oszlopa (k\u00f6lt.; Kv., 1779; \u00fajabb kiad. Pest, \u00e9. n.); M\u00e9lt. L. B. Orczy L\u0151rincz \u00farnak mint kir. commissarius-nak Nagy-Sz\u0151l\u0151s\u00f6n Mindszenthav\u00e1nak 15. napj. 1782., M\u00e9lt. Sz. T. J. \u00farnak N. Ugocsa v\u00e1rmegye f\u0151isp\u00e1ni hivatal\u00e1ba lett beiktattat\u00e1sa alkalmatoss\u00e1g\u00e1val elmondott besz\u00e9de a gr\u00f3f T. J. \u00far arra tett felelet\u00e9vel egy\u00fctt (Pest, \u00e9. n.); Orationes occasione inaugurationis illustrissimi domini S.R.I. Iosephi Teleki de Sz\u00e9k S.C.R. et ap.ost. maiestatis camerii in supremi comitis offici administratorem inclyti comitatus Bekesiensis ad status et ordines habitae in oppido Gyula die 15. maii 1782 (Pestini, 1782); Oratio, quam&#8230; dum supr. regii studiorum directoris munus per introductionem Academiae Quinque-Ecclesiensis auspicaretur&#8230; (Pest, 1784); M\u00e9lt. R. Sz. B. gr\u00f3f sz\u00e9ki T. J&#8230;. Ugocsa v\u00e1rmegye f\u0151isp\u00e1nny\u00e1nak&#8230; Nagy-Sz\u0151l\u0151s\u00f6n&#8230; folytatott besz\u00e9de (Pest, 1789; Orpheus, 1790); Sermo, quem&#8230; in frequentissimo om-nium Regni Hungariae Statuum et Ordinum&#8230; (H.n., 1791); Basel anno 1760. NachdenTageb\u00fcchern der ungarischen Grafen Joseph und S\u00e1muel T. Kiad. Otto Spiess (Basel, 1936); La cour de Louis XV. Journal de voyage du comte J. T. Kiad. Tolnai G\u00e1bor (Bp.-Paris, 1943); Egy erd\u00e9lyi gr\u00f3f a felvil\u00e1gosult Eur\u00f3p\u00e1ban: T. J. utaz\u00e1sai 1759\u20131761 (kiad. Tolnai G\u00e1bor; Bp., 1987). <br \/><strong>\u2013 Irod.:<\/strong> Benk\u0151 J\u00f3zsef: Transilvania (Vindobonae, 1777\u201378); Bicsok\u2013Orb\u00e1n; Bir\u00f3 J\u00f3zsef; Bir\u00f3: A gernyeszegi Teleki kast\u00e9ly (Bp., 1938); B\u00f3nis Johanna: T. J. (M. m\u00faz. arck\u00e9pcsarnok. Bp., 2002); Castellum \u00c9rtes\u00edt\u0151 (2000, 3. sz.; 2001. 6. sz.); De\u00e9 Nagy Anik\u00f3: Mv. k\u00f6nyves m\u00faltj\u00e1b\u00f3l = Mv. t\u00f6rt\u00e9net\u00e9b\u0151l; Egy erd\u00e9lyi gr\u00f3f a felvil\u00e1gosult Eur\u00f3p\u00e1ban: T. J. utaz\u00e1sai 1759\u20131761 (kiad. Tolnai G\u00e1bor; Bp., 1987); F. Csanak D\u00f3ra: Teleki J\u00f3zsef k\u00f6nyvt\u00e1ra. Irodalom \u00e9s felvil\u00e1gosod\u00e1s (Bp., 1974); F. Csanak D\u00f3ra: A napl\u00f3\u00edr\u00f3 T. J. (Erd. M\u00faz., 1993); Fazakas Istv\u00e1n 2003; Fekete; Fogarasi; Gudenus; Id\u0151t\u00e1r 1; Jak\u00f3 Kl\u00e1ra: A peregrin\u00e1ci\u00f3 irodalm\u00e1r\u00f3l (Tolnai G\u00e1bor: Egy erd\u00e9lyi gr\u00f3f a felvil\u00e1gosult Eur\u00f3p\u00e1ban \u2013 Teleki J\u00f3zsef utaz\u00e1sai); Keresztes Gyula: K\u00f6peczi-Teleki H\u00e1z (N\u00fa., 1990. m\u00e1rc. 24.); Keresztese Gyula: A hajdani Mv. 4.: A v\u00e1ros r\u00e9gi \u00e9p\u00fcletei (N\u00fa., 1995. okt. 14.); Kily\u00e9n Attila: Templomaink \u2013 l\u00e1mp\u00e1saink (N\u00fa., 1997. dec. 18); Koncz; Kr\u00f3n. F\u00fcz. (1939. 4\/9); K.L. M\u0171v. t\u00f6rt. tan. 2.; Kov\u00e1sznai; Krousch\u00e9, Emil: Gr. Teleki J\u00f3zsef \u00e9lete \u00e9s m\u0171vei (Bp., 1928); Magyaro. K\u00f6zgazdas\u00e1gi \u00e9s k\u00f6zm\u0171vel\u0151d\u00e9si \u00e1llapota ezer\u00e9ves fenn\u00e1ll\u00e1sakor \u00e9s az 1896. \u00e9vi ezer\u00e9ves ki\u00e1ll\u00edt\u00e1s eredm\u00e9nye, 5. k\u00f6t. (Bp., 1897\u201398); M\u00e1ln\u00e1si L\u00e1szl\u00f3: Recentissima indigenatio (Szeben, 1762); Maros \u2013 m\u0171eml\u00e9kek; Nagy Iv\u00e1n; Nagy-Bod\u00f3 Tibor: Az er\u00e9lyi barokk \u00e9p\u00edt\u00e9szet legszebb alkot\u00e1sa: a gernyeszegi Teleki kast\u00e9ly (Kr\u00f3nika, 2016. j\u00fan. 23.\u201329.); P\u00e1l-Antal 2009; RMK III \/18. sz.; S\u00e1muel Alad\u00e1r: Fels\u0151csern\u00e1toni Bod P\u00e9ter \u00e9lete \u00e9s m\u0171vei (Bp., 1899); Szarvasi Margit: Mag\u00e1nk\u00f6nyvt\u00e1raink a XVIII. sz\u00e1zadban (Bp., 1939); Teleki Mih\u00e1ly udvartart\u00e1si napl\u00f3ja (1673\u20131681) (Kv., 2007); Teleki S\u00e1muel peregrin\u00e1ci\u00f3s napl\u00f3ja; Tolnai G\u00e1bor: Egy erd\u00e9lyi gr\u00f3f a felvil\u00e1gosult Eur\u00f3p\u00e1ban \u2013 Teleki J\u00f3zsef utaz\u00e1sai (1759\u20131761). T\u00f3th \u00c1ron: \u00c9p\u00edt\u00e9szeti megjegyz\u00e9sek gr. T. J. \u00fatinapl\u00f3j\u00e1ban. = T\u00e1gul\u00f3 horizont; \u00daM\u00c9L, Veress Endre: Vechi istorici unguri si sasi despre istoria romanilor (Scrisori inedite) (Buc., 1929); W\u00e9ber Gy\u00f6rgy: A vil\u00e1gt\u00f6rt\u00e9net tank\u00f6nyve 5. (Pest, 1869).<\/br><\/p>\n","protected":false},"excerpt":{"rendered":"<p>Huszt, 1738. dec. 21, \u2020 Szir\u00e1k, 1796. szept. 1. (S\u00f3falvi J\u00e1nos gernyeszegi lelk\u00e9sz szerint 1796. okt. 9.-\u00e9n halt meg): korona\u0151r, f\u0151isp\u00e1n, a p\u00e9csi tanker\u00fclet igazgat\u00f3ja, cs. k. kamar\u00e1s, v.b.t.t., k\u00f6nyv- \u00e9s m\u0171gy\u0171jt\u0151, \u00edr\u00f3. \u2013 T. L\u00e1szl\u00f3 (1710\u20131778) f\u0151korm\u00e1nytan\u00e1csos \u00e9s R\u00e1day Eszter (1716\u20131764) fia. Feles\u00e9ge kir\u00e1lyfalvi R\u00f3th Johanna v. Janka (1741\u20131814). Gyermekei: L\u00e1szl\u00f3 (1764\u20131821), Istv\u00e1n (\u20201785), [&hellip;]<\/p>\n","protected":false},"featured_media":0,"comment_status":"open","ping_status":"closed","template":"","meta":[],"product_brand":[],"product_cat":[137],"product_tag":[],"class_list":{"0":"post-22837","1":"product","2":"type-product","3":"status-publish","5":"product_cat-maros-megyei-eletrajzi-lexikon","7":"first","8":"instock","9":"shipping-taxable","10":"product-type-simple"},"_links":{"self":[{"href":"https:\/\/uj.adatbank.ro\/lexikon\/wp-json\/wp\/v2\/product\/22837","targetHints":{"allow":["GET"]}}],"collection":[{"href":"https:\/\/uj.adatbank.ro\/lexikon\/wp-json\/wp\/v2\/product"}],"about":[{"href":"https:\/\/uj.adatbank.ro\/lexikon\/wp-json\/wp\/v2\/types\/product"}],"replies":[{"embeddable":true,"href":"https:\/\/uj.adatbank.ro\/lexikon\/wp-json\/wp\/v2\/comments?post=22837"}],"wp:attachment":[{"href":"https:\/\/uj.adatbank.ro\/lexikon\/wp-json\/wp\/v2\/media?parent=22837"}],"wp:term":[{"taxonomy":"product_brand","embeddable":true,"href":"https:\/\/uj.adatbank.ro\/lexikon\/wp-json\/wp\/v2\/product_brand?post=22837"},{"taxonomy":"product_cat","embeddable":true,"href":"https:\/\/uj.adatbank.ro\/lexikon\/wp-json\/wp\/v2\/product_cat?post=22837"},{"taxonomy":"product_tag","embeddable":true,"href":"https:\/\/uj.adatbank.ro\/lexikon\/wp-json\/wp\/v2\/product_tag?post=22837"}],"curies":[{"name":"wp","href":"https:\/\/api.w.org\/{rel}","templated":true}]}}