{"id":22838,"date":"2025-08-01T17:02:11","date_gmt":"2025-08-01T15:02:11","guid":{"rendered":"https:\/\/uj.adatbank.ro\/lexikon\/termek\/teleki-jozsef-szeki-gr-iii\/"},"modified":"2025-08-01T17:02:11","modified_gmt":"2025-08-01T15:02:11","slug":"teleki-jozsef-szeki-gr-iii","status":"publish","type":"product","link":"https:\/\/uj.adatbank.ro\/lexikon\/termek\/teleki-jozsef-szeki-gr-iii\/","title":{"rendered":"TELEKI J\u00f3zsef, sz\u00e9ki gr III."},"content":{"rendered":"<p>Szir\u00e1k, 1777. dec. 24., \u2020 Kv., 1817. \u00e1pr. 7., temetve a gernyeszegi kript\u00e1ba: cs. kir. kam., v. b. t. t., az erd\u00e9lyi kir. t\u00e1bla \u00fcln\u00f6ke, f\u0151korm\u00e1nysz\u00e9ki tan\u00e1csos, a kv.-i ref. koll. gondnoka. \u2013 T. J\u00f3zsef korona\u0151r (1738\u20131796) \u00e9s R\u00f3th Johanna (1741\u20131814) fia. Feles\u00e9ge: sz\u00e9ki gr. Teleki Zs\u00f3fia (1784 \u2013 Gernyeszeg, 1844) (esk\u00fcv\u0151 1801. dec. 4). Gyermekei: Istv\u00e1n, K\u00e1roly- kor\u00e1n meghaltak, Domokos (1810\u20131876), Juli\u00e1nna \u2013 gr. borosjen\u0151i Tisza Lajosn\u00e9 (1805. \u2013 Nagycs\u00e1ny, 1863. febr. 20.), Borb\u00e1la \u2013 gr. R\u00e1day Gedeonn\u00e9 (\u2020 1841), Zs\u00f3fia gr. Bethlen J\u00e1nosn\u00e9 (1815\u20131852) \u00e9s Jozefa Zeyk J\u00e1nosn\u00e9. \u2013 B\u00e1zelben \u00e9s Leydenben tanult. Angli\u00e1ban is volt, k\u00fclf\u00f6ldi \u00fatj\u00e1r\u00f3l hazat\u00e9rt (1800). A mv.-i Kir. T\u00e1bla sz\u00e1mfeletti accesora (1804\u201307), majd rendes b\u00edr\u00e1ja (1807\u201316); az Erd\u00e9lyi Kir. F\u0151korm\u00e1nysz\u00e9k bels\u0151 tan\u00e1csosa (1806\u201317), a kv.-i Ref. Koll. gondnoka. A J\u00e9nai Tud\u00f3s Mineral\u00f3giai T\u00e1rsas\u00e1g tagja (1798); a Cs. Kir. F\u00f6ldm\u0171vel\u0151 Gazdas\u00e1gi T\u00e1rsas\u00e1g tagja (1816). B\u00e1r hivatala Kv.-hoz k\u00f6t\u00f6tte, Gernyeszeg legkedvesebb birtoka \u00e9s tart\u00f3zkod\u00e1si helye volt. Befejezte a gernyeszegi kast\u00e9ly \u00fajj\u00e1\u00e9p\u00edt\u00e9s\u00e9t (1795\u20131802). \u00c1talak\u00edtotta a francia parkot angolparkk\u00e1. Eml\u00e9koszlopa van a parkban, amelyet feles\u00e9ge \u00e1ll\u00edttatott eml\u00e9k\u00e9re (1817). Szerepet v\u00e1llalt a mv.-i els\u0151 k\u00f3rh\u00e1z l\u00e9trehoz\u00e1s\u00e1ban, anyagilag is t\u00e1mogatta (1811). Mv.-en polg\u00e1rjogot nyert (1812). A mv.-i \u00fatt\u00f6r\u0151 sz\u00edn\u00e9szet lelkes t\u00e1mogat\u00f3ja volt, \u201eegy eg\u00e9sz \u00faj, igen dr\u00e1ga kortin\u00e1t\u201d csin\u00e1ltatott a Theatrum r\u00e9sz\u00e9re (1805), az el\u0151ad\u00e1sok d\u00edsz\u00e9re. Feles\u00e9ge nevenapja tisztelet\u00e9re a Mv.-en vend\u00e9gszerepl\u0151 sz\u00edn\u00e9szt\u00e1rsas\u00e1g d\u00edszel\u0151ad\u00e1sul bemutatta \u201eA nap sz\u00fczei\u201d c\u00edm\u0171 \u00f6t felvon\u00e1sos \u00e9rz\u00e9kenyj\u00e1t\u00e9kot, kar\u00e9nekkel b\u0151v\u00edtve (1806. m\u00e1j. 15.). Lelkes emberbar\u00e1t volt, aki az \u00e9h\u00edns\u00e9g alatt \u00e1ldozatk\u00e9szs\u00e9get tan\u00fas\u00edtott (1817). \u00d6r\u00f6k\u00f6lte apj\u00e1t\u00f3l Mv. legr\u00e9gibb emeletes h\u00e1z\u00e1t, a K\u00f6peczi-Teleki h\u00e1zat, melyet r\u00e9szben \u00e1t\u00e9p\u00edttetett, megsz\u00fcntette a f\u00f6ldszinti \u00e1rk\u00e1dsort, ekkor nyerte az \u00e9p\u00fclet klassziciz\u00e1l\u00f3 homlokzat\u00e1t \u00e9s magas tet\u0151zet\u00e9t. Ebben az \u00e9p\u00fcletben volt a k\u00f6nyvt\u00e1ra \u00e9s a v\u00e1ros els\u0151 m\u00fazeuma, term\u00e9szetrajzi \u00e9s \u00e1sv\u00e1nyi gy\u0171jtem\u00e9nye \u00e9s fizikai eszk\u00f6z\u00f6kb\u0151l \u00e1ll\u00f3 szert\u00e1ra. A M\u00fazeum anyaga k\u00e9s\u0151bb a Ref. Koll.-ra maradt. Megv\u00e1s\u00e1rolta a Makari\u00e1s Walles-h\u00e1zat (1813), amely ut\u00f3bb a ref. egyh\u00e1z tulajdon\u00e1ba ker\u00fclt. Befejezte a nagyapja \u00e9s apja \u00e1ltal \u00e9p\u00edtett \u00faj gernyeszegi kast\u00e9lyt. \u2013  <strong>F. m..:<\/strong> \u00dati jegyz\u00e9sek melyeket az Sz\u00e9kelyf\u00f6ldr\u0151l tett a 1799-ik esztend\u0151ben, (Kv., 1799; K\u00f6zli Domokos P\u00e1l P\u00e9ter, 1937). <br \/><strong>\u2013 Irod.:<\/strong> Bicsok\u2013Orb\u00e1n; B\u00f6jthe Andor: A G\u00f6rg\u00e9nyi ev. ref. egyh\u00e1zmegye t\u00f6rt\u00e9nete [k\u00e9zirat]; Dubovitcz; Fekete; Gudenus; Id\u0151t\u00e1r 1; K\u00e1d\u00e1r \u2013 P\u00e1l-Antal; Kr\u00f3n. F\u00fcz. (1939. 4\/6); Lev\u00e9lt\u00e1ri gy\u00e1szj.; M\u00e1th\u00e9 \u00c9va: \u00dajj\u00e1sz\u00fcletik a K\u00f6peczi-Teleki h\u00e1z (K\u00f6zPont, 2008. febr. 18\u201324.); N\u00e9hai R. Sz. Birodalomb\u00e9li gr. m\u00e9lt\u00f3s\u00e1gos Sz\u00e9ki T. J. \u00far s\u00edrhalma (Pest, 1817); P\u00e1l-Antal 2006; Szotyori; Teleki \u00c1d\u00e1m: A boldog eml\u00e9kezet\u0171 n\u00e9hai id. Gr. sz\u00e9ki Teleki J\u00f3zsef \u00far hal\u00e1l\u00e1ra (k\u00f6ltem\u00e9ny, = A sz\u00e9ki gr\u00f3f Teleki J\u00f3zsef \u00far s\u00edrhalma (Pest, 1817); Valentiny 1938.<\/br><\/p>\n","protected":false},"excerpt":{"rendered":"<p>Szir\u00e1k, 1777. dec. 24., \u2020 Kv., 1817. \u00e1pr. 7., temetve a gernyeszegi kript\u00e1ba: cs. kir. kam., v. b. t. t., az erd\u00e9lyi kir. t\u00e1bla \u00fcln\u00f6ke, f\u0151korm\u00e1nysz\u00e9ki tan\u00e1csos, a kv.-i ref. koll. gondnoka. \u2013 T. J\u00f3zsef korona\u0151r (1738\u20131796) \u00e9s R\u00f3th Johanna (1741\u20131814) fia. Feles\u00e9ge: sz\u00e9ki gr. Teleki Zs\u00f3fia (1784 \u2013 Gernyeszeg, 1844) (esk\u00fcv\u0151 1801. dec. 4). [&hellip;]<\/p>\n","protected":false},"featured_media":0,"comment_status":"open","ping_status":"closed","template":"","meta":[],"product_brand":[],"product_cat":[137],"product_tag":[],"class_list":{"0":"post-22838","1":"product","2":"type-product","3":"status-publish","5":"product_cat-maros-megyei-eletrajzi-lexikon","7":"first","8":"instock","9":"shipping-taxable","10":"product-type-simple"},"_links":{"self":[{"href":"https:\/\/uj.adatbank.ro\/lexikon\/wp-json\/wp\/v2\/product\/22838","targetHints":{"allow":["GET"]}}],"collection":[{"href":"https:\/\/uj.adatbank.ro\/lexikon\/wp-json\/wp\/v2\/product"}],"about":[{"href":"https:\/\/uj.adatbank.ro\/lexikon\/wp-json\/wp\/v2\/types\/product"}],"replies":[{"embeddable":true,"href":"https:\/\/uj.adatbank.ro\/lexikon\/wp-json\/wp\/v2\/comments?post=22838"}],"wp:attachment":[{"href":"https:\/\/uj.adatbank.ro\/lexikon\/wp-json\/wp\/v2\/media?parent=22838"}],"wp:term":[{"taxonomy":"product_brand","embeddable":true,"href":"https:\/\/uj.adatbank.ro\/lexikon\/wp-json\/wp\/v2\/product_brand?post=22838"},{"taxonomy":"product_cat","embeddable":true,"href":"https:\/\/uj.adatbank.ro\/lexikon\/wp-json\/wp\/v2\/product_cat?post=22838"},{"taxonomy":"product_tag","embeddable":true,"href":"https:\/\/uj.adatbank.ro\/lexikon\/wp-json\/wp\/v2\/product_tag?post=22838"}],"curies":[{"name":"wp","href":"https:\/\/api.w.org\/{rel}","templated":true}]}}