{"id":22876,"date":"2025-08-01T17:03:46","date_gmt":"2025-08-01T15:03:46","guid":{"rendered":"https:\/\/uj.adatbank.ro\/lexikon\/termek\/teleki-mihaly-szeki-gr-viii\/"},"modified":"2025-08-01T17:03:46","modified_gmt":"2025-08-01T15:03:46","slug":"teleki-mihaly-szeki-gr-viii","status":"publish","type":"product","link":"https:\/\/uj.adatbank.ro\/lexikon\/termek\/teleki-mihaly-szeki-gr-viii\/","title":{"rendered":"TELEKI Mih\u00e1ly, sz\u00e9ki gr., VIII."},"content":{"rendered":"<p>1756.vagy 1750 j\u00fal. 13., \u2020 Mv., 1826. jan. 28, temetve Maross\u00e1rpatakon, a csal\u00e1di kript\u00e1ban: cs. k. kamar\u00e1s, v.b.t.t., erd\u00e9lyi kir t\u00e1blai \u00fcln\u00f6k, Marossz\u00e9k f\u0151kir\u00e1lyb\u00edr\u00f3ja. \u2013 T. Lajos (1716\u20131758) \u00e9s ikt\u00e1ri gr. Bethlen Kata (\u2020 1790) 7-ik, legkisebb gyermeke. Feles\u00e9ge tancsi gr. F\u00f6ldv\u00e1ry Druzsianna (\u2020 1751). 2. feles\u00e9ge lehet: malomvizi gr. Kendeffi R\u00e1chel (\u2020 1798. \u00e1pr. 15. temet\u00e9se napja), akinek 2. f\u00e9rje bethleni gr. Bethlen Gergelyn\u00e9) Gyermeke Lajos (1778\u20131810). Mv.-en polg\u00e1ri esk\u00fct tett (1785. \u00e1pr. 23.). El\u0151bb kir. tan\u00e1csos, majd II. J\u00f3zsef cs\u00e1sz\u00e1r idej\u00e9ben ker\u00fcleti t\u00e1blab\u00edr\u00f3, kamar\u00e1s, v. b. t. t, marossz\u00e9ki helyettes f\u0151kir\u00e1lyb\u00edr\u00f3 (1804); Marossz\u00e9k adminisztr\u00e1tora \u00e9s val\u00f3s\u00e1gos f\u0151kir\u00e1lyb\u00edr\u00f3 (1805\u201326), mely hivatal\u00e1ba sz\u00e9ki gr. Teleki Lajos \u00e9s zabolai gr. Mikes J\u00e1nos, korm\u00e1nysz\u00e9ki tan\u00e1csosok iktatt\u00e1k be. Marossz\u00e9k f\u0151n\u00f6ki tisztj\u00e9t 22 \u00e9vig viselte, mialatt a mv.-i ref. koll. (1786\u2013), a marossz\u00e9ki \u00e9s g\u00f6rg\u00e9nyi egyh\u00e1zker\u00fclet f\u0151gondnoka volt. K\u00fcl\u00f6n\u00f6sen, mint a megalakult Theatralis Commissio els\u0151 eln\u00f6ke (1803\u2013) fejtett ki tev\u00e9keny m\u0171k\u00f6d\u00e9st abban az ir\u00e1nyban, hogy Mv.-en a sz\u00edn\u00e9szet meghonosodjon, vir\u00e1gozzon \u00e9s kult\u00farhivat\u00e1s\u00e1nak minden tekintetben eleget tehessen. Minden tekint\u00e9ly\u00e9vel, nagy tettrek\u00e9szs\u00e9g\u00e9vel, a magyar sz\u00edn\u00e9szet ir\u00e1nti m\u00e9rhetetlen ragaszkod\u00e1s\u00e1val t\u00e1mogatta az \u00fatt\u00f6r\u0151ket, az itt m\u0171k\u00f6d\u0151 kv.-i sz\u00ednj\u00e1tsz\u00f3 t\u00e1rsas\u00e1got \u00e9s p\u00e9nzzel seg\u00edtette, ha anyagilag \u00e9ppen nem kiel\u00e9g\u00edt\u0151 eredm\u00e9nnyel z\u00e1rul\u00f3 j\u00e1t\u00e9kid\u00e9ny ut\u00e1n visszat\u00e9rtek \u00e1llom\u00e1shely\u00fckre. Egy\u00e9bk\u00e9nt is, a kv.-i Commisi\u00f3val egyet\u00e9rtve, de att\u00f3l f\u00fcggetlen\u00fcl adminisztr\u00e1lta a sz\u00ednh\u00e1zat \u00e9s \u00fagy p\u00e9nz\u00fcgyileg, mint m\u0171v\u00e9szi vonatkoz\u00e1sokban befoly\u00e1st gyakorolt r\u00e1. \u00c1ldozatoss\u00e1g\u00e9rt a t\u00e1rsas\u00e1g h\u00e1l\u00e1snak bizonyult, amikor 1805. j\u00fal. 13-\u00e1n, sz\u00fclet\u00e9snapja tisztelet\u00e9re bemutatta az \u201eEduard Skotzi\u00e1ban\u201d c\u00edm\u0171 \u00e9rz\u00e9kenyj\u00e1t\u00e9kot \u00e9s amint az ez alkalomra kiadott sz\u00ednlap kihangs\u00falyozza: \u201eE\u2019 mai nevezetes \u00fcnnepnapon (mely minden igaz hazafi el\u0151tt m\u00e9lt\u00e1n fontos), a\u2019 Nemzeti J\u00e1dz\u00f3 T\u00e1rsas\u00e1g is minden kitelhet\u0151 igyekezet\u00e9t arra ford\u00edtani igyekszik, hogy ez alkalmatoss\u00e1ggal \u00f6r\u00f6m\u00e9nek jel\u00e9t adhassa.\u201d Birtok\u00e1t S\u00e1rpatakot apj\u00e1t\u00f3l \u00f6r\u00f6k\u00f6lte ott, a csal\u00e1di s\u00edrboltba temett\u00e9k el. Neje gr. F\u00f6ldv\u00e1ri Drusi\u00e1na, a mv.-i ref. koll\u00e9gium beteg tanul\u00f3i sz\u00e1m\u00e1ra a ny\u00falasi \u00e9s s\u00e1rdi \u00faj fog\u00e1s d\u00e9zsm\u00e1it aj\u00e1nd\u00e9kozta (1810. \u00e1pr. 7.), amelyb\u0151l 60 frt. jutott a rendelt c\u00e9lra (1812). Maross\u00e1rpataki, tancsi birtokos. Feles\u00e9ge r\u00e9v\u00e9n ker\u00fclt a tancsi birtok a Telekiek tulajdon\u00e1ba (1751), a k\u00e9s\u0151 barokk st\u00edlusban \u00e9p\u00fclt udvarh\u00e1zat a Telekiek kib\u0151v\u00edtett\u00e9k. <br \/><strong>\u2013 Irod.:<\/strong> Albiz\u00e1l\u00e1s; Berekm\u00e9ri\u2013G\u00e1lfi; Bicsok\u2013Orb\u00e1n; De\u00e9 Nagy Anik\u00f3 2007; Fodor\u2013Bal\u00e1s; Gudenus; Id\u0151t\u00e1r 1; Keresztes 1995; Koncz; Kr\u00f3n. F\u00fcz. (1939. 4\/6); Nagy Iv\u00e1n; Orb\u00e1n J\u00e1nos: T\u00e1blab\u00edr\u00e1k, f\u0151nemesek, pall\u00e9rok \u00e9s h\u00e1zak: V\u00e1rosk\u00e9p \u00e9s t\u00e1rsadalom v\u00e1ltoz\u00e1sai Mv.-en a Kir\u00e1lyi T\u00e1bla bek\u00f6lt\u00f6z\u00e9se ut\u00e1n [1754] = K\u00f6nyvek \u00e1ltal; Sebesty\u00e9n Mih\u00e1ly: V\u00e1zlat Teleki V. (avagy VII) Mih\u00e1ly (1756\u20131826) \u00e9letrajz\u00e1hoz; K\u00e9t adal\u00e9k a mv.-i nyomd\u00e1szat t\u00f6rt\u00e9net\u00e9hez (Telekiek)\u2026<\/br><\/p>\n","protected":false},"excerpt":{"rendered":"<p>1756.vagy 1750 j\u00fal. 13., \u2020 Mv., 1826. jan. 28, temetve Maross\u00e1rpatakon, a csal\u00e1di kript\u00e1ban: cs. k. kamar\u00e1s, v.b.t.t., erd\u00e9lyi kir t\u00e1blai \u00fcln\u00f6k, Marossz\u00e9k f\u0151kir\u00e1lyb\u00edr\u00f3ja. \u2013 T. Lajos (1716\u20131758) \u00e9s ikt\u00e1ri gr. Bethlen Kata (\u2020 1790) 7-ik, legkisebb gyermeke. Feles\u00e9ge tancsi gr. F\u00f6ldv\u00e1ry Druzsianna (\u2020 1751). 2. feles\u00e9ge lehet: malomvizi gr. Kendeffi R\u00e1chel (\u2020 1798. \u00e1pr. [&hellip;]<\/p>\n","protected":false},"featured_media":0,"comment_status":"open","ping_status":"closed","template":"","meta":[],"product_brand":[],"product_cat":[137],"product_tag":[],"class_list":{"0":"post-22876","1":"product","2":"type-product","3":"status-publish","5":"product_cat-maros-megyei-eletrajzi-lexikon","7":"first","8":"instock","9":"shipping-taxable","10":"product-type-simple"},"_links":{"self":[{"href":"https:\/\/uj.adatbank.ro\/lexikon\/wp-json\/wp\/v2\/product\/22876","targetHints":{"allow":["GET"]}}],"collection":[{"href":"https:\/\/uj.adatbank.ro\/lexikon\/wp-json\/wp\/v2\/product"}],"about":[{"href":"https:\/\/uj.adatbank.ro\/lexikon\/wp-json\/wp\/v2\/types\/product"}],"replies":[{"embeddable":true,"href":"https:\/\/uj.adatbank.ro\/lexikon\/wp-json\/wp\/v2\/comments?post=22876"}],"wp:attachment":[{"href":"https:\/\/uj.adatbank.ro\/lexikon\/wp-json\/wp\/v2\/media?parent=22876"}],"wp:term":[{"taxonomy":"product_brand","embeddable":true,"href":"https:\/\/uj.adatbank.ro\/lexikon\/wp-json\/wp\/v2\/product_brand?post=22876"},{"taxonomy":"product_cat","embeddable":true,"href":"https:\/\/uj.adatbank.ro\/lexikon\/wp-json\/wp\/v2\/product_cat?post=22876"},{"taxonomy":"product_tag","embeddable":true,"href":"https:\/\/uj.adatbank.ro\/lexikon\/wp-json\/wp\/v2\/product_tag?post=22876"}],"curies":[{"name":"wp","href":"https:\/\/api.w.org\/{rel}","templated":true}]}}