{"id":22893,"date":"2025-08-01T17:04:31","date_gmt":"2025-08-01T15:04:31","guid":{"rendered":"https:\/\/uj.adatbank.ro\/lexikon\/termek\/teleki-samuel-%c2%a7-szeki-gr\/"},"modified":"2025-08-01T17:04:31","modified_gmt":"2025-08-01T15:04:31","slug":"teleki-samuel-%c2%a7-szeki-gr","status":"publish","type":"product","link":"https:\/\/uj.adatbank.ro\/lexikon\/termek\/teleki-samuel-%c2%a7-szeki-gr\/","title":{"rendered":"TELEKI S\u00e1muel, \u00a7 sz\u00e9ki gr."},"content":{"rendered":"<p>Gernyeszeg, 1739. nov.17., \u2020 B\u00e9cs, 1822. aug. 7., A temet\u00e9se B\u00e9csben zajlott le (1822. aug. 10.), majd hossz\u00fa utaz\u00e1s ut\u00e1n a s\u00e1romberki s\u00edrboltba helyez\u00e9k \u00f6r\u00f6k nyugalomba (szept. 9). A gy\u00e1szszertart\u00e1st a kancell\u00e1r egykori alumnisa, majd s\u00e1romberki udvari papja Antal J\u00e1nos ref. koll.-i tan\u00e1r, a k\u00e9s\u0151bbi p\u00fcsp\u00f6k tartotta: politikus, kancell\u00e1r, k\u00f6nyvt\u00e1ralap\u00edt\u00f3, filol\u00f3gus. \u2013 Nagyapja T. Mih\u00e1ly (I. Apafi Mih\u00e1ly fejedelem tan\u00e1csura), apja T. S\u00e1ndor (1679\u20131754), tordai f\u0151isp\u00e1n, guberniumi tan\u00e1csos, anyja: petki Nagy Zsuzs\u00e1nna. Feles\u00e9ge: ikt\u00e1ri Bethlen Zsuzs\u00e1nna (esk\u00fcv\u0151 1770). Gyermekei: T. Domokos (1773\u20131798), M\u00e1ria (1777\u20131826), Ferenc (1787\u20131861). \u2013 Kor\u00e1n maradt \u00e1rva, anyj\u00e1t 9 \u00e9ves, apj\u00e1t 15 \u00e9ves kor\u00e1ban vesztette el. Gyermek\u00e9veit Czeln\u00e1n (Feh\u00e9r) t\u00f6lt\u00f6tte, ahol h\u00e1zitan\u00edt\u00f3k ir\u00e1ny\u00edt\u00e1s\u00e1val els\u0151sorban latint, hittudom\u00e1nyokat tanult, ugyanakkor term\u00e9szettudom\u00e1nyos oktat\u00e1sban is r\u00e9szes\u00fclt, szellemi ir\u00e1ny\u00edt\u00f3i k\u00f6z\u00e9 tartozott Bod P\u00e9ter, aki gyakran j\u00e1rt \u00e1t Magyarigenb\u0151l Czeln\u00e1ra. K\u00fclf\u00f6ld\u00f6n folytatta tanulm\u00e1nyait Francio.-ban, Hollandi\u00e1ban \u00e9s Sv\u00e1jcban (B\u00e1zelben unokatestv\u00e9reivel tanult, T. J\u00f3zseffel \u00e9s \u00c1d\u00e1mmal; Leidenben, Utrechtben filol\u00f3gi\u00e1t, term\u00e9szettudom\u00e1nyokat tanult; P\u00e1rizsban (1759\u201363) komoly hum\u00e1n \u00e9s re\u00e1l ismeretekre tett szert, ugyanakkor nagyh\u00edr\u0171 professzorokat, tud\u00f3sokat ismert meg, akikkel hazat\u00e9rte ut\u00e1n is tartotta a kapcsolatot). Visszat\u00e9rtekor B\u00e9csben bemutatt\u00e1k M\u00e1ria Ter\u00e9zia cs\u00e1sz\u00e1rn\u0151nek, akit a latin, n\u00e9met \u00e9s francia nyelvtud\u00e1sa leny\u0171g\u00f6z\u00f6tt, de k\u00e9s\u0151bb megakad\u00e1lyozta B\u00e1nffy \u00c1gnessel k\u00f6tend\u0151 h\u00e1zass\u00e1g\u00e1t. A n\u00e9gy\u00e9ves tanulm\u00e1ny\u00fat ideje alatt napl\u00f3t vezetett, amelyben besz\u00e1molt arr\u00f3l, hogy megl\u00e1togatta az \u00fatj\u00e1ba es\u0151 jelent\u0151sebb k\u00f6z- \u00e9s mag\u00e1nk\u00f6nyvt\u00e1rakat, \u00e9s elhat\u00e1rozta, hogy otthon tudom\u00e1nyos k\u00f6zk\u00f6nyvt\u00e1rat l\u00e9tes\u00edt. Hazat\u00e9rt Erd\u00e9lybe (1763. okt. v\u00e9g\u00e9n), el\u0151bb S\u00e1rdon, majd S\u00e1romberk\u00e9n telepedett le, megn\u0151s\u00fclt (1770), fel\u00e9p\u00edtette a s\u00e1romberki kast\u00e9ly k\u00e9t oldals\u00f3 sz\u00e1rny\u00e1t (1769\u201373), majd a d\u00e9li sz\u00e1rny\u00e1t (1773\u201374), a s\u00e1romberki barokk d\u00edszkertet (1782\u201387) \u2013 \u201eA\u201d kateg\u00f3ri\u00e1ba tartoz\u00f3 m\u0171eml\u00e9k \u2013, illetve a Teleki csal\u00e1d kript\u00e1j\u00e1t (1801\u20131803) \u2013 \u201eA\u201d kateg\u00f3ri\u00e1ba tartoz\u00f3 m\u0171eml\u00e9k \u2013, ide temett\u00e9k lesz\u00e1rmazottait, fel\u00faj\u00edtott\u00e1k (1960\u201364). Feles\u00e9ge \u00e9s az \u0151 adom\u00e1ny\u00e1b\u00f3l S\u00e1romberk\u00e9n ref. k\u0151templom (1785\u201393), papilak (1767) \u201emesteri h\u00e1z\u201d (1773) \u00e9p\u00fclt, harangot \u00f6nt\u00f6ttek a templomnak (1815). Egy ideig nem v\u00e1llalt k\u00f6zhivatali megb\u00edz\u00e1sokat, \u00edgy zavartalanul folytatta a k\u00fclf\u00f6ld\u00f6n megkezdett tudom\u00e1nyos pr\u00f3b\u00e1lkoz\u00e1sait: ki\u00e9p\u00edtette egyre b\u0151v\u00fcl\u0151 k\u00f6nyvbeszerz\u00e9si h\u00e1l\u00f3zat\u00e1t, s\u0151t m\u00e1r k\u00f6nyveket is k\u00f6lcs\u00f6nz\u00f6tt; sz\u00e1mos tudom\u00e1nyos pr\u00f3b\u00e1lkoz\u00e1st t\u00e1mogatott, az erd\u00e9lyi k\u00f6zoktat\u00e1s megreform\u00e1l\u00e1s\u00e1ra gondolt, elv\u00e1llalta a gyulafeh\u00e9rv\u00e1ri \u00e9s enyedi f\u0151tanoda gondnoks\u00e1g\u00e1t (1767\u2013), adom\u00e1nyokban r\u00e9szes\u00edtette az enyedi, mv.-i, sz\u00e9kelyudvarhelyi, debreceni, s\u00e1rospataki koll.-at, a v\u00e1ci katonai akad\u00e9mi\u00e1t, a miskolci, losonci, b\u00e9csi valamint a s\u00e1romberki ref. iskol\u00e1kat, sz\u00e1mos k\u00fclf\u00f6ld\u00f6n tanul\u00f3 di\u00e1k mec\u00e9n\u00e1sa is volt, \u00f6szt\u00f6nd\u00edjalap\u00edtv\u00e1nyt hozott l\u00e9tre, amely 18 tanul\u00f3nak biztos\u00edtott \u00f6szt\u00f6nd\u00edjat, \u00e9s \u00e9vente jutalomban r\u00e9szes\u00edtette a di\u00e1kok p\u00e1lyamunk\u00e1it. \u00d6sszegszer\u0171en f\u00e9lsz\u00e1zezer forintot tesznek ki a j\u00f3t\u00e9tem\u00e9nyei. Bekapcsol\u00f3dott az akkor alakult Litteraria Comissio munk\u00e1lataiba, komoly anyagi hozz\u00e1j\u00e1rul\u00e1ssal munk\u00e1lkodott az oktat\u00e1si viszonyok jav\u00edt\u00e1s\u00e1n: iskol\u00e1k l\u00e9tes\u00edt\u00e9s\u00e9vel, iskolai k\u00f6nyvt\u00e1rak gyarap\u00edt\u00e1s\u00e1val. Nagyobb \u00f6sszegekkel \u00edr\u00f3kat, tud\u00f3sokat, m\u0171vel\u0151d\u00e9si t\u00f6rekv\u00e9seket t\u00e1mogatott: Benk\u0151 J\u00f3zsef, Kov\u00e1sznai S\u00e1ndor, Cornides D\u00e1niel, Domokos Dienes, Verseghy Ferenc, J. K. Baumgarten \u00e9lvezhett\u00e9k juttat\u00e1sait, neki volt k\u00f6sz\u00f6nhet\u0151, hogy a mv.-i Aranka Gy\u00f6rgy Irodalmi T\u00e1rsas\u00e1g hivatalosan m\u0171k\u00f6dhetett (1806-ig). \u00d6sszeszedte Janus Pannonius m\u0171veit egykori k\u00e9ziratokb\u00f3l \u00e9s tizenh\u00e1rom m\u00e1s kiad\u00e1s ut\u00e1n, megkezdte m\u0171veinek kritikai kiad\u00e1sra val\u00f3 el\u0151k\u00e9sz\u00edt\u00e9s\u00e9t, amely munk\u00e1ban seg\u00edts\u00e9g\u00e9re volt a mv.-i Kov\u00e1sznai S\u00e1ndor tan\u00e1r, a b\u00e9csi k\u00f6nyvt\u00e1ros Kollar Adam, Cornides D\u00e1niel, az enyedi Kov\u00e1ts J\u00f3zsef tan\u00e1r, aki a nyugati tanulm\u00e1ny\u00fatj\u00e1n is t\u00e1rsa volt (5 k\u00f6t.-ben, Utrechtben jelent meg, 1784). A s\u00e1romberki nyugalmas alkot\u00f3 \u00e9vek v\u00e9get \u00e9rtek (1774\u2013). Hivatali tiszts\u00e9geit n\u00e9gy egym\u00e1st k\u00f6vet\u0151 osztr\u00e1k cs\u00e1sz\u00e1r \u2013 M\u00e1ria Ter\u00e9zia, II. J\u00f3zsef, I. Ferenc \u00e9s II. Lip\u00f3t uralkod\u00e1sa alatt l\u00e1tta el: K\u00fck\u00fcll\u0151 v\u00e1rmegye f\u0151isp\u00e1nja (1774\u2013); k\u00fcl\u00f6nb\u00f6z\u0151 k\u00f6zhivatali megb\u00edz\u00e1sokat kapott (1777\u2013). Szebenben erd\u00e9lyi korm\u00e1nysz\u00e9ki ill. f\u0151korm\u00e1nysz\u00e9ki tan\u00e1csos (1777\u201384), a nagyv\u00e1radi ker\u00fclet kir\u00e1lyi biztosa (1784\u201390), Arad, B\u00e9k\u00e9s, Csan\u00e1d, Csongr\u00e1d \u00e9s Szabolcs vm.-k f\u0151isp\u00e1ni helytart\u00f3ja, Bihar vm. f\u0151isp\u00e1nja (1785. j\u00fal.\u20131787); II. J\u00f3zsef b.t. t.-a; B\u00e9csben az erd\u00e9lyi \u00fcgyekkel foglalkoz\u00f3 m. udvari alkancell\u00e1r (1787); M\u00e1ramaros f\u0151isp\u00e1nja (1785\u201388); II. Lip\u00f3t cs\u00e1sz\u00e1r erd\u00e9lyi udvari kancell\u00e1rja; majd erd\u00e9lyi f\u0151kancell\u00e1r (1791\u20131822). K\u00f6z\u00e9leti tev\u00e9kenys\u00e9g\u00e9nek f\u0151 jellemz\u0151je az erd\u00e9lyi \u00e9s protest\u00e1ns \u00e9rdekek v\u00e9delmez\u00e9se. Adom\u00e1ny\u00e1val \u00e9p\u00fclt az erd\u0151csin\u00e1di ref. templom (1783\u201397). \u00c9lete v\u00e9g\u00e9ig akt\u00edv politikus \u00e9s a k\u00f6zm\u0171vel\u0151d\u00e9s f\u00e1radhatatlan el\u0151mozd\u00edt\u00f3ja volt. Ez ut\u00f3bbi legjelent\u0151sebb ter\u00fclete a k\u00f6zel hatvan esztend\u0151n kereszt\u00fcl tart\u00f3 k\u00f6nyvgy\u0171jt\u00e9s (1753\u2013), amelynek eredm\u00e9nyek\u00e9nt l\u00e9trej\u00f6tt a m. nyelvter\u00fclet els\u0151 nyilv\u00e1nos k\u00f6zk\u00f6nyvt\u00e1rak\u00e9nt a mv.-i Teleki T\u00e9ka 40 000 k\u00f6tete. Tanulm\u00e1ny\u00fatja idej\u00e9n kezdte k\u00f6nyvt\u00e1ra sz\u00e1m\u00e1ra a k\u00f6nyveket gy\u0171jteni, az ott v\u00e1s\u00e1rolt 1500 k\u00f6tet k\u00e9pezte a k\u00f6nyvt\u00e1r magv\u00e1t, amely mag\u00e1n viseli a T\u00e9ka egyik legjellemz\u0151bb von\u00e1s\u00e1t: enciklop\u00e9dit\u00e1s\u00e1t. Kor\u00e1nak majdnem minden k\u00f6nyve megtal\u00e1lhat\u00f3 ebben a k\u00f6nyvt\u00e1rban, amelyek a felvil\u00e1gosod\u00e1s irodalm\u00e1t tartalmazz\u00e1k, term\u00e9szettudom\u00e1nyos, t\u00f6rt\u00e9nelmi, teol\u00f3giai, f\u00f6ldrajzi t\u00e1rgy\u00fa alkot\u00e1sok, k\u00f6nyvritkas\u00e1gok, kr\u00f3nik\u00e1k, eml\u00e9kiratok Erd\u00e9ly t\u00f6rt\u00e9nek a meg\u00edr\u00e1s\u00e1hoz n\u00e9lk\u00fcl\u00f6n\u00f6zhetetlenek. A tanulm\u00e1ny\u00fat nagy r\u00e9sz\u00e9t a bibliofil mesters\u00e9g elsaj\u00e1t\u00edt\u00e1sa k\u00e9pezte. Neves tud\u00f3s professzor ismer\u0151sei seg\u00edtett\u00e9k a t\u00e1j\u00e9koz\u00f3d\u00e1sban, kiterjedt k\u00f6nyvbeszerz\u00e9si h\u00e1l\u00f3zatot \u00e9p\u00edtett ki. K\u00f6nyvt\u00e1ra az alap\u00edt\u00f3 \u00e9let\u00e9nek k\u00fcl\u00f6mb\u00f6z\u0151 \u00e1llom\u00e1shelyein mindv\u00e9gig a k\u00f6z szolg\u00e1lat\u00e1ban \u00e1llt. M\u00e1r S\u00e1romberk\u00e9r\u0151l k\u00f6lcs\u00f6nz\u00f6tt k\u00f6nyveket, S\u00e1romberk\u00e9n templomot \u00e9p\u00edttetett (1784\u20131791), majd Szebenbe k\u00f6lt\u00f6zve (1778) k\u00f6nyveit is mag\u00e1val vitte; ezut\u00e1n a bihari f\u0151isp\u00e1ni funkci\u00f3 bet\u00f6lt\u00e9se ok\u00e1n V\u00e1radra k\u00f6lt\u00f6z\u00f6tt (1785\u201390), k\u00f6nyveinek csak legsz\u00fcks\u00e9gesebb r\u00e9sz\u00e9t vitte mag\u00e1val, majd mikor a kancell\u00e1riai kinevez\u00e9s B\u00e9csbe sz\u00e1ll\u00edtotta k\u00f6nyvt\u00e1r\u00e1t Mv.-re k\u00f6lt\u00f6ztette (1787), a h\u00e1bor\u00fas id\u0151k miatt nem l\u00e1tja biztons\u00e1gban k\u00f6nyvt\u00e1r\u00e1t \u00e9s felvitette B\u00e9csbe (a 90-es \u00e9vek elej\u00e9n); majd \u00fajb\u00f3l Mv.-re sz\u00e1ll\u00edttatta (1797), ez\u00fattal v\u00e9glegesen itt maradtak a k\u00f6nyvek, a k\u00f6nyvt\u00e1ralap\u00edt\u00f3 hozz\u00e1 kezdett r\u00e9gi terve val\u00f3ra v\u00e1lt\u00e1s\u00e1hoz: \u00faj k\u00f6nyvt\u00e1rat \u00e9p\u00edttetett (1799\u20131802) az egykori Wessel\u00e9nyiek birtok\u00e1ban l\u00e9v\u0151 barokk \u00e9p\u00fclethez csatolt sz\u00e1rny lett a v\u00e9gs\u0151 otthona. A Teleki T\u00e9ka (1802) \u201eA\u201d kateg\u00f3ri\u00e1ba tartoz\u00f3 m\u0171eml\u00e9k, mai megnevez\u00e9se Teleki\u2013Bolyai k\u00f6nyvt\u00e1r, \u00f6n\u00e1ll\u00f3 kult\u00farint\u00e9zm\u00e9nyk\u00e9nt m\u0171k\u00f6d\u00f6tt 1974-ig, amikor a megyei k\u00f6nyvt\u00e1rhoz csatolt\u00e1k. Itt \u0151rzik feles\u00e9ge, ikt\u00e1ri Bethlen Zsuzsanna 2000 k\u00f6tetes m. nyelv\u0171 k\u00f6nyt\u00e1r\u00e1t, k\u00f6nyvritkas\u00e1gait, valamint fia T. Domokos \u00e1sv\u00e1nygy\u0171jtem\u00e9ny\u00e9t is. A k\u00f6nyvt\u00e1rt csal\u00e1di hitbizom\u00e1nyk\u00e9nt a k\u00f6zre hagyta. Els\u0151 k\u00f6nyvt\u00e1rosai: Mihelyes J\u00e1nos (1792\u2013?), Sz\u00e1sz J\u00f3zsef (1802\u2013?), Kelemen M\u00e1rton (1814\u201351). Kiadta a k\u00f6nyvt\u00e1r katal\u00f3gus\u00e1t 4 k\u00f6tetben (1796-, 1800-, 1811- \u00e9s 1819). A saj\u00e1t szerkeszt\u00e9s\u00e9ben, B\u00e9csben kiadott katal\u00f3gus nem csup\u00e1n a k\u00f6nyvt\u00e1r anyag\u00e1t felsorol\u00f3 k\u00f6nyvjegyz\u00e9k, hanem a maga nem\u00e9ben tudom\u00e1nyos munka is. El\u0151bb a szerz\u0151k id\u0151rendbeli felsorol\u00e1sa mellett a szerz\u0151k di\u00f3h\u00e9jba foglalt \u00e9letrajzi adatait k\u00f6zli, valamint a tudom\u00e1nyos szakok szerint csoportos\u00edtott, k\u00fcl\u00f6nb\u00f6z\u0151 nyelv\u0171 k\u00f6nyvekhez az \u00edr\u00f3j\u00e1n k\u00edv\u00fcl a kiadv\u00e1nyok (editi\u00f3k) \u00e9v\u00e9t, hely\u00e9t \u00e9s v\u00e1llalat\u00e1t is felt\u0171nteti; nej\u00e9nek, ikt\u00e1ri Bethlen Zsuzsann\u00e1nak k\u00fcl\u00f6n tulajdon\u00e1t k\u00e9pez\u0151 magyarnyelv\u0171 k\u00f6nyveinek jegyz\u00e9ke ide van csatolva; v\u00e9g\u00fcl a III. k\u00f6tet el\u0151szav\u00e1ban a k\u00f6nyvt\u00e1r rendeltet\u00e9s\u00e9r\u0151l \u00e9s kezel\u00e9s\u00e9re vonatkoz\u00f3lag int\u00e9zkedik. Ez a katal\u00f3gus minden vil\u00e1gv\u00e1ros k\u00f6nyvt\u00e1r\u00e1ban megtal\u00e1lhat\u00f3. \u0150 \u00e9p\u00edtette az Apoll\u00f3-palot\u00e1t, \u201evend\u00e9gh\u00e1z\u201d \u201esz\u00e1l\u00e1t\u201d (1802) Vigad\u00f3nak (m\u00e1s forr\u00e1sok szerint: 1821\u201322), melynek j\u00f6vedelm\u00e9t a T\u00e9ka fenntart\u00e1s\u00e1ra \u00e9s gazdag\u00edt\u00e1s\u00e1ra sz\u00e1nta, ma \u201eB\u201d kateg\u00f3ri\u00e1s m\u0171eml\u00e9k (P\u0163a. Trandafirilor \/ F\u0151t\u00e9r 5. sz.). 950 bibli\u00e1t k\u00fcld\u00f6tt a mv.-i kistemplomnak (1820), elad\u00e1suk \u00e1r\u00e1b\u00f3l seg\u00edtette az \u00e9p\u00edt\u00e9s befejez\u00e9s\u00e9t. K\u00e9ziratban maradt leveleit az MTA K\u00e9ziratt\u00e1ra, Mv.-en a T.-t\u00e9ka \u00e9s a br. Wessel\u00e9nyi-f\u00e9le g\u00f6rcs\u00f6ni lev\u00e9lt\u00e1r \u0151rizte. Levelet \u00edrt \u00e9s k\u00fcld\u00f6tt \u00c1d\u00e1mnak, gyakran leveleztek kedves feles\u00e9g\u00e9vel, Bethlen Zsuzsann\u00e1val. Fontos \u00fcgyeit levelez\u00e9ssel int\u00e9zte. Teleki S\u00e1muelt\u0151l Kendefi Elek, L\u00e9n\u00e1rt S\u00e1muel, S\u00e1r\u00f3y Szab\u00f3 S\u00e1muel, Sz\u00e1sz J\u00f3zsef, Herbert Mih\u00e1ly, Tihanyi Tam\u00e1s, Kadacsi Istv\u00e1n, Kelemen M\u00e1rton kapott levelet. Sokan fordultak hozz\u00e1 lev\u00e9lben: Bethlen G\u00e1bor, Borosnyai Luk\u00e1cs Simon, Fogarasi Pap J\u00f3zsef, Borosnyai Luk\u00e1cs Simon, K\u00f6r\u00f6si Gy\u00f6rgy, Kov\u00e1sznai S\u00e1ndor, Zilahi S\u00e1muel, Bodola J\u00e1nos, Osv\u00e1th Gergely, Kov\u00e1ts J\u00f3zsef, J\u00f3sika Antal, S\u00e1r\u00f3y Szab\u00f3 S\u00e1muel, Teleki M\u00e1ria Rh\u00e9dei \u00c1d\u00e1mn\u00e9, Teleki Domokos, Teleki Ferenc, Hene Ferenc, Herbert Mih\u00e1ly; Sz\u00e1sz J\u00f3zsef, Antal J\u00e1nos, T\u00f3th Ferenc, Bal\u00f3 S\u00e1muel, Kelemen M\u00e1rton, Kazinczy Ferenc, Kad\u00e1csi Istv\u00e1n, Zeyk D\u00e1niel, Rh\u00e9dei \u00c1d\u00e1m. A b\u00e9csi udvar kit\u00fcntette a Szent Istv\u00e1n-rend nagykeresztj\u00e9vel (1808); a g\u00f6ttingeni \u00e9s az angol (1799), a vars\u00f3i (1811) Tud\u00f3s T\u00e1rs. t. tagja. A j\u00e9nai \u00c1sv\u00e1nytani T\u00e1rsas\u00e1g oklevel\u00e9t kapta meg (1802), a latin nyelv m\u0171vel\u00e9s\u00e9\u00e9rt d\u00edszoklev\u00e9llel t\u00fcntette ki a j\u00e9nai Societas Latina Jenensis (1806). Ma Mv.-en utca viseli a nev\u00e9t. Mellszobr\u00e1t, Jorga Ferenc magyarr\u00e9geni szobr\u00e1szm\u0171v\u00e9sz alkot\u00e1s\u00e1t, felavatt\u00e1k S\u00e1romberk\u00e9n a ref. templom kertj\u00e9ben (1996. aug. 7.). \u2013 F.m.: anus Pannonius Poemata. Pars prima-altera. Traiecti ad Rhenum, 1784.; Bibliotheca Samuelis S. R. I. Com. Teleki de Sz\u00e9k. Pars I.: Auctores classicos graecos et latinos. (Viena, 1796), Pars II: Classes theologicam, historico-clesiasticam, juridico-politicam, philosophicam, philologicam, antiquariam, historicam \u00e9t literariam complexa (Viena, 1800.); Pars III, cum Catalogo librorum Hungar, conjugis desideratissimae Susannae Com. Bethlen de Ikt\u00e1r, Accedunt Supplementa Catalogi Partes I. et II. (Viena, 1811) \u2013 Pars IV. Novas accessiones ad tr\u00e9s priores partes complexa. (Viena, 1819.); Gr\u00f3f Teleki S\u00e1muel erd\u00e9lyi kancell\u00e1r \u00fati napl\u00f3ja (Mv., 1908., kiad\u00e1 Bi\u00e1s Istv\u00e1n, bevezet\u00e9ssel ell\u00e1tta Imre S\u00e1ndor); De\u00e9 Nagy Anik\u00f3: T. S. \u00e9s a Teleki T\u00e9ka (szerk. De\u00e9 Nagy Anik\u00f3: Buk., 1976); Teleki S\u00e1muel peregrin\u00e1ci\u00f3s napl\u00f3ja: K\u00f6zz\u00e9teszi \u00e9s a bevezet\u0151t \u00edrta De\u00e9 Nagy Anik\u00f3 (Kv., 2020); De\u00e9 Nagy Anik\u00f3 2020; szerk.: Janus Pannonius p\u00fcsp\u00f6k m\u0171vei, egykori k\u00e9ziratb\u00f3l \u00e9s 13 m\u00e1s kiad\u00e1s ut\u00e1n \u00f6sszeszedte \u00e9s k\u00e9t k\u00f6tetben kinyomattatta (Utrecht, 1784); levelei: Kov\u00e1sznai S\u00e1ndorhoz, Szeben, 1783. nov. 13. (Figyel\u0151, XXVI. 1889.); Kazinczy Ferenchez, B\u00e9cs, 1790. febr. 17. (Kazinczy Levelez\u00e9se, II. 34 1.); Kelemen M\u00e1rtonhoz, B\u00e9cs, 1817. szept. 3-t\u00f3l 1822. j\u00fal. 18-ig 14 drb. (Fodor Istv\u00e1n: Kr\u00f3nik\u00e1s F\u00fczetek, 111. sor. b. sz. 1938.) \u2013 Testamentuma (M. Sajt\u00f3, 1857. 105. 106. sz.; k\u00e9ziratban levelei: a M. Tud. Akad\u00e9mia lev\u00e9lt\u00e1r\u00e1ban, ilenczfalvi Sz\u00e1sz J\u00f3zsef k\u00f6nyvt\u00e1ros\u00e1nak B\u00e9csb\u0151l k\u00fcld\u00f6tt levelei a Teleki-csal\u00e1d mv.-i lev\u00e9lt\u00e1r\u00e1ban, a br. Wessel\u00e9nyi-f\u00e9le g\u00f6rcs\u00f6ni lev\u00e9lt\u00e1rban 19 drb. \u00e9s nagyernyei Kelemen M\u00e1rtonhoz, utols\u00f3 k\u00f6nyvt\u00e1ros\u00e1hoz, B\u00e9csb\u0151l k\u00fcld\u00f6tt levelei 14 db. nagyernyei dr. Kelemen L\u00e1szl\u00f3 hagyat\u00e9k\u00e1ban. Gy\u00f6ngybet\u0171ivel, magyaros sz\u00edvvel \u00e9s l\u00e9lekkel, k\u00f6zvetlen bar\u00e1ts\u00e1ggal meg\u00edrt leveleib\u0151l a minden ir\u00e1nt val\u00f3 \u00e9rdekl\u0151d\u00e9se, mindenhez \u00e9rt\u0151 tudom\u00e1nyoss\u00e1ga, k\u00f6nyveihez f\u0171z\u0151d\u0151 nagy szeretete \u00e9s gondoskod\u00e1sa, kincseit agg\u00f3dva f\u00e9lt\u0151 ragaszkod\u00e1s\u00e1nak ritka megnyilatkoz\u00e1sa \u00e1rad. Meghat\u00f3 egyben az, hogy a t\u00e1volb\u00f3l igazgatott k\u00f6nyvt\u00e1r\u00e1nak annyi figyelmet szentel\u0151 kancell\u00e1r, -mintha \u00e9rezte volna, hogy kedvenc k\u00f6nyveit nem fogja t\u00f6bb\u00e9 l\u00e1tni, mintha sejtette volna, hogy hossz\u00fa \u00e9lete nagy m\u0171v\u00e9ben nem gy\u00f6ny\u00f6rk\u00f6dhetik majd sz\u00fcl\u0151f\u00f6ldj\u00e9n. \u2013 Irod.: Acs\u00e1dy Ign\u00e1c: A Magyar Birodalom t\u00f6rt\u00e9nete (Bp., 1903\u20131904); Antalfi Imola: A sz\u00ednvonalas oktat\u00e1s alapfelt\u00e9tel. Teleki S\u00e1muel nev\u00e9t viseli a s\u00e1romberki iskola (N\u00e9p\u00fajs\u00e1g, 2022. j\u00fan. 2.); Bak\u00f3 Zolt\u00e1n: Nyughatatlanok nyugtalan nyugalma (N\u00fa., 1991. \u00e1pr. 13.); Benk\u0151 J\u00f3zsef: Transilvania (Vindobonae, 1777\u201378); B\u00e1nyai R\u00e9ka \u2013 V. Ecsedy Judit: A V\u00e1radi Biblia c\u00edmlapvari\u00e1nsai (Bp.-Mv., 2019); Berekm\u00e9ri D. Istv\u00e1n: S\u00e1romberke \u00e9s a Telekiek: verses helyt\u00f6rt\u00e9neti kismonogr\u00e1fia (Mv., 2006); Bozac\u2013Pavel; Bi\u00e1s Istv\u00e1n: Adatok a Teleki k\u00f6nyvt\u00e1r alap\u00edt\u00e1s\u00e1nak t\u00f6rt\u00e9net\u00e9hez (Mv., 1901); Bibliotheca Telekiana (Mv., 1994); Bicsok\u2013Orb\u00e1n; Bir\u00f3; B\u00edr\u00f3 J\u00f3zsef; B\u00edr\u00f3 J\u00f3zsef: A s\u00e1romberki Teleki-kast\u00e9ly = B\u00edr\u00f3 J\u00f3zsef: Erd\u00e9ly besz\u00e9l\u0151 k\u00f6vei (Kv., 2008); Bisztray Gyula: \u00cdr\u00f3 \u00e9s nemzet (Bp., 1943); Csekonics; Dankanits \u00c1d\u00e1m: Janus \u00e9s T. S. (K\u00f6nyvt\u00e1ri Szemle, 2. sz., 1972); De\u00e9 Nagy Anik\u00f3 Teleki S\u00e1muel \u00e9s a Teleki T\u00e9ka: A leveleket v\u00e1logatta, bevezet\u00e9ssel \u00e9s jegyzetekkel ell\u00e1tta D.N.A. (Buk., 1976), De\u00e9 Nagy Anik\u00f3: A k\u00f6nyvt\u00e1ralap\u00edt\u00f3Teleki S\u00e1muel (Kv., 1997) Janus Pannonius m\u0171vei a T.-T\u00e9k\u00e1ban (K\u00f6nyvt\u00e1ri Szemle, 2. sz., 1972); De\u00e9 Nagy Anik\u00f3: A marosv\u00e1s\u00e1rhelyi Teleki-Bolyai K\u00f6nyvt\u00e1r ex librisei (Bp.\u2013Kv., 2001); De\u00e9 Nagy Anik\u00f3: Bibliothecae Samuelis Com. Teleki de Sz\u00e9k Pars Quinta Libros inde ab Anno MDCCCXIX pos typis vulgatam Catalogi Partem Quartam comparatos Complexa. \u2013 Budapestini \u2013 Novi Fori Siculorum, MMII; De\u00e9 Nagy Anik\u00f3: Eml\u00e9kk\u00f6nyv a Teleki T\u00e9ka alap\u00edt\u00e1s\u00e1nak 200. \u00e9vfordul\u00f3j\u00e1ra, 1802\u20132002. Mv., Teleki T\u00e9ka Alap\u00edtv\u00e1ny \u2013 Mentor Kiad\u00f3, 2002.; De\u00e9 Nagy Anik\u00f3: Gondolatok egy k\u00f6nyvt\u00e1rb\u00f3l. Tanulm\u00e1nyok, el\u0151ad\u00e1sok, cikkek. (Cs\u00edkszereda. Pallas-Akad\u00e9mia K\u00f6nyvkiad\u00f3, 2007.); \u00c9n istenem, hov\u00e1 lesz\u00fcnk? H\u00fasz \u00e9ves az Erd\u00e9ly M\u0171v\u00e9szet\u00e9\u00e9rt Alap\u00edtv\u00e1ny (Bp., 2008); De\u00e9 Nagy Anik\u00f3: A reform\u00e1tus f\u0151ember, gr\u00f3f sz\u00e9ki Teleki S\u00e1muel = Protest\u00e1ns Mv.; De\u00e9 Nagy Anik\u00f3: T. S. \u00fati jegyzeteinek h\u00e1nyattat\u00e1sai = Telekiek; De\u00e9 Nagy Anik\u00f3: Mostani gondoskod\u00e1somnak egy nevezetes T\u00e1rgya l\u00e9v\u00e9n Marus-V\u00e1s\u00e1rhellyen a Bibliothek\u00e1mnak elk\u00e9sz\u00edt\u00e9se. = Tonk S. 2020; Dolinay Gyula: T\u00f6rt\u00e9nelmi arck\u00e9pcsarnok (Bp., 1886); Egyed \u00c1. 2013; Erd\u00e9lyi panteon; Fekete; Fodor Istv\u00e1n: Teleki t\u00e9ka (Mv., 1938); Fogarasi; Gergely P\u00e1l: Sz\u00e9kely vil\u00e1gj\u00e1r\u00f3k (Bp., 1940); Gr. T. S. eml\u00e9kki\u00e1ll\u00edt\u00e1s (Bp., 1939); Gr\u00f3f T. S. erd\u00e9lyi kancell\u00e1r \u00fati napl\u00f3ja (Mv., 1908); Gudenus; Guly\u00e1s K\u00e1roly: Gr. T. S. mv.-i k\u00f6nyvt\u00e1ralap\u00edt\u00e1sa (Eml\u00e9kk\u00f6nyv a SzNM \u00f6tven\u00e9ves jubileum\u00e1ra Kv., 1929); Guly\u00e1s K\u00e1roly: Az ismeretlen gr\u00f3f T. S. (Bp., 1944); Halotti besz\u00e9dek; Halotti besz\u00e9dek gr. T. S. felett (Kv., 1825); Homan; Horv\u00e1th J\u00e1nos: Az irodalmi m\u0171velts\u00e9g megoszl\u00e1sa (Bp., 1944); Id\u0151t\u00e1r 1; Jak\u00f3 1976; Kelemen L. eml\u00e9kk; Kem\u00e9ny Ferenc: Magyar pedag\u00f3giai lexikon (Bp., 1933\u201334); Keresztes; Keresztes 1998; Keresztes Gyula: A f\u0151t\u00e9ri h\u00e1zakr\u00f3l \u2013 az Apoll\u00f3 \u00e9p\u00fclete (N\u00fa., 1991. j\u00fan. 8.); Keresztesi J\u00f3zsef: Kr\u00f3nika Mo. polg\u00e1ri \u00e9s egyh\u00e1zi k\u00f6z\u00e9let\u00e9b\u0151l a XVIII. sz. v\u00e9g\u00e9n (Bp., 1868, 1882); Kiss\u2013K\u00e1lm\u00e1n\u2013Bierbrunner; KKMI; Koczi\u00e1ny L\u00e1szl\u00f3: T. S. (1739\u20131822) (V. Z., 1972. aug. 13.); Kornis Gyula: A magyar m\u0171vel\u0151d\u00e9s esem\u00e9nyei 1777\u20131848 (Bp., 1927); K\u00f6nyvek \u00e1ltal&#8230;; K\u0151v\u00e1ry L\u00e1szl\u00f3; Kr\u00f3n F\u00fcz. (1939. 4\/9); L\u00e1zok Kl\u00e1ra: T. S. nem k\u00f6nyvalap\u00fa gy\u0171jtem\u00e9nyei = Telekiek; L\u00e9sty\u00e1n \u2013 templomok; A magyar irod. t\u00f6rt\u00e9nete: k\u00e9pes (Bp., 1906\u201307); Magyar l\u00e9lek \u2013 magyar munka \u00edr\u00e1sban \u00e9s k\u00e9pben (Bp., 1943); Magyar m\u0171vel\u0151d\u00e9st\u00f6rt\u00e9net (Bp., s.a.); Magyarok term.tud. \u00e9s technika; Man: Tg. M.; Marczali; Marczali Henrik; Marosi Ildik\u00f3; A Marosv\u00e1s\u00e1rhelyi Bolyai Tudom\u00e1nyos K\u00f6nyvt\u00e1r = Kelemen L. eml\u00e9kk; Mentor (Kv., 1842\u201343); M\u00c9L; MMA; MNL; Mo. f\u0151isp\u00e1njai; Mo k\u00f6zgazdas\u00e1gi \u00e9s k\u00f6zm\u0171vel\u0151d\u00e9si \u00e1llapota ezer\u00e9ves fenn\u00e1ll\u00e1sakor \u00e9s az 1896. \u00e9vi rendes ki\u00e1ll\u00edt\u00e1s eredm\u00e9nye (Bp., 1897\u201398); Mo. t\u00f6rt\u00e9nelme, f\u00f6ldje, n\u00e9pe, \u00e9lete, gazdas\u00e1ga, irodalma, m\u0171v\u00e9szete Vereck\u00e9t\u0151l napjainkig (Bp., s.a.); Moln\u00e1r; MTTT; Mure\u015f, jude\u0163; Mv.-Bal\u00e1s; Mv. \u00e9s V\u00e1rtemploma; Nagy k\u00e9pes vil\u00e1gt\u00f6rt\u00e9net (Bp., 1899); Nemes Gyula: A maross\u00e1rpataki Teleki kripta \u00e9rt\u00e9keit mentik (K\u00f6zpont, 2016. j\u00fan. 2\u20138.); Old Tg. M.; Orb\u00e1n J\u00e1nos: Egy erd\u00e9lyi kast\u00e9lylelt\u00e1r 1787-b\u0151l (Korunk, 12. sz., 2005); Orb\u00e1n J\u00e1nos: \u201e&#8230;k\u00e9tfel\u00f6l gal\u00e9ria lesz, a k\u00f6zepe pedig templom form\u00e1ra felmegyen.\u201d A Teleki T\u00e9ka hosszh\u00e1zas terveir\u0151l = T\u00e1gul\u00f3 horizont; Orb\u00e1n J\u00e1nos: T\u00e1blab\u00edr\u00e1k, f\u0151nemesek, pall\u00e9rok \u00e9s h\u00e1zak: V\u00e1rosk\u00e9p \u00e9s t\u00e1rsadalom v\u00e1ltoz\u00e1sai Mv.-en a Kir\u00e1lyi T\u00e1bla bek\u00f6lt\u00f6z\u00e9se ut\u00e1n [1754] = K\u00f6nyvek \u00e1ltal \u2026; Orb\u00e1n J\u00e1nos: T. S. \u00e9s a s\u00e1romberki ekl\u00e9zsia hajdani vir\u00e1gz\u00e1sa = Eml\u00e9kk. Szab\u00f3 Mikl\u00f3s; Paget; Pint\u00e9r; Pokoly; Politikai Mo. (Bp., 1912\u201314); Profiluri mure\u015fene. 2.; RMK III\/18. sz.; RNL; A R\u00f3mai Szentbirodalmi gr\u00f3f sz\u00e9ki Teleki csal\u00e1d oklev\u00e9lt\u00e1ra (Bp., 1895); S\u00e1romberke; S\u00e2npetru de C\u00e2mpie; Sebesty\u00e9n Mih\u00e1ly: &#8230;Van V\u00e1s\u00e1rhelyt egy nevezetes gy\u0171jtem\u00e9ny (\u00daj \u00c9let, 22. sz., 1972); Sikl\u00f3ssy L\u00e1szl\u00f3: Gyorskocsin Erd\u00e9lyben (Bp., 1927); Szab\u00f3 J\u00f3zsef S: Magyar ref. Sion (Debrecen, 1909); Szab\u00f3\u2013Sz\u00f6gi; Sz\u00e1ntay Antal: Die T.-Korrespondenz in Basel (Miscellanea fontium historiae Europae. H. Bal\u00e1zs \u00c9va Eml\u00e9kk. Bp., 1997); Szentgy\u00f6rgyi; Sz\u00e9pr\u00e9ti: R\u00e9gi \u00e9s \u00faj vil\u00e1g; Szil\u00e1gyi; Szinnyei; Szinnyei J; Szotyori; Teleki Domokos: A mv.-i Teleki-k\u00f6nyvt\u00e1r t\u00f6rt\u00e9nete (Kv., 1931); Teleki Domokos, Clauser Mih\u00e1ly, Varjas B\u00e9la: Gr\u00f3f T. S. eml\u00e9k\u00fcnnep (Bp., 1940); T. S. albuma. (F\u00fcggel\u00e9ket \u00f6ssze\u00e1ll. Font Zsuzsa. Kiad. Jankovics J\u00f3zsef; Szeged, 1991); De\u00e9 Nagy Anik\u00f3: T. S. \u00e9s a Teleki-t\u00e9ka (a leveleket v\u00e1logatta, jegyz. De\u00e9 Nagy Anik\u00f3; Buk., 1976); Telekiek; Teutsch Friedrich; Tg. M.- Mv.; Thury; \u00daj lexikon; A t\u00f6rt\u00e9neti Erd\u00e9ly (Bp., 1936); T\u00f3th; \u00daM\u00c9L; Valori mure\u015fene de patrimoniu; Viczi\u00e1n Istv\u00e1n: T. S. (M. m\u00faz. arck\u00e9pcsarnok. Bp., 2002); Weszely Tibor: Teleki S\u00e1muel levelez\u00e9se vil\u00e1gh\u00edr\u0171 tud\u00f3sokkal (Mv., 2003).<\/br><\/p>\n","protected":false},"excerpt":{"rendered":"<p>Gernyeszeg, 1739. nov.17., \u2020 B\u00e9cs, 1822. aug. 7., A temet\u00e9se B\u00e9csben zajlott le (1822. aug. 10.), majd hossz\u00fa utaz\u00e1s ut\u00e1n a s\u00e1romberki s\u00edrboltba helyez\u00e9k \u00f6r\u00f6k nyugalomba (szept. 9). A gy\u00e1szszertart\u00e1st a kancell\u00e1r egykori alumnisa, majd s\u00e1romberki udvari papja Antal J\u00e1nos ref. koll.-i tan\u00e1r, a k\u00e9s\u0151bbi p\u00fcsp\u00f6k tartotta: politikus, kancell\u00e1r, k\u00f6nyvt\u00e1ralap\u00edt\u00f3, filol\u00f3gus. \u2013 Nagyapja T. Mih\u00e1ly [&hellip;]<\/p>\n","protected":false},"featured_media":0,"comment_status":"open","ping_status":"closed","template":"","meta":[],"product_brand":[],"product_cat":[137],"product_tag":[],"class_list":{"0":"post-22893","1":"product","2":"type-product","3":"status-publish","5":"product_cat-maros-megyei-eletrajzi-lexikon","7":"first","8":"instock","9":"shipping-taxable","10":"product-type-simple"},"_links":{"self":[{"href":"https:\/\/uj.adatbank.ro\/lexikon\/wp-json\/wp\/v2\/product\/22893","targetHints":{"allow":["GET"]}}],"collection":[{"href":"https:\/\/uj.adatbank.ro\/lexikon\/wp-json\/wp\/v2\/product"}],"about":[{"href":"https:\/\/uj.adatbank.ro\/lexikon\/wp-json\/wp\/v2\/types\/product"}],"replies":[{"embeddable":true,"href":"https:\/\/uj.adatbank.ro\/lexikon\/wp-json\/wp\/v2\/comments?post=22893"}],"wp:attachment":[{"href":"https:\/\/uj.adatbank.ro\/lexikon\/wp-json\/wp\/v2\/media?parent=22893"}],"wp:term":[{"taxonomy":"product_brand","embeddable":true,"href":"https:\/\/uj.adatbank.ro\/lexikon\/wp-json\/wp\/v2\/product_brand?post=22893"},{"taxonomy":"product_cat","embeddable":true,"href":"https:\/\/uj.adatbank.ro\/lexikon\/wp-json\/wp\/v2\/product_cat?post=22893"},{"taxonomy":"product_tag","embeddable":true,"href":"https:\/\/uj.adatbank.ro\/lexikon\/wp-json\/wp\/v2\/product_tag?post=22893"}],"curies":[{"name":"wp","href":"https:\/\/api.w.org\/{rel}","templated":true}]}}