{"id":22897,"date":"2025-08-01T17:04:42","date_gmt":"2025-08-01T15:04:42","guid":{"rendered":"https:\/\/uj.adatbank.ro\/lexikon\/termek\/teleki-samuel-ferenc-szeki-gr\/"},"modified":"2025-08-01T17:04:42","modified_gmt":"2025-08-01T15:04:42","slug":"teleki-samuel-ferenc-szeki-gr","status":"publish","type":"product","link":"https:\/\/uj.adatbank.ro\/lexikon\/termek\/teleki-samuel-ferenc-szeki-gr\/","title":{"rendered":"TELEKI S\u00e1muel Ferenc; sz\u00e9ki gr."},"content":{"rendered":"<p>S\u00e1romberke, 1817. okt. 30., \u2020 Kv., 1882. \u00e1pr. 11., temetve a s\u00e1romberki Teleki-kript\u00e1ba: birtokos, fels\u0151h\u00e1zi tag. \u2013 T. S\u00e1muel kancell\u00e1r unok\u00e1ja, T. Ferenc \u00e9s B\u00e1nffy Erzs\u00e9bet fia. Gyermekei: if. Gr. T. S\u00e1muel, orsz\u00e1gos k\u00e9pvisel\u0151, m. kir. honv\u00e9dsz\u00e1zados, az Afrika-kutat\u00f3; T. \u00c1gnes Zeyk J\u00f3zsefn\u00e9; T. Erzs\u00e9bet br. B\u00e1nffy Zolt\u00e1nn\u00e9. \u2013 B\u00e9csben tanult a m\u0171egyetemen (1835\u201336). A s\u00e1romberki kast\u00e9ly parkj\u00e1t l\u00e9tes\u00edtette, amelyben 92 f\u00e9le botanikailag nyilv\u00e1ntartott fa volt. Az Apoll\u00f3 kert tulajdonosa, azt b\u00e9rbe adta a fasz\u00ednh\u00e1z \u00e9p\u00edt\u00e9s\u00e9re (1872). A saj\u00e1t nev\u00e9re telekk\u00f6nyveztette az addig hitbizom\u00e1nyk\u00e9nt igazgatott Teleki T\u00e9k\u00e1t \u00e9s a hozz\u00e1tartoz\u00f3 ingatlanokat (1873). A ref. egyh\u00e1z pert ind\u00edtott ellene, amit megnyert (1876). Az Erd\u00e9lyi Kereskedelmi- \u00e9s Hitelbank Rt. alap\u00edt\u00f3ja \u00e9s eln\u00f6ke. <br \/><strong>\u2013 Irod.:<\/strong> Bak\u00f3 Zolt\u00e1n: Nyughatatlanok nyugtalan nyugalma (N\u00fa., 1991. \u00e1pr. 13.); Gudenus; Gy\u00e1szjelent\u0151; Id\u0151t\u00e1r 2; Koron\u00e1z\u00e1si eml\u00e9kk\u00f6nyv I. Ferenc J\u00f3zsef apostoli kir\u00e1lyunk megkoron\u00e1z\u00e1s\u00e1nak 25. \u00e9vfordul\u00f3ja \u00fcnnep\u00e9re (Bp., 1874); S\u00e1romberke, 1319\u20131994 (S\u00e1romberke, 1994); Szab\u00f3\u2013Sz\u00f6gi; Memoire de la Ligue pour la protection des minorit\u00e9s nationales au sujet de la r\u00e9forme agraire de Roumanie (Bp., 1921); Sikl\u00f3sy; Szinnyei J; T\u00e1j\u00e9koztat\u00f3 az erd\u00e9lyr\u00e9szi \u00c1llatteny\u00e9szt\u0151 \u00e9s \u00c1llatv\u00e9d\u0151 Egyes\u00fclet 1914. m\u00e1j. 31-j\u00fan. 1. Orsz\u00e1gos Eb-, Galambki\u00e1ll\u00edt\u00e1s, baromfi, h\u00e1ziny\u00fal, m\u00e9h\u00e9szeti bemutat\u00f3, orsz\u00e1gos m\u0171kotor\u00e9k \u00e9s rend\u0151rkutya versenyr\u0151l (Mv., 1914).<\/br><\/p>\n","protected":false},"excerpt":{"rendered":"<p>S\u00e1romberke, 1817. okt. 30., \u2020 Kv., 1882. \u00e1pr. 11., temetve a s\u00e1romberki Teleki-kript\u00e1ba: birtokos, fels\u0151h\u00e1zi tag. \u2013 T. S\u00e1muel kancell\u00e1r unok\u00e1ja, T. Ferenc \u00e9s B\u00e1nffy Erzs\u00e9bet fia. Gyermekei: if. Gr. T. S\u00e1muel, orsz\u00e1gos k\u00e9pvisel\u0151, m. kir. honv\u00e9dsz\u00e1zados, az Afrika-kutat\u00f3; T. \u00c1gnes Zeyk J\u00f3zsefn\u00e9; T. Erzs\u00e9bet br. B\u00e1nffy Zolt\u00e1nn\u00e9. \u2013 B\u00e9csben tanult a m\u0171egyetemen (1835\u201336). A [&hellip;]<\/p>\n","protected":false},"featured_media":0,"comment_status":"open","ping_status":"closed","template":"","meta":[],"product_brand":[],"product_cat":[137],"product_tag":[],"class_list":{"0":"post-22897","1":"product","2":"type-product","3":"status-publish","5":"product_cat-maros-megyei-eletrajzi-lexikon","7":"first","8":"instock","9":"shipping-taxable","10":"product-type-simple"},"_links":{"self":[{"href":"https:\/\/uj.adatbank.ro\/lexikon\/wp-json\/wp\/v2\/product\/22897","targetHints":{"allow":["GET"]}}],"collection":[{"href":"https:\/\/uj.adatbank.ro\/lexikon\/wp-json\/wp\/v2\/product"}],"about":[{"href":"https:\/\/uj.adatbank.ro\/lexikon\/wp-json\/wp\/v2\/types\/product"}],"replies":[{"embeddable":true,"href":"https:\/\/uj.adatbank.ro\/lexikon\/wp-json\/wp\/v2\/comments?post=22897"}],"wp:attachment":[{"href":"https:\/\/uj.adatbank.ro\/lexikon\/wp-json\/wp\/v2\/media?parent=22897"}],"wp:term":[{"taxonomy":"product_brand","embeddable":true,"href":"https:\/\/uj.adatbank.ro\/lexikon\/wp-json\/wp\/v2\/product_brand?post=22897"},{"taxonomy":"product_cat","embeddable":true,"href":"https:\/\/uj.adatbank.ro\/lexikon\/wp-json\/wp\/v2\/product_cat?post=22897"},{"taxonomy":"product_tag","embeddable":true,"href":"https:\/\/uj.adatbank.ro\/lexikon\/wp-json\/wp\/v2\/product_tag?post=22897"}],"curies":[{"name":"wp","href":"https:\/\/api.w.org\/{rel}","templated":true}]}}