{"id":22905,"date":"2025-08-01T17:05:02","date_gmt":"2025-08-01T15:05:02","guid":{"rendered":"https:\/\/uj.adatbank.ro\/lexikon\/termek\/teleki-sandor-janos-jozsef-szeki-gr\/"},"modified":"2025-08-01T17:05:02","modified_gmt":"2025-08-01T15:05:02","slug":"teleki-sandor-janos-jozsef-szeki-gr","status":"publish","type":"product","link":"https:\/\/uj.adatbank.ro\/lexikon\/termek\/teleki-sandor-janos-jozsef-szeki-gr\/","title":{"rendered":"TELEKI S\u00e1ndor J\u00e1nos J\u00f3zsef, sz\u00e9ki gr."},"content":{"rendered":"<p>Kv., 1821. jan. 27., \u2020 Nagyb\u00e1nya, 1892. m\u00e1j. \u00e1pr. 18.: korm\u00e1nybiztos, erd\u00e9lyi f\u0151hadbiztos, utaz\u00f3, f\u0151rendih\u00e1zi tag, \u2013T. J\u00e1nos (1792\u20131860) \u00e9s zabolai Mikes Erzs\u00e9bet (1802. Kv., 1882. m\u00e1rc. 29.) fia. R\u00f3za h\u00fag\u00e1val a gyermekkorukat a nagys\u00e1rm\u00e1si sz\u00fcl\u0151i otthonban t\u00f6lt\u00f6tt\u00e9k, a teleket pedig Kv.-on. T\u00edz\u00e9ves kor\u00e1ig Nagys\u00e1rm\u00e1son nevelkedett. Feles\u00e9ge: 1.Bickersteth Harley Johanna Franciska, lord Langdale le\u00e1nya (1857. dec. 16. \u20131860-ig). 2. Litez de Tiverval Mathilde. M\u00e1sodik feles\u00e9g\u00e9t\u0151l gyermekei: S\u00e1ndor, L\u00e1szl\u00f3, J\u00e1nos, Blanka. \u2013 A kv.-i piarista gimn.-an tanult hat \u00e9vet, majd T\u00e1ncsics Mih\u00e1ly lett a h\u00e1zitan\u00edt\u00f3ja. A kv.-i jogakad\u00e9mi\u00e1n folytatta tanulm\u00e1nyait. A mv.-i kir. t\u00e1bl\u00e1n\u00e1l volt joggyakornok kancellista, \u00fcgyv\u00e9di vizsg\u00e1t tett. N\u00e9meto.-i tanulm\u00e1nyra indult (1841). Berlinben tanult, \u00f6sszebar\u00e1tkozott Liszt Ferenccel, kialakult a n\u00e9gy \u00e9vtizedig tart\u00f3 bar\u00e1ts\u00e1guk, \u00e9s egy\u00fctt j\u00e1rt\u00e1k be Eur\u00f3p\u00e1t, voltak Lengyelo.-ban, r\u00f6vid ideig Erd\u00e9lyben tart\u00f3zkodott (1844), majd P\u00e1rizs k\u00f6vetkezett. Liszt Erd\u00e9lyben hangversenyezett (1846 \u0151sz\u00e9n), megh\u00edvta kolt\u00f3i birtok\u00e1ra, majd elk\u00eds\u00e9rte buk.-i hangverseny\u00e9re. Az egyetemet nem fejezte be, sz\u00fclei kolt\u00f3i birtok\u00e1t kapta meg. (1845\u2013). R\u00e9szt vett az 1846\u201347. \u00e9vi erd\u00e9lyi orsz\u00e1ggy\u0171l\u00e9sen. Megismerkedett \u00e9s \u00f6sszebar\u00e1tkozott Pet\u0151fi S\u00e1ndorral (1846. szept. 8.), a kolt\u00f3i kast\u00e9ly\u00e1ban t\u00f6lt\u00f6tte a k\u00f6lt\u0151 a m\u00e9zesheteit. Mv.-en j\u00e1rt Pet\u0151fi t\u00e1rsas\u00e1g\u00e1ban (1849. m\u00e1rc). K\u0151v\u00e1rvid\u00e9k f\u0151kapit\u00e1nya, 1848\u201349-es honv\u00e9d ezredes, 18 \u00e9vig \u00e9lt emigr\u00e1ci\u00f3ban, Belgr\u00e1d, Konstantin\u00e1poly, P\u00e1rizs, London, Jersey, majd Guernsey sziget\u00e9n, Kossuth \u00e9s Victor Hugo bar\u00e1tja. Olasz kir. ezredes (1859\u201361). Amneszti\u00e1ban r\u00e9szes\u00fclt (1867. \u00e1pr. 3.) \u00e9s visszat\u00e9rt kolt\u00f3i otthon\u00e1ba. A m. f\u0151rendih\u00e1z \u00f6r\u00f6k\u00f6s tagja, a Pet\u0151fi T\u00e1rsas\u00e1g \u00e9s a M. T\u00f6rt\u00e9nelmi T\u00e1rsulat alap\u00edt\u00f3 tagja. Eml\u00e9kiratain dolgozott. \u2013  <strong>F. m..:<\/strong> Eml\u00e9keim 1\u20132. (1879\u201380); Egyr\u0151l-m\u00e1sr\u00f3l, \u00dajabb eml\u00e9keim 1\u20132. (1982); Term\u00e9szet ut\u00e1n (elb.-ek, 1884); T. S. eml\u00e9kez\u00e9sei (1958); Eml\u00e9kezz\u00fcnk r\u00e9giekr\u0151l: Eml\u00e9kez\u00e9s \u00e9s levelez\u00e9s (bev., jegyz. Csetri Elek, Buk., 1973). <br \/><strong>\u2013 Irod.:<\/strong> Csetri Elek: T. S. (1821\u2013182) (Helikon, 1992. j\u00fan. 8., 12. sz.); Erd\u00e9lyi panteon 2 (Mv., 1999); Gudenus; Gy\u00e1szjelent\u0151; H\u00e1zsong\u00e1rd; Hermann R\u00f3bert: Ott volt-e T. S. a segesv\u00e1ri-feh\u00e9regyh\u00e1zi \u00fctk\u00f6zetben? (Korunk, 2012, 7. sz.); Id\u0151t\u00e1r 2; L\u00e9sty\u00e1n \u2013 templomok 1; MNL; Paget; Szinnyei; 150 \u00e9ve sz\u00fcletett T.S.: Eml\u00e9kest a St\u00fadi\u00f3 Sz\u00ednh\u00e1zban (V. Z., 1971. jan. 28.); Teleki S\u00e1ndor: Eml\u00e9kezz\u00fcnk r\u00e9giekr\u0151l (Buk., 1973).<\/br><\/p>\n","protected":false},"excerpt":{"rendered":"<p>Kv., 1821. jan. 27., \u2020 Nagyb\u00e1nya, 1892. m\u00e1j. \u00e1pr. 18.: korm\u00e1nybiztos, erd\u00e9lyi f\u0151hadbiztos, utaz\u00f3, f\u0151rendih\u00e1zi tag, \u2013T. J\u00e1nos (1792\u20131860) \u00e9s zabolai Mikes Erzs\u00e9bet (1802. Kv., 1882. m\u00e1rc. 29.) fia. R\u00f3za h\u00fag\u00e1val a gyermekkorukat a nagys\u00e1rm\u00e1si sz\u00fcl\u0151i otthonban t\u00f6lt\u00f6tt\u00e9k, a teleket pedig Kv.-on. T\u00edz\u00e9ves kor\u00e1ig Nagys\u00e1rm\u00e1son nevelkedett. Feles\u00e9ge: 1.Bickersteth Harley Johanna Franciska, lord Langdale le\u00e1nya (1857. [&hellip;]<\/p>\n","protected":false},"featured_media":0,"comment_status":"open","ping_status":"closed","template":"","meta":[],"product_brand":[],"product_cat":[137],"product_tag":[],"class_list":{"0":"post-22905","1":"product","2":"type-product","3":"status-publish","5":"product_cat-maros-megyei-eletrajzi-lexikon","7":"first","8":"instock","9":"shipping-taxable","10":"product-type-simple"},"_links":{"self":[{"href":"https:\/\/uj.adatbank.ro\/lexikon\/wp-json\/wp\/v2\/product\/22905","targetHints":{"allow":["GET"]}}],"collection":[{"href":"https:\/\/uj.adatbank.ro\/lexikon\/wp-json\/wp\/v2\/product"}],"about":[{"href":"https:\/\/uj.adatbank.ro\/lexikon\/wp-json\/wp\/v2\/types\/product"}],"replies":[{"embeddable":true,"href":"https:\/\/uj.adatbank.ro\/lexikon\/wp-json\/wp\/v2\/comments?post=22905"}],"wp:attachment":[{"href":"https:\/\/uj.adatbank.ro\/lexikon\/wp-json\/wp\/v2\/media?parent=22905"}],"wp:term":[{"taxonomy":"product_brand","embeddable":true,"href":"https:\/\/uj.adatbank.ro\/lexikon\/wp-json\/wp\/v2\/product_brand?post=22905"},{"taxonomy":"product_cat","embeddable":true,"href":"https:\/\/uj.adatbank.ro\/lexikon\/wp-json\/wp\/v2\/product_cat?post=22905"},{"taxonomy":"product_tag","embeddable":true,"href":"https:\/\/uj.adatbank.ro\/lexikon\/wp-json\/wp\/v2\/product_tag?post=22905"}],"curies":[{"name":"wp","href":"https:\/\/api.w.org\/{rel}","templated":true}]}}