{"id":22916,"date":"2025-08-01T17:05:31","date_gmt":"2025-08-01T15:05:31","guid":{"rendered":"https:\/\/uj.adatbank.ro\/lexikon\/termek\/teleky-dezso\/"},"modified":"2025-08-01T17:05:31","modified_gmt":"2025-08-01T15:05:31","slug":"teleky-dezso","status":"publish","type":"product","link":"https:\/\/uj.adatbank.ro\/lexikon\/termek\/teleky-dezso\/","title":{"rendered":"TELEKY Dezs\u0151"},"content":{"rendered":"<p>T\u00f6vis, 1908. szept. 27., \u2020 Gyulafeh\u00e9rv\u00e1r, 2002. nov. 13.: r. k. pap. \u2013 Elemi iskol\u00e1it sz\u00fcl\u0151hely\u00e9n, a gimn.-ot Gyulafeh\u00e9rv\u00e1ron \u00e9s Brass\u00f3ban, a teol\u00f3gi\u00e1t Gyulafeh\u00e9rv\u00e1ron (1927\u20131931) v\u00e9gezte, ahol papp\u00e1 szentelte Mail\u00e1th Guszt\u00e1v K\u00e1roly p\u00fcsp\u00f6k (1931 j\u00fan. 28). F\u00f6lszentel\u00e9se ut\u00e1n egy-egy \u00e9vig Beszterc\u00e9n \u00e9s Sz\u00e1szr\u00e9genben volt k\u00e1pl\u00e1n, majd Torock\u00f3szentgy\u00f6rgy\u00f6n pl\u00e9b\u00e1nos, azut\u00e1n Nagys\u00e1rm\u00e1son sz\u00f3rv\u00e1nylelk\u00e9sz. Ebben az id\u0151ben a kv.-i H\u00edrn\u00f6k c. ferences lap k\u00fcls\u0151 munkat\u00e1rsa volt, amely f\u0151leg humoros \u00edr\u00e1sait k\u00f6z\u00f6lte. Papi elfoglalts\u00e1ga mellett, p\u00fcsp\u00f6ki enged\u00e9llyel, az ottani gy\u00f3gyszert\u00e1rban seg\u00e9dkezett, ahol behat\u00f3bban megismerkedett a gy\u00f3gyn\u00f6v\u00e9nyek hat\u00e1s\u00e1val. Ezen ismereteit k\u00e9s\u0151bb a ny\u00e1r\u00e1dremetei h\u00edvei seg\u00edt\u00e9s\u00e9re ford\u00edtotta. A bevonul\u00f3 rom\u00e1n csapatok letart\u00f3ztatt\u00e1k (1944. nov. 2.) \u00e9s a szovjet l\u00e1gerekbe akart\u00e1k hurcolni, \u00e1m Foc\u015faniban siker\u00fclt megsz\u00f6knie, \u00e9s visszat\u00e9rt Nagys\u00e1rm\u00e1sra lelk\u00e9szi posztj\u00e1ra. Mv.-en hitoktat\u00f3 majd Ny\u00e1r\u00e1dremete pl\u00e9b\u00e1nosak\u00e9nt szolg\u00e1lt k\u00e9nyszer megszak\u00edt\u00e1sokkal nyugd\u00edjaz\u00e1s\u00e1ig (1945. \u0151szt\u0151l \u2013 1982). Letart\u00f3ztatt\u00e1k (1946) azzal gyan\u00fas\u00edtva, hogy nem akad\u00e1lyozta meg a pusztakamar\u00e1si zsid\u00f3k kiv\u00e9gz\u00e9s\u00e9t. Kv.-ra vitt\u00e9k, a n\u00e9pb\u00edr\u00f3s\u00e1g \u00fcgy\u00e9szs\u00e9g\u00e9n iskolat\u00e1rsa, B\u00e1nyai (Baumgarten) L\u00e1szl\u00f3 hallgatta ki; ugyanazzal v\u00e1dolva. Kv. (1951), Zsil\u00e1va (1952) b\u00f6rt\u00f6n\u00e9ben raboskodott. \u00cdt\u00e9let\u00e9t a b\u00f6rt\u00f6nfoly\u00f3s\u00f3n olvast\u00e1k f\u00f6l, \u201e126 zsid\u00f3 lem\u00e9sz\u00e1rl\u00e1s\u00e1nak \u00e9rtelmi szerz\u0151jek\u00e9nt\u201d 20 \u00e9vi k\u00e9nyszermunk\u00e1ra \u00edt\u00e9lt\u00e9k (1953). Lugosra ker\u00fclt (1955), ahonnan k\u00f6zkegyelemmel szabadult. Els\u0151 \u00e9v\u00e9ben Ny\u00e1r\u00e1dremet\u00e9n renov\u00e1ltatta az \u0151szi harcokban megs\u00e9r\u00fclt templomot, paplakot \u00e9s iskol\u00e1t. Eg\u00e9szs\u00e9g\u00fcgyi ismeretei birtok\u00e1ban az orvos szerep\u00e9t is bet\u00f6lt\u00f6tte (eg\u00e9szs\u00e9g\u00fcgyi k\u00e1der nem volt a faluban). Kezdem\u00e9nyez\u0151je \u00e9s tan\u00e1ra (term\u00e9szetrajz, biol\u00f3gia) volt a ny\u00e1r\u00e1dremetei Egys\u00e9ges Gimn.-nak. Lelk\u00e9szi teend\u0151i k\u00f6z\u00f6tt nagy jelent\u0151s\u00e9get ford\u00edtott a gyermekek hittanoktat\u00e1s\u00e1ra. Nyugd\u00edjba vonul\u00e1sa ut\u00e1n (1982) m\u00e9g seg\u00e9dszolg\u00e1latot teljes\u00edtett a gyulafeh\u00e9rv\u00e1ri ferences templomban, ahol hossz\u00fa betegesked\u00e9s ut\u00e1n hunyt el. \u00cdr\u00e1sai a H\u00edrn\u00f6k, Vas\u00e1rnap, D\u00e9li H\u00edrlap, Brass\u00f3i Lapokban jelentek meg Kisteleky \u00e1ln\u00e9ven (1926\u201327). <br \/><strong>\u2013 Irod.:<\/strong> Ferenczi S\u00e1ndor 2009; Ferenczi 2012; Maros-k\u00fck\u00fcll\u0151i f\u0151esp; MKL; Ny\u00e1r\u00e1dremete.<\/br><\/p>\n","protected":false},"excerpt":{"rendered":"<p>T\u00f6vis, 1908. szept. 27., \u2020 Gyulafeh\u00e9rv\u00e1r, 2002. nov. 13.: r. k. pap. \u2013 Elemi iskol\u00e1it sz\u00fcl\u0151hely\u00e9n, a gimn.-ot Gyulafeh\u00e9rv\u00e1ron \u00e9s Brass\u00f3ban, a teol\u00f3gi\u00e1t Gyulafeh\u00e9rv\u00e1ron (1927\u20131931) v\u00e9gezte, ahol papp\u00e1 szentelte Mail\u00e1th Guszt\u00e1v K\u00e1roly p\u00fcsp\u00f6k (1931 j\u00fan. 28). F\u00f6lszentel\u00e9se ut\u00e1n egy-egy \u00e9vig Beszterc\u00e9n \u00e9s Sz\u00e1szr\u00e9genben volt k\u00e1pl\u00e1n, majd Torock\u00f3szentgy\u00f6rgy\u00f6n pl\u00e9b\u00e1nos, azut\u00e1n Nagys\u00e1rm\u00e1son sz\u00f3rv\u00e1nylelk\u00e9sz. Ebben az id\u0151ben a [&hellip;]<\/p>\n","protected":false},"featured_media":0,"comment_status":"open","ping_status":"closed","template":"","meta":[],"product_brand":[],"product_cat":[137],"product_tag":[],"class_list":{"0":"post-22916","1":"product","2":"type-product","3":"status-publish","5":"product_cat-maros-megyei-eletrajzi-lexikon","7":"first","8":"instock","9":"shipping-taxable","10":"product-type-simple"},"_links":{"self":[{"href":"https:\/\/uj.adatbank.ro\/lexikon\/wp-json\/wp\/v2\/product\/22916","targetHints":{"allow":["GET"]}}],"collection":[{"href":"https:\/\/uj.adatbank.ro\/lexikon\/wp-json\/wp\/v2\/product"}],"about":[{"href":"https:\/\/uj.adatbank.ro\/lexikon\/wp-json\/wp\/v2\/types\/product"}],"replies":[{"embeddable":true,"href":"https:\/\/uj.adatbank.ro\/lexikon\/wp-json\/wp\/v2\/comments?post=22916"}],"wp:attachment":[{"href":"https:\/\/uj.adatbank.ro\/lexikon\/wp-json\/wp\/v2\/media?parent=22916"}],"wp:term":[{"taxonomy":"product_brand","embeddable":true,"href":"https:\/\/uj.adatbank.ro\/lexikon\/wp-json\/wp\/v2\/product_brand?post=22916"},{"taxonomy":"product_cat","embeddable":true,"href":"https:\/\/uj.adatbank.ro\/lexikon\/wp-json\/wp\/v2\/product_cat?post=22916"},{"taxonomy":"product_tag","embeddable":true,"href":"https:\/\/uj.adatbank.ro\/lexikon\/wp-json\/wp\/v2\/product_tag?post=22916"}],"curies":[{"name":"wp","href":"https:\/\/api.w.org\/{rel}","templated":true}]}}