{"id":22939,"date":"2025-08-01T17:06:27","date_gmt":"2025-08-01T15:06:27","guid":{"rendered":"https:\/\/uj.adatbank.ro\/lexikon\/termek\/terenyi-ede-2\/"},"modified":"2025-08-01T17:06:27","modified_gmt":"2025-08-01T15:06:27","slug":"terenyi-ede-2","status":"publish","type":"product","link":"https:\/\/uj.adatbank.ro\/lexikon\/termek\/terenyi-ede-2\/","title":{"rendered":"TER\u00c9NYI Ede"},"content":{"rendered":"<p>Mv., 1935. m\u00e1rc. 12., \u2020 Mv., 2020. nov. 26.: zeneszerz\u0151, professzor, muzikol\u00f3gus. \u2013 Sz\u00fclei: Ede \u00e9s Roz\u00e1lia. Feles\u00e9ge: Barab\u00e1s Lenke, zenetan\u00e1r, karnagy (1958). Mv.-en a Bolyai Farkas k\u00f6z\u00e9piskol\u00e1ban v\u00e9gzett. Zongor\u00e1zni Chilf Mikl\u00f3st\u00f3l \u00e9s zeneszerz\u00e9st Tr\u00f3zner J\u00f3zseft\u0151l tanult. Kv.-on a Gheorghe Dima Zenem\u0171v\u00e9szeti F\u0151iskola zeneszerz\u00e9si tansz\u00e9k\u00e9n Jod\u00e1l G\u00e1bor tan\u00edtv\u00e1nya, oklevelet kapott (1958), majd itt egyetemi tan\u00e1r el\u0151ad\u00f3 (1958). A zenetudom\u00e1nyok doktora (Kv., 1983). Zenedramaturgiai doktor\u00e1tusvezet\u0151 (1992\u2013). Tan\u00edtott ellenponttant, \u00f6sszhangzattant, zeneszerz\u00e9st (1980 \u2013), v\u00e9g\u00fcl zenedramaturgi\u00e1t \u00e9s operarendez\u00e9st. Nev\u00e9hez f\u0171z\u0151dik a zenedramaturgia tant\u00e1rgy bevezet\u00e9se. Gazdag munk\u00e1ss\u00e1ga tartalmaz 150 zenekari-, k\u00f3rus- \u00e9s kamaram\u0171vet, orat\u00f3riumot, egyh\u00e1zzenei alkot\u00e1st, t\u00f6bb szimf\u00f3nia, zongoraverseny von\u00f3sn\u00e9gyesek, \u00fct\u0151skvartettek, hangszeres sz\u00f3l\u00f3darabok. Tanulm\u00e1nyokat, essz\u00e9ket, kritik\u00e1kat k\u00f6z\u00f6lt hazai \u00e9s k\u00fclf\u00f6ldi szaklapokban. Sok szimfonikus zenekar j\u00e1tszotta m\u0171veit belf\u00f6ld\u00f6n, sz\u00fcl\u0151v\u00e1ros\u00e1ban \u00e9s k\u00fclf\u00f6ld\u00f6n pl. Bp., P\u00e9cs, Debrecen, Kecskem\u00e9t, P\u00e1rizs, London, H\u00e1ga, N\u00fcrnberg, B\u00e9cs, Riga, Moszkva, Amszterdam, stb. D\u00edjai: a Rom\u00e1n Zeneszerz\u0151k Sz\u00f6vets\u00e9ge (1974, 1978), az RTA George Enescu-d\u00edj (Buk., 1980); Bart\u00f3k\u2013P\u00e1sztory-d\u00edj (Bp., 1994). A M. Zeneszerz\u0151 Sz\u00f6vets\u00e9g \u00e9s a M. M\u0171v\u00e9szeti Akad. tagja. (1994\u2013); a bp.-i Veress S\u00e1ndor T\u00e1rsas\u00e1g alap\u00edt\u00f3 tagja; a M. Zeneszerz\u0151k Egyes\u00fclet\u00e9nek tagja. Erkel Ferenc-d\u00edjas rom\u00e1niai magyar zeneszerz\u0151. <br \/><strong>\u2013 Irod.:<\/strong> EMKK; Nagy M\u00e1ria; Meghalt Ter\u00e9nyi Ede zeneszerz\u0151 (Kr\u00f3nika, 2020. dec. 2.); Zenetud. \u00edr\u00e1sok 1998.<\/br><\/p>\n","protected":false},"excerpt":{"rendered":"<p>Mv., 1935. m\u00e1rc. 12., \u2020 Mv., 2020. nov. 26.: zeneszerz\u0151, professzor, muzikol\u00f3gus. \u2013 Sz\u00fclei: Ede \u00e9s Roz\u00e1lia. Feles\u00e9ge: Barab\u00e1s Lenke, zenetan\u00e1r, karnagy (1958). Mv.-en a Bolyai Farkas k\u00f6z\u00e9piskol\u00e1ban v\u00e9gzett. Zongor\u00e1zni Chilf Mikl\u00f3st\u00f3l \u00e9s zeneszerz\u00e9st Tr\u00f3zner J\u00f3zseft\u0151l tanult. Kv.-on a Gheorghe Dima Zenem\u0171v\u00e9szeti F\u0151iskola zeneszerz\u00e9si tansz\u00e9k\u00e9n Jod\u00e1l G\u00e1bor tan\u00edtv\u00e1nya, oklevelet kapott (1958), majd itt egyetemi tan\u00e1r [&hellip;]<\/p>\n","protected":false},"featured_media":0,"comment_status":"open","ping_status":"closed","template":"","meta":[],"product_brand":[],"product_cat":[137],"product_tag":[],"class_list":{"0":"post-22939","1":"product","2":"type-product","3":"status-publish","5":"product_cat-maros-megyei-eletrajzi-lexikon","7":"first","8":"instock","9":"shipping-taxable","10":"product-type-simple"},"_links":{"self":[{"href":"https:\/\/uj.adatbank.ro\/lexikon\/wp-json\/wp\/v2\/product\/22939","targetHints":{"allow":["GET"]}}],"collection":[{"href":"https:\/\/uj.adatbank.ro\/lexikon\/wp-json\/wp\/v2\/product"}],"about":[{"href":"https:\/\/uj.adatbank.ro\/lexikon\/wp-json\/wp\/v2\/types\/product"}],"replies":[{"embeddable":true,"href":"https:\/\/uj.adatbank.ro\/lexikon\/wp-json\/wp\/v2\/comments?post=22939"}],"wp:attachment":[{"href":"https:\/\/uj.adatbank.ro\/lexikon\/wp-json\/wp\/v2\/media?parent=22939"}],"wp:term":[{"taxonomy":"product_brand","embeddable":true,"href":"https:\/\/uj.adatbank.ro\/lexikon\/wp-json\/wp\/v2\/product_brand?post=22939"},{"taxonomy":"product_cat","embeddable":true,"href":"https:\/\/uj.adatbank.ro\/lexikon\/wp-json\/wp\/v2\/product_cat?post=22939"},{"taxonomy":"product_tag","embeddable":true,"href":"https:\/\/uj.adatbank.ro\/lexikon\/wp-json\/wp\/v2\/product_tag?post=22939"}],"curies":[{"name":"wp","href":"https:\/\/api.w.org\/{rel}","templated":true}]}}