{"id":22959,"date":"2025-08-01T17:07:17","date_gmt":"2025-08-01T15:07:17","guid":{"rendered":"https:\/\/uj.adatbank.ro\/lexikon\/termek\/teutsch-georg-daniel-%c2%a7-gyorgy-daniel\/"},"modified":"2025-08-01T17:07:17","modified_gmt":"2025-08-01T15:07:17","slug":"teutsch-georg-daniel-%c2%a7-gyorgy-daniel","status":"publish","type":"product","link":"https:\/\/uj.adatbank.ro\/lexikon\/termek\/teutsch-georg-daniel-%c2%a7-gyorgy-daniel\/","title":{"rendered":"TEUTSCH, Georg Daniel, \u00a7 Gy\u00f6rgy D\u00e1niel"},"content":{"rendered":"<p>Segesv\u00e1r, 1817. dec. 12., \u2020 Nagyszeben, 1893. j\u00fal. 2.: t\u00f6rt\u00e9n\u00e9sz, tan\u00e1r, ev. p\u00fcsp\u00f6k. \u2013 Segesv\u00e1ron tanult (1837-ig), B\u00e9csben az ev. fakult\u00e1son tanult (1837\u2013), Berlinben t\u00f6rt\u00e9nelem- \u00e9s f\u00f6ldrajztudom\u00e1nyokban k\u00e9pezte mag\u00e1t (1838\u2013). Gyulafeh\u00e9rv\u00e1ron a Magay polg\u00e1r h\u00e1z\u00e1n\u00e1l, majd a Baksay csal\u00e1dn\u00e1l D\u00e9va k\u00f6zel\u00e9ben h\u00e1zitan\u00edt\u00f3 \u00e9s a Batthy\u00e1ny-k\u00f6nyvt\u00e1rban kutat (1840\u201342). A segesv\u00e1ri hegyen l\u00e9v\u0151 iskola a Bergschule tan\u00e1ra (1842-t\u0151l), igazgat\u00f3ja (1850-t\u0151l). A segesv\u00e1ri isk.-b\u00f3l \u0151 hozta l\u00e9tre az els\u0151 sz\u00e1sz gimn.-ot. M\u00e1r fiatalon bekapcsol\u00f3dott a sz\u00e1sz n\u00e9ppolitik\u00e1ba, k\u00e9pvisel\u0151 volt a Kv.-i orsz\u00e1ggy\u0171l\u00e9sen (1848). Az erd\u00e9lyi sz\u00e1sz t\u00f6rt\u00e9netkutat\u00e1s megalapoz\u00f3ja \u00e9s szervezeti alapjainak lerak\u00f3ja. Fiatalon kezdett dolgozni a sz\u00e1szok t\u00f6rt\u00e9nelm\u00e9r\u0151l sz\u00f3l\u00f3 munk\u00e1j\u00e1n, amely f\u00fczetekben jelent meg (1852\u201358). \u00cdrt a sz\u00e1szok reform\u00e1ci\u00f3j\u00e1r\u00f3l, az erd\u00e9lyi egyh\u00e1z tizedhez val\u00f3 jog\u00e1r\u00f3l, az egyh\u00e1zi alkotm\u00e1ny tervezetr\u0151l. Tev\u00e9kenyen r\u00e9szt vett az erd\u00e9lyi ev. egyh\u00e1z alkotm\u00e1ny\u00e1nak megteremt\u00e9s\u00e9ben (1850), amelyet az egyh\u00e1zker. gy\u0171l\u00e9s v\u00e9gleg el is fogadott (1861). Lelk\u00e9sz Szent\u00e1got\u00e1n (1863\u2013), bev\u00e1lasztott\u00e1k a b\u00e9csi birodalmi tan\u00e1csba (1863\u201365), lelk\u00e9sz Sz\u00e1szd\u00e1ny\u00e1nban (1867\u201393), ev. p\u00fcsp\u00f6kk\u00e9 v\u00e1lasztott\u00e1k Nagyszebenben (1867. szept. 19.). A pesti ogy.-ben a sz\u00e1szok k\u00e9pvisel\u0151je (1866\u201368), ahol a sz\u00e1szok jogait v\u00e9dte, majd a f\u0151rendih\u00e1z tagja lett. A Verein f\u00fcr Siebenb\u00fcrgische Landeskunde eln\u00f6kek\u00e9nt seg\u00edtette a Brukenthal M\u00fazeum gy\u0171jtem\u00e9ny\u00e9nek gyarap\u00edt\u00e1s\u00e1t. A Gustav Adolf Vereins el\u00f6lj\u00e1r\u00f3jak\u00e9nt (1882-t\u0151l) \u00e1lland\u00f3 kapcsolatai voltak a kort\u00e1rs n\u00e9met protestantizmussal \u00e9s seg\u00edthette az ev. k\u00f6z\u00f6ss\u00e9geket. Irodalmi munk\u00e1ss\u00e1ga is jelent\u0151s. A M\u0171eml\u00e9kek Orsz. Bizotts\u00e1g\u00e1nak tagja (1880). A V\u00e4rein f\u00fcr Siebenb\u00fcrgische Landeskunde eln\u00f6ke (1869\u2013). A Bajor Tud. Akad. (k\u00fcls\u0151 1874) \u00e9s a g\u00f6ttingeni egyh\u00e1zt\u00f6rt, t\u00e1rs. tagja. A j\u00e9nai \u00e9s berlini egy. teol., b\u00f6lcs\u00e9szettud, \u00e9s jogtud, t. doktora. Nagyszeben d\u00edszpolg\u00e1ra. A f\u0151rendih\u00e1z tagja (1885), tagja a Magyar M\u0171eml\u00e9kek orsz\u00e1gos Bizotts\u00e1g\u00e1nak (1845), a g\u00f6ttingeni Egyh\u00e1zt\u00f6rt\u00e9nelmi T\u00e1rsas\u00e1gnak, Nagyszeben v\u00e1ros d\u00edszpolg\u00e1ra. A nagyszebeni ev. templom el\u0151tt \u00e1ll eg\u00e9sz alakos szobra, Donndorf stuttgarti m\u0171v\u00e9sz alkot\u00e1sa (1899. aug. 19. avatt\u00e1k fel) a k\u00fclf\u00f6ldi tud\u00f3s vil\u00e1g r\u00e9szv\u00e9tel\u00e9vel. Dolgozatai: Zeitschrift f\u00fcr Kirchenrecht, Allgemeine kirchliche Zeitschrift, Archiv des Vereines&#8230; a Segesv\u00e1ri Gimn\u00e1zium \u00c9rtes\u00edt\u0151j\u00e9ben. \u2013  <strong>F. m..:<\/strong> Abriss der Geschichte Siebenb\u00fcrgens (Brass\u00f3, 1844; 1865); Beitr\u00e4ge zur Geschichte Siebenb\u00fcrgens unter K\u00f6nig Ludwig I.1342 bis 1382 (Wien, 1850); Geschichte der Siebenb\u00fcrger Sachsen&#8230;, 1\u20133. (1852\u201358; 2. kiad. Leipzig, 1874; 3. kiad. Nagyszeben, 1899\u20131907); Die Reformation im Sachsenland (Nagyszeben, 1852; 4. kiad. 1865; VII. kiad. Nagyszeben, 1917.); \u00dcber die Schliessung der Sch\u00e4ssburger Realschule zu Anfang de Schuljahres 1855\u201356 (Nagyszeben, 1856); Urkundenbuch zur Geschichte Siebenb\u00fcrgens, 1. Bd. (Friedrich Fimhaber-rel; Wien, 1857); Das Zehntrecht der ev. Landeskirche A. B. in Siebenb\u00fcrgen (Segesv\u00e1r, 1858); Rede zum 100-j\u00e4hrigen Geburtstag Fr. v. Schillers (Brass\u00f3, 1860); Vier Schulreden. (Brass\u00f3, 1861.); Chronik des Sch\u00e4ssburger Stadtschreibers G. Krausz 1607\u20131665, 1\u20132. (Wien, 1862\u201364); Um 1562. Bilder aus Mediasch&#8217;s Vergangenheit (Brass\u00f3, 1862); Urkundenbuch der ev. Landeskirche A. B. in Siebenb\u00fcrgen, 1\u20132. (Nagyszeben, 1862\u20131883); Zur Geschichte der Pfarrerswahlen in der ev. Kirche (Nagyszeben, 1862); Reformatio ecclesiae Coronensis ac totius Barcensis provinciae [Wittenberg, 1543]. Kiad. (B\u00e9cs, 1865); Drei Predigten (Nagyszeben, 1868); Die Stimme der ev. Stiftung des Gustav Adolf-Vereins an dieses Geschlecht (Nagyszeben, 1868); Unsere Zuversicht auf die Zukunft unserer Kirche (Nagyszeben, 1868); Zwei Jahre aus dem Leben Hermannstadt\u2019s vor zwei Jahrhunderten (Hermannstadtm 1869); Die Stellung unsrer Kirche in der grossen Entwickelung der Gegenwart (Pr\u00e9dik\u00e1ci\u00f3). (Nagyszeben, 1870.); \u00dcber die Entstehung und Weiterentwickelung des Intervalls\u2026 (Nagyszeben, 1880.) Die Synodalverhandlungen der ev. Landeskirche A. B. in Siebenb\u00fcrgen im Reformationsjahrhundert&#8230; (Nagyszeben, 1883); Ueber die Anf\u00e4nge der siebenb\u00fcrgisch-s\u00e4chsischen Geschichtsschreibung (Nagyszeben, 1888); Der Generaldechant der siebenb\u00fcrgisch-s\u00e4chsischen Kirche. (Nagyszeben, 1886.); Predigten und Reden. (Lipcse, 1894.); Die Generalkirchenvisitations-berichte (1870\u20131888.) (Nagyszeben, 1925.). <br \/><strong>\u2013 Irod.:<\/strong> Apold; Bartoniek Emma: Magyar t\u00f6rt\u00e9neti forr\u00e1skiadv\u00e1nyok (Bp., 1929); Ce s\u00eent \u015fi ce vor sa\u015fii din Ardeal (Buc., 1919); Degener, Eml\u00e9kbesz\u00e9dek a MTA tagjai felett (Bp., 1904); Endes Mikl\u00f3s: Erd\u00e9ly h\u00e1rom nemzete \u00e9s n\u00e9gy vall\u00e1sa auton\u00f3mi\u00e1j\u00e1nak t\u00f6rt\u00e9nete (Bp., 1935); Ga\u00e1l 2001; Herfurth F.: G. D. T. (1894.); Kar\u00e1csonyi J\u00e1nos: Mo. egyh\u00e1zt\u00f6rt\u00e9nete f\u0151bb vonatkoz\u00e1saiban 907\u20131900 (Nagyv\u00e1rad, 1906); LSS; Mik\u00f3 Imre: Nemzetis\u00e9gi jog \u00e9s nemzetis\u00e9gi politika (Kv., 1944); MMA; Neugeboren Emil: Az erd\u00e9lyi sz\u00e1szok (Bp., 1913); Pint\u00e9r; Politikai Mo. (Bp., 1912\u201314); Puk\u00e1nszky B\u00e9la: A mo.-i n\u00e9met irodalom t\u00f6rt\u00e9nete (Bp., 1926); RMK; RNL; S\u00e2n-Giorgiu, Ion: Aspecte literare (Sibiu, 1938), Schuller A. Gy.: Unser Bischof D. Georg Daniel T. (1918.)Szinnyei; Szinnyei J.; Teutsch F.; Teutsch, Friedrich: Dr. Georg Daniel T.: Geschichte seines Lebens (Hermannstadt, 1894; 1909); Transilvania; \u00daj ogy.-i almanach (Bp., 1888); \u00daM\u00c9L, Veress; Zov\u00e1nyi Jen\u0151: A reform\u00e1ci\u00f3 Mo.-on 1565-ig (Bp., 1921); Zov\u00e1nyi.<\/br><\/p>\n","protected":false},"excerpt":{"rendered":"<p>Segesv\u00e1r, 1817. dec. 12., \u2020 Nagyszeben, 1893. j\u00fal. 2.: t\u00f6rt\u00e9n\u00e9sz, tan\u00e1r, ev. p\u00fcsp\u00f6k. \u2013 Segesv\u00e1ron tanult (1837-ig), B\u00e9csben az ev. fakult\u00e1son tanult (1837\u2013), Berlinben t\u00f6rt\u00e9nelem- \u00e9s f\u00f6ldrajztudom\u00e1nyokban k\u00e9pezte mag\u00e1t (1838\u2013). Gyulafeh\u00e9rv\u00e1ron a Magay polg\u00e1r h\u00e1z\u00e1n\u00e1l, majd a Baksay csal\u00e1dn\u00e1l D\u00e9va k\u00f6zel\u00e9ben h\u00e1zitan\u00edt\u00f3 \u00e9s a Batthy\u00e1ny-k\u00f6nyvt\u00e1rban kutat (1840\u201342). A segesv\u00e1ri hegyen l\u00e9v\u0151 iskola a Bergschule tan\u00e1ra [&hellip;]<\/p>\n","protected":false},"featured_media":0,"comment_status":"open","ping_status":"closed","template":"","meta":[],"product_brand":[],"product_cat":[137],"product_tag":[],"class_list":{"0":"post-22959","1":"product","2":"type-product","3":"status-publish","5":"product_cat-maros-megyei-eletrajzi-lexikon","7":"first","8":"instock","9":"shipping-taxable","10":"product-type-simple"},"_links":{"self":[{"href":"https:\/\/uj.adatbank.ro\/lexikon\/wp-json\/wp\/v2\/product\/22959","targetHints":{"allow":["GET"]}}],"collection":[{"href":"https:\/\/uj.adatbank.ro\/lexikon\/wp-json\/wp\/v2\/product"}],"about":[{"href":"https:\/\/uj.adatbank.ro\/lexikon\/wp-json\/wp\/v2\/types\/product"}],"replies":[{"embeddable":true,"href":"https:\/\/uj.adatbank.ro\/lexikon\/wp-json\/wp\/v2\/comments?post=22959"}],"wp:attachment":[{"href":"https:\/\/uj.adatbank.ro\/lexikon\/wp-json\/wp\/v2\/media?parent=22959"}],"wp:term":[{"taxonomy":"product_brand","embeddable":true,"href":"https:\/\/uj.adatbank.ro\/lexikon\/wp-json\/wp\/v2\/product_brand?post=22959"},{"taxonomy":"product_cat","embeddable":true,"href":"https:\/\/uj.adatbank.ro\/lexikon\/wp-json\/wp\/v2\/product_cat?post=22959"},{"taxonomy":"product_tag","embeddable":true,"href":"https:\/\/uj.adatbank.ro\/lexikon\/wp-json\/wp\/v2\/product_tag?post=22959"}],"curies":[{"name":"wp","href":"https:\/\/api.w.org\/{rel}","templated":true}]}}