{"id":23191,"date":"2025-08-01T17:17:06","date_gmt":"2025-08-01T15:17:06","guid":{"rendered":"https:\/\/uj.adatbank.ro\/lexikon\/termek\/toldalagi-ferenc-nagyercsei-es-gelenczei-gr\/"},"modified":"2025-08-01T17:17:06","modified_gmt":"2025-08-01T15:17:06","slug":"toldalagi-ferenc-nagyercsei-es-gelenczei-gr","status":"publish","type":"product","link":"https:\/\/uj.adatbank.ro\/lexikon\/termek\/toldalagi-ferenc-nagyercsei-es-gelenczei-gr\/","title":{"rendered":"TOLDALAGI Ferenc, nagyercsei \u00e9s gelenczei gr."},"content":{"rendered":"<p>1724, \u2020 Mv., 1803. okt. 24.: f\u0151kir\u00e1lyb\u00edr\u00f3. \u2013 T. Mih\u00e1ly (1682\u20131744) \u00e9s tancsi F\u00f6ldv\u00e1ri Erzs\u00e9bet fia. \u2013 A kir. t\u00e1blai sz\u00e1mfeletti \u00fcln\u00f6k (1776), helyettes f\u0151kir\u00e1lyb\u00edr\u00f3 (1790. j\u00fan. 8.) \u00e9s a Mv.-en megtartott sz\u00e9kgy\u0171l\u00e9sen Marossz\u00e9k f\u0151kir\u00e1lyb\u00edr\u00f3j\u00e1nak iktatt\u00e1k (1790. szept. 19.), gr. Haller G\u00e1bor, k\u00fck\u00fcll\u0151i f\u0151isp\u00e1n \u00e9s gr. Teleki Domokos, korm\u00e1nysz\u00e9ki titoknok jelenl\u00e9t\u00e9ben. Tizenh\u00e1rom \u00e9vig korm\u00e1nyozta Marossz\u00e9k k\u00f6z\u00fcgyeit, utolj\u00e1ra tartott k\u00f6zgy\u0171l\u00e9st (1803. aug. 22.), mivel s\u00falyos betegs\u00e9g ut\u00e1n meghalt. A ref. egyh\u00e1znak odaad\u00f3 t\u00e1mogat\u00f3ja volt. A consistorium kinevezte a mv.-i ref. egyh\u00e1z \u00e9s koll. f\u0151gondnok\u00e1v\u00e1 (1773- ). A ref. koll. \u00faj \u00e9p\u00fclet\u00e9re, audit\u00f3rium \u00e9s k\u00f6nyvt\u00e1rhelyis\u00e9g \u00e9p\u00edt\u00e9s\u00e9re 85 veder bort adott (1779). A sz\u00e9k k\u00f6zgy\u0171l\u00e9se. (1815. dec. 15.) elhat\u00e1rozta, hogy arck\u00e9p\u00e9t megfesteti Marossz\u00e9k k\u00f6zgy\u0171l\u00e9si terme r\u00e9sz\u00e9re \u00e9s ennek kivitel\u00e9re fiait b\u00edzta meg. Els\u0151 feles\u00e9ge: losonczi gr. B\u00e1nffy Kata. Akinek hal\u00e1la napj\u00e1n (1783. m\u00e1rc. 23.) a mv.-i v\u00e1rtemplomban Borosnyai Luk\u00e1ts Simon \u00e9s Gy\u00f6rgy ref. papok mondtak gy\u00e1szbesz\u00e9det \u00e9s kiadt\u00e1k nyomtat\u00e1sban is: Temet\u00e9si oszlop. Mellyet a&#8217; N\u00e9hai M\u00e9lt\u00f3s\u00e1gos Liber B\u00e1r\u00f3 Losontzi B\u00e1nfi Kata \u00dar Asszonynak mint Kedves Eml\u00e9kezet\u0171 H\u00e1zas T\u00e1rs\u00e1nak, nem tsak K\u00f6vekb\u0151l, mint r\u00e9gen J\u00e1kob R\u00e1khelnek, hanem az Ann\u00e1k eltemettet\u00e9s\u00e9nek alkalmatoss\u00e1g\u00e1val elmondattatott Pr\u00e9dik\u00e1tzioknak kinyomtattat\u00e1sa \u00e1ltal mint meg szomorodott f\u00e9rj emelni kiv\u00e1nt M\u00e9lt. Gr\u00f3f N. Erisei Toldalagi Ferentz \u00far az Erd. M\u00e9lt K. T\u00f6rv. T\u00e1bl\u00e1nak Egyik \u00e9rdemes Adsessora. Maros V\u00e1s\u00e1rhelyen. Nyomt. Kaprontzai Adam priv. K\u00f6nyv-Nyomtat\u00f3 \u00e1ltal.\u201d, 1783. [Moln\u00e1r G\u00e1bor szerint ez volt az els\u0151 mv.-i nyomtatv\u00e1ny]. M\u00e1sodik feles\u00e9ge Hidv\u00e9gi gr. Nemes M\u00e1ria, Nemes Ferenc \u00e9s Bethlen Druzsina le\u00e1nya (esk, 1792. jan.). Gyermekei: Mih\u00e1ly, Zsigmond \u00e9s Kata (sarkadi T\u0171ri L\u00e1szl\u00f3, korm\u00e1nysz\u00e9ki tan\u00e1csos neje.). <br \/><strong>\u2013 Irod.:<\/strong> Gudenus; Halotti besz\u00e9dek; Id\u0151t\u00e1r 1; Koncz; Kornis; Kov\u00e1sznai; Kr\u00f3n. F\u00fcz. (1939 4\/ 9); Magyari Hunor; P\u00e1lmay; Pesty.<\/br><\/p>\n","protected":false},"excerpt":{"rendered":"<p>1724, \u2020 Mv., 1803. okt. 24.: f\u0151kir\u00e1lyb\u00edr\u00f3. \u2013 T. Mih\u00e1ly (1682\u20131744) \u00e9s tancsi F\u00f6ldv\u00e1ri Erzs\u00e9bet fia. \u2013 A kir. t\u00e1blai sz\u00e1mfeletti \u00fcln\u00f6k (1776), helyettes f\u0151kir\u00e1lyb\u00edr\u00f3 (1790. j\u00fan. 8.) \u00e9s a Mv.-en megtartott sz\u00e9kgy\u0171l\u00e9sen Marossz\u00e9k f\u0151kir\u00e1lyb\u00edr\u00f3j\u00e1nak iktatt\u00e1k (1790. szept. 19.), gr. Haller G\u00e1bor, k\u00fck\u00fcll\u0151i f\u0151isp\u00e1n \u00e9s gr. Teleki Domokos, korm\u00e1nysz\u00e9ki titoknok jelenl\u00e9t\u00e9ben. Tizenh\u00e1rom \u00e9vig korm\u00e1nyozta Marossz\u00e9k [&hellip;]<\/p>\n","protected":false},"featured_media":0,"comment_status":"open","ping_status":"closed","template":"","meta":[],"product_brand":[],"product_cat":[137],"product_tag":[],"class_list":{"0":"post-23191","1":"product","2":"type-product","3":"status-publish","5":"product_cat-maros-megyei-eletrajzi-lexikon","7":"first","8":"instock","9":"shipping-taxable","10":"product-type-simple"},"_links":{"self":[{"href":"https:\/\/uj.adatbank.ro\/lexikon\/wp-json\/wp\/v2\/product\/23191","targetHints":{"allow":["GET"]}}],"collection":[{"href":"https:\/\/uj.adatbank.ro\/lexikon\/wp-json\/wp\/v2\/product"}],"about":[{"href":"https:\/\/uj.adatbank.ro\/lexikon\/wp-json\/wp\/v2\/types\/product"}],"replies":[{"embeddable":true,"href":"https:\/\/uj.adatbank.ro\/lexikon\/wp-json\/wp\/v2\/comments?post=23191"}],"wp:attachment":[{"href":"https:\/\/uj.adatbank.ro\/lexikon\/wp-json\/wp\/v2\/media?parent=23191"}],"wp:term":[{"taxonomy":"product_brand","embeddable":true,"href":"https:\/\/uj.adatbank.ro\/lexikon\/wp-json\/wp\/v2\/product_brand?post=23191"},{"taxonomy":"product_cat","embeddable":true,"href":"https:\/\/uj.adatbank.ro\/lexikon\/wp-json\/wp\/v2\/product_cat?post=23191"},{"taxonomy":"product_tag","embeddable":true,"href":"https:\/\/uj.adatbank.ro\/lexikon\/wp-json\/wp\/v2\/product_tag?post=23191"}],"curies":[{"name":"wp","href":"https:\/\/api.w.org\/{rel}","templated":true}]}}