{"id":23204,"date":"2025-08-01T17:17:40","date_gmt":"2025-08-01T15:17:40","guid":{"rendered":"https:\/\/uj.adatbank.ro\/lexikon\/termek\/toldalagi-janos-tholdalagi-janos\/"},"modified":"2025-08-01T17:17:40","modified_gmt":"2025-08-01T15:17:40","slug":"toldalagi-janos-tholdalagi-janos","status":"publish","type":"product","link":"https:\/\/uj.adatbank.ro\/lexikon\/termek\/toldalagi-janos-tholdalagi-janos\/","title":{"rendered":"TOLDALAGI J\u00e1nos, Tholdalagi J\u00e1nos"},"content":{"rendered":"<p>? \u2020 ?: \u00fcln\u00f6k, f\u0151isp\u00e1n. \u2013 Feles\u00e9ge: 1. Gyer\u0151fi Borb\u00e1ra (\u2020 Ikl\u00f3d, 1643. jan. 11. a temet\u00e9s napja); 2. Toroczkai Judit. \u2013 Judit feles\u00e9ge v\u00e9grendelete szerint \u0151 \u00f6r\u00f6k\u00f6lte az abaf\u00e1ji udvarh\u00e1zat j\u00f3sz\u00e1gost\u00f3l (1666) \u00e9s felsz\u00f3l\u00edtotta az abaf\u00e1ji ref. templom fel\u00e9p\u00edt\u00e9s\u00e9re. Az erd\u00e9lyi fejedelmi t\u00e1bla \u00fcln\u00f6ke. R\u00e9szt vett az I. R\u00e1k\u00f3czi Gy\u00f6rgy vezet\u00e9se alatt D\u00e9sen tartott ogy.-en (1638. j\u00fal. 7.\u2013). Doboka megye f\u0151isp\u00e1nja. Kir\u00e1lyi megh\u00edvott (1655). A csal\u00e1d int\u00e9z\u0151je Szentm\u00e1rtoni Istv\u00e1n volt. <br \/><strong>\u2013 Irod.:<\/strong> K\u00e9nosi\u2013Uzoni 2.; Toroczkai Judit v\u00e9grendelete 1666-b\u00f3l (K\u00f6zli b. B\u00e1lintitt J\u00f3zsef. Erd\u00e9lyi M\u00fazeum, 1907, 2. sz.).<\/br><\/p>\n","protected":false},"excerpt":{"rendered":"<p>? \u2020 ?: \u00fcln\u00f6k, f\u0151isp\u00e1n. \u2013 Feles\u00e9ge: 1. Gyer\u0151fi Borb\u00e1ra (\u2020 Ikl\u00f3d, 1643. jan. 11. a temet\u00e9s napja); 2. Toroczkai Judit. \u2013 Judit feles\u00e9ge v\u00e9grendelete szerint \u0151 \u00f6r\u00f6k\u00f6lte az abaf\u00e1ji udvarh\u00e1zat j\u00f3sz\u00e1gost\u00f3l (1666) \u00e9s felsz\u00f3l\u00edtotta az abaf\u00e1ji ref. templom fel\u00e9p\u00edt\u00e9s\u00e9re. Az erd\u00e9lyi fejedelmi t\u00e1bla \u00fcln\u00f6ke. R\u00e9szt vett az I. R\u00e1k\u00f3czi Gy\u00f6rgy vezet\u00e9se alatt D\u00e9sen tartott [&hellip;]<\/p>\n","protected":false},"featured_media":0,"comment_status":"open","ping_status":"closed","template":"","meta":[],"product_brand":[],"product_cat":[137],"product_tag":[],"class_list":{"0":"post-23204","1":"product","2":"type-product","3":"status-publish","5":"product_cat-maros-megyei-eletrajzi-lexikon","7":"first","8":"instock","9":"shipping-taxable","10":"product-type-simple"},"_links":{"self":[{"href":"https:\/\/uj.adatbank.ro\/lexikon\/wp-json\/wp\/v2\/product\/23204","targetHints":{"allow":["GET"]}}],"collection":[{"href":"https:\/\/uj.adatbank.ro\/lexikon\/wp-json\/wp\/v2\/product"}],"about":[{"href":"https:\/\/uj.adatbank.ro\/lexikon\/wp-json\/wp\/v2\/types\/product"}],"replies":[{"embeddable":true,"href":"https:\/\/uj.adatbank.ro\/lexikon\/wp-json\/wp\/v2\/comments?post=23204"}],"wp:attachment":[{"href":"https:\/\/uj.adatbank.ro\/lexikon\/wp-json\/wp\/v2\/media?parent=23204"}],"wp:term":[{"taxonomy":"product_brand","embeddable":true,"href":"https:\/\/uj.adatbank.ro\/lexikon\/wp-json\/wp\/v2\/product_brand?post=23204"},{"taxonomy":"product_cat","embeddable":true,"href":"https:\/\/uj.adatbank.ro\/lexikon\/wp-json\/wp\/v2\/product_cat?post=23204"},{"taxonomy":"product_tag","embeddable":true,"href":"https:\/\/uj.adatbank.ro\/lexikon\/wp-json\/wp\/v2\/product_tag?post=23204"}],"curies":[{"name":"wp","href":"https:\/\/api.w.org\/{rel}","templated":true}]}}