{"id":23230,"date":"2025-08-01T17:18:47","date_gmt":"2025-08-01T15:18:47","guid":{"rendered":"https:\/\/uj.adatbank.ro\/lexikon\/termek\/toldalagi-mihaly-nagyercsei-gr\/"},"modified":"2025-08-01T17:18:47","modified_gmt":"2025-08-01T15:18:47","slug":"toldalagi-mihaly-nagyercsei-gr","status":"publish","type":"product","link":"https:\/\/uj.adatbank.ro\/lexikon\/termek\/toldalagi-mihaly-nagyercsei-gr\/","title":{"rendered":"TOLDALAGI Mih\u00e1ly, nagyercsei gr."},"content":{"rendered":"<p>1763., \u2020 Mv., 1822. jan. 23. Nagyercs\u00e9ben temett\u00e9k (jan. 26.): f\u0151kir\u00e1lyb\u00edr\u00f3. \u2013 T. Ferenc (1724\u20131803) \u00e9s br. B\u00e1nffy Kata fia. Feles\u00e9ge: zejkfalvi Zeyk Borb\u00e1ra. Gyermek\u00fck nem volt. \u2013 Kir\u00e1lyi hivatalos (1791), sz\u00e1mf\u00f6l\u00f6tti (1794) majd val\u00f3s\u00e1gos k. t\u00e1blai \u00fcln\u00f6k (1815\u2013). A g\u00f6rg\u00e9nyi ref. egyh\u00e1zmegye gondnoka. Szerepet j\u00e1tszott a mv.-i els\u0151 k\u00f3rh\u00e1z fel\u00e1ll\u00edt\u00e1s\u00e1ban, amit anyagilag is t\u00e1mogatott. A franci\u00e1k ellen h\u00e1bor\u00faz\u00f3 osztr\u00e1k birodalom a magyar nemess\u00e9g seg\u00edts\u00e9g\u00e9t k\u00e9rte, ez\u00e9rt megalakult az insurrectio, melynek megszervez\u00e9s\u00e9re permanens bizotts\u00e1gok m\u0171k\u00f6dtek. A szervezked\u00e9s k\u00fcl\u00f6n\u00f6sen Erd\u00e9lyben nagy akad\u00e1lyokba \u00fctk\u00f6z\u00f6tt, mert a jogait\u00f3l megfosztott nemess\u00e9g el\u00e9gedetlenkedett, bizalmatlankodott \u00e9s a toborz\u00e1sra lelkes\u00edt\u0151 felh\u00edv\u00e1sok eredm\u00e9nytelenek maradtak. T.M. f\u0151kir\u00e1lyb\u00edr\u00f3 nevezetes szerepel t\u00f6lt\u00f6tt be az insurrectio szervez\u00e9s\u00e9re kirendelt marossz\u00e9ki bizotts\u00e1gban (1809), melynek f\u0151biztosak\u00e9nt, nagy er\u0151fesz\u00edt\u00e9ssel k\u00edv\u00e1nt eleget tenni k\u00e9nyes megb\u00edzat\u00e1s\u00e1nak. Azonban nem nagy eredm\u00e9nnyel m\u0171k\u00f6d\u00f6tt, mert a sz\u00e9kelyek nem \u00e1llottak k\u00f6t\u00e9lnek, s\u0151t a Jedden megtartott nemesi gy\u0171l\u00e9sen olyan fenyeget\u0151 magatart\u00e1st tan\u00fas\u00edtottak, hogy az eg\u00e9sz bizotts\u00e1g, \u00e9len a f\u0151kir\u00e1lyb\u00edr\u00f3val, megfutamodott. E kudarc ut\u00e1n a kirendelt bizotts\u00e1g m\u00e9g egyszer \u00f6ssze\u00fclt Mv.-en \u00e9s amint sz\u00f3ba ker\u00fclt a marosi sz\u00e9kelys\u00e9g m\u00e1sodszori \u00f6sszeh\u00edv\u00e1sa \u00e9s annak helye a r\u00e9sztvev\u0151k egyhang\u00falag ki\u00e1ltott\u00e1k: \u201eJeddre ne\u201d. Innen ered az eg\u00e9sz Marossz\u00e9ken ismert sz\u00f3l\u00e1sm\u00f3d, amit jogtipr\u00e1s, vagy valamely s\u00e9relem eset\u00e9n alkalmaztak. Halotti c\u00edmere a kv.-i Farkas utcai templomban. <br \/><strong>\u2013 Irod.:<\/strong> Entz\u2013Kov\u00e1cs; Fodor S\u00e1ndor (S): A v\u00e1ros k\u00f6rny\u00e9ki falvak (N\u00fa., 1997. j\u00fal. 26.); Gy\u00e1szjelent\u0151; Id\u0151t\u00e1r 1; Kornis; Kr\u00f3n. F\u00fcz. (1937. 2; 1939. 4\/6), Nagy Iv\u00e1n; Szotyori.<\/br><\/p>\n","protected":false},"excerpt":{"rendered":"<p>1763., \u2020 Mv., 1822. jan. 23. Nagyercs\u00e9ben temett\u00e9k (jan. 26.): f\u0151kir\u00e1lyb\u00edr\u00f3. \u2013 T. Ferenc (1724\u20131803) \u00e9s br. B\u00e1nffy Kata fia. Feles\u00e9ge: zejkfalvi Zeyk Borb\u00e1ra. Gyermek\u00fck nem volt. \u2013 Kir\u00e1lyi hivatalos (1791), sz\u00e1mf\u00f6l\u00f6tti (1794) majd val\u00f3s\u00e1gos k. t\u00e1blai \u00fcln\u00f6k (1815\u2013). A g\u00f6rg\u00e9nyi ref. egyh\u00e1zmegye gondnoka. Szerepet j\u00e1tszott a mv.-i els\u0151 k\u00f3rh\u00e1z fel\u00e1ll\u00edt\u00e1s\u00e1ban, amit anyagilag is t\u00e1mogatott. [&hellip;]<\/p>\n","protected":false},"featured_media":0,"comment_status":"open","ping_status":"closed","template":"","meta":[],"product_brand":[],"product_cat":[137],"product_tag":[],"class_list":{"0":"post-23230","1":"product","2":"type-product","3":"status-publish","5":"product_cat-maros-megyei-eletrajzi-lexikon","7":"first","8":"instock","9":"shipping-taxable","10":"product-type-simple"},"_links":{"self":[{"href":"https:\/\/uj.adatbank.ro\/lexikon\/wp-json\/wp\/v2\/product\/23230","targetHints":{"allow":["GET"]}}],"collection":[{"href":"https:\/\/uj.adatbank.ro\/lexikon\/wp-json\/wp\/v2\/product"}],"about":[{"href":"https:\/\/uj.adatbank.ro\/lexikon\/wp-json\/wp\/v2\/types\/product"}],"replies":[{"embeddable":true,"href":"https:\/\/uj.adatbank.ro\/lexikon\/wp-json\/wp\/v2\/comments?post=23230"}],"wp:attachment":[{"href":"https:\/\/uj.adatbank.ro\/lexikon\/wp-json\/wp\/v2\/media?parent=23230"}],"wp:term":[{"taxonomy":"product_brand","embeddable":true,"href":"https:\/\/uj.adatbank.ro\/lexikon\/wp-json\/wp\/v2\/product_brand?post=23230"},{"taxonomy":"product_cat","embeddable":true,"href":"https:\/\/uj.adatbank.ro\/lexikon\/wp-json\/wp\/v2\/product_cat?post=23230"},{"taxonomy":"product_tag","embeddable":true,"href":"https:\/\/uj.adatbank.ro\/lexikon\/wp-json\/wp\/v2\/product_tag?post=23230"}],"curies":[{"name":"wp","href":"https:\/\/api.w.org\/{rel}","templated":true}]}}