{"id":23232,"date":"2025-08-01T17:18:53","date_gmt":"2025-08-01T15:18:53","guid":{"rendered":"https:\/\/uj.adatbank.ro\/lexikon\/termek\/toldalagi-mihaly-%c2%a7-nagyercsei-es-gelenczei-gr-dr\/"},"modified":"2025-08-01T17:18:53","modified_gmt":"2025-08-01T15:18:53","slug":"toldalagi-mihaly-%c2%a7-nagyercsei-es-gelenczei-gr-dr","status":"publish","type":"product","link":"https:\/\/uj.adatbank.ro\/lexikon\/termek\/toldalagi-mihaly-%c2%a7-nagyercsei-es-gelenczei-gr-dr\/","title":{"rendered":"TOLDALAGI Mih\u00e1ly, \u00a7 nagyercsei \u00e9s gelenczei gr., dr."},"content":{"rendered":"<p>Ny\u00e1r\u00e1dszentbenedek, 1889. febr. 18., \u2020 Bp., 1941. j\u00fan. 12. Temet\u00e9se Ny\u00e1r\u00e1dszentbenedeken (1941. j\u00fan. 16.) A ref. templom cinterm\u00e9ben kopjaf\u00e1val jel\u00f6lt s\u00edrja van: f\u00f6ldbirtokos, politikus, f\u0151isp\u00e1n. \u2013 Gr. T. Tibor (1854\u20131959) \u00e9s br. Bornemisza M\u00e1ria (1864\u20131945) fia. Testv\u00e9re T. Irma. \u2013 Ny\u00e1r\u00e1dszentbenedeken volt f\u00f6ldbirtokos. Jogi doktor\u00e1tust szerzett. Progressz\u00edv megnyilatkoz\u00e1sai k\u00f6vetkezt\u00e9ben m\u00e1r az imp\u00e9riumv\u00e1ltoz\u00e1s el\u0151tt ismert politikus volt, azut\u00e1n az erd\u00e9lyi politikai mozgalmakban a reformist\u00e1k oldal\u00e1n \u00e1llt. Re\u00e1lpolitik\u00e1t, mindenekel\u0151tt val\u00f3 gazdas\u00e1gi er\u0151s\u00f6d\u00e9st hirdetett. Az EMGE munk\u00e1j\u00e1nak nagy t\u00e1mogat\u00f3ja. A maga kor\u00e1ban \u201ev\u00f6r\u00f6s gr\u00f3fnak\u201d h\u00edvt\u00e1k, mert az I. vh. (1915. m\u00e1j. 6. \u2013) ut\u00e1ni orosz fogs\u00e1gb\u00f3l baloldali n\u00e9zetekkel t\u00e9rt haza. M. kir. tartal\u00e9kos husz\u00e1rhadnagy, az I. \u00e9s II. oszt. vit\u00e9zs\u00e9gi \u00e9rem tulajdonosa. Eln\u00f6ke volt a Rom\u00e1niai M. N\u00e9pk\u00f6z\u00f6ss\u00e9g Maros megyei szervezet\u00e9nek (alakult 1938. dec. v\u00e9g\u00e9n), amely \u2013 a Nemzeti \u00dajj\u00e1sz\u00fclet\u00e9si Front keret\u00e9ben \u2013 a nemzetis\u00e9gi jogok \u00e9rv\u00e9nyes\u00edt\u00e9s\u00e9\u00e9rt v\u00edvott k\u00fczdelem egyetlen szerve volt, vezet\u00e9se egy kinevezett megyei bizotts\u00e1gra tartozott, amely a megye \u00e9rtelmis\u00e9gi k\u00f6reib\u0151l ker\u00fclt ki (\u00fcgyv\u00e9dek, iparv\u00e1llalkoz\u00f3k, lelk\u00e9szek, orvosok, tan\u00e1rok, stb.): Molter K\u00e1roly, Sz\u00edgy\u00e1rt\u00f3 Oliv\u00e9r, Nagy Lajos, Fekete Andor, Kov\u00e1cs Gy\u00f6rgy \u00edr\u00f3, dr. Czak\u00f3 Zsigmond, P\u00e1lffy K\u00e1roly, \u00e9s m\u00e1sok. A M. N\u00e9pk\u00f6z\u00f6ss\u00e9g egyetlen nagyszab\u00e1s\u00fa t\u00f6megakci\u00f3ja a Pet\u0151fi hal\u00e1l\u00e1nak 90. \u00e9vfordul\u00f3j\u00e1n rendezett eml\u00e9kgy\u0171l\u00e9s volt (1939. j\u00fal. 31.). R\u00f6vid ideig Maros k\u00f6rzet megv\u00e1lasztott k\u00e9pvisel\u0151je a rom\u00e1n parlamentben, lemondott (1939\u201340. nov. 25.). K\u00e1rolyi Mih\u00e1ly k\u00f6zt\u00e1rsas\u00e1gi eln\u00f6k kinevezte a M. K\u00f6zt\u00e1rsas\u00e1g sv\u00e1jci k\u00f6vets\u00e9gi tan\u00e1csos\u00e1nak. A M. Rendfenntart\u00f3 Bizotts\u00e1g tagja (1940. aug.), Maros-Torda vm. \u00e9s Mv. tejhatalm\u00fa szabad kir. v\u00e1ros f\u0151isp\u00e1nja (1940. nov.\u2013 ). A mv.-i Ref. Koll. f\u0151kur\u00e1tora. A ref. egyh\u00e1zmegyei f\u0151gondnoka. \u00cdrt kisebb politikai r\u00f6piratokat \u00e9s n\u00e9h\u00e1ny gazdas\u00e1gi cikket. \u0150 volt a ny\u00e1r\u00e1dszentbenedeki kast\u00e9ly utols\u00f3 tulajdonosa, ahonnan az \u00e1llamos\u00edt\u00e1skor kilakoltatt\u00e1k k\u00e9nyszerlakhelyen Mv.-en \u00e9lt (1949. m\u00e1rc.\u2013) A ny\u00e1r\u00e1dszentbenedeki T. gr\u00f3fi csal\u00e1d utols\u00f3 f\u00e9rfi tagja volt, hal\u00e1la a faluban a csal\u00e1d h\u00e1rom \u00e9vsz\u00e1zados t\u00f6rt\u00e9nelm\u00e9nek vetett v\u00e9get. \u2013  <strong>F. m..:<\/strong> Az eur\u00f3pai konfliktus (Mv., 1914);  <strong>t\u00e1rssz.:<\/strong> Mv \u00e9s a h\u00e1bor\u00fa (Mv., 1915). <br \/><strong>\u2013 Irod.:<\/strong> Berekm\u00e9ri 2015; Bern\u00e1dy; Bicsok\u2013Orb\u00e1n; De\u00e9 Nagy Anik\u00f3 2001, EM; Gudenus; Gy\u00e1szjelent\u0151; Id\u0151t\u00e1r 3, Katona Szab\u00f3; Marosi-KZST; Marossz\u00e9ki kr\u00f3nik\u00e1k 1.; Molter; Mv. Molter; Ny\u00e1r\u00e1dszentbenedek; Osv\u00e1th; P\u00e1lmay; Pan\u0103; Sepsisz\u00e9ki, V\u00e1s\u00e1rhelyi J\u00e1nos: Erd\u00e9lyi eml\u00e9kk\u00f6nyv (Kv., 1943); Visnai.<\/br><\/p>\n","protected":false},"excerpt":{"rendered":"<p>Ny\u00e1r\u00e1dszentbenedek, 1889. febr. 18., \u2020 Bp., 1941. j\u00fan. 12. Temet\u00e9se Ny\u00e1r\u00e1dszentbenedeken (1941. j\u00fan. 16.) A ref. templom cinterm\u00e9ben kopjaf\u00e1val jel\u00f6lt s\u00edrja van: f\u00f6ldbirtokos, politikus, f\u0151isp\u00e1n. \u2013 Gr. T. Tibor (1854\u20131959) \u00e9s br. Bornemisza M\u00e1ria (1864\u20131945) fia. Testv\u00e9re T. Irma. \u2013 Ny\u00e1r\u00e1dszentbenedeken volt f\u00f6ldbirtokos. Jogi doktor\u00e1tust szerzett. Progressz\u00edv megnyilatkoz\u00e1sai k\u00f6vetkezt\u00e9ben m\u00e1r az imp\u00e9riumv\u00e1ltoz\u00e1s el\u0151tt ismert politikus [&hellip;]<\/p>\n","protected":false},"featured_media":0,"comment_status":"open","ping_status":"closed","template":"","meta":[],"product_brand":[],"product_cat":[137],"product_tag":[],"class_list":{"0":"post-23232","1":"product","2":"type-product","3":"status-publish","5":"product_cat-maros-megyei-eletrajzi-lexikon","7":"first","8":"instock","9":"shipping-taxable","10":"product-type-simple"},"_links":{"self":[{"href":"https:\/\/uj.adatbank.ro\/lexikon\/wp-json\/wp\/v2\/product\/23232","targetHints":{"allow":["GET"]}}],"collection":[{"href":"https:\/\/uj.adatbank.ro\/lexikon\/wp-json\/wp\/v2\/product"}],"about":[{"href":"https:\/\/uj.adatbank.ro\/lexikon\/wp-json\/wp\/v2\/types\/product"}],"replies":[{"embeddable":true,"href":"https:\/\/uj.adatbank.ro\/lexikon\/wp-json\/wp\/v2\/comments?post=23232"}],"wp:attachment":[{"href":"https:\/\/uj.adatbank.ro\/lexikon\/wp-json\/wp\/v2\/media?parent=23232"}],"wp:term":[{"taxonomy":"product_brand","embeddable":true,"href":"https:\/\/uj.adatbank.ro\/lexikon\/wp-json\/wp\/v2\/product_brand?post=23232"},{"taxonomy":"product_cat","embeddable":true,"href":"https:\/\/uj.adatbank.ro\/lexikon\/wp-json\/wp\/v2\/product_cat?post=23232"},{"taxonomy":"product_tag","embeddable":true,"href":"https:\/\/uj.adatbank.ro\/lexikon\/wp-json\/wp\/v2\/product_tag?post=23232"}],"curies":[{"name":"wp","href":"https:\/\/api.w.org\/{rel}","templated":true}]}}