{"id":23233,"date":"2025-08-01T17:18:55","date_gmt":"2025-08-01T15:18:55","guid":{"rendered":"https:\/\/uj.adatbank.ro\/lexikon\/termek\/toldalagi-mihaly-nagyercsei-tholdalagi-mihaly-toldalagi-i-mihaly\/"},"modified":"2025-08-01T17:18:55","modified_gmt":"2025-08-01T15:18:55","slug":"toldalagi-mihaly-nagyercsei-tholdalagi-mihaly-toldalagi-i-mihaly","status":"publish","type":"product","link":"https:\/\/uj.adatbank.ro\/lexikon\/termek\/toldalagi-mihaly-nagyercsei-tholdalagi-mihaly-toldalagi-i-mihaly\/","title":{"rendered":"TOLDALAGI Mih\u00e1ly, nagyercsei; Tholdalagi Mih\u00e1ly, Toldalagi I. Mih\u00e1ly"},"content":{"rendered":"<p>Nagyercse, 1580 k., \u2020 1642. m\u00e1rc. 24., temett\u00e9k Gyulafeh\u00e9rv\u00e1ron a r. k. sz\u00e9kesegyh\u00e1z s\u00edrkamr\u00e1j\u00e1ban: fejedelmi tan\u00e1csos, f\u0151kir\u00e1lyb\u00edr\u00f3 f\u0151kapit\u00e1nya, diplomata, eml\u00e9k\u00edr\u00f3. \u2013 T. G\u00e1lt\u0151i Bal\u00e1zs (\u2020 1586), \u00e9s Bessenyei Borb\u00e1la fia. Feles\u00e9ge: gelencei Mih\u00e1lcz Erzs\u00e9bet hal\u00e1la ut\u00e1n nagy kiterjed\u00e9s\u0171 birtokhoz jutott (1612), Nyolc le\u00e1nyuk \u00e9s egy fiuk, Mih\u00e1ly sz\u00fcletett (\u20201659). 2. feles\u00e9ge \u00f6zv. Szentp\u00e1li J\u00e1nosn\u00e9 Petki Erzs\u00e9bet (esk.1640. j\u00fal. 30.). K\u00f6z\u00f6s gyermek\u00fck nem volt. \u2013 Gyermekkor\u00e1r\u00f3l kev\u00e9s ismeret van. B\u00e1thory Zsigmond fejedelem idej\u00e9n sz\u00e9kely f\u0151tiszti hivatalt viselt (1600), Orbaisz\u00e9k alkapit\u00e1nyak\u00e9nt. Birtokai r\u00e9v\u00e9n Koronk\u00e1hoz k\u00f6t\u0151d\u00f6tt. Sz\u00e9kely M\u00f3zes mellett harcolt, \u0151 is ellen\u00e1ll\u00f3 \u00e9s vele menek\u00fclt T\u00f6r\u00f6ko.-ba, k\u00e9t \u00e9vre r\u00e1 titokban Erd\u00e9lybe visszat\u00e9rt, elfogt\u00e1k, Mih\u00e1lcz Erzs\u00e9bet kezess\u00e9g\u00e9re kiszabadult (1602), B\u00e1sta fogs\u00e1g\u00e1ba ker\u00fclt, csak javainak lek\u00f6t\u00e9se mellett szabadult ki, majd ism\u00e9t harcolt a brass\u00f3i csat\u00e1ban \u00e9s fogs\u00e1gba ker\u00fclt (1603. j\u00fal. \u2013 1604. \u00e1pr.). Gelenc\u00e9n feles\u00e9g\u00fcl vette Mih\u00e1lcz Erzs\u00e9betet (1605). Csal\u00e1dj\u00e1val egy\u00fctt sz\u00e9kely primori rangot kapott (1614. febr. 17.). Bethlen G\u00e1bor felismerte politikai \u00e9s diplom\u00e1ciai tehets\u00e9g\u00e9t, k\u00f6vete volt a port\u00e1n (1614\u201315, 1628), diplomatak\u00e9nt k\u00f6zvet\u00edtett a t\u00f6r\u00f6k Porta \u00e9s a lengyelek k\u00f6z\u00f6tt (1622), Marossz\u00e9k f\u0151kir\u00e1lyb\u00edr\u00e1ja (1624\u2013), tan\u00e1cs\u00far \u00e9s t\u00f6bbsz\u00f6r volt isztambuli \u00e9s lengyelo.-i k\u00f6vet. Bethlen G\u00e1bor fejedelemt\u0151l r\u00e9szj\u00f3sz\u00e1gokat nyert Szentbenedeken k\u00fari\u00e1val, Abosfalv\u00e1n \u00e9s Folyfalv\u00e1n (1623. jan. 10.); Udvarfalv\u00e1n, Galambodon \u00e9s L\u00e9cfalv\u00e1n (1628. m\u00e1rc. 18.); Z\u00e1gonban Brandenburgi Katalint\u00f3l kapott r\u00e9szj\u00f3sz\u00e1got (1630. febr. 25.). Koronk\u00e1n lebontatta v. \u00e1t\u00e9p\u00edttette a volt Kovacs\u00f3czy Farkas-f\u00e9le udvarh\u00e1zat, nagym\u00e9ret\u0171 kast\u00e9lly\u00e1 alak\u00edtotta \u00e1t (1630-as \u00e9vekben). A fejedelem b\u00e9kebiztosak\u00e9nt r\u00e9szt vett a gyarmati (1625), a sz\u0151nyi b\u00e9ke megk\u00f6t\u00e9s\u00e9ben (1627). Bethlen G\u00e1bor hal\u00e1la ut\u00e1n annak ut\u00f3dai, Brandenburgi Katalin, Bethlen Istv\u00e1n \u00e9s I. R\u00e1k\u00f3czi Gy\u00f6rgy tov\u00e1bbra is \u00e1lland\u00f3 portai k\u00f6vetk\u00e9nt szerepeltett\u00e9k. Marossz\u00e9k f\u0151kapit\u00e1nya (1633\u2013), H\u00e1romsz\u00e9k f\u0151kapit\u00e1nya (1635\u2013), a fejedelmi tan\u00e1cs tagja (1635\u2013), az ogy. \u00e9s a Fejedelmi T\u00e1bla \u00fcln\u00f6ke (1635). R\u00e9szt vett az I. R\u00e1k\u00f3czi Gy\u00f6rgy vezet\u00e9se alatt D\u00e9sen tartott ogy.-en (1638. j\u00fal. 7.\u2013). Udvarhelysz\u00e9ki f\u0151kapit\u00e1ny (1639\u2013). Torda v\u00e1rmegye f\u0151isp\u00e1nja, f\u0151lov\u00e1szmester. Kezdem\u00e9nyezte a Szent Ferenc-rendi szerzetesek beh\u00edv\u00e1s\u00e1t Erd\u00e9lybe, r\u00e9sz\u00fckre Mikh\u00e1z\u00e1n h\u00e1zat \u00e9s telket v\u00e1s\u00e1rolt (1635), a ferencesek r\u00e9sz\u00e9re Mikh\u00e1z\u00e1n kolostort alap\u00edt\u00f3 oklevele (1636. febr. 8.), szerz\u0151d\u00e9sileg k\u00f6telezte a ferenceseket, hogy kolostort \u00e9s k\u00e1poln\u00e1t \u00e9p\u00edtsenek ott. Feles\u00e9g\u00e9vel egy\u00fctt anyagilag is t\u00e1mogatt\u00e1k a templom\u00e9p\u00edt\u00e9st. Nyugalomba vonul\u00e1sa ut\u00e1n Koronk\u00e1n \u00e9ltek. Unit\u00e1rius vall\u00e1s\u00e1t kat.-ra cser\u00e9lte. Feljegyz\u00e9sei, k\u00f6vetjelent\u00e9sei a korszak fontos t\u00f6rt\u00e9neti, diplom\u00e1ciai forr\u00e1sai. Koronka \u00e1ltal\u00e1nos iskol\u00e1ja ma a nev\u00e9t viseli, az \u00e9p\u00fclet homlokzat\u00e1n elhelyezett, a n\u00e9vad\u00f3t \u00e1br\u00e1zol\u00f3 domborm\u0171 Gyarmathy J\u00e1nos szobr\u00e1szm\u0171v\u00e9sz munk\u00e1ja (2001. szept. 16). \u2013  <strong>F. m..:<\/strong> T. M. eml\u00e9kirata \u00e9s levelei = Erd\u00e9lyi t\u00f6rt. adatok (Mik\u00f3 Imre adta ki; I. Kv., 1855); T. M. k\u00f6vets\u00e9gi napl\u00f3ja 1613\u20131631 = \u00d6tv\u00f6s \u00c1goston: Brandenburgi Katalin. (Akad. \u00c9rt., 1861); Bartoniek Emma: M. t\u00f6rt\u00e9neti forr\u00e1skiadv\u00e1nyok (Bp., 1929); Erd\u00e9ly \u00f6r\u00f6ks\u00e9ge 4. k\u00f6t. (Bp., 1941\u201342); \u00dajabb sok r\u00fat z\u00fcrzavar = Erd\u00e9lyi magyar eml\u00e9k\u00edr\u00f3k; T. M.-nak, az \u00f6reg R\u00e1k\u00f3czi Gy\u00f6rgy fejedelem tan\u00e1cs\u00e1nak \u00e9s Marossz\u00e9knek f\u0151kapit\u00e1ny\u00e1nak eml\u00e9kezet\u00fcl hagyott \u00edr\u00e1sa = Erd\u00e9ly \u00f6r\u00f6ks\u00e9ge, 4.; Az \u00f6reg R\u00e1k\u00f3czi Gy\u00f6rgy fejedelem tan\u00e1cs\u00e1nak \u00e9s Marossz\u00e9k f\u0151kapit\u00e1ny\u00e1nak eml\u00e9kezet\u00fcl hagyott \u00edr\u00e1sa = Kov\u00e1cs Attila Zolt\u00e1n. Erd\u00e9ly szolg\u00e1lat\u00e1ban: Eml\u00e9k\u00edr\u00f3k k\u00f6nyve (Pom\u00e1z, 2007); T. M. \u00e9vk\u00f6nyve 1613\u201315-b\u0151l \/ Szil\u00e1gyi S\u00e1ndor bevezet\u0151j\u00e9vel = Marossz\u00e9ki kr\u00f3nik\u00e1k 1.\/ V\u00e1logatta \u00e9s sajt\u00f3 al\u00e1 rendezte Sebesty\u00e9n Mih\u00e1ly (Mv., 2010). <br \/><strong>\u2013 Irod.:<\/strong> \u00c1ll\u00f3- \u00e9s mozg\u00f3k\u00e9pek; Arday P\u00e1l: Nagyercsei Tholdalagi Mih\u00e1ly \u00e9lete \u00e9s t\u00f6rt\u00e9neti szerepl\u00e9se (Kv., 1910); B\u00edr\u00f3 J\u00f3zsef: A koronkai Tholdalaghi-kast\u00e9ly = B\u00edr\u00f3 J\u00f3zsef: Erd\u00e9ly besz\u00e9l\u0151 k\u00f6vei (Kv., 2008); Bodn\u00e1r; Fodor S\u00e1ndor: J\u00e1rom az utat&#8230; (N\u00fa., 2005. aug. 11.); Boros Fortun\u00e1t: Az erd\u00e9lyi ferencrendiek (Kv., 1927); De\u00e1k Farkas: Egy magyar f\u0151\u00far a XVII sz\u00e1zadban: Cs\u00e1ky Istv\u00e1n (Bp., 1883, 1888); Erd\u00e9lyi magyar eml\u00e9k\u00edr\u00f3k; Erd\u00e9lyi t\u00f6rt\u00e9nelmi adatok (Kv., 1855\u201362); Fekete; Gindely Antal: Bethlen G\u00e1bor \u00e9s udvara (Bp., 1890); Gy\u00f6rgy: A ferencrendiek; Horv\u00e1th Mih\u00e1ly: Mo. t\u00f6rt\u00e9nelme (Bp., 1871\u201373); Id\u0151t\u00e1r 1; K\u00e9nosi\u2013Uzoni 2.; Keresztes; Keresztes Gyula: Kast\u00e9lyaink 18.: A koronkai kast\u00e9ly (1992. aug. 15.); Kisp\u00e1l L\u00e1szl\u00f3: Erd\u00e9ly fejedelmi korszaka (Bp., 1940); Kornis; K\u0151v\u00e1ri; Kraus: Erd\u00e9lyi kr\u00f3nika; Krist\u00f3f Gy\u00f6rgy: A Kir\u00e1lyh\u00e1g\u00f3n inneni \u00edr\u00f3k Erd\u00e9lyben (Kv., 1942); K\u00fclf\u00f6ld\u00f6n bujdos\u00f3 erd\u00e9lyi di\u00e1kok levelez\u00e9se (Kv., 1933); L\u00e9sty\u00e1n \u2013 templomok 1.; A magyar irodalom t\u00f6rt\u00e9nete: K\u00e9pes d\u00edszmunka (Bp., 1906\u201307); Marczali Henrik: A magyar t\u00f6rt\u00e9net k\u00fatf\u0151inek k\u00e9zik\u00f6nyve (Bp., 1901); Marossz\u00e9ki kr\u00f3nik\u00e1k 1.; Nagy Iv\u00e1n; Nemes 2017; Ny\u00e1r\u00e1dszentbenedek; P\u00e1l-Antal 2002; P\u00e1l-Antal 2009, P\u00e1l-Antal S.: Sz\u00e9kelyv\u00e1s\u00e1rhely = Mv. t\u00f6rt\u00e9net\u00e9b\u0151l; P\u00e1lmay; Pesty 2014; Pokoly; Salamon Ferenc: K\u00e9t magyar diplomata a tizenhetedik sz\u00e1zadb\u00f3l (Bp., 1884); Sepsisz\u00e9ki; Sikl\u00f3ssy L\u00e1szl\u00f3; Szil\u00e1gyi; Szinnyei; Szucher Ervin: Pusztul\u00e1sra \u00edt\u00e9lt \u00e9p\u00edt\u00e9szeti \u00f6r\u00f6ks\u00e9g (Kr\u00f3nika, 2010. febr. 1.); T\u00f6r\u00f6k t\u00f6rt\u00e9net\u00edr\u00f3k (Bp., 1916); \u00daM\u00c9L.<\/br><\/p>\n","protected":false},"excerpt":{"rendered":"<p>Nagyercse, 1580 k., \u2020 1642. m\u00e1rc. 24., temett\u00e9k Gyulafeh\u00e9rv\u00e1ron a r. k. sz\u00e9kesegyh\u00e1z s\u00edrkamr\u00e1j\u00e1ban: fejedelmi tan\u00e1csos, f\u0151kir\u00e1lyb\u00edr\u00f3 f\u0151kapit\u00e1nya, diplomata, eml\u00e9k\u00edr\u00f3. \u2013 T. G\u00e1lt\u0151i Bal\u00e1zs (\u2020 1586), \u00e9s Bessenyei Borb\u00e1la fia. Feles\u00e9ge: gelencei Mih\u00e1lcz Erzs\u00e9bet hal\u00e1la ut\u00e1n nagy kiterjed\u00e9s\u0171 birtokhoz jutott (1612), Nyolc le\u00e1nyuk \u00e9s egy fiuk, Mih\u00e1ly sz\u00fcletett (\u20201659). 2. feles\u00e9ge \u00f6zv. Szentp\u00e1li J\u00e1nosn\u00e9 Petki [&hellip;]<\/p>\n","protected":false},"featured_media":0,"comment_status":"open","ping_status":"closed","template":"","meta":[],"product_brand":[],"product_cat":[137],"product_tag":[],"class_list":{"0":"post-23233","1":"product","2":"type-product","3":"status-publish","5":"product_cat-maros-megyei-eletrajzi-lexikon","7":"first","8":"instock","9":"shipping-taxable","10":"product-type-simple"},"_links":{"self":[{"href":"https:\/\/uj.adatbank.ro\/lexikon\/wp-json\/wp\/v2\/product\/23233","targetHints":{"allow":["GET"]}}],"collection":[{"href":"https:\/\/uj.adatbank.ro\/lexikon\/wp-json\/wp\/v2\/product"}],"about":[{"href":"https:\/\/uj.adatbank.ro\/lexikon\/wp-json\/wp\/v2\/types\/product"}],"replies":[{"embeddable":true,"href":"https:\/\/uj.adatbank.ro\/lexikon\/wp-json\/wp\/v2\/comments?post=23233"}],"wp:attachment":[{"href":"https:\/\/uj.adatbank.ro\/lexikon\/wp-json\/wp\/v2\/media?parent=23233"}],"wp:term":[{"taxonomy":"product_brand","embeddable":true,"href":"https:\/\/uj.adatbank.ro\/lexikon\/wp-json\/wp\/v2\/product_brand?post=23233"},{"taxonomy":"product_cat","embeddable":true,"href":"https:\/\/uj.adatbank.ro\/lexikon\/wp-json\/wp\/v2\/product_cat?post=23233"},{"taxonomy":"product_tag","embeddable":true,"href":"https:\/\/uj.adatbank.ro\/lexikon\/wp-json\/wp\/v2\/product_tag?post=23233"}],"curies":[{"name":"wp","href":"https:\/\/api.w.org\/{rel}","templated":true}]}}