{"id":23278,"date":"2025-08-01T17:20:43","date_gmt":"2025-08-01T15:20:43","guid":{"rendered":"https:\/\/uj.adatbank.ro\/lexikon\/termek\/tolnai-lajos-%c2%a7-kis-es-nagypirithi-hagymassy\/"},"modified":"2025-08-01T17:20:43","modified_gmt":"2025-08-01T15:20:43","slug":"tolnai-lajos-%c2%a7-kis-es-nagypirithi-hagymassy","status":"publish","type":"product","link":"https:\/\/uj.adatbank.ro\/lexikon\/termek\/tolnai-lajos-%c2%a7-kis-es-nagypirithi-hagymassy\/","title":{"rendered":"TOLNAI Lajos, \u00a7 kis- \u00e9s nagypirithi Hagym\u00e1ssy"},"content":{"rendered":"<p>Gy\u00f6rk\u00f6ny (Tolna), 1837. jan. 31., \u2020 Bp., 1902. m\u00e1rc. 19.: \u00edr\u00f3, ref. lelk\u00e9sz. \u2013 Feles\u00e9ge: Sug\u00e1r Fanny. Gyermekeik: Iduna (2 \u00e9vesen halt meg Mv.-en), Hagym\u00e1ssy B\u00e9la (1865\u20131916), orvos. \u2013 Algimn\u00e1ziumi tanulm\u00e1nyait Gy\u00f6rk\u00f6nyben v\u00e9gezte, majd Nagyk\u0151r\u00f6s\u00f6n folytatta. A nagyk\u0151r\u00f6si ref. gimn.-ban 4 \u00e9vig Arany J\u00e1nos tan\u00edtv\u00e1nya volt. Azut\u00e1n a pesti ref. teol. akad.-ra ker\u00fclt (1856\u2013), \u00e9s lelk\u00e9szi vizsg\u00e1t tett. A pesti ref. f\u0151gimn.-ban a m., latin \u00e9s g\u00f6r\u00f6g irodalom rendes tan\u00e1ra, els\u0151 alkot\u00e1sai, az Arany hat\u00e1s\u00e1t mutat\u00f3 versei, itt jelentek meg (1860\u2013). Elfogadta a mv.-i egyh\u00e1ztan\u00e1cs megh\u00edv\u00e1s\u00e1t, 16 \u00e9vet t\u00f6lt\u00f6tt itt mint lelk\u00e9sz. \u00cdr\u00f3i szeml\u00e9let\u00e9t d\u00f6nt\u0151 m\u00f3don meghat\u00e1rozta a mv.-i id\u0151szaka (1868\u201384). Lelkesed\u00e9ssel l\u00e1tott hozz\u00e1 az irodalom- \u00e9s a m\u0171vel\u0151d\u00e9s szervez\u00e9shez. Br. Apor K\u00e1roly seg\u00edts\u00e9g\u00e9vel KZST n\u00e9ven irodalmi egyes\u00fcletet (1876) alap\u00edtott. H\u00e1rom lapot ind\u00edtott: Erd\u00e9ly, Erd\u00e9lyi Figyel\u0151, Figyel\u0151. Az Erd\u00e9ly sz\u00e9pirodalmi heti k\u00f6zl\u00f6ny (1871. jan. 5.\u201376. dec. 30.), Erd\u00e9lyi Figyel\u0151 c. sz\u00e9pirodalmi hetilap (1879. szept. 7.\u20131880. j\u00fan. 27), ezt a Figyel\u0151 k\u00f6vette (1883\u201384), a k\u00e9t ut\u00f3bbi a KZST k\u00f6zl\u00f6nye volt. H\u00edveivel hamarosan konfliktusba keveredett, amely fokozatosan ellehetetlen\u00edtette a helyzet\u00e9t, szembeker\u00fclt az egyh\u00e1zi hat\u00f3s\u00e1gokkal is, egyh\u00e1zi per folyt ellene (1874\u201384), k\u00e9nytelen volt lemondani lelk\u00e9szi \u00e1ll\u00e1s\u00e1r\u00f3l. A kv.-i egy.-en b\u00f6lcs\u00e9szdoktorr\u00e1 avatt\u00e1k disszert\u00e1ci\u00f3j\u00e1nak c\u00edme: Tompa Mih\u00e1ly k\u00f6lt\u00e9szete (1879. febr. 12.), \u00e9s a bp.-i egy.-m\u00e9g azon \u00e9vben mag\u00e1ntan\u00e1r\u00e1v\u00e1 habit\u00e1lt\u00e1k. Lemondott lelk\u00e9szi \u00e1ll\u00e1s\u00e1r\u00f3l \u00e9s Bp.-re k\u00f6lt\u00f6z\u00f6tt (1884). Munk\u00e1ival igen sok ellens\u00e9get szerzett, ez\u00e9rt sok\u00e1ig nem tudott megfelel\u0151 \u00e1ll\u00e1st szerezni, amely k\u00fczdelmes \u00e9let\u00e9t valamivel k\u00e9nyelmesebb\u00e9 tette volna. Ennek ellen\u00e9re sz\u00e9les k\u00f6r\u0171 irod. tev\u00e9kenys\u00e9get folytatott, cikkeket \u00e9s t\u00e1rc\u00e1kat \u00edrt, s el\u0151fordult, hogy a lapok egyidej\u0171leg 3 reg\u00e9ny\u00e9t k\u00f6z\u00f6lt\u00e9k. A bp.-i, IX. ker. polg\u00e1ri isk.-ban \u00f3raad\u00f3 (1889\u2013), majd r. tan\u00e1r, ut\u00f3bb igazgat\u00f3 is volt. Irodalom c. kritikai hetilapj\u00e1t (1887) saj\u00e1t k\u00f6lts\u00e9g\u00e9n adta ki \u00e9s nagy r\u00e9sz\u00e9t maga is \u00edrta. A m. irodalomban a kritikai realizmus \u00fatt\u00f6r\u0151je. Reg\u00e9nyeiben \u00e9lesen b\u00edr\u00e1lta a dualizmus kori Mo. k\u00f6z\u00e9leti \u00e9s t\u00e1rs. vissz\u00e1ss\u00e1gait. Angolb\u00f3l \u00e9s franci\u00e1b\u00f3l ford\u00edtott. Bp.-en a K\u00e9pes Csal\u00e1di Lap szerk. (1891-t\u0151l). A Kisfaludy T\u00e1rs. (r. 1866) \u00e9s a Pet\u0151fi T\u00e1rs. tagja (r. 1878). A mv.-i KZST alap\u00edt\u00f3ja (Moln\u00e1r Zsigmonddal), titk\u00e1ra (1879\u2013). Irodalomt\u00f6rt\u00e9neti el\u0151ad\u00e1ssorozatot tartott A m. k\u00f6lt\u00e9szet t\u00f6rt\u00e9nete, k\u00fcl\u00f6n\u00f6s tekintettel a reg\u00e9ny \u00e9s dr\u00e1mairodalom fejl\u0151d\u00e9s\u00e9re c. Sz\u00ednvonalas irodalmi foly\u00f3iratot indit Erd\u00e9ly c.-mel (1891). K\u00f6ltem\u00e9nyei, cikkei, rajzai, elbesz\u00e9l\u00e9sei megjelentek: H\u00f6lgyfut\u00e1r, Vas\u00e1rnapi \u00dajs\u00e1g, Sz\u00e9pirodalmi Figyel\u0151, K\u00e9pes Vil\u00e1g, R\u00e9szv\u00e9t k\u00f6nyve, Cs\u00e1sz\u00e1rf\u00fcrd\u0151i Album, Koszor\u00fa, Gombost\u0171, Bp.-i Szemle, Havi Szemle, Erd\u00e9lyi Figyel\u0151, K\u00e9pes Csal\u00e1di Lapok, Arad \u00e9s Vid\u00e9ke, Pesti H\u00edrlap, Irodalom, M. Szalon, Pesti Napl\u00f3, M. Szemle, Orsz\u00e1g-Vil\u00e1g. Mv.-en T. L. n\u00e9pi koll. m\u0171k\u00f6d\u00f6tt (1947-?). A mv.-i V\u00e1rtemplom ref. lelk\u00e9szi lak\u00e1sa (Szentgy\u00f6rgy, ma Forradalom u. 6.) fal\u00e1n m\u00e1rv\u00e1nyt\u00e1bla eml\u00e9keztet: \u201eEbben a h\u00e1zban \u00e9lt \u00e9s alkotott T. L. 1868\u20131884\u201d L\u00e9tezett T. L. utca Mv.-en (1934\u20131941). \u2013  <strong>F. m..:<\/strong> T. L. k\u00f6ltem\u00e9nyei (Pest, 1865); T. L. besz\u00e9lyei, 1\u20132. (Pest, 1867, 1898); \u00c9letk\u00e9pek (Pest, 1867, 1897); A nyomor\u00e9k. Rajzok a falusi \u00e9letb\u0151l (Pest, 1867); Az urak (reg.; Pest, 1872, 1909; Mv., 1955); Az \u00e9n ismer\u0151seim (elb.; Pest, 1872; 1885); A somv\u00e1ri F\u00e9nyes \u00c1d\u00e1m \u00far (T. L. \u00e9letrajz\u00e1val; Bp., 1874); Tompa Mih\u00e1ly k\u00f6lt\u00e9szete (Bp., 1878); A falu koron\u00e1ja (elb.; Bp., \u00e9. n.); A nagy gr\u00f3f kom\u00e1ja (elb.; Bp., \u00e9. n.); A b\u00e1r\u00f3n\u00e9 t\u00e9nsasszony, 1\u20132. (reg.; Bp., 1882, 1905); A nemes v\u00e9r (reg.; Bp., 1882; M\u00f3ricz Zsigmond \u00e1tdolg., Buk., 1949; Szeksz\u00e1rd, 1996, 2002); Az oszlopb\u00e1r\u00f3 (reg.; Bp., 1884); A falu urai (Bp., 1885); A polg\u00e1rmester \u00far, 1\u20132. (reg.; Bp., 1885; Buk., 1986; Bp., 2019.; A sz\u00e9p asszony kocsisa); D\u00e1niel pap lesz (reg.; Bp., 1885); A jubil\u00e1nsok (reg.; Bp., 1886.); Az \u00faj f\u0151isp\u00e1n, 1\u20133. (reg.; Bp., 1886, 1955); Elad\u00f3 birtok (reg.; Bp., 1886); A tolvaj asszony (reg.; Pesti Napl\u00f3, 1887); A tin\u00f3 (elb.; Bp., \u00e9. n.); A zsugori vagy a f\u00f6sv\u00e9ny kast\u00e9ly (Bp., \u00e9. n.); A lutris mester, vagy mi t\u00f6rt\u00e9nt Vadason? (Bp., \u00e9. n.); A sz\u00e9p dobog\u00f3i malom (Bp., \u00e9. n.); A G\u00e1bor D\u00e1niel\u00e9k szerencs\u00e9je (Bp., \u00e9. n.); A falu koron\u00e1ja (elb.; Bp., \u00e9. n.); A j\u00e9gkisasszony, 1\u20132. (reg.; Bp, \u00e9. n., 1887); A k\u00edgy\u00f3 (elb.; Gy\u0151r, 1888); Szeg\u00e9ny emberek \u00fatja, 1\u20132. (reg.; Bp., 1889); A mai Magyarorsz\u00e1g, 1\u20132. (elb.; Bp., 1889); \u00daj f\u00f6ld, \u00faj rem\u00e9ny (reg.; Pesti Napl\u00f3, 1889); A rongyos (reg.; Bp., 1890); Csak egy asszony (reg.; Bp. 1891, 1893); A mi fajunk (Bp., 1891); Elbesz\u00e9l\u00e9sek (Bp., 1892); K\u00f6ltem\u00e9nyes gy\u0171jtem\u00e9ny, mint seg\u00e9dk\u00f6nyv a magyar irodalom tan\u00edt\u00e1s\u00e1hoz (Bp., 1892); A paizs (Bp.. 1891); A gr\u00f3fn\u00e9 ura (reg.; Bp., 1897.); A nagy gy\u00e1ros\u00e9k \u00e9s egy\u00e9b elbesz\u00e9l\u00e9sek (Bp., 1897, 1899); S\u00f6t\u00e9t vil\u00e1g. (\u00f6n\u00e9letrajzi reg.; Bp., 1942; Mv., 1955; Buk., 1968; Kv., 1984; Mv., 2004.); A szentistv\u00e1ni K\u00e9ry csal\u00e1d (Bp., 1943); Jubil\u00e1nsok. \u2013 A szentistv\u00e1ni K\u00e9ry csal\u00e1d. (reg.; Bp., 1956); T. L. v\u00e1logatott m\u0171vei. Kiad., bev. Gergely Gergely (Bp., 1958);  <strong>t\u00e1rssz.:<\/strong> A vil\u00e1g t\u00f6rt\u00e9nete. B\u00f6ng\u00e9ni J\u00e1nossal (polg\u00e1ri isk. tank\u00f6nyv; Bp., 1891; 1898); M. olvas\u00f3k\u00f6nyv&#8230;, 1\u20132. Sz\u00e1sz K\u00e1rollyal, Barna J\u00f3n\u00e1ssal (polg\u00e1ri isk. tank\u00f6nyv; Bp., 1892\u201393); A m. nemzet t\u00f6rt\u00e9nete. B\u00f6ng\u00e9rfi J\u00e1nossal (polg\u00e1ri isk. tank\u00f6n] Bp., 1901); M. nyelvtan. B\u00f6ng\u00e9rfi J\u00e1nossal (polg\u00e1ri isk. tank\u00f6nyv; Bp., 1902), A KZST alapszab\u00e1lyai Fekete G\u00e1borral (Mv., \u00e9.n.); <strong>antol\u00f3g.:<\/strong> Lisznyai album (Bp., 1863), R\u00e9szv\u00e9tk\u00f6nyve (Bp., 1863); Bem album (Mv., 1884); Magyar ballad\u00e1k (Bp., 1885, 1900, 1909); Tr\u00e9f\u00e1s versek (Bp., 1886), A magyar k\u00f6lt\u00e9szet kincsesh\u00e1za (Bp., 1895); Rudolf eml\u00e9kalbum (Bp., 1897); Sz\u00e9kelyek a k\u00f6lt\u0151k dalaiban(Bp., 1908), M\u00e1sodik szaval\u00f3k\u00f6nyv (Kv., 1930); Versekben t\u00fcnd\u00f6kl\u0151 Erd\u00e9ly Kv., 1941); Magyar versek k\u00f6nyve (Bp., 1942); Hatsz\u00e1z magyar nemzeti dal (Bp., s, a, ); Magyar Dekameron 5. k\u00f6t. (Bp., s.a.); Szaval\u00f3-k\u00f6nyv (Bp., s.a.). Mv. \u00e9s V\u00e1rtemploma (Mv., 1990). <br \/><strong>\u2013 Irod.:<\/strong> B.D.: A veszett nev\u0171, gonosz pap (N\u00fa., 2002., m\u00e1rc. 16); B\u00e1nhegyi; Benedek Marcell: A magyar irodalom t\u00f6rt\u00e9nete (Bp., 1938); Benedek Marcell: Az irodalmi m\u0171velts\u00e9g k\u00f6nyve (Kv., s.a.); Benedek Marcell: A modern magyar irodalom (Bp., 1924); Be\u00f6thy Be\u00f6thy Zsolt: A magyar irodalom kist\u00fckre (Bp., s.a.); Bisztray Gyula: \u00cdr\u00f3 \u00e9s nemzet (Bp., 1943); B\u00f6z\u00f6di Gy\u00f6rgy: T.L. \u00f6n\u00e9letrajza (A s\u00f6t\u00e9t vil\u00e1g, Athenaeum, 1942) (Term\u00e9s, Tavasz, 1943); B\u00f6z\u00f6di Gy\u00f6rgy: T.L. mv.-i \u00e9vei (\u00daj \u00c9let, 5. sz., 1982); B\u00f6z\u00f6di Gy\u00f6rgy-D\u00e1vid Gyula: T.L. t\u00e1voz\u00e1sa Marosv\u00e1s\u00e1rhelyr\u0151l (Igaz Sz\u00f3, 1966.7. sz.); Czeg\u0151 Zolt\u00e1n: Piszk\u00e1l\u00f3d\u00e1sok T. L. ravatala mellett (Kr\u00f3nika, El\u0151retolt hely\u0151rs\u00e9g, 2021. j\u00fan. 11\u201313); Cs\u00e1sz\u00e1r Elem\u00e9r: A magyar reg\u00e9ny t\u00f6rt\u00e9nete (Bp., 1939); D\u00e1vid Gyula: T. L. 1876\u2013188l-es sajt\u00f3pere (Igaz Sz\u00f3, 1956); D\u00e1vid Gyula: Tolnai Lajos Marosv\u00e1s\u00e1rhelyen (Buk., 1974); D\u00e1vid Gyula: \u00cdr\u00f3k, m\u0171vek, m\u0171helyek Erd\u00e9lyben (Cs\u00edkszereda, 2003); D\u00e9zsi Eleon\u00f3ra: Mi\u00e9rt s\u00f6t\u00e9t T. L. vil\u00e1ga = Protest\u00e1ns Mv.; D\u00e9zsi Lajos: Magyar t\u00f6rt\u00e9neti t\u00e1rgy\u00fa sz\u00e9pirodalom (Bp., 1927); Eml\u00e9kbesz\u00e9dek a MTA tagjai felett (Bp., 1904); Erd\u00e9lyi panteon; F\u00e9ja G\u00e9za: Magyar irodalom-szeml\u00e9let (Bp., 1942); Fodor S\u00e1ndor: Antal P\u00e1l \u00e9s T. L. eml\u00e9kt\u00e1bl\u00e1i (N\u00fa., 2008. j\u00fa. 7.); F\u00f6rh\u00e9cz J\u00f3zsef: T. L. \u00e9lete \u00e9s m\u00fcvei (Bp., 1936); Gy\u00f6rgy; Gyulai P\u00e1l: B\u00edr\u00e1latok (Bp., 1911); Hal\u00e1sz; Id\u0151t\u00e1r 2; Katona Szab\u00f3 Istv\u00e1n: T. L. Mv.-i \u00e9vei: Besz\u00e9lget\u00e9s B\u00f6z\u00f6di Gy\u00f6rggyel (\u00daj \u00c9let, 5. sz. 1982); Kozma Dezs\u0151: A szenved\u00e9ly erej\u00e9vel (K. D.: Eleven \u00f6r\u00f6k. Kv., 2000); Kozma Dezs\u0151: Regionalizmus \u00e9s egyetemess\u00e9g v\u00e1ltoz\u00f3 vil\u00e1gban (Sz\u00e9kelyf\u00f6ld, 2007. aug., 8. sz.); Kozocsa; Kulcs\u00e1r Endre: A magyar st\u00edlus (Debrecen, 1896); Kuti M\u00e1rta: T. L. szelleme = Kuti M.2021; Kuti M. (N\u00fa., M\u00fazsa, 1022. sz., 2012. m\u00e1rc. 12.); Die Litteraturen des Ostens (Leipzig, 1906), Marosi-KZST; A magyar irod. t\u00f6rt\u00e9nete: K\u00e9pes (Bp., 1906\u201307); MNL; M\u00f3ricz Zsigmond: Z\u00e1szl\u00f3hajt\u00e1s T. L. el\u0151tt = Mv. \u00e9s V\u00e1rtemploma; Mv.-Bal\u00e1s; Nagy P\u00e1l: P\u00e9ldak\u00e9p vagy torz\u00f3 (N.P.: Bolyaiak tere. Tollvon\u00e1sok egy v\u00e1ros arck\u00e9p\u00e9hez. Mv., 1998); Nagyjaink; Olosz Katalin: A marosv\u00e1s\u00e1rhelyi Kem\u00e9ny Zsigmond T\u00e1rsas\u00e1g n\u00e9pk\u00f6lt\u00e9szeti tev\u00e9kenys\u00e9ge = Olosz Katalin 2003; Olosz Katalin: Tolnai Lajos portr\u00e9ja egy kort\u00e1rs mv.-i tan\u00e1r eml\u00e9kirat\u00e1ban = Eml\u00e9kk. Szab\u00f3 Mikl\u00f3s; \u00d6kr\u00f6s; Pint\u00e9r; R\u00e9vay M\u00f3r J\u00e1nos: \u00cdr\u00f3k, k\u00f6nyvek, kiad\u00f3k (Bp., 1920); RNL; S\u00e1ndor; Sch\u00f6pflin Alad\u00e1r: A m. irodalom t\u00f6rt\u00e9nete a XX. sz.-ban (Bp., 1937); Szerb; Szinnyei; Szinnyei J.; Tompa L\u00e1szl\u00f3: T. L.-ra eml\u00e9kezem (Szabad Sz\u00f3, 1947. nov. 2.; Tompa L\u00e1szl\u00f3: M\u00e9g n\u00e9h\u00e1ny sz\u00f3 T. L. igaz\u00e1\u00e9rt (Szabad Sz\u00f3, 1947. nov. 24.); T\u00f6r\u00f6k Zsuzsa: \u201eA mv.-i zsurnalisztika\u201d: Egy vid\u00e9ki k\u00f6z\u00f6ss\u00e9g olvas\u00e1si strat\u00e9gi\u00e1ja 1884-ben (Kr\u00f3nika, 3. sz., 2010); \u00daM\u00c9L; \u00dcnnepi k\u00f6nyv; Vajth\u00f3 L\u00e1szl\u00f3: Halhatatlan m. irodalom (Bp., s.a.); V\u00e1s\u00e1rhelyi H\u00edrlap (5. sz., 2007. szept. 7); Vigh.<\/br><\/p>\n","protected":false},"excerpt":{"rendered":"<p>Gy\u00f6rk\u00f6ny (Tolna), 1837. jan. 31., \u2020 Bp., 1902. m\u00e1rc. 19.: \u00edr\u00f3, ref. lelk\u00e9sz. \u2013 Feles\u00e9ge: Sug\u00e1r Fanny. Gyermekeik: Iduna (2 \u00e9vesen halt meg Mv.-en), Hagym\u00e1ssy B\u00e9la (1865\u20131916), orvos. \u2013 Algimn\u00e1ziumi tanulm\u00e1nyait Gy\u00f6rk\u00f6nyben v\u00e9gezte, majd Nagyk\u0151r\u00f6s\u00f6n folytatta. A nagyk\u0151r\u00f6si ref. gimn.-ban 4 \u00e9vig Arany J\u00e1nos tan\u00edtv\u00e1nya volt. Azut\u00e1n a pesti ref. teol. akad.-ra ker\u00fclt (1856\u2013), \u00e9s [&hellip;]<\/p>\n","protected":false},"featured_media":0,"comment_status":"open","ping_status":"closed","template":"","meta":[],"product_brand":[],"product_cat":[137],"product_tag":[],"class_list":{"0":"post-23278","1":"product","2":"type-product","3":"status-publish","5":"product_cat-maros-megyei-eletrajzi-lexikon","7":"first","8":"instock","9":"shipping-taxable","10":"product-type-simple"},"_links":{"self":[{"href":"https:\/\/uj.adatbank.ro\/lexikon\/wp-json\/wp\/v2\/product\/23278","targetHints":{"allow":["GET"]}}],"collection":[{"href":"https:\/\/uj.adatbank.ro\/lexikon\/wp-json\/wp\/v2\/product"}],"about":[{"href":"https:\/\/uj.adatbank.ro\/lexikon\/wp-json\/wp\/v2\/types\/product"}],"replies":[{"embeddable":true,"href":"https:\/\/uj.adatbank.ro\/lexikon\/wp-json\/wp\/v2\/comments?post=23278"}],"wp:attachment":[{"href":"https:\/\/uj.adatbank.ro\/lexikon\/wp-json\/wp\/v2\/media?parent=23278"}],"wp:term":[{"taxonomy":"product_brand","embeddable":true,"href":"https:\/\/uj.adatbank.ro\/lexikon\/wp-json\/wp\/v2\/product_brand?post=23278"},{"taxonomy":"product_cat","embeddable":true,"href":"https:\/\/uj.adatbank.ro\/lexikon\/wp-json\/wp\/v2\/product_cat?post=23278"},{"taxonomy":"product_tag","embeddable":true,"href":"https:\/\/uj.adatbank.ro\/lexikon\/wp-json\/wp\/v2\/product_tag?post=23278"}],"curies":[{"name":"wp","href":"https:\/\/api.w.org\/{rel}","templated":true}]}}