{"id":23325,"date":"2025-08-01T17:22:45","date_gmt":"2025-08-01T15:22:45","guid":{"rendered":"https:\/\/uj.adatbank.ro\/lexikon\/termek\/toma-grigore\/"},"modified":"2025-08-01T17:22:45","modified_gmt":"2025-08-01T15:22:45","slug":"toma-grigore","status":"publish","type":"product","link":"https:\/\/uj.adatbank.ro\/lexikon\/termek\/toma-grigore\/","title":{"rendered":"TOMA, Grigore"},"content":{"rendered":"<p>Gled\u00e9ny, 1887. j\u00fan. 18., \u2020 Beszterce, 1968. szept. 9.: tan\u00e1r. \u2013 Sz\u00fcl\u0151hely\u00e9n kezdett tanulni, Monoron folytatta, a pedag\u00f3giai iskol\u00e1t m. nyelven v\u00e9gezte M\u00e1ramarosszigeten. T\u00f6bb helyen volt tan\u00edt\u00f3, sz\u00fcl\u0151faluj\u00e1ban is. Rajz \u00e9s sz\u00e9p\u00edr\u00e1si tan\u00e1ri oklevelet szerzett (1921). Megb\u00edzt\u00e1k az \u00fajonnan alakult sz\u00e1szr\u00e9geni rom\u00e1n fi\u00fagimn\u00e1zium igazgat\u00e1s\u00e1val (1919\u20131922). Beszterc\u00e9n tan\u00edtott nyugd\u00edjaz\u00e1s\u00e1ig (1922\u20131948 k.). Cikkei jelentek meg \u00e9s n\u00e9pk\u00f6lt\u00e9szeti gy\u0171jt\u0151 volt. \u2013  <strong>F. m..:<\/strong> Dor nestins \u2013 c\u00e2ntece \u015fi poezii culese \u015fi aranjate de G. T., profesor la Liceul \u201eAl Odobescu\u201d din Bistri\u0163a (Bistri\u0163a, 1932). <br \/><strong>\u2013 Irod.:<\/strong> Mihail Art. Mircea: G. T. \u2013 primul director al primului liceul rom\u00e2nesc reghinean (Gazeta Reghinului, nr. 11., 1994).<\/br><\/p>\n","protected":false},"excerpt":{"rendered":"<p>Gled\u00e9ny, 1887. j\u00fan. 18., \u2020 Beszterce, 1968. szept. 9.: tan\u00e1r. \u2013 Sz\u00fcl\u0151hely\u00e9n kezdett tanulni, Monoron folytatta, a pedag\u00f3giai iskol\u00e1t m. nyelven v\u00e9gezte M\u00e1ramarosszigeten. T\u00f6bb helyen volt tan\u00edt\u00f3, sz\u00fcl\u0151faluj\u00e1ban is. Rajz \u00e9s sz\u00e9p\u00edr\u00e1si tan\u00e1ri oklevelet szerzett (1921). Megb\u00edzt\u00e1k az \u00fajonnan alakult sz\u00e1szr\u00e9geni rom\u00e1n fi\u00fagimn\u00e1zium igazgat\u00e1s\u00e1val (1919\u20131922). Beszterc\u00e9n tan\u00edtott nyugd\u00edjaz\u00e1s\u00e1ig (1922\u20131948 k.). Cikkei jelentek meg \u00e9s n\u00e9pk\u00f6lt\u00e9szeti [&hellip;]<\/p>\n","protected":false},"featured_media":0,"comment_status":"open","ping_status":"closed","template":"","meta":[],"product_brand":[],"product_cat":[137],"product_tag":[],"class_list":{"0":"post-23325","1":"product","2":"type-product","3":"status-publish","5":"product_cat-maros-megyei-eletrajzi-lexikon","7":"first","8":"instock","9":"shipping-taxable","10":"product-type-simple"},"_links":{"self":[{"href":"https:\/\/uj.adatbank.ro\/lexikon\/wp-json\/wp\/v2\/product\/23325","targetHints":{"allow":["GET"]}}],"collection":[{"href":"https:\/\/uj.adatbank.ro\/lexikon\/wp-json\/wp\/v2\/product"}],"about":[{"href":"https:\/\/uj.adatbank.ro\/lexikon\/wp-json\/wp\/v2\/types\/product"}],"replies":[{"embeddable":true,"href":"https:\/\/uj.adatbank.ro\/lexikon\/wp-json\/wp\/v2\/comments?post=23325"}],"wp:attachment":[{"href":"https:\/\/uj.adatbank.ro\/lexikon\/wp-json\/wp\/v2\/media?parent=23325"}],"wp:term":[{"taxonomy":"product_brand","embeddable":true,"href":"https:\/\/uj.adatbank.ro\/lexikon\/wp-json\/wp\/v2\/product_brand?post=23325"},{"taxonomy":"product_cat","embeddable":true,"href":"https:\/\/uj.adatbank.ro\/lexikon\/wp-json\/wp\/v2\/product_cat?post=23325"},{"taxonomy":"product_tag","embeddable":true,"href":"https:\/\/uj.adatbank.ro\/lexikon\/wp-json\/wp\/v2\/product_tag?post=23325"}],"curies":[{"name":"wp","href":"https:\/\/api.w.org\/{rel}","templated":true}]}}