{"id":23460,"date":"2025-08-01T17:28:28","date_gmt":"2025-08-01T15:28:28","guid":{"rendered":"https:\/\/uj.adatbank.ro\/lexikon\/termek\/torok-gaspar\/"},"modified":"2025-08-01T17:28:28","modified_gmt":"2025-08-01T15:28:28","slug":"torok-gaspar","status":"publish","type":"product","link":"https:\/\/uj.adatbank.ro\/lexikon\/termek\/torok-gaspar\/","title":{"rendered":"T\u00d6R\u00d6K G\u00e1sp\u00e1r"},"content":{"rendered":"<p>Brass\u00f3, 1934. j\u00fal. 27., \u2020 Mv., g\u00e9p\u00e9szm\u00e9rn\u00f6k, fot\u00f3m\u0171v\u00e9sz. \u2013 T. D\u00e9nes m\u00e9rn\u00f6k \u00e9s Matild fia. Feles\u00e9ge Szabadi Ilona, gy\u00f3gyszer\u00e9sz. L\u00e1nyuk: Katalin R\u00e9ka (1970), textilm\u00e9rn\u00f6k. \u2013 A Buk.-i M\u0171szaki F\u0151iskola \u00e9p\u00fcletg\u00e9p\u00e9szeti kar\u00e1n v\u00e9gzett. Munkahelyei: Maros megyei gal\u00f3c\u00e1si fafeldolgoz\u00f3 \u00fczem (1959\u201362), a mv.-i Azomure\u0219 kombin\u00e1t munkatelep\u00e9nek vezet\u0151je, majd a kv.-i Ipari \u00c9p\u00edtkez\u00e9si V\u00e1llalat mv.-i kirendelts\u00e9g\u00e9nek \u00e9p\u00fcletg\u00e9p\u00e9sz-m\u00e9rn\u00f6ke. A mv.-i Fot\u00f3klub tagja (1973), eln\u00f6ke (1991\u2013) \u00e9s EFIAP (1995). Egy\u00e9ni ki\u00e1ll\u00edt\u00e1sai voltak hazai \u00e9s k\u00fclf\u00f6ldi t\u00e1rlatokon, ahol 36 hazai \u00e9s 20 nemzetk\u00f6zi d\u00edjjal jutalmazt\u00e1k, \u00e9s kit\u00fcntett\u00e9k az Artist of FIAP (1988), Excelent Artist of FIAP (1995) c\u00edmmel. <br \/><strong>\u2013 Irod.:<\/strong> Elm\u00falt jelen; EMKK 2010.<\/br><\/p>\n","protected":false},"excerpt":{"rendered":"<p>Brass\u00f3, 1934. j\u00fal. 27., \u2020 Mv., g\u00e9p\u00e9szm\u00e9rn\u00f6k, fot\u00f3m\u0171v\u00e9sz. \u2013 T. D\u00e9nes m\u00e9rn\u00f6k \u00e9s Matild fia. Feles\u00e9ge Szabadi Ilona, gy\u00f3gyszer\u00e9sz. L\u00e1nyuk: Katalin R\u00e9ka (1970), textilm\u00e9rn\u00f6k. \u2013 A Buk.-i M\u0171szaki F\u0151iskola \u00e9p\u00fcletg\u00e9p\u00e9szeti kar\u00e1n v\u00e9gzett. Munkahelyei: Maros megyei gal\u00f3c\u00e1si fafeldolgoz\u00f3 \u00fczem (1959\u201362), a mv.-i Azomure\u0219 kombin\u00e1t munkatelep\u00e9nek vezet\u0151je, majd a kv.-i Ipari \u00c9p\u00edtkez\u00e9si V\u00e1llalat mv.-i kirendelts\u00e9g\u00e9nek \u00e9p\u00fcletg\u00e9p\u00e9sz-m\u00e9rn\u00f6ke. A [&hellip;]<\/p>\n","protected":false},"featured_media":0,"comment_status":"open","ping_status":"closed","template":"","meta":[],"product_brand":[],"product_cat":[137],"product_tag":[],"class_list":{"0":"post-23460","1":"product","2":"type-product","3":"status-publish","5":"product_cat-maros-megyei-eletrajzi-lexikon","7":"first","8":"instock","9":"shipping-taxable","10":"product-type-simple"},"_links":{"self":[{"href":"https:\/\/uj.adatbank.ro\/lexikon\/wp-json\/wp\/v2\/product\/23460","targetHints":{"allow":["GET"]}}],"collection":[{"href":"https:\/\/uj.adatbank.ro\/lexikon\/wp-json\/wp\/v2\/product"}],"about":[{"href":"https:\/\/uj.adatbank.ro\/lexikon\/wp-json\/wp\/v2\/types\/product"}],"replies":[{"embeddable":true,"href":"https:\/\/uj.adatbank.ro\/lexikon\/wp-json\/wp\/v2\/comments?post=23460"}],"wp:attachment":[{"href":"https:\/\/uj.adatbank.ro\/lexikon\/wp-json\/wp\/v2\/media?parent=23460"}],"wp:term":[{"taxonomy":"product_brand","embeddable":true,"href":"https:\/\/uj.adatbank.ro\/lexikon\/wp-json\/wp\/v2\/product_brand?post=23460"},{"taxonomy":"product_cat","embeddable":true,"href":"https:\/\/uj.adatbank.ro\/lexikon\/wp-json\/wp\/v2\/product_cat?post=23460"},{"taxonomy":"product_tag","embeddable":true,"href":"https:\/\/uj.adatbank.ro\/lexikon\/wp-json\/wp\/v2\/product_tag?post=23460"}],"curies":[{"name":"wp","href":"https:\/\/api.w.org\/{rel}","templated":true}]}}