{"id":23475,"date":"2025-08-01T17:29:03","date_gmt":"2025-08-01T15:29:03","guid":{"rendered":"https:\/\/uj.adatbank.ro\/lexikon\/termek\/torok-kalman-vitez-harasztosi\/"},"modified":"2025-08-01T17:29:03","modified_gmt":"2025-08-01T15:29:03","slug":"torok-kalman-vitez-harasztosi","status":"publish","type":"product","link":"https:\/\/uj.adatbank.ro\/lexikon\/termek\/torok-kalman-vitez-harasztosi\/","title":{"rendered":"T\u00d6R\u00d6K K\u00e1lm\u00e1n, vit\u00e9z harasztosi"},"content":{"rendered":"<p>Dics\u0151szentm\u00e1rton, 1889. m\u00e1j. 14., \u2020 Bp., 1968. febr. 5.: vez\u00e9r\u0151rnagy. \u2013 T. Vilmos, telekk\u00f6nyvi igazgat\u00f3 \u00e9s Bitai Lujza fia. \u2013 Nagyv\u00e1radon honv\u00e9d hadapr\u00f3diskola tanul\u00f3ja (1905\u201309), Hadiakad\u00e9mia Bp. (1921\u201323). Z\u00e1szl\u00f3s (1909. aug. 18.), hadnagy (1911. m\u00e1j. 1), f\u0151hadnagy (1914. aug. 1), sz\u00e1zados (1917. nov. 1.), \u0151rnagy, alezredes (1932. m\u00e1j. 1.), ezredes (1936. m\u00e1j.1.), t\u00e1bornok (1940. j\u00fal. 1.), vez\u00e9r\u0151rnagy (1943. m\u00e1j. 1.). A Honv\u00e9delmi Miniszt\u00e9riumban beosztott, oszt\u00e1lyvezet\u0151 helyettes, a szervez\u00e9si aloszt\u00e1ly vezet\u0151je, a gyalogos dand\u00e1rparancsnok (1939. aug. 1. \u2013 1941. aug. 1). Nyug\u00e1llom\u00e1nyba ker\u00fclt (1941. nov. 1.). <br \/><strong>\u2013 Irod.:<\/strong> Szak\u00e1ly S\u00e1ndor.<\/br><\/p>\n","protected":false},"excerpt":{"rendered":"<p>Dics\u0151szentm\u00e1rton, 1889. m\u00e1j. 14., \u2020 Bp., 1968. febr. 5.: vez\u00e9r\u0151rnagy. \u2013 T. Vilmos, telekk\u00f6nyvi igazgat\u00f3 \u00e9s Bitai Lujza fia. \u2013 Nagyv\u00e1radon honv\u00e9d hadapr\u00f3diskola tanul\u00f3ja (1905\u201309), Hadiakad\u00e9mia Bp. (1921\u201323). Z\u00e1szl\u00f3s (1909. aug. 18.), hadnagy (1911. m\u00e1j. 1), f\u0151hadnagy (1914. aug. 1), sz\u00e1zados (1917. nov. 1.), \u0151rnagy, alezredes (1932. m\u00e1j. 1.), ezredes (1936. m\u00e1j.1.), t\u00e1bornok (1940. j\u00fal. [&hellip;]<\/p>\n","protected":false},"featured_media":0,"comment_status":"open","ping_status":"closed","template":"","meta":[],"product_brand":[],"product_cat":[137],"product_tag":[],"class_list":{"0":"post-23475","1":"product","2":"type-product","3":"status-publish","5":"product_cat-maros-megyei-eletrajzi-lexikon","7":"first","8":"instock","9":"shipping-taxable","10":"product-type-simple"},"_links":{"self":[{"href":"https:\/\/uj.adatbank.ro\/lexikon\/wp-json\/wp\/v2\/product\/23475","targetHints":{"allow":["GET"]}}],"collection":[{"href":"https:\/\/uj.adatbank.ro\/lexikon\/wp-json\/wp\/v2\/product"}],"about":[{"href":"https:\/\/uj.adatbank.ro\/lexikon\/wp-json\/wp\/v2\/types\/product"}],"replies":[{"embeddable":true,"href":"https:\/\/uj.adatbank.ro\/lexikon\/wp-json\/wp\/v2\/comments?post=23475"}],"wp:attachment":[{"href":"https:\/\/uj.adatbank.ro\/lexikon\/wp-json\/wp\/v2\/media?parent=23475"}],"wp:term":[{"taxonomy":"product_brand","embeddable":true,"href":"https:\/\/uj.adatbank.ro\/lexikon\/wp-json\/wp\/v2\/product_brand?post=23475"},{"taxonomy":"product_cat","embeddable":true,"href":"https:\/\/uj.adatbank.ro\/lexikon\/wp-json\/wp\/v2\/product_cat?post=23475"},{"taxonomy":"product_tag","embeddable":true,"href":"https:\/\/uj.adatbank.ro\/lexikon\/wp-json\/wp\/v2\/product_tag?post=23475"}],"curies":[{"name":"wp","href":"https:\/\/api.w.org\/{rel}","templated":true}]}}