{"id":23542,"date":"2025-08-01T17:31:51","date_gmt":"2025-08-01T15:31:51","guid":{"rendered":"https:\/\/uj.adatbank.ro\/lexikon\/termek\/toth-ferenc-tott-franz-tott-francois-tott-frank\/"},"modified":"2025-08-01T17:31:51","modified_gmt":"2025-08-01T15:31:51","slug":"toth-ferenc-tott-franz-tott-francois-tott-frank","status":"publish","type":"product","link":"https:\/\/uj.adatbank.ro\/lexikon\/termek\/toth-ferenc-tott-franz-tott-francois-tott-frank\/","title":{"rendered":"T\u00d3TH Ferenc, Tott Franz, Tott Fran\u00e7ois, Tott Frank"},"content":{"rendered":"<p>Veresber\u00e9ny (Veszpr\u00e9m), 1768. nov. 19., \u2020 1844. szept. 2.: ref. p\u00fcsp\u00f6k, \u00edr\u00f3. \u2013 Tanulm\u00e1nyait Debrecenben v\u00e9gezte (1793), ahol mint kit\u0171n\u0151 tanul\u00f3 seg\u00e9dtan\u00e1r \u00e9s k\u00f6nyvt\u00e1ros is volt, ott vetette meg alapjait t\u00f6rt\u00e9nelmi b\u00fav\u00e1rkod\u00e1sainak. Teleki S\u00e1muel gr. erd\u00e9lyi kancell\u00e1r h\u00e1z\u00e1n\u00e1l nevel\u0151sk\u00f6d\u00f6tt (1799) B\u00e9csben, k\u00f6zben P\u00e1p\u00e1ra h\u00edvta meg az ottani egyh\u00e1ztan\u00e1cs teol\u00f3giai tan\u00e1rnak a f\u0151iskol\u00e1ra. El\u0151bb G\u00f6tting\u00e1ban tanult, majd elfoglalta \u00e1ll\u00e1s\u00e1t (1801), melyet paps\u00e1ggal cser\u00e9lt fel (1817), majd p\u00fcsp\u00f6kk\u00e9 v\u00e1lasztott\u00e1k (1827). Teol\u00f3giai tank\u00f6nyveket, a n\u00e9piskol\u00e1k sz\u00e1m\u00e1ra \u00e1b\u00e9c\u00e9t \u00e9s k\u00e1t\u00e9t \u00edrt. Egyh\u00e1zt\u00f6rt\u00e9nelmi kutat\u00e1sokat is folytatott, monogr\u00e1fi\u00e1kat k\u00e9sz\u00edtett. \u2013  <strong>F. m..:<\/strong> Denkw\u00fcrdigkeiten und Nachrichten von T\u00fcrken und Tatarn. I\u2013III. Theil.(1. 1786, 2. 1786., 3. 1787; Franfurt\u2013Leipzig, 1788; Wien, 1788; Frankfurt, 1789); M\u00e9moires du baron \u2013, sur les turcs et les tartares (Amsterdam, 1. 1784, 2. 1785, 3. 1784); M\u00e9moires du baron \u2013, sur les turcs et les tartares (Amstredam, 4. 1785); M\u00e9moires du baron \u2013, sur les turcs et les tartares Partie.1\u20135. (Maestrich, 1\u20135. 1785, 1786); M\u00e9moires du baron \u2013, sur les turcs et les tartares Tome1\u20133. (Paris, 1\u20133. 1785); Memoirs of baron de \u2013, containing the state of the Turkish Empire and the Crimea, during the late war with Russia. (London, 1785, 1786; Dublin, 1788); Str\u00f6dda underr\u00e4ttelser om Turkarne och Tatarerne, samlade of Baron \u2013 (Upsala, 1800). <br \/><strong>\u2013 Irod.:<\/strong> Kiss\u2013K\u00e1lm\u00e1n\u2013Bierbrunner; RMK III\/18. sz.; Szinnyei J.<\/br><\/p>\n","protected":false},"excerpt":{"rendered":"<p>Veresber\u00e9ny (Veszpr\u00e9m), 1768. nov. 19., \u2020 1844. szept. 2.: ref. p\u00fcsp\u00f6k, \u00edr\u00f3. \u2013 Tanulm\u00e1nyait Debrecenben v\u00e9gezte (1793), ahol mint kit\u0171n\u0151 tanul\u00f3 seg\u00e9dtan\u00e1r \u00e9s k\u00f6nyvt\u00e1ros is volt, ott vetette meg alapjait t\u00f6rt\u00e9nelmi b\u00fav\u00e1rkod\u00e1sainak. Teleki S\u00e1muel gr. erd\u00e9lyi kancell\u00e1r h\u00e1z\u00e1n\u00e1l nevel\u0151sk\u00f6d\u00f6tt (1799) B\u00e9csben, k\u00f6zben P\u00e1p\u00e1ra h\u00edvta meg az ottani egyh\u00e1ztan\u00e1cs teol\u00f3giai tan\u00e1rnak a f\u0151iskol\u00e1ra. El\u0151bb G\u00f6tting\u00e1ban tanult, [&hellip;]<\/p>\n","protected":false},"featured_media":0,"comment_status":"open","ping_status":"closed","template":"","meta":[],"product_brand":[],"product_cat":[137],"product_tag":[],"class_list":{"0":"post-23542","1":"product","2":"type-product","3":"status-publish","5":"product_cat-maros-megyei-eletrajzi-lexikon","7":"first","8":"instock","9":"shipping-taxable","10":"product-type-simple"},"_links":{"self":[{"href":"https:\/\/uj.adatbank.ro\/lexikon\/wp-json\/wp\/v2\/product\/23542","targetHints":{"allow":["GET"]}}],"collection":[{"href":"https:\/\/uj.adatbank.ro\/lexikon\/wp-json\/wp\/v2\/product"}],"about":[{"href":"https:\/\/uj.adatbank.ro\/lexikon\/wp-json\/wp\/v2\/types\/product"}],"replies":[{"embeddable":true,"href":"https:\/\/uj.adatbank.ro\/lexikon\/wp-json\/wp\/v2\/comments?post=23542"}],"wp:attachment":[{"href":"https:\/\/uj.adatbank.ro\/lexikon\/wp-json\/wp\/v2\/media?parent=23542"}],"wp:term":[{"taxonomy":"product_brand","embeddable":true,"href":"https:\/\/uj.adatbank.ro\/lexikon\/wp-json\/wp\/v2\/product_brand?post=23542"},{"taxonomy":"product_cat","embeddable":true,"href":"https:\/\/uj.adatbank.ro\/lexikon\/wp-json\/wp\/v2\/product_cat?post=23542"},{"taxonomy":"product_tag","embeddable":true,"href":"https:\/\/uj.adatbank.ro\/lexikon\/wp-json\/wp\/v2\/product_tag?post=23542"}],"curies":[{"name":"wp","href":"https:\/\/api.w.org\/{rel}","templated":true}]}}