{"id":23631,"date":"2025-08-01T17:35:23","date_gmt":"2025-08-01T15:35:23","guid":{"rendered":"https:\/\/uj.adatbank.ro\/lexikon\/termek\/trencseni-samuel-eredetileg-trincsi\/"},"modified":"2025-08-01T17:35:23","modified_gmt":"2025-08-01T15:35:23","slug":"trencseni-samuel-eredetileg-trincsi","status":"publish","type":"product","link":"https:\/\/uj.adatbank.ro\/lexikon\/termek\/trencseni-samuel-eredetileg-trincsi\/","title":{"rendered":"TRENCS\u00c9NI S\u00e1muel; (eredetileg: Trincsi)"},"content":{"rendered":"<p>? \u2020 ?: ref. lelk\u00e9sz. \u2013 Mv.-en ref. pap (1760\u20131808). Nagyon k\u00fcl\u00f6n\u00f6s ember volt. Fel van jegyezve r\u00f3la, hogy: olyan hossz\u00fa templomi besz\u00e9deket \u00e9s k\u00f6ny\u00f6rg\u00e9seket mondott, hogy bes\u00f6t\u00e9tedett \u00e9s azon vette mag\u00e1t \u00e9szre, hogy hallgat\u00f3i egyed\u00fcl hagyt\u00e1k. Ha diszn\u00f3p\u00e1sztort fedezett fel \u00e1jtatos h\u00edvei k\u00f6z\u00f6tt, f\u00e9lbehagyta a k\u00f6ny\u00f6rg\u00e9st, szitkoz\u00f3dott a diszn\u00f3k ellen, \u00e9s miut\u00e1n megpirongatta a h\u00fcledez\u0151 p\u00e1sztort, visszament a sz\u00f3sz\u00e9kre folytatni az im\u00e1ds\u00e1got. T\u00falhajtott buzg\u00f3s\u00e1ga miatt ker\u00fclt korai nyugalomba. Egyed\u00fcl \u00e9lt kis h\u00e1zik\u00f3j\u00e1ban, melyben soha nem takar\u00edtott. Egeret, bolh\u00e1t vagy m\u00e1s \u00e9l\u0151sdi \u00e1llatot meg nem \u00f6lt volna. H\u00e1zr\u00f3l h\u00e1zra j\u00e1rt, otthonukban tan\u00edtotta a gyermekeket vall\u00e1sra \u00e9s szent t\u00f6rt\u00e9netekre, ami\u00e9rt kenyeret \u00e9s m\u00e1s \u00e9lelmiszert k\u00fcld\u00f6ztek neki. \u0150 kezdem\u00e9nyezte egy, a ref. koll\u00e9gium fennhat\u00f3s\u00e1ga alatti \u00fan. polg\u00e1ri iskola l\u00e9tes\u00edt\u00e9s\u00e9t, beadta tervezet\u00e9t (1802). A j\u00f3 igyekezet\u0171 kezdem\u00e9nyez\u00e9st m\u00e9lt\u00e1nyolt\u00e1k, \u00e9s az int\u00e9zm\u00e9ny sz\u00fcks\u00e9gess\u00e9g\u00e9t hangoztatt\u00e1k ugyan, de v\u00e9g\u00fcl is elvetett\u00e9k. Az \u0151 b\u00edztat\u00e1s\u00e1ra ment vissza a koll\u00e9giumba Fogarasi S\u00e1muel (1780), aki napl\u00f3j\u00e1ban feljegyezte: \u201e\u0150 elj\u00e1rta &#8216;s megk\u00e9rte a&#8217; professorokat, hogy vegy\u00e9k vissza Fogarasit. Ha nincs Trincsi pap, nem lett volna pap Fogarasi &#8216;s ma hom\u00e1lyban volna azon korb\u00f3l igen sok t\u00f6rt\u00e9nelmi adat, az \u0151 napl\u00f3ja n\u00e9lk\u00fcl, melyb\u0151l t\u00f6bb \u00e9rdekes adatot mer\u00edtett\u00fcnk ut\u00f3da Nagy S\u00e1ndor, h\u00eddv\u00e9gi pap tisztelt bar\u00e1tom sz\u00edvess\u00e9g\u00e9b\u0151l.\u201d. <br \/><strong>\u2013 Irod.:<\/strong> Fogarasi; Id\u0151t\u00e1r 1; Kr\u00f3n. F\u00fcz. (1939. 4\/8).<\/br><\/p>\n","protected":false},"excerpt":{"rendered":"<p>? \u2020 ?: ref. lelk\u00e9sz. \u2013 Mv.-en ref. pap (1760\u20131808). Nagyon k\u00fcl\u00f6n\u00f6s ember volt. Fel van jegyezve r\u00f3la, hogy: olyan hossz\u00fa templomi besz\u00e9deket \u00e9s k\u00f6ny\u00f6rg\u00e9seket mondott, hogy bes\u00f6t\u00e9tedett \u00e9s azon vette mag\u00e1t \u00e9szre, hogy hallgat\u00f3i egyed\u00fcl hagyt\u00e1k. Ha diszn\u00f3p\u00e1sztort fedezett fel \u00e1jtatos h\u00edvei k\u00f6z\u00f6tt, f\u00e9lbehagyta a k\u00f6ny\u00f6rg\u00e9st, szitkoz\u00f3dott a diszn\u00f3k ellen, \u00e9s miut\u00e1n megpirongatta a [&hellip;]<\/p>\n","protected":false},"featured_media":0,"comment_status":"open","ping_status":"closed","template":"","meta":[],"product_brand":[],"product_cat":[137],"product_tag":[],"class_list":{"0":"post-23631","1":"product","2":"type-product","3":"status-publish","5":"product_cat-maros-megyei-eletrajzi-lexikon","7":"first","8":"instock","9":"shipping-taxable","10":"product-type-simple"},"_links":{"self":[{"href":"https:\/\/uj.adatbank.ro\/lexikon\/wp-json\/wp\/v2\/product\/23631","targetHints":{"allow":["GET"]}}],"collection":[{"href":"https:\/\/uj.adatbank.ro\/lexikon\/wp-json\/wp\/v2\/product"}],"about":[{"href":"https:\/\/uj.adatbank.ro\/lexikon\/wp-json\/wp\/v2\/types\/product"}],"replies":[{"embeddable":true,"href":"https:\/\/uj.adatbank.ro\/lexikon\/wp-json\/wp\/v2\/comments?post=23631"}],"wp:attachment":[{"href":"https:\/\/uj.adatbank.ro\/lexikon\/wp-json\/wp\/v2\/media?parent=23631"}],"wp:term":[{"taxonomy":"product_brand","embeddable":true,"href":"https:\/\/uj.adatbank.ro\/lexikon\/wp-json\/wp\/v2\/product_brand?post=23631"},{"taxonomy":"product_cat","embeddable":true,"href":"https:\/\/uj.adatbank.ro\/lexikon\/wp-json\/wp\/v2\/product_cat?post=23631"},{"taxonomy":"product_tag","embeddable":true,"href":"https:\/\/uj.adatbank.ro\/lexikon\/wp-json\/wp\/v2\/product_tag?post=23631"}],"curies":[{"name":"wp","href":"https:\/\/api.w.org\/{rel}","templated":true}]}}