{"id":23715,"date":"2025-08-01T17:38:41","date_gmt":"2025-08-01T15:38:41","guid":{"rendered":"https:\/\/uj.adatbank.ro\/lexikon\/termek\/turnowsky-sandor-turnovszky-alexandru-alneve-maros-tamas\/"},"modified":"2025-08-01T17:38:41","modified_gmt":"2025-08-01T15:38:41","slug":"turnowsky-sandor-turnovszky-alexandru-alneve-maros-tamas","status":"publish","type":"product","link":"https:\/\/uj.adatbank.ro\/lexikon\/termek\/turnowsky-sandor-turnovszky-alexandru-alneve-maros-tamas\/","title":{"rendered":"TURNOWSKY S\u00e1ndor, Turnovszky Alexandru, \u00c1lneve: Maros Tam\u00e1s"},"content":{"rendered":"<p>Mv., 1889. j\u00fal. 21., \u2020 Mv., 1958. m\u00e1j. 5.: jog\u00e1sz, szociol\u00f3gus, \u00fcgyv\u00e9d, egyetemi tan\u00e1r, k\u00f6zir\u00f3. \u2013 T. M\u00f3r orvos \u00e9s Hay Anna fia. Feles\u00e9ge: Erd\u00e9lyi Roz\u00e1lia. Mv.-en v\u00e9gezte a k\u00f6z\u00e9piskol\u00e1t a Ref. Koll.-ban, 17 \u00e9vesen tartotta els\u0151 el\u0151ad\u00e1s\u00e1t Koncz J\u00f3zsefr\u0151l. K\u00f6z\u00e9piskol\u00e1i elv\u00e9gz\u00e9se ut\u00e1n el\u0151bb a h\u00edrlap\u00edr\u00f3i p\u00e1ly\u00e1ra l\u00e9pett \u00e9s r\u00f6vid ideig szerkeszt\u0151je volt Mv.-en az Erd\u00e9lyi Napl\u00f3nak. A bp.-i, a berlini egy. Jogtud. Kar\u00e1n tanult (1909. okt. \u2013 1910. aug.), a bp.-i egy.-en jogtud. doktori oklevelet szerzett (1911). A f\u0151v\u00e1rosban joggyakornok. Egyik alap\u00edt\u00f3ja (1908), majd eln\u00f6ke (1912) a bp.-i Galilei K\u00f6rnek; a Vil\u00e1g munkat\u00e1rsa (1913\u2013). \u00dcgyv\u00e9di vizsg\u00e1t tett (1914). A munk\u00e1smozgalmak t\u00e1mogat\u00f3ja, bekapcsol\u00f3dott a Szocdem. \u00e9s a szakszervezeti harcokba. Mv-en \u00fcgyv\u00e9d (1915\u2013) M\u00e1r az I. vh. el\u0151tt \u00e1lland\u00f3 kapcsolatot tartott a mv.-i halad\u00f3 k\u00f6r\u00f6kkel. Szem\u00e9lyes kapcsolata volt Braun Jen\u0151vel is. R\u00e9szt vett az I. vh.-ban (1916\u201318), majd visszat\u00e9rt Mv.-re, ahol a t\u00f6rv\u00e9nyhat\u00f3s\u00e1gi bizotts\u00e1g tagja, a Nemzeti Tan\u00e1cs, valamint az Orsz\u00e1gos Radik\u00e1lis P\u00e1rt helyi (1918. okt.), k\u00e9s\u0151bb orsz\u00e1gos (1919) titk\u00e1ra. Bp.-n tev\u00e9kenyen r\u00e9szt vett az \u201e\u0151szir\u00f3zs\u00e1s\u201d forradalomban: a forradalmi t\u00f6rv\u00e9nysz\u00e9k mellett m\u0171k\u00f6d\u0151 likvid\u00e1l\u00f3 bizotts\u00e1g tagja (1919), a Tan\u00e1csk\u00f6zt\u00e1rsas\u00e1g egyik \u00fcgy\u00e9sze, v\u00e1dbiztos; szerkesztette a Nemzeti Tan\u00e1cs H\u00edrad\u00f3ja c. lapot, elt\u00e1voz\u00e1sakor a lap megsz\u0171nt. Mo.-on t\u00e1voll\u00e9t\u00e9ben sok \u00e9vi b\u00f6rt\u00f6nre \u00edt\u00e9lt\u00e9k. Mv.-re k\u00f6lt\u00f6z\u00f6tt (1920). Az imp\u00e9riumv\u00e1ltoz\u00e1s ut\u00e1ni \u00e9vekben munkat\u00e1rsa az Aradi Viktor szerkesztette J\u00f6v\u0151 T\u00e1rsadalm\u00e1nak (1925\u201327), munkat\u00e1rsa a Korunknak, a Keleti \u00dajs\u00e1gnak (1927\u201329), egyik vezet\u0151je a T\u00e1rsadalomtudom\u00e1nyi T\u00e1rsas\u00e1gnak. A Falusi \u00e9s V\u00e1rosi Dolgoz\u00f3k Blokkj\u00e1nak k\u00e9pvisel\u0151jel\u00f6ltje (1928). Braun R\u00f3bert tanulm\u00e1nya ut\u00e1n h\u00fasz \u00e9vvel elk\u00e9sz\u00edtette \u00f6sszehasonl\u00edt\u00f3 szociogr\u00e1fiai tanulm\u00e1ny\u00e1t Mv. ipari munk\u00e1ss\u00e1g\u00e1nak \u00e9let\u00e9r\u0151l (1928). Nagyv\u00e1radon gyakorl\u00f3 \u00fcgyv\u00e9d (1929\u2013), \u00fajs\u00e1g\u00edr\u00f3, t\u00e1rsszerz\u0151je \u00e9s kiad\u00f3ja volt a hal\u00e1lra \u00edt\u00e9lt Sallai \u00e9s F\u00fcrst kiv\u00e9gz\u00e9se ellen \u00edrott Manifesztumnak (1932), erd\u00e9lyi sz\u00f3viv\u0151je a p\u00e1neur\u00f3pai mozgalomnak. A b\u00e9csi d\u00f6nt\u00e9s ut\u00e1n a m. politikai rend\u0151rs\u00e9g fel\u00fcgyelet al\u00e1 rendelte, majd a s\u00e1rv\u00e1ri \u00e9s a nagykanizsai intern\u00e1l\u00f3t\u00e1borba z\u00e1rt\u00e1k (1944\u201345). Hazat\u00e9rt Nagyv\u00e1radra (1945), bekapcsol\u00f3dott a MNSZ \u00e9s a Szoci\u00e1ldemokrata P\u00e1rt munk\u00e1j\u00e1ba mint a kult\u00farbizotts\u00e1g tagja. A kv.-i BTE Jogi Kar\u00e1nak professzora (1946\u201351), b\u00fcntet\u0151jogot \u00e9s b\u00fcntet\u0151perrendtart\u00e1st adott el\u0151. A Vil\u00e1goss\u00e1g munkat\u00e1rsa (1949\u201350). Nyugd\u00edjask\u00e9nt a kv.-i Tartom\u00e1nyi K\u00f6nyvt\u00e1rban dolgozott, majd kinevezt\u00e9k igazgat\u00f3nak a nagyenyedi Bethlen Koll. \u00e1llamos\u00edtott k\u00f6nyvt\u00e1r\u00e1ba (1952\u201357), Engel K\u00e1roly, majd Vita Zsigmond voltak munkat\u00e1rsai. Az Orsz. \u00dcgyv\u00e9djel\u00f6lt Sz\u00f6v. eln\u00f6ke. A Pet\u0151fi szabadk\u0151m\u0171ves p\u00e1holy tagja (1913). Hazai \u00e9s n\u00e9met lapokban k\u00f6z\u00f6lt b\u00fcntet\u0151jogi, jogpszichol\u00f3giai, szociol\u00f3giai \u00e9s filoz\u00f3fiai tanulm\u00e1nyokat: Das junge Europa, \u00daj Erd\u00e9ly, Napkelet, A j\u00f6v\u0151 t\u00e1rsadalma, Korunk, a buk.-i \u00daj Magyarok has\u00e1bjain. T\u00f6bb mint n\u00e9gysz\u00e1zra tehet\u0151 tanulm\u00e1nyainak \u00e9s cikkeinek sz\u00e1ma, amelyek a N\u00e9pszava, Pesti H\u00edrlap, Vil\u00e1g, Keleti \u00dajs\u00e1g, Brass\u00f3i Lapok, Nagyv\u00e1radi Napl\u00f3, a nagyv\u00e1radi \u00dajs\u00e1g \u00e9s \u00daj \u00c9let, a Por\u00e1gai Magyar H\u00edrlap, a kv.-i Erd\u00e9ly \u00e9s Vil\u00e1goss\u00e1g, a buk.-i El\u0151re, a Korunk has\u00e1bjain jelentek meg. A P\u00e1neur\u00f3pa mozgalom erd\u00e9lyi sz\u00f3viv\u0151je; a munk\u00e1skult\u00fara ter\u00e9n is dolgozott. Hagyat\u00e9k\u00e1t, 7324 nyomtatv\u00e1ny \u00e9s k\u00e9zirat, a mv.-i Teleki-Bolyai k\u00f6nyvt\u00e1r k\u00fcl\u00f6n egys\u00e9gk\u00e9nt \u0151rzi. \u2013  <strong>F. m..:<\/strong> Eml\u00e9kbesz\u00e9d Koncz J\u00f3zsef f\u00f6l\u00f6tt (Mv., 1906); A l\u00e9ghaj\u00f3z\u00e1s jogi probl\u00e9m\u00e1ja (Bp., 1910); Bedingte Verurteilung und die strafrechtliche Behandlung jugendlicher Personen in der ungarischen Strafgesetznovelle (Berlin, 1910); Der Zukunft (Berlin, 1910); Vil\u00e1gnyelv (Bp., 1911); Mounier (Bp, 1913); H\u00e1rom tanulm\u00e1ny a h\u00e1bor\u00far\u00f3l (Bp., 1915); Die Zukunft des V\u00f6lkerrechts (Bp, 1916), Mi az a p\u00e1neur\u00f3pa? (Mv., 1926); Prolet\u00e1rsors. Adatok a vid\u00e9ki munk\u00e1ss\u00e1g \u00e9let\u00e9hez (Kv., 1929); Marosportust\u00f3l Moszkv\u00e1ig I. Marosportust\u00f3l Berlinig (Maros Tam\u00e1s \u00e1ln\u00e9ven Nagyv\u00e1rad, 1932); A b\u00fcntet\u0151jog \u00e1ltal\u00e1nos r\u00e9sze (Kv., 1947); B\u00fcntet\u0151 t\u00f6rv\u00e9nykez\u00e9si jog (el\u0151ad\u00e1sai alapj\u00e1n \u00f6ssze\u00e1ll\u00edtotta D\u00e1n\u00e9 Tibor, Kv., 1947); <strong>antol\u00f3g.:<\/strong> Metamorphosis Transylvaniae (Kv., 1937); Fegyverek k\u00f6zt m\u00fazs\u00e1k (Kv., 1940);  <strong>t\u00e1rssz.:<\/strong> Vihar (sz\u00ednm\u0171 Gara Ern\u0151vel, Nagyv\u00e1rad, 1940);  <strong> szerk.:<\/strong> Sz\u00e1sz K\u00e1roly V\u00e1logatott \u00edr\u00e1sai (Kiss G\u00e9z\u00e1val sajt\u00f3 al\u00e1 rendezte, bev., Buk., 1955); Biblioteca Bethlen din Aiud (\u00f6ssze\u00e1ll\u00edtotta Vita Zsigmonddal, Buk., 1957);  <strong>ford.:<\/strong> France, Anatole: Boldizs\u00e1r (B\u00e9k\u00e9scsaba, 1918); Barna k\u00f6nyv (1934). <br \/><strong>\u2013 Irod.:<\/strong> Almanah Tg. M.; B\u00e1nyai L\u00e1szl\u00f3: Egy \u00e9let \u00fatjelz\u0151i: Eml\u00e9kez\u00e9s T. S.-ra (El\u0151re, 1968. j\u00fan. 1.); B\u00e1nyai L\u00e1szl\u00f3: Hossz\u00fa mezsgye (Buk, 1970); De\u00e9 Nagy Anik\u00f3 2007; Erd\u00e9lyi ezredek; Fuchs Simon: Munk\u00e1smozgalom a Maros v\u00f6lgy\u00e9ben (Buk., 1975); Id\u0151t\u00e1r 2; Id\u0151t\u00e1r 3; Jord\u00e1ky Lajos: Szocializmus \u00e9s t\u00f6rt\u00e9nettudom\u00e1ny (Buk., 1974); Jord\u00e1ky Lajos: Eml\u00e9kez\u00e9s T. S.-ra (Korunk, 1968, 6. sz.); Katona Szab\u00f3; Marosi-KZST; Marosi Ildik\u00f3: Kedves T. S.! (A H\u00e9t, 1978.); M\u00c9L; Molter 3.; Mv.-Bal\u00e1s; Osv\u00e1th; P\u00e1l-Antal S\u00e1ndor: Mv.-i M. Nemzeti Tan\u00e1cs [K\u00e9zirat, 4 p.]; RMIL; Sebesty\u00e9n Mih\u00e1ly 2000; Sebesty\u00e9n Mih\u00e1ly: P\u00e1rbajolimpi\u00e1sz a sz\u00e9kely f\u0151v\u00e1rosban (N\u00fa., Sz\u00ednes vil\u00e1g, 2021. m\u00e1rc. 19.); Szab\u00f3\u2013Simon\u2013Sz\u00f6gi; Szinnyei; Todea 2013; Turnowszky Roz\u00e1lia: A T.-hagyat\u00e9k feldolgoz\u00e1sa (K\u00f6nyvt\u00e1ri Szemle, 1968, 3. sz.); \u00daM\u00c9L.<\/br><\/p>\n","protected":false},"excerpt":{"rendered":"<p>Mv., 1889. j\u00fal. 21., \u2020 Mv., 1958. m\u00e1j. 5.: jog\u00e1sz, szociol\u00f3gus, \u00fcgyv\u00e9d, egyetemi tan\u00e1r, k\u00f6zir\u00f3. \u2013 T. M\u00f3r orvos \u00e9s Hay Anna fia. Feles\u00e9ge: Erd\u00e9lyi Roz\u00e1lia. Mv.-en v\u00e9gezte a k\u00f6z\u00e9piskol\u00e1t a Ref. Koll.-ban, 17 \u00e9vesen tartotta els\u0151 el\u0151ad\u00e1s\u00e1t Koncz J\u00f3zsefr\u0151l. K\u00f6z\u00e9piskol\u00e1i elv\u00e9gz\u00e9se ut\u00e1n el\u0151bb a h\u00edrlap\u00edr\u00f3i p\u00e1ly\u00e1ra l\u00e9pett \u00e9s r\u00f6vid ideig szerkeszt\u0151je volt Mv.-en az [&hellip;]<\/p>\n","protected":false},"featured_media":0,"comment_status":"open","ping_status":"closed","template":"","meta":[],"product_brand":[],"product_cat":[137],"product_tag":[],"class_list":{"0":"post-23715","1":"product","2":"type-product","3":"status-publish","5":"product_cat-maros-megyei-eletrajzi-lexikon","7":"first","8":"instock","9":"shipping-taxable","10":"product-type-simple"},"_links":{"self":[{"href":"https:\/\/uj.adatbank.ro\/lexikon\/wp-json\/wp\/v2\/product\/23715","targetHints":{"allow":["GET"]}}],"collection":[{"href":"https:\/\/uj.adatbank.ro\/lexikon\/wp-json\/wp\/v2\/product"}],"about":[{"href":"https:\/\/uj.adatbank.ro\/lexikon\/wp-json\/wp\/v2\/types\/product"}],"replies":[{"embeddable":true,"href":"https:\/\/uj.adatbank.ro\/lexikon\/wp-json\/wp\/v2\/comments?post=23715"}],"wp:attachment":[{"href":"https:\/\/uj.adatbank.ro\/lexikon\/wp-json\/wp\/v2\/media?parent=23715"}],"wp:term":[{"taxonomy":"product_brand","embeddable":true,"href":"https:\/\/uj.adatbank.ro\/lexikon\/wp-json\/wp\/v2\/product_brand?post=23715"},{"taxonomy":"product_cat","embeddable":true,"href":"https:\/\/uj.adatbank.ro\/lexikon\/wp-json\/wp\/v2\/product_cat?post=23715"},{"taxonomy":"product_tag","embeddable":true,"href":"https:\/\/uj.adatbank.ro\/lexikon\/wp-json\/wp\/v2\/product_tag?post=23715"}],"curies":[{"name":"wp","href":"https:\/\/api.w.org\/{rel}","templated":true}]}}