{"id":23798,"date":"2025-08-01T17:42:03","date_gmt":"2025-08-01T15:42:03","guid":{"rendered":"https:\/\/uj.adatbank.ro\/lexikon\/termek\/ujfalvi-krisztina-mezokovesdi-havadi-mate-janosne-1780-tol\/"},"modified":"2025-08-01T17:42:03","modified_gmt":"2025-08-01T15:42:03","slug":"ujfalvi-krisztina-mezokovesdi-havadi-mate-janosne-1780-tol","status":"publish","type":"product","link":"https:\/\/uj.adatbank.ro\/lexikon\/termek\/ujfalvi-krisztina-mezokovesdi-havadi-mate-janosne-1780-tol\/","title":{"rendered":"\u00daJFALVI Krisztina, mez\u0151k\u00f6vesdi; havadi M\u00e1t\u00e9 J\u00e1nosn\u00e9 (1780-t\u00f3l)"},"content":{"rendered":"<p>Sz\u0151kefalva, 1761. szept. 3., \u2020 Mez\u0151cs\u00e1v\u00e1s, 1818. jan. 29.: k\u00f6lt\u0151. \u00da. S\u00e1muel (\u2020 1828) k\u00fck\u00fcll\u0151i f\u0151b\u00edr\u00f3 f\u0151b\u00edr\u00f3 \u00e9s Sombori Bora le\u00e1nya. \u2013 Apja hal\u00e1la (1768) ut\u00e1n anyja egyed\u00fcl nevelte a felt\u0171n\u0151 sz\u00e9ps\u00e9g\u0171 \u00e9s kellemes modor\u00fa l\u00e1nyt. Szerelmes volt gr. Haller L\u00e1szl\u00f3ba, aki azonban ut\u00f3bb m\u00e1st vett feles\u00e9g\u00fcl. Elkesered\u00e9s\u00e9ben f\u00e9rjhez ment havadi M\u00e1t\u00e9 J\u00e1noshoz, aki vagyonos birtokos \u00e9s tudom\u00e1nyosan k\u00e9pzett ember volt. F\u00e9rj\u00e9t\u0151l teljes szabads\u00e1got k\u00e9rt \u00e9s azt, hogy ne tartson ig\u00e9nyt. szerelm\u00e9re. Az esk\u00fcv\u0151 ut\u00e1n (1780. m\u00e1j. 22.) f\u00e9rj\u00e9vel a Maros menti Mez\u0151cs\u00e1v\u00e1sra k\u00f6lt\u00f6ztek. Mag\u00e1ny\u00e1ban a k\u00f6lt\u00e9szet \u00e9s k\u00f6zeli bar\u00e1tn\u0151je, az \u0151t gyakran l\u00e1togat\u00f3 Moln\u00e1r Borb\u00e1la jelentett sz\u00e1m\u00e1ra vigaszt, akivel s\u0171r\u0171n levelezett \u00e9s aki miut\u00e1n meg\u00f6zvegy\u00fclt, Sz\u0151kefalv\u00e1n lett Mikes gr.-n\u0151 t\u00e1rsalkod\u00f3n\u0151je. Nemsok\u00e1ra a teleket f\u00e9rje n\u00e9lk\u00fcl rokonain\u00e1l kezdte t\u00f6lteni, de tavasszal eleinte m\u00e9g visszat\u00e9rt f\u00e9rj\u00e9hez. K\u00e9s\u0151bb Mv.-en, majd Kv.-ott lakott, majd f\u00e9rj\u00e9t elhagyva v\u00e9gleg Kv.-ra k\u00f6lt\u00f6z\u00f6tt. Itt hamarosan nekilend\u00fclt, \u00e9lni akar\u00e1sa fel\u00fclkerekedett: \u201eamazonosan kezdett \u00f6lt\u00f6zk\u00f6dni, magas kalapot viselt \u00e9s f\u00e9rfiakkal ingerkedett, kikkel levelez\u00e9st folytatott\u201d. G\u00e1l\u00e1ns kalandjair\u00f3l legend\u00e1k j\u00e1rtak. J\u00f3id\u00e9ig \u00e9lte vil\u00e1g\u00e1t \u00edgy. Amikor f\u00e9rje megbetegedett, visszat\u00e9rt hozz\u00e1, de egy k\u00fcl\u00f6n \u00e9p\u00fcletben lakott, \u00e9s k\u00e9t \u00e9vig \u00e1polta s\u00falyos vesebajban szenved\u0151 f\u00e9rj\u00e9t. (1813\u20131815. m\u00e1rc.). F\u00e9rje betegs\u00e9ge alatt v\u00e1lasztott\u00e1k meg a falu jegyz\u0151j\u00e9nek, \u00edgy lett a vil\u00e1g els\u0151 jegyz\u0151n\u0151je. Ez alatt k\u00f6zs\u00e9ge jegyz\u0151j\u00e9nek is megv\u00e1lasztott\u00e1k. Saj\u00e1t kez\u0171leg \u00edrta meg f\u00e9rje gy\u00e1szjelent\u00e9s\u00e9t (kelt Mez\u0151cs\u00e1v\u00e1son, m\u00e1rc. 25. 1815.), melyben els\u00edrja szerencs\u00e9tlen h\u00e1zas\u00e9let\u00e9t. Ugyancsak elk\u00e9sz\u00edtette saj\u00e1t gy\u00e1szjelent\u00e9s\u00e9t is \u00e9s az akkori erd\u00e9lyi szok\u00e1s szerint, hosszadalmasan le\u00edrja \u00e9let\u00e9t \u00e9s szenved\u00e9seit. K\u00f6nyvt\u00e1ra Sz\u0151kefalv\u00e1n mai napig megvan \u00e9s 173 magyar munk\u00e1b\u00f3l \u00e1ll, mind saj\u00e1t al\u00e1\u00edr\u00e1s\u00e1val van ell\u00e1tva. Ennek katal\u00f3gus\u00e1t (4-r\u00e9t, \u00f6t oldalnyi jegyz\u00e9k) szint\u00e9n U. K. \u00edrta \u00e9s d\u00e9dunok\u00e1ja, Kisp\u00e1l S\u00e1ndor k\u00f6zz\u00e9 tette a Philologiai K\u00f6zl\u00f6nyben (1887. \u00e9vfolyam\u00e1ban). K\u00f6ltem\u00e9nyeit nem sz\u00e1nta nyilv\u00e1noss\u00e1gra, az ezeket tartalmaz\u00f3 f\u00fczet D\u00f6brentei G\u00e1bor birtok\u00e1ba ker\u00fclt \u00e9s csak elsz\u00f3rtan jelentek meg. Fr. Kr\u00e1ter A m\u00e1riav\u00e1ri hajadon&#8230; c. \u00e9rz\u00e9kenyj\u00e1t\u00e9k\u00e1nak ford\u00edt\u00e1sa k\u00e9ziratban maradt (1799). H\u00e1romk\u00f6tetes napl\u00f3ja \u00e9rdekes m\u0171vel\u0151d\u00e9s- \u00e9s irodalomt\u00f6rt\u00e9neti forr\u00e1s. \u2013  <strong>F. m..:<\/strong> Bar\u00e1ts\u00e1gi vet\u00e9lked\u00e9s, vagy Moln\u00e1r Borb\u00e1l\u00e1nak M\u00e1t\u00e9 J\u00e1nosn\u00e9 asszonnyal k\u00e9t nem hib\u00e1i \u00e9s \u00e9rdemei fel\u0151l folytatott levelez\u00e9sei (Kv., 1804); [Versei]. Kiad., jegyz. K\u0151v\u00e1ri L\u00e1szl\u00f3 (Figyel\u0151, 1882), <strong>antol\u00f3g.:<\/strong> H\u00f6lgyek Lantja. (Pest, 1865; 1873); A magyar k\u00f6lt\u00e9szet kincsesh\u00e1za (Bp., 1895), Magyar versek k\u00f6nyve (Bp., 1937, 1942), Szigetek a Holttengerben (Mv., 1998); Versekben t\u00fcnd\u00f6kl\u0151 Erd\u00e9ly (Kv., 1941). <br \/><strong>\u2013 Irod.:<\/strong> Bak\u00f3 Zolt\u00e1n: Nem kell mindj\u00e1rt lemondani a vil\u00e1gr\u00f3l\u2026 (V\u00e1s\u00e1rhelyi H\u00edrlap, 2007. dec. 28.); Bak\u00f3 Zolt\u00e1n: Mez\u0151cs\u00e1v\u00e1son \u00e9lt a vil\u00e1g els\u0151 jegyz\u0151n\u0151je (V\u00e1s\u00e1rhelyi H\u00edrlap, 2011. jan. 14.); B\u00e1nhegyi J\u00f3b: Magyar n\u0151\u00edr\u00f3k (Bp., 1939); Be\u00f6thy; Endr\u0151di S\u00e1ndor: Magyar h\u00f6lgyek \u00e9letrajzai (Pozsony-Bp., s.a.); F\u00e1bi\u00e1n; Hentaller Mariska, Fayn\u00e9: A magyar \u00edr\u00f3n\u0151kr\u0151l (Bp., 1889); Kornis Gyula: A magyar m\u0171vel\u0151d\u00e9s eszm\u00e9nyei (Bp., 1927); K\u0151v\u00e1ri L\u00e1szl\u00f3: U. K. (Csal\u00e1d K\u00f6nyve, 1855); Kr\u00f3n F\u00fcz. (1939. 4\/9); A magyar irodalom t\u00f6rt\u00e9nete: K\u00e9pes (Bp., 1906\u201307); M\u00c9L; P\u00e1lmay; Pint\u00e9r; Pr\u00e9m J\u00f3zsef: U. K. (Pozsony, 1886); RNL; Somkuti Gabriella: U. K. \u00e9s elfeledett k\u00f6nyvt\u00e1ra (OSZK \u00c9vk., 1981); Somkuti Gabriella: \u00da. K. \u00e9s k\u00f6nyvt\u00e1ra (Gazdas\u00e1gt\u00f6rt\u00e9net \u2013 k\u00f6nyvt\u00e1rt\u00f6rt\u00e9net. Berl\u00e1sz Jen\u0151 Eml\u00e9kk. Bp., 2001); Szinnyei, Sinnyei J.; \u00daM\u00c9L; \u00daMIL, Vajth\u00f3 L\u00e1szl\u00f3: Halhatatlan magyar irodalom (Bp., s.a.).<\/br><\/p>\n","protected":false},"excerpt":{"rendered":"<p>Sz\u0151kefalva, 1761. szept. 3., \u2020 Mez\u0151cs\u00e1v\u00e1s, 1818. jan. 29.: k\u00f6lt\u0151. \u00da. S\u00e1muel (\u2020 1828) k\u00fck\u00fcll\u0151i f\u0151b\u00edr\u00f3 f\u0151b\u00edr\u00f3 \u00e9s Sombori Bora le\u00e1nya. \u2013 Apja hal\u00e1la (1768) ut\u00e1n anyja egyed\u00fcl nevelte a felt\u0171n\u0151 sz\u00e9ps\u00e9g\u0171 \u00e9s kellemes modor\u00fa l\u00e1nyt. Szerelmes volt gr. Haller L\u00e1szl\u00f3ba, aki azonban ut\u00f3bb m\u00e1st vett feles\u00e9g\u00fcl. Elkesered\u00e9s\u00e9ben f\u00e9rjhez ment havadi M\u00e1t\u00e9 J\u00e1noshoz, aki vagyonos [&hellip;]<\/p>\n","protected":false},"featured_media":0,"comment_status":"open","ping_status":"closed","template":"","meta":[],"product_brand":[],"product_cat":[137],"product_tag":[],"class_list":{"0":"post-23798","1":"product","2":"type-product","3":"status-publish","5":"product_cat-maros-megyei-eletrajzi-lexikon","7":"first","8":"instock","9":"shipping-taxable","10":"product-type-simple"},"_links":{"self":[{"href":"https:\/\/uj.adatbank.ro\/lexikon\/wp-json\/wp\/v2\/product\/23798","targetHints":{"allow":["GET"]}}],"collection":[{"href":"https:\/\/uj.adatbank.ro\/lexikon\/wp-json\/wp\/v2\/product"}],"about":[{"href":"https:\/\/uj.adatbank.ro\/lexikon\/wp-json\/wp\/v2\/types\/product"}],"replies":[{"embeddable":true,"href":"https:\/\/uj.adatbank.ro\/lexikon\/wp-json\/wp\/v2\/comments?post=23798"}],"wp:attachment":[{"href":"https:\/\/uj.adatbank.ro\/lexikon\/wp-json\/wp\/v2\/media?parent=23798"}],"wp:term":[{"taxonomy":"product_brand","embeddable":true,"href":"https:\/\/uj.adatbank.ro\/lexikon\/wp-json\/wp\/v2\/product_brand?post=23798"},{"taxonomy":"product_cat","embeddable":true,"href":"https:\/\/uj.adatbank.ro\/lexikon\/wp-json\/wp\/v2\/product_cat?post=23798"},{"taxonomy":"product_tag","embeddable":true,"href":"https:\/\/uj.adatbank.ro\/lexikon\/wp-json\/wp\/v2\/product_tag?post=23798"}],"curies":[{"name":"wp","href":"https:\/\/api.w.org\/{rel}","templated":true}]}}