{"id":23998,"date":"2025-08-01T17:50:32","date_gmt":"2025-08-01T15:50:32","guid":{"rendered":"https:\/\/uj.adatbank.ro\/lexikon\/termek\/vajdaszentivanyi-alias-thordai-janos\/"},"modified":"2025-08-01T17:50:32","modified_gmt":"2025-08-01T15:50:32","slug":"vajdaszentivanyi-alias-thordai-janos","status":"publish","type":"product","link":"https:\/\/uj.adatbank.ro\/lexikon\/termek\/vajdaszentivanyi-alias-thordai-janos\/","title":{"rendered":"VAJDASZENTIV\u00c1NYI (alias Thordai) J\u00e1nos"},"content":{"rendered":"<p>Vajdaszentiv\u00e1ny, 1630. k., \u2020\u00a0G\u00e1lfalva, 1689. nov. 1.: ref. lelk\u00e9sz, esperes, tan\u00edt\u00f3. K\u00edv\u00e1ns\u00e1g\u00e1ra Bonyh\u00e1n temett\u00e9k el. \u2013 Feles\u00e9ge Orb\u00e1n M\u00e1rta. \u2013 Mv.-en, Magyarigenben \u00e9s Gyulafeh\u00e9rv\u00e1ron v\u00e9gezte tanulm\u00e1nyait. Biszterfeld J\u00e1nosnak volt kedvenc tan\u00edtv\u00e1nya, az \u0151 aj\u00e1nl\u00e1s\u00e1ra ker\u00fclt Bonyh\u00e1ra tan\u00edt\u00f3nak (1651\u201353). Nagykendre h\u00edvt\u00e1k lelk\u00e9sznek (1653\u201359), onnan V\u00e1mosg\u00e1lfalv\u00e1ra t\u00e1vozott (1659\u201377), 15 \u00e9vet szolg\u00e1lt. Majd G\u00f3g\u00e1nban (1677\u201382) \u00e9s K\u00fck\u00fcll\u0151v\u00e1ron (1685\u201389) volt lelk\u00e9sz hal\u00e1l\u00e1ig. Dadai J\u00e1nos hal\u00e1la ut\u00e1n a k\u00fck\u00fcll\u0151i egyh\u00e1zmegye esperese hal\u00e1l\u00e1ig (1668\u201384 \u00e9s 1685\u201389). A szolg\u00e1lata sor\u00e1n megszervezte a presbit\u00e9riumot, bevezette. <br \/><strong>\u2013 Irod.:<\/strong> Bonyha \u00e9s egyh\u00e1za; K\u00fck\u00fcll\u0151i Ref. Egyh\u00e1zm. 1., 2., 4.; Nagy L\u00e1szl\u00f3.<\/br><\/p>\n","protected":false},"excerpt":{"rendered":"<p>Vajdaszentiv\u00e1ny, 1630. k., \u2020\u00a0G\u00e1lfalva, 1689. nov. 1.: ref. lelk\u00e9sz, esperes, tan\u00edt\u00f3. K\u00edv\u00e1ns\u00e1g\u00e1ra Bonyh\u00e1n temett\u00e9k el. \u2013 Feles\u00e9ge Orb\u00e1n M\u00e1rta. \u2013 Mv.-en, Magyarigenben \u00e9s Gyulafeh\u00e9rv\u00e1ron v\u00e9gezte tanulm\u00e1nyait. Biszterfeld J\u00e1nosnak volt kedvenc tan\u00edtv\u00e1nya, az \u0151 aj\u00e1nl\u00e1s\u00e1ra ker\u00fclt Bonyh\u00e1ra tan\u00edt\u00f3nak (1651\u201353). Nagykendre h\u00edvt\u00e1k lelk\u00e9sznek (1653\u201359), onnan V\u00e1mosg\u00e1lfalv\u00e1ra t\u00e1vozott (1659\u201377), 15 \u00e9vet szolg\u00e1lt. Majd G\u00f3g\u00e1nban (1677\u201382) \u00e9s K\u00fck\u00fcll\u0151v\u00e1ron (1685\u201389) [&hellip;]<\/p>\n","protected":false},"featured_media":0,"comment_status":"open","ping_status":"closed","template":"","meta":[],"product_brand":[],"product_cat":[137],"product_tag":[],"class_list":{"0":"post-23998","1":"product","2":"type-product","3":"status-publish","5":"product_cat-maros-megyei-eletrajzi-lexikon","7":"first","8":"instock","9":"shipping-taxable","10":"product-type-simple"},"_links":{"self":[{"href":"https:\/\/uj.adatbank.ro\/lexikon\/wp-json\/wp\/v2\/product\/23998","targetHints":{"allow":["GET"]}}],"collection":[{"href":"https:\/\/uj.adatbank.ro\/lexikon\/wp-json\/wp\/v2\/product"}],"about":[{"href":"https:\/\/uj.adatbank.ro\/lexikon\/wp-json\/wp\/v2\/types\/product"}],"replies":[{"embeddable":true,"href":"https:\/\/uj.adatbank.ro\/lexikon\/wp-json\/wp\/v2\/comments?post=23998"}],"wp:attachment":[{"href":"https:\/\/uj.adatbank.ro\/lexikon\/wp-json\/wp\/v2\/media?parent=23998"}],"wp:term":[{"taxonomy":"product_brand","embeddable":true,"href":"https:\/\/uj.adatbank.ro\/lexikon\/wp-json\/wp\/v2\/product_brand?post=23998"},{"taxonomy":"product_cat","embeddable":true,"href":"https:\/\/uj.adatbank.ro\/lexikon\/wp-json\/wp\/v2\/product_cat?post=23998"},{"taxonomy":"product_tag","embeddable":true,"href":"https:\/\/uj.adatbank.ro\/lexikon\/wp-json\/wp\/v2\/product_tag?post=23998"}],"curies":[{"name":"wp","href":"https:\/\/api.w.org\/{rel}","templated":true}]}}