{"id":24039,"date":"2025-08-01T17:52:15","date_gmt":"2025-08-01T15:52:15","guid":{"rendered":"https:\/\/uj.adatbank.ro\/lexikon\/termek\/valyi-gyula-%c2%a7\/"},"modified":"2025-08-01T17:52:15","modified_gmt":"2025-08-01T15:52:15","slug":"valyi-gyula-%c2%a7","status":"publish","type":"product","link":"https:\/\/uj.adatbank.ro\/lexikon\/termek\/valyi-gyula-%c2%a7\/","title":{"rendered":"V\u00c1LYI Gyula, \u00a7"},"content":{"rendered":"<p>Mv., 1855. jan. 25. \u2020 Kv., 1913. okt. 13. a H\u00e1zsong\u00e1rdi temet\u0151ben nyugszik: matematikus, egyetemi tan\u00e1r. \u2013 Sz\u00fclei: V. K\u00e1roly b\u00edr\u00f3 \u00e9s D\u00f3zsa R\u00e1chel. V. G\u00e1bor statisztikus \u00f6ccse. A mv.-i Ref. Koll.-ban tanult (1861\u2013), tan\u00edtv\u00e1nya volt Mentovich Ferencnek, \u00e9retts\u00e9gizett (1873). Az egyetemet Kv.-on v\u00e9gezte (1873\u2013), matem.-fizika szakos tan\u00e1ri oklevelet szerzett (1877); \u00e1ll. \u00f6szt\u00f6nd\u00edjjal a berlini egy.-en tanult (1877\u201380). Tanulm\u00e1ny\u00fatja ut\u00e1n meg\u00edrta doktori disszert\u00e1ci\u00f3j\u00e1t: A m\u00e1sodrend\u0171 parti\u00e1lis egyenletek elm\u00e9let\u00e9hez c. (1880). E dolgozat nemzetk\u00f6zi \u00e9rdekl\u0151d\u00e9st keltett \u00e9s lend\u00fcletet adott a haj\u00f3- \u00e9s rep\u00fcl\u0151g\u00e9pgy\u00e1rt\u00e1snak. A kv.-i Ferenc J\u00f3zsef Tudom\u00e1nyegyetem mag\u00e1ntan\u00e1ra, els\u0151 erd\u00e9lyi matematikusa (1881\u20131911). A differenci\u00e1lis egyenletek elm\u00e9let\u00e9nek a geometri\u00e1ra \u00e9s mechanik\u00e1ra alkalmaz\u00e1sa (1881\u2013), egy\u00fattal az algebra \u00e9s geometria elm\u00e9lete c. t\u00e1rgyk\u00f6r mag\u00e1ntan\u00e1ra (1882\u2013), a mennyis\u00e9gtani term\u00e9szettan ny. rk. (1884\u2013), az elemi matem. ny. r. tan\u00e1ra (1887\u2013), l\u00e1t\u00e1s\u00e1nak roml\u00e1sa miatt saj\u00e1t k\u00e9r\u00e9s\u00e9re nyugd\u00edjazt\u00e1k (1911). Az MTA levelez\u0151 tagja (1891). F\u0151 kutat\u00e1si ter\u00fcletei az anal\u00edzis, a geometria \u00e9s a sz\u00e1melm\u00e9let; jelent\u0151s eredm\u00e9nyeket \u00e9rt el a h\u00e1romsz\u00f6gek \u00e9s tetra\u00e9derek vizsg\u00e1lat\u00e1ban; projekt\u00edv geometri\u00e1val is foglalkozott. Els\u0151k\u00e9nt \u00edrta le matematikailag a l\u00e9gcsavar aerodinamik\u00e1j\u00e1t. A matematika t\u00f6bb \u00e1g\u00e1ban maradand\u00f3t alkotott. Volt tan\u00e1ra, R\u00e9thy M\u00f3r \u00f6szt\u00f6nz\u00e9s\u00e9re bekapcsol\u00f3dott a rep\u00fcl\u0151g\u00e9p propellerek elm\u00e9leti vizsg\u00e1lat\u00e1ba, s s ezzel kapcsolatos dolgozata a parci\u00e1lis differenci\u00e1legyenletek elm\u00e9let\u00e9hez. Nev\u00e9hez k\u00f6t\u0151dik a rep\u00fcl\u0151g\u00e9p- \u00e9s a motoroshaj\u00f3-gy\u00e1rt\u00e1s gyorsul\u00e1sa, a propeller hat\u00e9konys\u00e1ga n\u00f6vel\u00e9s\u00e9nek matematikai elm\u00e9lete. Didaktikai tev\u00e9kenys\u00e9g\u00e9nek jelent\u0151s\u00e9ge nem marad el kutat\u00e1si eredm\u00e9nyeit\u0151l. Nyolc didaktikai m\u0171vet adott ki. Kv. egyetem\u00e9nek egyik legnagyobb hat\u00e1s\u00fa professzora volt. El\u0151ad\u00e1sainak kidolgoz\u00e1s\u00e1n\u00e1l csak az eml\u00e9kezet\u00e9re volt utalva. Teljesen szabadon adott el\u0151, sohasem haszn\u00e1lt feljegyz\u00e9st vagy m\u00e1s seg\u00e9danyagot.1911-ben egyik el\u0151ad\u00e1s\u00e1n kit\u0171n\u0151 eml\u00e9kez\u0151tehets\u00e9ge egy pillanatra cserbenhagyta. \u00c9lete sor\u00e1n megtakar\u00edtott p\u00e9nz\u00e9t k\u00e9tfel\u00e9 osztotta: 10\u00a0000 koron\u00e1t a Tudom\u00e1nyos Akad\u00e9mi\u00e1nak, 20\u00a0000 koron\u00e1t pedig a kv.-i egyetem matematika \u00e9s term\u00e9szettudom\u00e1nyi kar\u00e1nak hagyott \u00f6szt\u00f6nd\u00edjalapra. Nagy \u00e9rdemeket szerzett Bolyai J\u00e1nos munk\u00e1ss\u00e1g\u00e1nak megismertet\u00e9s\u00e9ben, \u00e9s a Bolyai kultusz kialak\u00edt\u00e1s\u00e1ban Kv.-on. Tanulm\u00e1nyait a Mat. \u00e9s Term.tud. \u00c9rt., Monatshefte f\u00fcr Mathematik und Physik, Mat. \u00e9s Phys. L. k\u00f6z\u00f6lte. Mv.-en V\u00e1lyi Gyula matematikai eml\u00e9kversenyt tartanak \u00e9vente (1993\u2013), Matematikai T\u00e1rsas\u00e1g alakult (1994\u201395 tan\u00e9vben). V\u00e1lyi Gyula-eml\u00e9k\u00e9v volt (2004. okt. 1. \u2013 2005. okt. 1.). A mv.-i Koll. udvar\u00e1n a portr\u00e9j\u00e1t \u00e1br\u00e1zol\u00f3 eml\u00e9kt\u00e1bl\u00e1t lepleztek le (2005). Tisztelet\u00e9re szobrot \u00e1ll\u00edtottak Mv.-en, Miholcsa J\u00f3zsef alkot\u00e1s\u00e1t (1912. m\u00e1j.). \u2013  <strong>F. m..:<\/strong> A m\u00e1sodrend\u0171 partialis differentialis egyenletek elm\u00e9let\u00e9hez (Kv., 1880); T\u00f6bbsz\u00f6r\u00f6s polg\u00e1ris reciprocit\u00e1s a s\u00edkban. (Bp, 1898.); A talpponti h\u00e1romsz\u00f6gekr\u0151l (Bp., 1901). <br \/><strong>\u2013 Irod.:<\/strong> Fodor\u2013Bal\u00e1s; H\u00e1zsong\u00e1rd; Id\u0151t\u00e1r 2; Magyarok term.tud. \u00e9s technika; Mv.-Bal\u00e1s; Nagyjaink; N\u00fa. (2004. jan. 22., 2005. febr. 1; 2005. dec. 6.); Ol\u00e1h-G\u00e1l; Ol\u00e1h-G\u00e1l R\u00f3bert: Az utols\u00f3 mv.-i postamester (N\u00fa., Sz\u00ednes Vil\u00e1g, 2010. m\u00e1j. 8.); Ol\u00e1h-G\u00e1l R\u00f3bert: Apr\u00f3s\u00e1gok a marosv\u00e1s\u00e1rhelyi reform\u00e1tus koll\u00e9gium m\u00faltj\u00e1b\u00f3l (N\u00fa., 2024. jan. 5.); R\u00e9thy M\u00f3r: V. Gy. l. tag eml\u00e9kezete (Bp., 1915); Ravasz L\u00e1szl\u00f3: L\u00e1t\u00e1sok k\u00f6nyve (Bp., 1924); R\u00e9thy M\u00f3r: V. Gy. lev. tag eml\u00e9kezete (A MTA elhunyt tagjai f\u00f6l\u00f6tt tartott eml\u00e9kbesz\u00e9dek, 17. k\u00f6t., 5. sz., 1915); MTTT; RNL; Rugonfalvi Kiss; S\u00e1ndor Imre: A makfalvi \u00e9s uzapaniti D\u00f3zsa csal\u00e1d (Geneal\u00f3giai F\u00fczetek, 3. sz., 1903); Sebesty\u00e9n J\u00falia: V. Gy.-ra eml\u00e9kez\u00fcnk (N\u00fa., 2004. jan. 22.); Sz\u00e9kely tud\u00f3sok; Szinnyei; \u00daM\u00c9L; Weszely Tibor: Ravasz L\u00e1szl\u00f3 b\u00facs\u00fabesz\u00e9de V. Gy. temet\u00e9s\u00e9n (N\u00fa., Sz\u00ednes Vil\u00e1g, 2012. okt. 13. Weszely Tibor: V. Gy. \u00e9lete \u00e9s munk\u00e1ss\u00e1ga (Buk., 1983); Weszely Tibor: 125 \u00e9vvel ezel\u0151tt sz\u00fcletett V. Gy. (V. Z., 1980. jan. 20.); Weszely Tibor: 150 \u00e9vvel ezel\u0151tt sz\u00fcletett V. Gy. (N\u00fa., 2005. febr. 1.).<\/br><\/p>\n","protected":false},"excerpt":{"rendered":"<p>Mv., 1855. jan. 25. \u2020 Kv., 1913. okt. 13. a H\u00e1zsong\u00e1rdi temet\u0151ben nyugszik: matematikus, egyetemi tan\u00e1r. \u2013 Sz\u00fclei: V. K\u00e1roly b\u00edr\u00f3 \u00e9s D\u00f3zsa R\u00e1chel. V. G\u00e1bor statisztikus \u00f6ccse. A mv.-i Ref. Koll.-ban tanult (1861\u2013), tan\u00edtv\u00e1nya volt Mentovich Ferencnek, \u00e9retts\u00e9gizett (1873). Az egyetemet Kv.-on v\u00e9gezte (1873\u2013), matem.-fizika szakos tan\u00e1ri oklevelet szerzett (1877); \u00e1ll. \u00f6szt\u00f6nd\u00edjjal a berlini [&hellip;]<\/p>\n","protected":false},"featured_media":0,"comment_status":"open","ping_status":"closed","template":"","meta":[],"product_brand":[],"product_cat":[137],"product_tag":[],"class_list":{"0":"post-24039","1":"product","2":"type-product","3":"status-publish","5":"product_cat-maros-megyei-eletrajzi-lexikon","7":"first","8":"instock","9":"shipping-taxable","10":"product-type-simple"},"_links":{"self":[{"href":"https:\/\/uj.adatbank.ro\/lexikon\/wp-json\/wp\/v2\/product\/24039","targetHints":{"allow":["GET"]}}],"collection":[{"href":"https:\/\/uj.adatbank.ro\/lexikon\/wp-json\/wp\/v2\/product"}],"about":[{"href":"https:\/\/uj.adatbank.ro\/lexikon\/wp-json\/wp\/v2\/types\/product"}],"replies":[{"embeddable":true,"href":"https:\/\/uj.adatbank.ro\/lexikon\/wp-json\/wp\/v2\/comments?post=24039"}],"wp:attachment":[{"href":"https:\/\/uj.adatbank.ro\/lexikon\/wp-json\/wp\/v2\/media?parent=24039"}],"wp:term":[{"taxonomy":"product_brand","embeddable":true,"href":"https:\/\/uj.adatbank.ro\/lexikon\/wp-json\/wp\/v2\/product_brand?post=24039"},{"taxonomy":"product_cat","embeddable":true,"href":"https:\/\/uj.adatbank.ro\/lexikon\/wp-json\/wp\/v2\/product_cat?post=24039"},{"taxonomy":"product_tag","embeddable":true,"href":"https:\/\/uj.adatbank.ro\/lexikon\/wp-json\/wp\/v2\/product_tag?post=24039"}],"curies":[{"name":"wp","href":"https:\/\/api.w.org\/{rel}","templated":true}]}}