{"id":24210,"date":"2025-08-01T17:58:49","date_gmt":"2025-08-01T15:58:49","guid":{"rendered":"https:\/\/uj.adatbank.ro\/lexikon\/termek\/varro-ilona-%c2%a7-szekely-janosne-iroi-alneve-balog-anna\/"},"modified":"2025-08-01T17:58:49","modified_gmt":"2025-08-01T15:58:49","slug":"varro-ilona-%c2%a7-szekely-janosne-iroi-alneve-balog-anna","status":"publish","type":"product","link":"https:\/\/uj.adatbank.ro\/lexikon\/termek\/varro-ilona-%c2%a7-szekely-janosne-iroi-alneve-balog-anna\/","title":{"rendered":"VARR\u00d3 Ilona, \u00a7 Sz\u00e9kely J\u00e1nosn\u00e9, \u00edr\u00f3i \u00e1lneve: Balog Anna"},"content":{"rendered":"<p>Mv., 1933. nov. 6., \u2020 Mv., 1993. jan.16.: \u00edr\u00f3, szerkeszt\u0151. \u2013 F\u00e9rje: Sz\u00e9kely J\u00e1nos \u00edr\u00f3, k\u00f6lt\u0151, szerkeszt\u0151. \u2013 A k\u00f6z\u00e9piskol\u00e1t Mv.-en az egyetemet a kv.-i BTE magyar szak\u00e1n v\u00e9gezte. A Dolgoz\u00f3 N\u0151 (1953\u201354), majd az Utunk bels\u0151 munkat\u00e1rsa (1955\u201356), az Irodalmi \u00e9s M\u0171v\u00e9szeti K\u00f6nyvkiad\u00f3 mv.-i fi\u00f3kj\u00e1nak szerkeszt\u0151je (1956\u201358), majd \u00e1ll\u00e1s\u00e1b\u00f3l elt\u00e1vol\u00edtott\u00e1k; tan\u00edtott Mv.-en (1961\u201368); r\u00f6vid ideig a Hargita szerkeszt\u0151je; Az \u00daj \u00c9let bels\u0151 munkat\u00e1rsa (1968\u2013). Els\u0151 h\u00e1rom vers\u00e9t a J\u00f3 Pajt\u00e1s k\u00f6z\u00f6lte m\u00e9g t\u00edz\u00e9ves kor\u00e1ban (1943). Novell\u00e1i, cikkei, k\u00f6nyvb\u00edr\u00e1latai megjelentek az Utunk, Igaz Sz\u00f3, Hargita, Dolgoz\u00f3 N\u0151, \u00daj \u00c9let, V\u00f6r\u00f6s Z\u00e1szl\u00f3, Tan\u00fcgyi \u00dajs\u00e1g, Igazs\u00e1g, J\u00f3bar\u00e1t, El\u0151re has\u00e1bjain. \u00cdr\u00f3sz\u00f6vets\u00e9gi tag. Megkapta a Mv.-i \u00cdr\u00f3i Egyes\u00fclet D\u00edj\u00e1t (1979). \u2013  <strong>F. m..:<\/strong> Szolg\u00e1lat (elb.; Buk., 1966); V\u00e1ltozatok (elb.; Buk., 1969); A hollandi doboz (elb.; Kv., 1979); <strong>antol\u00f3g.:<\/strong> Megtal\u00e1lt vil\u00e1g (1968);  <strong> szerk.:<\/strong> Kaffka Margit: Levelek a z\u00e1rd\u00e1b\u00f3l (v\u00e1l.; Buk., 1970); M\u00f3ricz Zsigmond: L\u00e9gy j\u00f3 mindhal\u00e1lig (el\u0151sz\u00f3, f\u00fcggel\u00e9k; Kv., 1972; 1989); M\u00f3ricz Zsigmond: \u00c1rv\u00e1cska (el\u0151sz\u00f3, jegyz.; Kv., 1974); Kaffka Margit: Hangyaboly (el\u0151sz\u00f3, jegyzet; Kv., 1975); Kaffka Margit: Sz\u00ednek \u00e9s \u00e9vek (el\u0151sz\u00f3, jegyz.; Kv., 1978); Volt j\u00f6v\u0151kbe n\u00e9zve: V\u00e1logat\u00e1s a M\u00fazsa irodalmi anyag\u00e1b\u00f3l (Mv., 2001); befejezetlen reg\u00e9nye: K\u0151m\u0171ves Kelemen feles\u00e9ge; A v\u00e1r = Volt j\u00f6v\u0151nkbe n\u00e9zve. <br \/><strong>\u2013 Irod.:<\/strong> B. Osv\u00e1t \u00c1gnes: In memoriam V. I. (N\u00fa., M\u00fazsa, 334. sz., 1998. m\u00e1rc. 7.); Fodor S\u00e1ndor: Sz\u00e9kely J\u00e1nos \u00e9s V. I. eml\u00e9kt\u00e1bl\u00e1ja (N\u00fa., Sz\u00ednes Vil\u00e1g, 2008. aug. 2.); Gy\u00e1rf\u00e1s L. Mikl\u00f3s: V. I. (V. Z., 1981. m\u00e1rc. 1.); Gy\u00e1rf\u00e1s 2013; A H\u00e9t \u00e9vk. (1978); Imreh Ern\u0151: B\u00facs\u00fa V. I.-t\u00f3l (Erd\u00e9lyi Figyel\u0151, 1993, 2. sz.); K\u00e1ntor\u2013L\u00e1ng; KMI; Kort\u00e1rs M\u00cdKL; Kusz\u00e1lik; MIIB; M\u00f3zes Attila: A hollandi doboz (Helikon, 1993. febr. 5., 3. sz.); Mv.-Bal\u00e1s; [Nekrol\u00f3g] (N\u00fa., 1993. jan. 16.); R\u00e9thy\u2013\u00dajv\u00e1ri\u2013V\u00e1czi, RMIL; Tal\u00e1lkoz\u00e1sok Eur\u00f3p\u00e1val: Bornemisza P\u00e9ter T\u00e1rsas\u00e1g (1960\u20131995) (Bp., 1995); Tompa Z. Mih\u00e1ly: Ami mindenn\u00e9l fontosabb (V. Z., 1982. szept. 15.); \u00daMIL; Utunk (1980\/40); V. I.: V\u00e1s\u00e1rhelyi eml\u00e9k (N\u00fa., 1991. m\u00e1rc. 2.; 1991. m\u00e1rc. 5.).<\/br><\/p>\n","protected":false},"excerpt":{"rendered":"<p>Mv., 1933. nov. 6., \u2020 Mv., 1993. jan.16.: \u00edr\u00f3, szerkeszt\u0151. \u2013 F\u00e9rje: Sz\u00e9kely J\u00e1nos \u00edr\u00f3, k\u00f6lt\u0151, szerkeszt\u0151. \u2013 A k\u00f6z\u00e9piskol\u00e1t Mv.-en az egyetemet a kv.-i BTE magyar szak\u00e1n v\u00e9gezte. A Dolgoz\u00f3 N\u0151 (1953\u201354), majd az Utunk bels\u0151 munkat\u00e1rsa (1955\u201356), az Irodalmi \u00e9s M\u0171v\u00e9szeti K\u00f6nyvkiad\u00f3 mv.-i fi\u00f3kj\u00e1nak szerkeszt\u0151je (1956\u201358), majd \u00e1ll\u00e1s\u00e1b\u00f3l elt\u00e1vol\u00edtott\u00e1k; tan\u00edtott Mv.-en (1961\u201368); r\u00f6vid [&hellip;]<\/p>\n","protected":false},"featured_media":0,"comment_status":"open","ping_status":"closed","template":"","meta":[],"product_brand":[],"product_cat":[137],"product_tag":[],"class_list":{"0":"post-24210","1":"product","2":"type-product","3":"status-publish","5":"product_cat-maros-megyei-eletrajzi-lexikon","7":"first","8":"instock","9":"shipping-taxable","10":"product-type-simple"},"_links":{"self":[{"href":"https:\/\/uj.adatbank.ro\/lexikon\/wp-json\/wp\/v2\/product\/24210","targetHints":{"allow":["GET"]}}],"collection":[{"href":"https:\/\/uj.adatbank.ro\/lexikon\/wp-json\/wp\/v2\/product"}],"about":[{"href":"https:\/\/uj.adatbank.ro\/lexikon\/wp-json\/wp\/v2\/types\/product"}],"replies":[{"embeddable":true,"href":"https:\/\/uj.adatbank.ro\/lexikon\/wp-json\/wp\/v2\/comments?post=24210"}],"wp:attachment":[{"href":"https:\/\/uj.adatbank.ro\/lexikon\/wp-json\/wp\/v2\/media?parent=24210"}],"wp:term":[{"taxonomy":"product_brand","embeddable":true,"href":"https:\/\/uj.adatbank.ro\/lexikon\/wp-json\/wp\/v2\/product_brand?post=24210"},{"taxonomy":"product_cat","embeddable":true,"href":"https:\/\/uj.adatbank.ro\/lexikon\/wp-json\/wp\/v2\/product_cat?post=24210"},{"taxonomy":"product_tag","embeddable":true,"href":"https:\/\/uj.adatbank.ro\/lexikon\/wp-json\/wp\/v2\/product_tag?post=24210"}],"curies":[{"name":"wp","href":"https:\/\/api.w.org\/{rel}","templated":true}]}}