{"id":24212,"date":"2025-08-01T17:58:53","date_gmt":"2025-08-01T15:58:53","guid":{"rendered":"https:\/\/uj.adatbank.ro\/lexikon\/termek\/varro-janos\/"},"modified":"2025-08-01T17:58:53","modified_gmt":"2025-08-01T15:58:53","slug":"varro-janos","status":"publish","type":"product","link":"https:\/\/uj.adatbank.ro\/lexikon\/termek\/varro-janos\/","title":{"rendered":"VARR\u00d3 J\u00e1nos"},"content":{"rendered":"<p>Marosv\u00e9cs, 1927. nov. 21., \u2020 Kecskem\u00e9t, 2004. m\u00e1rc. 22., hamvait a marosv\u00e9csi temet\u0151ben helyezt\u00e9k \u00f6r\u00f6k nyugalomra (j\u00fal. 31.): irodalomt\u00f6rt\u00e9n\u00e9sz, \u00edr\u00f3, m\u0171ford\u00edt\u00f3, egyetemi tan\u00e1r. \u2013 Elemi iskol\u00e1it sz\u00fcl\u0151faluj\u00e1ban v\u00e9gezte, majd a Kem\u00e9ny J\u00e1nos t\u00e1mogat\u00e1s\u00e1val a mv.-i Ref. Koll.-ba ker\u00fclt (1940), ahol \u00e9retts\u00e9gizett (1948). A BTE-en szerzett oklevelet a m. nyelv \u00e9s irodalom szakon (1953), gyakornok, majd aspir\u00e1ns az egyetem irodalomt\u00f6rt\u00e9neti tansz\u00e9k\u00e9n (1953\u201356), tan\u00e1rseg\u00e9d (1956), adjunktus (1957), adjunktusk\u00e9nt kandid\u00e1tusi disszert\u00e1ci\u00f3j\u00e1ra k\u00e9sz\u00fclt K\u00f3s K\u00e1roly irodalmi munk\u00e1ss\u00e1g\u00e1r\u00f3l (1956). Letart\u00f3ztatt\u00e1k (1958. aug. 26.) \u00e9s egy a m. forradalommal szolidariz\u00e1l\u00e1ssal kapcsolatos koncepci\u00f3s politikai per f\u0151v\u00e1dlottjak\u00e9nt 16 \u00e9vi b\u00f6rt\u00f6nre \u00edt\u00e9lt\u00e9k. Szamos\u00fajv\u00e1ron \u00e9s a Duna-delta munkatelepein t\u00f6lt\u00f6tte b\u00f6rt\u00f6nb\u00fcntet\u00e9s\u00e9t, \u00e9s eg\u00e9sz tov\u00e1bbi \u00e9let\u00e9re kihat\u00f3 s\u00falyos betegs\u00e9gen esett \u00e1t (1959\u201360 tel\u00e9n), az \u00e1ltal\u00e1nos amneszti\u00e1val szabadult (1964. j\u00fal.), majd hossz\u00fa \u00e9vekig megfigyel\u00e9s alatt tartott\u00e1k, \u00edt\u00e9let\u00e9t a Legfels\u0151bb B\u00edr\u00f3s\u00e1g megsemmis\u00edtette (1969), \u00e9s ennek alapj\u00e1n a per\u00e9t a Katonai B\u00edr\u00f3s\u00e1g \u00fajrat\u00e1rgyalta \u00e9s felmentette (1969). Megpr\u00f3b\u00e1lta a tudom\u00e1nyos fokozat megszerz\u00e9s\u00e9t, Benedek Elek munk\u00e1ss\u00e1g\u00e1r\u00f3l k\u00e9sz\u00fclt doktori t\u00e9zist \u00edrni, de ez a t\u00e9ma sem kapott j\u00f3v\u00e1hagy\u00e1st. Hivatalnokk\u00e9nt dolgozott (1965\u20131970), majd a kv.-i Dacia K\u00f6nyvkiad\u00f3 m. oszt\u00e1ly\u00e1nak szerkeszt\u0151je (1970\u201387). Megind\u00edtotta a Dacia Kiad\u00f3 Kismonogr\u00e1fi\u00e1k \u00e9s a Tanul\u00f3k K\u00f6nyvt\u00e1ra sorozatot. Mo.-on Kecskem\u00e9ten telepedett le (1987). A Kecskem\u00e9ti F\u0151iskola Tan\u00edt\u00f3k\u00e9pz\u0151 Kar\u00e1nak tan\u00e1ra (1988\u20132000), az irodalmi tansz\u00e9ken a gyermek \u00e9s ifj\u00fas\u00e1gi irodalomr\u00f3l, a XX. sz. irodalm\u00e1r\u00f3l tartotta \u00f3r\u00e1it. Kecskem\u00e9ti korszak\u00e1ban teljesen kimaradtak nyilv\u00e1nos szerepl\u00e9sei, csak per\u00e9r\u0151l \u00e9s b\u00f6rt\u00f6n\u00e9veir\u0151l k\u00f6z\u00f6lt vele egy interj\u00fat a Kecskem\u00e9ti Lapok: A v\u00e1d az volt, hogy el akartam szak\u00edtani Erd\u00e9lyt Rom\u00e1ni\u00e1t\u00f3l (1990. jan 12. \u2013 febr. 12.). K\u00f6nyvismertet\u00e9sei, kritik\u00e1i, tanulm\u00e1nyai megjelentek az Utunk, Igaz Sz\u00f3, Korunk has\u00e1bjain. Hamvait sz\u00fcl\u0151faluj\u00e1ban helyezt\u00e9k \u00f6r\u00f6k nyugalomra. \u00c9letp\u00e1ly\u00e1j\u00e1t az 1960-as \u00e9vek v\u00e9g\u00e9ig felid\u00e9z\u0151 visszaeml\u00e9kez\u00e9seit tan\u00edtv\u00e1nyai jelentett\u00e9k meg. 65. sz\u00fclet\u00e9snapj\u00e1ra a Tan\u00edt\u00f3k\u00e9pz\u0151 F\u0151iskola gondoz\u00e1s\u00e1ban kiadt\u00e1k az irodalmi munk\u00e1ss\u00e1g\u00e1t \u00f6sszefoglal\u00f3 bibliogr\u00e1fi\u00e1t (1992). C\u00edmzetes f\u0151iskolai tan\u00e1ri rangra emelt\u00e9k nyugd\u00edjba vonul\u00e1sakor (1995). A Magyar K\u00f6zt\u00e1rsas\u00e1g eln\u00f6k\u00e9t\u0151l az 1956-os eml\u00e9k\u00e9rmet (1991), a M. Politikai Foglyok Sz\u00f6vets\u00e9g\u00e9t\u0151l \u00e9rdemkeresztet (1996) kapott, Kecskem\u00e9t \u00f6nkorm\u00e1nyzata Kecskem\u00e9t Fels\u0151oktat\u00e1s\u00e1\u00e9rt kit\u00fcntet\u00e9st (1996) adom\u00e1nyozott neki. A F\u0151iskol\u00e1n egy terem, s a V. J. \u00d6szt\u00f6nd\u00edj \u0151rzi eml\u00e9k\u00e9t (2006). \u2013  <strong>F. m..:<\/strong> K\u00f3s K\u00e1roly, a sz\u00e9p\u00edr\u00f3 (monogr.; Kv., 1973); Ki csat\u00e1t nyer, koron\u00e1t nyer (reg.; Buk., 1976; 1977; Kv., 2013; B\u0103t\u0103lie pentru coroan\u0103; (Buk., 1981); Erd\u00e9lyi sorsvallat\u00f3: Egy erd\u00e9lyi 56-os utols\u00f3 vallom\u00e1sa (Kecskem\u00e9t, 2008);  <strong>ford.:<\/strong> Pavel Dan: Virraszt\u00f3 (ford., bev.; Buk., 1969); Rafael Sabatini: Blood kapit\u00e1ny viszontags\u00e1gai (Kv., 1970, Buk., 1984); Kutass\u00e1tok az \u00edr\u00e1sokat (Rom\u00e1n kr\u00f3nika\u00edr\u00f3k munk\u00e1ib\u00f3l. antol., ford.; Kv., 1983); Victor Beda; Gheorghe Ene: A k\u00f6vetkez\u0151 kilom\u00e9ter (ford. Kerekes Gy\u00f6rggyel; Buk., 1983);  <strong> szerk.:<\/strong> Asztalos Istv\u00e1n: Tariszny\u00e1s kir\u00e1lyok (bev.; Kv., 1972); M\u00f3ra Ferenc: Az aranykopors\u00f3 (bev., f\u00fcggel\u00e9k; Kv., 1972); M\u00f3ra Ferenc: Hiszek az emberben (v\u00e1l., bev., f\u00fcggel\u00e9k; Kv., 1972); K\u00f3s K\u00e1roly: Kalotaszegi kr\u00f3nika (bev.; Buk., 1973); Molter K\u00e1roly: Bolond kisv\u00e1ros (v\u00e1l., el\u0151sz\u00f3; Kv., 1976); K\u00f3s K\u00e1roly: A havas (v\u00e1l., el\u0151sz\u00f3, f\u00fcggel\u00e9k; Kv., 1983); Kov\u00e1cs Gy\u00f6rgy: N\u00e9ma p\u00e1sztor (v\u00e1l., bev., f\u00fcggel\u00e9k; Kv., 1980). <br \/><strong>\u2013 Irod.:<\/strong> 1956 Erd\u00e9lyben; Auton\u00f3m magyarok; Borcsa J\u00e1nos: V. J. hagyat\u00e9ka: V. J.: Ed\u00e9lyi sorsvallat\u00f3 (Sz\u00e9kelyf\u00f6ld, 1. sz., 2009. jan.); Bottoni 2006; 1956 Erd\u00e9lyben; KM\u00cd; Kusz\u00e1lik; Nagy Sz\u00e9kely Ildik\u00f3: Titoknyitogat\u00f3 tal\u00e1lkoz\u00f3: V. J. m\u00e1sodik hazat\u00e9r\u00e9se (N\u00fa., 2008. nov. 11.); N\u00fa. (2004. \u00e1pr. 23; 2004. j\u00fal. 23\u201324; 2004. aug. 3; 2007. nov. 2); R\u00e9thy\u2013\u00dajv\u00e1ri\u2013V\u00e1czi, RMIL; Tolok\u00e1n Jen\u0151: Marosludas a magyar irodalom kist\u00fckr\u00e9ben (N\u00fa., 1999. jan. 14.); T\u0151k\u00e9s; \u00daMIL.<\/br><\/p>\n","protected":false},"excerpt":{"rendered":"<p>Marosv\u00e9cs, 1927. nov. 21., \u2020 Kecskem\u00e9t, 2004. m\u00e1rc. 22., hamvait a marosv\u00e9csi temet\u0151ben helyezt\u00e9k \u00f6r\u00f6k nyugalomra (j\u00fal. 31.): irodalomt\u00f6rt\u00e9n\u00e9sz, \u00edr\u00f3, m\u0171ford\u00edt\u00f3, egyetemi tan\u00e1r. \u2013 Elemi iskol\u00e1it sz\u00fcl\u0151faluj\u00e1ban v\u00e9gezte, majd a Kem\u00e9ny J\u00e1nos t\u00e1mogat\u00e1s\u00e1val a mv.-i Ref. Koll.-ba ker\u00fclt (1940), ahol \u00e9retts\u00e9gizett (1948). A BTE-en szerzett oklevelet a m. nyelv \u00e9s irodalom szakon (1953), gyakornok, majd [&hellip;]<\/p>\n","protected":false},"featured_media":0,"comment_status":"open","ping_status":"closed","template":"","meta":[],"product_brand":[],"product_cat":[137],"product_tag":[],"class_list":{"0":"post-24212","1":"product","2":"type-product","3":"status-publish","5":"product_cat-maros-megyei-eletrajzi-lexikon","7":"first","8":"instock","9":"shipping-taxable","10":"product-type-simple"},"_links":{"self":[{"href":"https:\/\/uj.adatbank.ro\/lexikon\/wp-json\/wp\/v2\/product\/24212","targetHints":{"allow":["GET"]}}],"collection":[{"href":"https:\/\/uj.adatbank.ro\/lexikon\/wp-json\/wp\/v2\/product"}],"about":[{"href":"https:\/\/uj.adatbank.ro\/lexikon\/wp-json\/wp\/v2\/types\/product"}],"replies":[{"embeddable":true,"href":"https:\/\/uj.adatbank.ro\/lexikon\/wp-json\/wp\/v2\/comments?post=24212"}],"wp:attachment":[{"href":"https:\/\/uj.adatbank.ro\/lexikon\/wp-json\/wp\/v2\/media?parent=24212"}],"wp:term":[{"taxonomy":"product_brand","embeddable":true,"href":"https:\/\/uj.adatbank.ro\/lexikon\/wp-json\/wp\/v2\/product_brand?post=24212"},{"taxonomy":"product_cat","embeddable":true,"href":"https:\/\/uj.adatbank.ro\/lexikon\/wp-json\/wp\/v2\/product_cat?post=24212"},{"taxonomy":"product_tag","embeddable":true,"href":"https:\/\/uj.adatbank.ro\/lexikon\/wp-json\/wp\/v2\/product_tag?post=24212"}],"curies":[{"name":"wp","href":"https:\/\/api.w.org\/{rel}","templated":true}]}}