{"id":24281,"date":"2025-08-01T18:01:29","date_gmt":"2025-08-01T16:01:29","guid":{"rendered":"https:\/\/uj.adatbank.ro\/lexikon\/termek\/vasarhelyi-z-ziegler-emil\/"},"modified":"2025-08-01T18:01:29","modified_gmt":"2025-08-01T16:01:29","slug":"vasarhelyi-z-ziegler-emil","status":"publish","type":"product","link":"https:\/\/uj.adatbank.ro\/lexikon\/termek\/vasarhelyi-z-ziegler-emil\/","title":{"rendered":"V\u00c1S\u00c1RHELYI Z. (Ziegler) Emil"},"content":{"rendered":"<p>Mv., 1907.\u2020 Sidney (v. Cooma, Ausztr\u00e1lia), 1986. j\u00fan.7.: fest\u0151, m\u0171v\u00e9szeti \u00edr\u00f3. \u2013 A mv.-i Ref.Koll.-ban \u00e9retts\u00e9gizett (1924). Guly\u00e1s K\u00e1roly tan\u00e1ra biztat\u00e1s\u00e1ra folytatta m\u0171v\u00e9szi tanulm\u00e1nyait. Az Iparrajziskol\u00e1ban K\u00f6lber Dezs\u0151n\u00e9l tanult. Fest\u00e9szeti tanulm\u00e1nyokat Bp.-en a K\u00e9pz\u0151m\u0171v\u00e9szeti F\u0151iskol\u00e1n Cs\u00f3k Istv\u00e1nn\u00e1l folytatott, jogi diplom\u00e1t is szerzett (1926\u201333). Firenz\u00e9ben v\u00e9gzett k\u00e9pz\u0151m\u0171v\u00e9szeti tanulm\u00e1nyokat. Neoklasszicista st\u00edlusban festett portr\u00e9kat, t\u00e1jk\u00e9peket, csend\u00e9letet. Szerv\u00e1tiusz Jen\u0151vel \u00e9s Gy. Szab\u00f3 B\u00e9l\u00e1val k\u00f6z\u00f6s ki\u00e1ll\u00edt\u00e1son mutatkozott be (1934). T\u00f6bb egy\u00e9ni ki\u00e1ll\u00edt\u00e1sa volt (1935\u201339). Kv.-on kapcsolatba ker\u00fclt az \u00daj erd\u00e9lyi antol\u00f3gia \u00edr\u00f3i csoportj\u00e1val (1937). Sz\u00e1mos k\u00f6nyvben jelentek meg grafik\u00e1i. A Barab\u00e1s Mikl\u00f3s C\u00e9h tagja, a P\u00e1sztort\u0171z szerkeszt\u0151je, m\u0171v\u00e9szi t\u00e1rgy\u00fa \u00edr\u00e1sait k\u00f6z\u00f6lte az Erd\u00e9lyi Helikon, a Hitel, a L\u00e1that\u00e1r. Budapestre menek\u00fclt, az Eur\u00f3pa c. foly\u00f3iratot szerkesztette. Tev\u00e9kenys\u00e9g\u00e9t az Ausztri\u00e1ba val\u00f3 k\u00f6lt\u00f6z\u00e9se ut\u00e1n is folytatta. N\u00e9meto.-ba k\u00f6lt\u00f6z\u00f6tt \u00e9s ott nyugati fogs\u00e1gba ker\u00fclt, majd kiv\u00e1ndorolt Ausztr\u00e1li\u00e1ba. A sport ter\u00e9n is jelent\u0151s: t\u00f6bbsz\u00f6r\u00f6s \u00fasz\u00f3bajnok \u00e9s kiv\u00e1l\u00f3 \u00f6k\u00f6lv\u00edv\u00f3 Rom\u00e1ni\u00e1ban.  <strong>F. m..:<\/strong> Barab\u00e1s Mikl\u00f3s = Erd\u00e9lyi csillagok 1942, p. 145, 171. <br \/><strong>\u2013 Irod.:<\/strong> 100 \u00e9v; K\u00f3s: V\u00e1s\u00e1rhelyi Z. Emil ki\u00e1ll\u00edt\u00e1sa = K\u00f3s; Szab\u00f3\u2013K\u00e1llai.<\/br><\/p>\n","protected":false},"excerpt":{"rendered":"<p>Mv., 1907.\u2020 Sidney (v. Cooma, Ausztr\u00e1lia), 1986. j\u00fan.7.: fest\u0151, m\u0171v\u00e9szeti \u00edr\u00f3. \u2013 A mv.-i Ref.Koll.-ban \u00e9retts\u00e9gizett (1924). Guly\u00e1s K\u00e1roly tan\u00e1ra biztat\u00e1s\u00e1ra folytatta m\u0171v\u00e9szi tanulm\u00e1nyait. Az Iparrajziskol\u00e1ban K\u00f6lber Dezs\u0151n\u00e9l tanult. Fest\u00e9szeti tanulm\u00e1nyokat Bp.-en a K\u00e9pz\u0151m\u0171v\u00e9szeti F\u0151iskol\u00e1n Cs\u00f3k Istv\u00e1nn\u00e1l folytatott, jogi diplom\u00e1t is szerzett (1926\u201333). Firenz\u00e9ben v\u00e9gzett k\u00e9pz\u0151m\u0171v\u00e9szeti tanulm\u00e1nyokat. Neoklasszicista st\u00edlusban festett portr\u00e9kat, t\u00e1jk\u00e9peket, csend\u00e9letet. Szerv\u00e1tiusz Jen\u0151vel [&hellip;]<\/p>\n","protected":false},"featured_media":0,"comment_status":"open","ping_status":"closed","template":"","meta":[],"product_brand":[],"product_cat":[137],"product_tag":[],"class_list":{"0":"post-24281","1":"product","2":"type-product","3":"status-publish","5":"product_cat-maros-megyei-eletrajzi-lexikon","7":"first","8":"instock","9":"shipping-taxable","10":"product-type-simple"},"_links":{"self":[{"href":"https:\/\/uj.adatbank.ro\/lexikon\/wp-json\/wp\/v2\/product\/24281","targetHints":{"allow":["GET"]}}],"collection":[{"href":"https:\/\/uj.adatbank.ro\/lexikon\/wp-json\/wp\/v2\/product"}],"about":[{"href":"https:\/\/uj.adatbank.ro\/lexikon\/wp-json\/wp\/v2\/types\/product"}],"replies":[{"embeddable":true,"href":"https:\/\/uj.adatbank.ro\/lexikon\/wp-json\/wp\/v2\/comments?post=24281"}],"wp:attachment":[{"href":"https:\/\/uj.adatbank.ro\/lexikon\/wp-json\/wp\/v2\/media?parent=24281"}],"wp:term":[{"taxonomy":"product_brand","embeddable":true,"href":"https:\/\/uj.adatbank.ro\/lexikon\/wp-json\/wp\/v2\/product_brand?post=24281"},{"taxonomy":"product_cat","embeddable":true,"href":"https:\/\/uj.adatbank.ro\/lexikon\/wp-json\/wp\/v2\/product_cat?post=24281"},{"taxonomy":"product_tag","embeddable":true,"href":"https:\/\/uj.adatbank.ro\/lexikon\/wp-json\/wp\/v2\/product_tag?post=24281"}],"curies":[{"name":"wp","href":"https:\/\/api.w.org\/{rel}","templated":true}]}}