{"id":24443,"date":"2025-08-01T18:07:40","date_gmt":"2025-08-01T16:07:40","guid":{"rendered":"https:\/\/uj.adatbank.ro\/lexikon\/termek\/veress-gabor\/"},"modified":"2025-08-01T18:07:40","modified_gmt":"2025-08-01T16:07:40","slug":"veress-gabor","status":"publish","type":"product","link":"https:\/\/uj.adatbank.ro\/lexikon\/termek\/veress-gabor\/","title":{"rendered":"VERESS G\u00e1bor"},"content":{"rendered":"<p>Mv., 1869. jan. 5., \u2020\u00a0Nagyenyed, 1937. febr. 1: tan\u00e1r, folklorista. \u2013 A n\u00e9gy polg\u00e1ri iskolai oszt\u00e1lyt sz\u00fcl\u0151v\u00e1ros\u00e1ban v\u00e9gezv\u00e9n a kv.-i \u00e1llami tan\u00edt\u00f3k\u00e9pz\u0151be ment (1885), kiz\u00e1r\u00f3lag az \u00f6szt\u00f6nd\u00edjra t\u00e1maszkodva; m\u00e1sol\u00e1ssal, rajzol\u00e1ssal, mag\u00e1n\u00f3raad\u00e1ssal \u00e9s p\u00e1lyad\u00edjakkal tartotta fenn mag\u00e1t, Ugron Gy\u00f6rgy novolyi birtokosn\u00e1l egy \u00e9vig nevel\u0151 volt; k\u00e9pes\u00edt\u00e9st nyert (1889), ezut\u00e1n a bp.-i Zeneakad\u00e9mi\u00e1t is hallgatta. B\u00e1r h\u00edvt\u00e1k a bp.-i Operah\u00e1zhoz, hazat\u00e9rt Mv.-re, \u00e9s ott kezdte el tan\u00e1ri p\u00e1ly\u00e1j\u00e1t, a mv.-i ref. koll\u00e9gium elemi iskol\u00e1j\u00e1n\u00e1l (1890. szept. \u2013 1896) az egyik oszt\u00e1lyt vezette, \u00e9s a gimn\u00e1ziumi oszt\u00e1lyokban \u00edr\u00e1st \u00e9s \u00e9neket is tan\u00edtott; k\u00e9s\u0151bb a nagyenyedi Bethlen-koll\u00e9gium Tan\u00edt\u00f3k\u00e9pz\u0151j\u00e9nek \u00e9nektan\u00edt\u00f3ja lett (1896\u2013). Betegs\u00e9g miatt (1910. jan. 15-t\u0151l j\u00fan. 30-ig) szabads\u00e1golt\u00e1k. A Sz\u00e9kelyek zen\u00e9j\u00e9r\u0151l tartott sz\u00e9kfoglal\u00f3t (1904), ami megjelent a Bethlen Koll. \u00c9rtes\u00edt\u0151j\u00e9ben (1904\u201305). \u00d6ccs\u00e9vel, Istv\u00e1nnal Cs\u00edkban, Mv. k\u00f6rny\u00e9k\u00e9n, Kov\u00e1szn\u00e1n, a h\u00e9tfalusi cs\u00e1ng\u00f3kn\u00e1l (1900\u2013), k\u00e9s\u0151bb Nagyenyed vid\u00e9k\u00e9n megkezdt\u00e9k a fonogr\u00e1ffal val\u00f3 n\u00e9pdalgy\u0171jt\u00e9st. Karnagya volt a nagyenyedi Dalosk\u00f6rnek. A tan\u00edt\u00f3k\u00e9pz\u0151 dalkar\u00e1nak sz\u00e9kely n\u00e9pdalokat, n\u00e9pi t\u00e1ncokat tan\u00edtott. Bart\u00f3kkal egy\u00fctt hivatalos megb\u00edz\u00e1sra n\u00e9pk\u00f6lt\u00e9szeti gy\u0171jt\u00e9st v\u00e9gzett fonogr\u00e1ffal (1910\u201311). N\u00e9pdalgy\u0171jt\u0151 \u00fatjair\u00f3l az I. vh. \u00e9veiben betegesked\u00e9se miatt le kellett mondania, de az enyedi zenei \u00e9letben tev\u00e9kenyen r\u00e9szt vett. A Magyar Dalossz\u00f6vets\u00e9g kottat\u00e1ra meg\u0151rizte az \u00e1ltala feldolgozott Pet\u0151fi dalokat \u00e9s az \u00fajabb k\u00f6lt\u0151k verseire kompon\u00e1lt dalait. K\u00f6z\u00f6lt az Etnographia c. foly\u00f3iratban. K\u00e9ziratait a bp.-i N\u00e9prajzi M\u00fazeum \u00e9s a kv.-i Protest\u00e1ns Teol\u00f3gia \u0151rzi. Cikkei a M. Sz\u00f3ban, az Ethnographi\u00e1ban, a nagyenyedi Bethlen-kollegium \u00c9rtes\u00edt\u0151j\u00e9ben. \u2013  <strong>F. m..:<\/strong> Gy\u00e1szdalok. n\u00e9gysz\u00f3lam\u00fa f\u00e9rfikarra. Dal\u00e1rd\u00e1k, f\u0151iskolai \u00e9s f\u0151k\u00e9p tan\u00edt\u00f3k\u00e9pezdei \u00e9nekkarok sz\u00e1m\u00e1ra. (Bp., 1902.); Heged\u0171iskola (Nagyenyed, 1905) Temet\u00e9si \u00e9nekek h\u00e1romsz\u00f3lam\u00fa f\u00e9rfikarra. Falusi \u00e9nekkarok sz\u00e1m\u00e1ra. (Nagyenyed, 1909.); Ref. chor\u00e1lk\u00f6nyv. Az erd\u00e9lyr\u00e9szi \u00faj\u00edtott \u00e9nekesk\u00f6nyv \u00f6sszes dallamai tan\u00edt\u00f3k\u00e9pz\u0151k \u00e9s \u00e9nekvez\u00e9rek sz\u00e1m\u00e1ra orgon\u00e1ra, vagy vegyeskarra. (Nagyenyed, 1909.); Ref. choralk\u00f6nyv (Bp., 1908; Nagyenyed, 1929); Choralk\u00f6nyv. Az Erd\u00e9lyi Ref. Egyh\u00e1zker\u00fclet \u00e1ltal kiadott \u00faj \u00e9nekesk\u00f6nyv Hozs\u00e1nna \u00e9nekeihez. Orgon\u00e1ra \u00e9s vegyeskarra (Kv., 1925); Dalok az iskol\u00e1nak. Elemi isk. \u00e9s tan\u00edt\u00f3k\u00e9pz\u0151k I\u2013IV. \u00e9s gimn\u00e1ziumok als\u00f3 oszt\u00e1lyai sz\u00e1m\u00e1ra. 1. k. (Kv., 1927); Heged\u0171iskola&#8230; tan\u00edt\u00f3k\u00e9pz\u0151k sz\u00e1m\u00e1ra (Kv., 1931), Heged\u0171iskola. Tan\u00edt\u00f3k\u00e9pz\u0151k \u00e9s kezd\u0151k sz\u00e1m\u00e1ra. 2. kiad. (Nagyenyed, \u00e9.n.) <br \/><strong>\u2013 Irod.:<\/strong> Benk\u0151 Andr\u00e1s: V. G. (1869\u20131937) (M\u0171vel\u0151d\u00e9s, 1972, 5. sz.); EM; Id\u0151t\u00e1r 2; Par\u00e1di; RMIL; Rugonfalvi Kiss; Szinnyei; Zenetud. \u00edr\u00e1sok 1998.<\/br><\/p>\n","protected":false},"excerpt":{"rendered":"<p>Mv., 1869. jan. 5., \u2020\u00a0Nagyenyed, 1937. febr. 1: tan\u00e1r, folklorista. \u2013 A n\u00e9gy polg\u00e1ri iskolai oszt\u00e1lyt sz\u00fcl\u0151v\u00e1ros\u00e1ban v\u00e9gezv\u00e9n a kv.-i \u00e1llami tan\u00edt\u00f3k\u00e9pz\u0151be ment (1885), kiz\u00e1r\u00f3lag az \u00f6szt\u00f6nd\u00edjra t\u00e1maszkodva; m\u00e1sol\u00e1ssal, rajzol\u00e1ssal, mag\u00e1n\u00f3raad\u00e1ssal \u00e9s p\u00e1lyad\u00edjakkal tartotta fenn mag\u00e1t, Ugron Gy\u00f6rgy novolyi birtokosn\u00e1l egy \u00e9vig nevel\u0151 volt; k\u00e9pes\u00edt\u00e9st nyert (1889), ezut\u00e1n a bp.-i Zeneakad\u00e9mi\u00e1t is hallgatta. B\u00e1r h\u00edvt\u00e1k [&hellip;]<\/p>\n","protected":false},"featured_media":0,"comment_status":"open","ping_status":"closed","template":"","meta":[],"product_brand":[],"product_cat":[137],"product_tag":[],"class_list":{"0":"post-24443","1":"product","2":"type-product","3":"status-publish","5":"product_cat-maros-megyei-eletrajzi-lexikon","7":"first","8":"instock","9":"shipping-taxable","10":"product-type-simple"},"_links":{"self":[{"href":"https:\/\/uj.adatbank.ro\/lexikon\/wp-json\/wp\/v2\/product\/24443","targetHints":{"allow":["GET"]}}],"collection":[{"href":"https:\/\/uj.adatbank.ro\/lexikon\/wp-json\/wp\/v2\/product"}],"about":[{"href":"https:\/\/uj.adatbank.ro\/lexikon\/wp-json\/wp\/v2\/types\/product"}],"replies":[{"embeddable":true,"href":"https:\/\/uj.adatbank.ro\/lexikon\/wp-json\/wp\/v2\/comments?post=24443"}],"wp:attachment":[{"href":"https:\/\/uj.adatbank.ro\/lexikon\/wp-json\/wp\/v2\/media?parent=24443"}],"wp:term":[{"taxonomy":"product_brand","embeddable":true,"href":"https:\/\/uj.adatbank.ro\/lexikon\/wp-json\/wp\/v2\/product_brand?post=24443"},{"taxonomy":"product_cat","embeddable":true,"href":"https:\/\/uj.adatbank.ro\/lexikon\/wp-json\/wp\/v2\/product_cat?post=24443"},{"taxonomy":"product_tag","embeddable":true,"href":"https:\/\/uj.adatbank.ro\/lexikon\/wp-json\/wp\/v2\/product_tag?post=24443"}],"curies":[{"name":"wp","href":"https:\/\/api.w.org\/{rel}","templated":true}]}}