{"id":24476,"date":"2025-08-01T18:08:51","date_gmt":"2025-08-01T16:08:51","guid":{"rendered":"https:\/\/uj.adatbank.ro\/lexikon\/termek\/veress-pal-%c2%a7\/"},"modified":"2025-08-01T18:08:51","modified_gmt":"2025-08-01T16:08:51","slug":"veress-pal-%c2%a7","status":"publish","type":"product","link":"https:\/\/uj.adatbank.ro\/lexikon\/termek\/veress-pal-%c2%a7\/","title":{"rendered":"VERESS P\u00e1l, \u00a7"},"content":{"rendered":"<p>Mv., 1906. j\u00fan. 22., \u2020\u00a0Kv., 1983. szept. 1.: munk\u00e1smozgalmi harcos, eml\u00e9k\u00edr\u00f3, lakatos. \u2013 G\u00e9plakatos szakm\u00e1t tanult s fiatalon ipari tanul\u00f3, majd g\u00e9plakatos-seg\u00e9dk\u00e9nt kapcsol\u00f3dott be a munk\u00e1smozgalomba az Egys\u00e9ges Szakszervezetek \u00fatj\u00e1n. R\u00e9szt vett a vasmunk\u00e1sok szakszervezeti mozgalm\u00e1ban, a Maros-v\u00f6lgyi sztr\u00e1jkban (1926), a KISZ illeg\u00e1lis munk\u00e1j\u00e1ban. Kv.-on \u00e9lt. Tagja majd ir\u00e1ny\u00edt\u00f3ja lett a KISZ-nek, majd az illeg\u00e1lis RKP megyei vezet\u0151s\u00e9g\u00e9nek titk\u00e1ra, k\u00e9s\u0151bb az Erd\u00e9lyi-B\u00e1n\u00e1ti Ter\u00fcleti P\u00e1rtbizotts\u00e1g titk\u00e1ra (1931\u201337). R\u00e9szt vett a p\u00e1rt vezette t\u00f6megszervezetek l\u00e9trehoz\u00e1s\u00e1ban, a V\u00e1rosi \u00e9s Falusi Dolgoz\u00f3k Blokkj\u00e1nak megyei listavezet\u0151je \u00e9s a MADOSZ megalak\u00edt\u00e1s\u00e1ban is kezdem\u00e9nyez\u0151 szerepe volt. Letart\u00f3ztatt\u00e1k \u00e9s Caracalba sz\u00e1ll\u00edtott\u00e1k t\u00f6bb Maros megyei t\u00e1rs\u00e1val egy\u00fctt (1940. j\u00fan. 27.). \u00cdgy akad\u00e1lyozt\u00e1k meg, h. a baloldali er\u0151k hat\u00e9konyan r\u00e9szt vegyenek Erd\u00e9ly kett\u00e9oszt\u00e1sa ellen tiltakoz\u00f3 akci\u00f3kban. R\u00f6vid id\u0151re szabad volt, de ism\u00e9t letart\u00f3ztatt\u00e1k \u00e9s \u00c1kosfalv\u00e1ra, a l\u00e1gerbe sz\u00e1ll\u00edtott\u00e1k (1941. j\u00fan. 29.). Kiszabadult (1944. szept. 14.), \u00e9s Sim\u00f3 Gyul\u00e1val \u2013 mv.-i sz\u00e1rmaz\u00e1s\u00fa, egykori b\u00e1ns\u00e1gi tartom\u00e1nyi p\u00e1rttitk\u00e1r \u2013 val\u00f3 k\u00f6z\u00f6s fell\u00e9p\u00e9s\u00fcknek k\u00f6vetkezt\u00e9ben n\u00e9h\u00e1ny nap m\u00falva a t\u00f6bbi antifasiszta harcos is kiszabadult a b\u00f6rt\u00f6n\u00f6kb\u0151l. Egyik megalap\u00edt\u00f3ja \u00e9s vezet\u0151je volt a Kommunist\u00e1k \u00c9szak \u2013 Erd\u00e9lyi P\u00e1rtj\u00e1nak (1944. szept. 26. k.). A II. vh. ut\u00e1n az \u00fajj\u00e1\u00e9p\u00edt\u00e9s szolg\u00e1lat\u00e1ba \u00e1llt felel\u0151s beoszt\u00e1sokban, mint az Orsz\u00e1gos Szaktan\u00e1cs tartom\u00e1nyi titk\u00e1ra, Kv. v\u00e1ros polg\u00e1rmesterhelyettese, Kv. N\u00e9ptan\u00e1cs\u00e1nak eln\u00f6ke (1952). Az \u00fan. transzilv\u00e1nist\u00e1k per\u00e9vel kapcsolatban letart\u00f3ztatt\u00e1k de nem ker\u00fclt b\u00edr\u00f3s\u00e1g el\u00e9, kiszabadult (1954 v\u00e9g\u00e9n); a kv.-i Unirea g\u00e9pgy\u00e1rban munk\u00e1s, majd a v\u00e1rosi k\u00f6z\u00fczemek igazgat\u00f3ja. \u00c9letrajzi visszaeml\u00e9kez\u00e9seiben h\u0171 k\u00e9pet festett az illeg\u00e1lis munk\u00e1smozgalomr\u00f3l. Kalap\u00e1cs, k\u00f6nyv, muzsika: Egy ifj\u00famunk\u00e1s \u00e9lete.1. k\u00f6t. (Buk., 1972); Vallat\u00e1s, v\u00e1d, k\u00fczdelem: Egy ifj\u00famunk\u00e1s \u00e9lete 2. k\u00f6t. (Buk., 1974); Holnap indulok hozz\u00e1d: Egy ifj\u00famunk\u00e1s \u00e9lete 3. k\u00f6t. (Buk., 1977), 4. k\u00f6t: Vaj\u00fad\u00f3 \u00e9vek, sorsd\u00f6nt\u0151 napok (Buk., 1981). <br \/><strong>\u2013 Irod.:<\/strong> Erd\u00e9lyi Lajos: Pali b\u00e1csi (\u00daj \u00c9let, 1971, 6. sz.); A H\u00e9t \u00e9vk\u00f6nyve (1978); Katona Szab\u00f3; Korunk \u00c9vk. 1974; Nemes J\u00f3zsef: Egy hajdani ifj\u00famunk\u00e1s \u00fczenete (V. Z., 1982. m\u00e1j. 15.); RMIL; V. P. [Nekrol\u00f3g] (V.Z., 1983. szept.4.); T\u0151k\u00e9s.<\/br><\/p>\n","protected":false},"excerpt":{"rendered":"<p>Mv., 1906. j\u00fan. 22., \u2020\u00a0Kv., 1983. szept. 1.: munk\u00e1smozgalmi harcos, eml\u00e9k\u00edr\u00f3, lakatos. \u2013 G\u00e9plakatos szakm\u00e1t tanult s fiatalon ipari tanul\u00f3, majd g\u00e9plakatos-seg\u00e9dk\u00e9nt kapcsol\u00f3dott be a munk\u00e1smozgalomba az Egys\u00e9ges Szakszervezetek \u00fatj\u00e1n. R\u00e9szt vett a vasmunk\u00e1sok szakszervezeti mozgalm\u00e1ban, a Maros-v\u00f6lgyi sztr\u00e1jkban (1926), a KISZ illeg\u00e1lis munk\u00e1j\u00e1ban. Kv.-on \u00e9lt. Tagja majd ir\u00e1ny\u00edt\u00f3ja lett a KISZ-nek, majd az illeg\u00e1lis [&hellip;]<\/p>\n","protected":false},"featured_media":0,"comment_status":"open","ping_status":"closed","template":"","meta":[],"product_brand":[],"product_cat":[137],"product_tag":[],"class_list":{"0":"post-24476","1":"product","2":"type-product","3":"status-publish","5":"product_cat-maros-megyei-eletrajzi-lexikon","7":"first","8":"instock","9":"shipping-taxable","10":"product-type-simple"},"_links":{"self":[{"href":"https:\/\/uj.adatbank.ro\/lexikon\/wp-json\/wp\/v2\/product\/24476","targetHints":{"allow":["GET"]}}],"collection":[{"href":"https:\/\/uj.adatbank.ro\/lexikon\/wp-json\/wp\/v2\/product"}],"about":[{"href":"https:\/\/uj.adatbank.ro\/lexikon\/wp-json\/wp\/v2\/types\/product"}],"replies":[{"embeddable":true,"href":"https:\/\/uj.adatbank.ro\/lexikon\/wp-json\/wp\/v2\/comments?post=24476"}],"wp:attachment":[{"href":"https:\/\/uj.adatbank.ro\/lexikon\/wp-json\/wp\/v2\/media?parent=24476"}],"wp:term":[{"taxonomy":"product_brand","embeddable":true,"href":"https:\/\/uj.adatbank.ro\/lexikon\/wp-json\/wp\/v2\/product_brand?post=24476"},{"taxonomy":"product_cat","embeddable":true,"href":"https:\/\/uj.adatbank.ro\/lexikon\/wp-json\/wp\/v2\/product_cat?post=24476"},{"taxonomy":"product_tag","embeddable":true,"href":"https:\/\/uj.adatbank.ro\/lexikon\/wp-json\/wp\/v2\/product_tag?post=24476"}],"curies":[{"name":"wp","href":"https:\/\/api.w.org\/{rel}","templated":true}]}}