{"id":24507,"date":"2025-08-01T18:10:00","date_gmt":"2025-08-01T16:10:00","guid":{"rendered":"https:\/\/uj.adatbank.ro\/lexikon\/termek\/vescan-ioan-vescan-ion\/"},"modified":"2025-08-01T18:10:00","modified_gmt":"2025-08-01T16:10:00","slug":"vescan-ioan-vescan-ion","status":"publish","type":"product","link":"https:\/\/uj.adatbank.ro\/lexikon\/termek\/vescan-ioan-vescan-ion\/","title":{"rendered":"VESCAN, Ioan, Vescan Ion"},"content":{"rendered":"<p>Aranyosegerbegy (Kolozs), 1877. aug. 22., \u2020 Mv., 1946. m\u00e1rc. 31.Sz\u00fcl\u0151faluj\u00e1ban, az \u00e1ltala alap\u00edtott templomba temett\u00e9k el.: \u00fcgyv\u00e9d, prefektus, politikus. \u2013 A sz\u00fcl\u0151fal\u00faja m. nyelv\u0171 elemi iskol\u00e1j\u00e1ban kezdte tanulm\u00e1nyait, a bal\u00e1zsfalvi Sf. Vasile L\u00edc.-ban folytatta, ortodox vall\u00e1sa ellen\u00e9re, amit v\u00e9gig meg\u0151rz\u00f6tt. Kv.-i egyetemen jogi kar\u00e1n folytatta tanulm\u00e1nyait, majd katonai tanulm\u00e1nyokat a b\u00e9csi tisztik\u00e9pz\u0151ben. A tordai ASTRA alap\u00edt\u00f3tagjai k\u00f6z\u00e9 tartozik (1905), majd megszervezi Teke k\u00f6zs\u00e9gben is. R\u00e9szt vett az I. vh.-ban, mint f\u0151hadnagy, felhatalmazva az orosz l\u00e1gerekben felkutatta az erd\u00e9lyi rom\u00e1n hadifoglyokat \u00e9s seg\u00edtett megszervezni az \u00d6nk\u00e9ntes Hadtestet (1917), r\u00e9szt vett a M\u0103r\u0103\u015fe\u015fti-i csat\u00e1ban, kapit\u00e1nyi rangot kapott (1918 tavasz\u00e1n). A Rom\u00e1n Nemzeti P\u00e1rt tagja (PNR), r\u00e9szt vett a gyulafeh\u00e9rv\u00e1ri Egyes\u00fcl\u00e9si Nagygy\u0171l\u00e9sen (1918. dec.1.). \u00dcgyv\u00e9d volt Mv.-en, Maros-Torda megy\u00e9nek az els\u0151 rom\u00e1n f\u0151isp\u00e1nja (1918. dec. 2.\u2013), prefektusa (1919. jan. \u2013), szen\u00e1tor (1922\u201326), majd \u00fcgyv\u00e9d (1921, 1926\u201328), ism\u00e9t v\u00e1rmegyei prefektus (1928\u2013). A szebeni Int\u00e9z\u0151 Tan\u00e1cs (Decretul nr. 1, 24 ian. 1919, Consiliul Dirigent) hat\u00e1rozat\u00e1ra megkezdte Mv. rom\u00e1nos\u00edt\u00e1s\u00e1t, minden hat\u00e1rozatot k\u00e9tnyelv\u0171en publik\u00e1ltak, bevezette az anyak\u00f6nyvi hivatal napl\u00f3inak vezet\u00e9s\u00e9t, amit eddig csak az egyh\u00e1zak v\u00e9geztek; megnyitotta a rom\u00e1n nyelv\u0171 \u00e1llami kereskedelmi iskol\u00e1t (1920), a m\u00e1sik Al. Papiu Ilarian \u00e9s Unirea k\u00e9t rom\u00e1n nyelv\u0171 mellett; kezdem\u00e9nyezte a rom\u00e1n inasiskola l\u00e9tes\u00edt\u00e9s\u00e9t, rom\u00e1n tan\u00edt\u00f3kat \u00e9s tan\u00e1rokat hozatott, t\u00e1mogatta a g. katolikus \u00e9s az ortodox templomok \u00e9p\u00edt\u00e9s\u00e9t Mv. f\u0151ter\u00e9re, a Kossuth \u00e9s a Bem szobrok elt\u00e1vol\u00edt\u00e1st (1924). T\u00f6bb kultur\u00e1lis \u00e9s gazdas\u00e1gi t\u00e1rsas\u00e1g vezet\u0151s\u00e9gi tagja volt pl. a mv.-i Sovata f\u00fcrd\u0151t\u00e1rsas\u00e1g, a Sz\u00f6vetkezetek Sz\u00f6vets\u00e9ge tagja. Nagyon j\u00f3l kollabor\u00e1lt Mv. polg\u00e1rmester\u00e9vel, Emil Dandeaval. Megalap\u00edtotta a Rom\u00e1n H\u00e1bor\u00fas \u00d6nk\u00e9ntesek Sz\u00f6vets\u00e9g\u00e9nek (Asocia\u0163ia voluntarilor de R\u0103zboi, filiala Mure\u015f) marosi r\u00e9szleg\u00e9t (1923. dec.) \u00e9s a Rom\u00e1n \u00d6nk\u00e9ntesek Bankj\u00e1t, amely seg\u00edtette a harcok mezej\u00e9n elesettek hozz\u00e1tartoz\u00f3it. Jelent\u0151s anyagi t\u00e1mogat\u00e1st ny\u00fajtott, a helyb\u00e9li h\u00edvek hozz\u00e1j\u00e1rul\u00e1s\u00e1n k\u00edv\u00fcl, a szov\u00e1tai Adormirea Maicii Domnului templom fel\u00e9p\u00edt\u00e9s\u00e9hez, felszentelte Nicolae Ivan p\u00fcsp\u00f6k (1929. aug. 4.). Iuliu Maniu j\u00f3bar\u00e1tjak\u00e9nt a RNP (Rom\u00e1n Nemzeti Parasztp\u00e1rt) v\u00e1rmegyei tagozat\u00e1nak eln\u00f6ke, k\u00e9s\u0151bb a R. Parasztp\u00e1rtnak, Rom\u00e1nia Parlamentj\u00e9nek szen\u00e1tora. Az ASTRA \u00f6r\u00f6k\u00f6s tagja, a Rom\u00e1n Koronarend lovagi \u00e9s a rom\u00e1n Csillagrend parancsnoki keresztj\u00e9vel t\u00fcntett\u00e9k ki. Sz\u00fcl\u0151faluj\u00e1ban egy ortodox templom alapk\u00f6v\u00e9t tette le (1935. aug. 15.), amelyet hamarosan fel is szenteltek (1936. okt. 4.). Megv\u00e1lasztott\u00e1k az antirevizionista liga Maros megyei eln\u00f6k\u00e9nek, r\u00e9szt vett az Erd\u00e9lyi Antirevizionista Liga kongresszus\u00e1n (Mv., 1935. nov. 28). Brass\u00f3ba menek\u00fclt (1940 ut\u00e1n\u20131944-ig), ahol eln\u00f6ke volt az \u00c9szak-Erd\u00e9lyb\u0151l menek\u00fcltek \u00e9s kiutas\u00edtottak sz\u00f6vets\u00e9g\u00e9nek. Visszat\u00e9rt Mv.-re, fenyeget\u00e9sekben, \u00fcld\u00f6z\u00e9sben, h\u00e1zkutat\u00e1sban volt r\u00e9sze. <br \/><strong>\u2013 Irod.:<\/strong> C.l. (2003. m\u00e1j. 16; 2005. okt. 29); Clujeni ai sec. 20; Ki kicsoda?; Gazeta Reghinului, (1. sz., 1998); Popa, Traian: Tg. M.; \u015eincan 2006; Todea 2013; Vi\u015finescu, Valentin; Vescan, Eugen. Dr. Ioan Vescan, 1877\u20131946: micromonografie. (Cluj-Napoca, 2006).<\/br><\/p>\n","protected":false},"excerpt":{"rendered":"<p>Aranyosegerbegy (Kolozs), 1877. aug. 22., \u2020 Mv., 1946. m\u00e1rc. 31.Sz\u00fcl\u0151faluj\u00e1ban, az \u00e1ltala alap\u00edtott templomba temett\u00e9k el.: \u00fcgyv\u00e9d, prefektus, politikus. \u2013 A sz\u00fcl\u0151fal\u00faja m. nyelv\u0171 elemi iskol\u00e1j\u00e1ban kezdte tanulm\u00e1nyait, a bal\u00e1zsfalvi Sf. Vasile L\u00edc.-ban folytatta, ortodox vall\u00e1sa ellen\u00e9re, amit v\u00e9gig meg\u0151rz\u00f6tt. Kv.-i egyetemen jogi kar\u00e1n folytatta tanulm\u00e1nyait, majd katonai tanulm\u00e1nyokat a b\u00e9csi tisztik\u00e9pz\u0151ben. A tordai ASTRA [&hellip;]<\/p>\n","protected":false},"featured_media":0,"comment_status":"open","ping_status":"closed","template":"","meta":[],"product_brand":[],"product_cat":[137],"product_tag":[],"class_list":{"0":"post-24507","1":"product","2":"type-product","3":"status-publish","5":"product_cat-maros-megyei-eletrajzi-lexikon","7":"first","8":"instock","9":"shipping-taxable","10":"product-type-simple"},"_links":{"self":[{"href":"https:\/\/uj.adatbank.ro\/lexikon\/wp-json\/wp\/v2\/product\/24507","targetHints":{"allow":["GET"]}}],"collection":[{"href":"https:\/\/uj.adatbank.ro\/lexikon\/wp-json\/wp\/v2\/product"}],"about":[{"href":"https:\/\/uj.adatbank.ro\/lexikon\/wp-json\/wp\/v2\/types\/product"}],"replies":[{"embeddable":true,"href":"https:\/\/uj.adatbank.ro\/lexikon\/wp-json\/wp\/v2\/comments?post=24507"}],"wp:attachment":[{"href":"https:\/\/uj.adatbank.ro\/lexikon\/wp-json\/wp\/v2\/media?parent=24507"}],"wp:term":[{"taxonomy":"product_brand","embeddable":true,"href":"https:\/\/uj.adatbank.ro\/lexikon\/wp-json\/wp\/v2\/product_brand?post=24507"},{"taxonomy":"product_cat","embeddable":true,"href":"https:\/\/uj.adatbank.ro\/lexikon\/wp-json\/wp\/v2\/product_cat?post=24507"},{"taxonomy":"product_tag","embeddable":true,"href":"https:\/\/uj.adatbank.ro\/lexikon\/wp-json\/wp\/v2\/product_tag?post=24507"}],"curies":[{"name":"wp","href":"https:\/\/api.w.org\/{rel}","templated":true}]}}