{"id":24508,"date":"2025-08-01T18:10:02","date_gmt":"2025-08-01T16:10:02","guid":{"rendered":"https:\/\/uj.adatbank.ro\/lexikon\/termek\/vescan-viniciu-emil-%c2%a7\/"},"modified":"2025-08-01T18:10:02","modified_gmt":"2025-08-01T16:10:02","slug":"vescan-viniciu-emil-%c2%a7","status":"publish","type":"product","link":"https:\/\/uj.adatbank.ro\/lexikon\/termek\/vescan-viniciu-emil-%c2%a7\/","title":{"rendered":"VESCAN, Viniciu Emil, \u00a7"},"content":{"rendered":"<p>Aranyosegerbegy, 1908. febr. 11., \u2020 Abrudb\u00e1nya, 1969. \u00e1pr. 1.: ort. pap. \u2013 Tanulm\u00e1nyait a sz\u00fcl\u0151faluj\u00e1ban kezdte, Tord\u00e1n a Regele Ferdinand L\u00edc.-ban \u00e9retts\u00e9gizett (1928), az ort. teol\u00f3gi\u00e1t Kv.-on (1931), majd teol\u00f3giai akad.-\u00e1t Cern\u0103u\u0163i-on v\u00e9gezett (1934), papp\u00e1 szentelt\u00e9k (1935. dec.1.). Kv.-on a 2. sz. K\u00f6z\u00e9pisk.-ban kezdte vall\u00e1stan\u00e1ri p\u00e1lyafut\u00e1s\u00e1t (1933\u201334), majd a Fi\u00fa Tan\u00edt\u00f3k\u00e9pz\u0151ben folytatta (1934\u201340), ekkor arra k\u00e9nyszer\u00fclt, hogy elhagyja a v\u00e1rost. Marosszentgy\u00f6rgy\u00f6n volt ort. pap (1940. \u00e1pr. 1.\u201340. szept. 9.), Fels\u0151detrehemben (1942. m\u00e1rc. 25. \u2013 1945. m\u00e1rc. 18.) \u00e9s sz\u00fcl\u0151faluj\u00e1ban (1945. m\u00e1rc. 25. \u2013 1968. okt. 31.), abban az ort. templomban, amelyet Ioan Vescan, marosi prefektus, parlamenti k\u00e9pvisel\u0151 \u00e9s a Maniu f\u00e9le NPP vezet\u0151j\u00e9nek t\u00e1mogat\u00e1s\u00e1val \u00e9p\u00edtettek. A templom alap\u00edt\u00f3 Vescannak a templom el\u00e9 mellszobrot \u00e1ll\u00edtottak (1998. j\u00fan.). <br \/><strong>\u2013 Irod.:<\/strong> S\u00e2ngeorgiu de Mure\u015f: 1940\u20131944; S\u00e2ngeorgiu de Mure\u015f: Biserica.<\/br><\/p>\n","protected":false},"excerpt":{"rendered":"<p>Aranyosegerbegy, 1908. febr. 11., \u2020 Abrudb\u00e1nya, 1969. \u00e1pr. 1.: ort. pap. \u2013 Tanulm\u00e1nyait a sz\u00fcl\u0151faluj\u00e1ban kezdte, Tord\u00e1n a Regele Ferdinand L\u00edc.-ban \u00e9retts\u00e9gizett (1928), az ort. teol\u00f3gi\u00e1t Kv.-on (1931), majd teol\u00f3giai akad.-\u00e1t Cern\u0103u\u0163i-on v\u00e9gezett (1934), papp\u00e1 szentelt\u00e9k (1935. dec.1.). Kv.-on a 2. sz. K\u00f6z\u00e9pisk.-ban kezdte vall\u00e1stan\u00e1ri p\u00e1lyafut\u00e1s\u00e1t (1933\u201334), majd a Fi\u00fa Tan\u00edt\u00f3k\u00e9pz\u0151ben folytatta (1934\u201340), ekkor arra [&hellip;]<\/p>\n","protected":false},"featured_media":0,"comment_status":"open","ping_status":"closed","template":"","meta":[],"product_brand":[],"product_cat":[137],"product_tag":[],"class_list":{"0":"post-24508","1":"product","2":"type-product","3":"status-publish","5":"product_cat-maros-megyei-eletrajzi-lexikon","7":"first","8":"instock","9":"shipping-taxable","10":"product-type-simple"},"_links":{"self":[{"href":"https:\/\/uj.adatbank.ro\/lexikon\/wp-json\/wp\/v2\/product\/24508","targetHints":{"allow":["GET"]}}],"collection":[{"href":"https:\/\/uj.adatbank.ro\/lexikon\/wp-json\/wp\/v2\/product"}],"about":[{"href":"https:\/\/uj.adatbank.ro\/lexikon\/wp-json\/wp\/v2\/types\/product"}],"replies":[{"embeddable":true,"href":"https:\/\/uj.adatbank.ro\/lexikon\/wp-json\/wp\/v2\/comments?post=24508"}],"wp:attachment":[{"href":"https:\/\/uj.adatbank.ro\/lexikon\/wp-json\/wp\/v2\/media?parent=24508"}],"wp:term":[{"taxonomy":"product_brand","embeddable":true,"href":"https:\/\/uj.adatbank.ro\/lexikon\/wp-json\/wp\/v2\/product_brand?post=24508"},{"taxonomy":"product_cat","embeddable":true,"href":"https:\/\/uj.adatbank.ro\/lexikon\/wp-json\/wp\/v2\/product_cat?post=24508"},{"taxonomy":"product_tag","embeddable":true,"href":"https:\/\/uj.adatbank.ro\/lexikon\/wp-json\/wp\/v2\/product_tag?post=24508"}],"curies":[{"name":"wp","href":"https:\/\/api.w.org\/{rel}","templated":true}]}}