{"id":24600,"date":"2025-08-01T18:13:32","date_gmt":"2025-08-01T16:13:32","guid":{"rendered":"https:\/\/uj.adatbank.ro\/lexikon\/termek\/viski-gyula\/"},"modified":"2025-08-01T18:13:32","modified_gmt":"2025-08-01T16:13:32","slug":"viski-gyula","status":"publish","type":"product","link":"https:\/\/uj.adatbank.ro\/lexikon\/termek\/viski-gyula\/","title":{"rendered":"VISKI Gyula"},"content":{"rendered":"<p>Torda, 1870. \u00e1pr. 18., \u2020 Mez\u0151b\u00e1nd, 1934. febr. 25.: ref.lelk\u00e9sz. \u2013 K\u00f6z\u00e9pisk.-t a kv.-i Ref. Koll.-ban v\u00e9gezte (1888). A nagyenyedi teol\u00f3gia elv\u00e9gz\u00e9se ut\u00e1n a marburgi \u00e9s berlini egyetemeken folytatta tanulm\u00e1nyait (1892\u201393). \u00dajtord\u00e1n lett seg\u00e9dlelk\u00e9sz, majd Nagyenyeden oszt\u00e1lytan\u00edt\u00f3. Innen h\u00edvt\u00e1k meg a sikl\u00f3di ekl\u00e9zsi\u00e1ba lp.-nak (1894. aug. 5. \u20131897.). Onnan Somosdra h\u00edvt\u00e1k meg (1897. aug. 2. \u2013 1901. okt. 29.), majd k\u00e9s\u0151bb \u00fajb\u00f3l megh\u00edvt\u00e1k (1921. \u00e1pr. 3.), de nem fogadta el. Somosdi \u00e9vei alatt szervezte meg az egyh\u00e1zk\u00f6zs\u00e9g lelk\u00e9szi k\u00f6nyvt\u00e1r\u00e1t, amely a lelk\u00e9sz \u00e9s a presbit\u00e9rium fel\u00fcgyelete alatt az egyh\u00e1z tulajdon\u00e1t k\u00e9pezi ma is. A h\u00edveit is olvas\u00e1sra szoktatta, \u00fajs\u00e1gokat rendelt. Lemondott somosdi \u00e1ll\u00e1s\u00e1r\u00f3l \u00e9s Mez\u0151b\u00e1ndra k\u00f6lt\u00f6z\u00f6tt, ahol hal\u00e1l\u00e1ig m\u00e9g 33 \u00e9vig szolg\u00e1lt. \u2013  <strong>F. m..:<\/strong> Sz\u00e1sz Domokos ref. p\u00fcsp\u00f6k eml\u00e9kezete&#8230;: Eml\u00e9kbesz\u00e9d (Mv., 1899). <br \/><strong>\u2013 Irod.:<\/strong> Somosd; Szinnyei.<\/br><\/p>\n","protected":false},"excerpt":{"rendered":"<p>Torda, 1870. \u00e1pr. 18., \u2020 Mez\u0151b\u00e1nd, 1934. febr. 25.: ref.lelk\u00e9sz. \u2013 K\u00f6z\u00e9pisk.-t a kv.-i Ref. Koll.-ban v\u00e9gezte (1888). A nagyenyedi teol\u00f3gia elv\u00e9gz\u00e9se ut\u00e1n a marburgi \u00e9s berlini egyetemeken folytatta tanulm\u00e1nyait (1892\u201393). \u00dajtord\u00e1n lett seg\u00e9dlelk\u00e9sz, majd Nagyenyeden oszt\u00e1lytan\u00edt\u00f3. Innen h\u00edvt\u00e1k meg a sikl\u00f3di ekl\u00e9zsi\u00e1ba lp.-nak (1894. aug. 5. \u20131897.). Onnan Somosdra h\u00edvt\u00e1k meg (1897. aug. 2. [&hellip;]<\/p>\n","protected":false},"featured_media":0,"comment_status":"open","ping_status":"closed","template":"","meta":[],"product_brand":[],"product_cat":[137],"product_tag":[],"class_list":{"0":"post-24600","1":"product","2":"type-product","3":"status-publish","5":"product_cat-maros-megyei-eletrajzi-lexikon","7":"first","8":"instock","9":"shipping-taxable","10":"product-type-simple"},"_links":{"self":[{"href":"https:\/\/uj.adatbank.ro\/lexikon\/wp-json\/wp\/v2\/product\/24600","targetHints":{"allow":["GET"]}}],"collection":[{"href":"https:\/\/uj.adatbank.ro\/lexikon\/wp-json\/wp\/v2\/product"}],"about":[{"href":"https:\/\/uj.adatbank.ro\/lexikon\/wp-json\/wp\/v2\/types\/product"}],"replies":[{"embeddable":true,"href":"https:\/\/uj.adatbank.ro\/lexikon\/wp-json\/wp\/v2\/comments?post=24600"}],"wp:attachment":[{"href":"https:\/\/uj.adatbank.ro\/lexikon\/wp-json\/wp\/v2\/media?parent=24600"}],"wp:term":[{"taxonomy":"product_brand","embeddable":true,"href":"https:\/\/uj.adatbank.ro\/lexikon\/wp-json\/wp\/v2\/product_brand?post=24600"},{"taxonomy":"product_cat","embeddable":true,"href":"https:\/\/uj.adatbank.ro\/lexikon\/wp-json\/wp\/v2\/product_cat?post=24600"},{"taxonomy":"product_tag","embeddable":true,"href":"https:\/\/uj.adatbank.ro\/lexikon\/wp-json\/wp\/v2\/product_tag?post=24600"}],"curies":[{"name":"wp","href":"https:\/\/api.w.org\/{rel}","templated":true}]}}