{"id":24661,"date":"2025-08-01T18:15:44","date_gmt":"2025-08-01T16:15:44","guid":{"rendered":"https:\/\/uj.adatbank.ro\/lexikon\/termek\/vlad-dracul-%c2%a7\/"},"modified":"2025-08-01T18:15:44","modified_gmt":"2025-08-01T16:15:44","slug":"vlad-dracul-%c2%a7","status":"publish","type":"product","link":"https:\/\/uj.adatbank.ro\/lexikon\/termek\/vlad-dracul-%c2%a7\/","title":{"rendered":"VLAD Dracul, \u00a7"},"content":{"rendered":"<p>? 1400 el\u0151tt k. \u2020\u00a0B\u0103lteni (Ilfov), 1447. nov.: rom\u00e1n vajda, Havasalf\u00f6ld uralkod\u00f3ja (1436\u201342, 1443\u201347). \u2013 Mircea cel B\u0103tr\u00e2n t\u00f6rv\u00e9nytelen fia. Luxemburgi Zsigmond n\u00e9met \u00e9s m. kir\u00e1ly (1387\u20131437) udvar\u00e1ban N\u00fcrnbergben tart\u00f3zkodott (1423\u201331). Apja hal\u00e1la ut\u00e1n (1418. jan. 31.), annak t\u00f6rv\u00e9nyes fia, Mihail foglalta el a Havasalf\u00f6ld tr\u00f3nj\u00e1t, de tr\u00f3nvillong\u00e1sok t\u00f6rtek ki (1418\u201331), tr\u00f3nk\u00f6vetel\u0151k\u00e9nt el\u00e9rte, hogy Luxemburgi Zsigmond kinevezte Havasalf\u00f6ld fejedelm\u00e9v\u00e9 (1431. febr. 8.), Fogaras \u00e9s Oml\u00e1s herceg\u00e9v\u00e9, k\u00f6lcs\u00f6n\u00f6s t\u00e1mogat\u00e1st \u00edg\u00e9rtek egym\u00e1snak. T\u00e1mogat\u00e1st \u00edg\u00e9rt a minorita szerzeteseknek a katolicizmus terjeszt\u00e9s\u00e9ben, befogadt\u00e1k a S\u00e1rk\u00e1nyos Lovagrendbe (Ordinul balaurilor), innen kapta a Dracul mell\u00e9knevet. Zsigmond Alexandru Alde\u00e1t \u00fcltette a tr\u00f3nra. Elhagyta N\u00fcrnberget \u00e9s Segesv\u00e1ron telepedett le (1431\u201335). Zsigmond kir\u00e1lyt\u00f3l enged\u00e9lyt k\u00e9rt \u00e9s kapott egy segesv\u00e1ri p\u00e9nzverde megnyit\u00e1s\u00e1hoz, ezzel alapozta meg segesv\u00e1ri udvar\u00e1nak fenntart\u00e1s\u00e1t. Elfoglalta Havasalf\u00f6ld tr\u00f3nj\u00e1t (1436\u201342). A t\u00f6r\u00f6k\u00f6kkel t\u00f6bb csat\u00e1t v\u00edvott (1436. j\u00fal. 16.), de siker\u00fclt meg\u0151riznie tr\u00f3nj\u00e1t, kiegyezett II. Murad t\u00f6r\u00f6k szult\u00e1nnal (1437 nyara), t\u00e1mogatta a szult\u00e1nt erd\u00e9lyi hadj\u00e1rataiban (1438), igyekezett semleges politik\u00e1t folytatni Magyaro.-gal \u00e9s Erd\u00e9llyel szemben. A t\u00f6r\u00f6k\u00f6k b\u00f6rt\u00f6nbe z\u00e1rt\u00e1k (1441. szept.\u201342), de visszatett\u00e9k a tr\u00f3nra (1443. tavasz\u00e1n). M\u00e1sodik uralkod\u00e1sa idej\u00e9n Hunyadi J\u00e1nossal hol sz\u00f6vets\u00e9gben, hol ellens\u00e9ges viszonyban \u00e1llt. Elk\u00eds\u00e9rte Hunyadi sereg\u00e9t a balk\u00e1ni hadj\u00e1ratokra (Sz\u00f3fia, 1443; V\u00e1rna, 1444; Al-Duna, 1445), majd Hunyadi ellen fordult, akinek csapatai behatoltak Havasalf\u00f6ldre \u00e9s menek\u00fcl\u00e9se k\u00f6zben B\u0103lteni faluban meggyilkolt\u00e1k. <br \/><strong>\u2013 Irod.:<\/strong> Columbeanu, Sergiu, Valentin, Radu: Vlad dracul (1436\u20131442; 1443\u20131447) (Buc., 1978); Dic\u0163onar enciclopedic (Buc., 2009); MNL; Popescu, Petru Demetru: Istoria neamului rom\u00e2nesc: O\u015ftenii (Buc., 2005); Seby [Sebesty\u00e9n Mih\u00e1ly]: Drakula j\u00e1rt Segesv\u00e1rott (N\u00fa., 1998. dec. 30.); Sighi\u015foara perla Transilvaniei.<\/br><\/p>\n","protected":false},"excerpt":{"rendered":"<p>? 1400 el\u0151tt k. \u2020\u00a0B\u0103lteni (Ilfov), 1447. nov.: rom\u00e1n vajda, Havasalf\u00f6ld uralkod\u00f3ja (1436\u201342, 1443\u201347). \u2013 Mircea cel B\u0103tr\u00e2n t\u00f6rv\u00e9nytelen fia. Luxemburgi Zsigmond n\u00e9met \u00e9s m. kir\u00e1ly (1387\u20131437) udvar\u00e1ban N\u00fcrnbergben tart\u00f3zkodott (1423\u201331). Apja hal\u00e1la ut\u00e1n (1418. jan. 31.), annak t\u00f6rv\u00e9nyes fia, Mihail foglalta el a Havasalf\u00f6ld tr\u00f3nj\u00e1t, de tr\u00f3nvillong\u00e1sok t\u00f6rtek ki (1418\u201331), tr\u00f3nk\u00f6vetel\u0151k\u00e9nt el\u00e9rte, hogy Luxemburgi [&hellip;]<\/p>\n","protected":false},"featured_media":0,"comment_status":"open","ping_status":"closed","template":"","meta":[],"product_brand":[],"product_cat":[137],"product_tag":[],"class_list":{"0":"post-24661","1":"product","2":"type-product","3":"status-publish","5":"product_cat-maros-megyei-eletrajzi-lexikon","7":"first","8":"instock","9":"shipping-taxable","10":"product-type-simple"},"_links":{"self":[{"href":"https:\/\/uj.adatbank.ro\/lexikon\/wp-json\/wp\/v2\/product\/24661","targetHints":{"allow":["GET"]}}],"collection":[{"href":"https:\/\/uj.adatbank.ro\/lexikon\/wp-json\/wp\/v2\/product"}],"about":[{"href":"https:\/\/uj.adatbank.ro\/lexikon\/wp-json\/wp\/v2\/types\/product"}],"replies":[{"embeddable":true,"href":"https:\/\/uj.adatbank.ro\/lexikon\/wp-json\/wp\/v2\/comments?post=24661"}],"wp:attachment":[{"href":"https:\/\/uj.adatbank.ro\/lexikon\/wp-json\/wp\/v2\/media?parent=24661"}],"wp:term":[{"taxonomy":"product_brand","embeddable":true,"href":"https:\/\/uj.adatbank.ro\/lexikon\/wp-json\/wp\/v2\/product_brand?post=24661"},{"taxonomy":"product_cat","embeddable":true,"href":"https:\/\/uj.adatbank.ro\/lexikon\/wp-json\/wp\/v2\/product_cat?post=24661"},{"taxonomy":"product_tag","embeddable":true,"href":"https:\/\/uj.adatbank.ro\/lexikon\/wp-json\/wp\/v2\/product_tag?post=24661"}],"curies":[{"name":"wp","href":"https:\/\/api.w.org\/{rel}","templated":true}]}}