{"id":24665,"date":"2025-08-01T18:15:52","date_gmt":"2025-08-01T16:15:52","guid":{"rendered":"https:\/\/uj.adatbank.ro\/lexikon\/termek\/vlad-tepes-%c2%a7-dracula\/"},"modified":"2025-08-01T18:15:52","modified_gmt":"2025-08-01T16:15:52","slug":"vlad-tepes-%c2%a7-dracula","status":"publish","type":"product","link":"https:\/\/uj.adatbank.ro\/lexikon\/termek\/vlad-tepes-%c2%a7-dracula\/","title":{"rendered":"VLAD \u0162epe\u015f, \u00a7 Dracula"},"content":{"rendered":"<p>Segesv\u00e1r, 1431., \u2020 1476. dec.: Havasalf\u00f6ld vajd\u00e1ja. \u2013 Vlad Dracul fejedelemnek \u00e9s Alexandru cel Bun egyik le\u00e1ny\u00e1nak a fia, Radu cel Frumos fiv\u00e9re. Segesv\u00e1ron lakott gyermekkor\u00e1ban (1431\u201335). Havasalf\u00f6ld uralkod\u00f3ja (1448. okt.\u2013nov., 1456\u201362, 1476. nov.-dec.). Kegyetlen\u00fcl kiv\u00e9geztette politikai ellenfelleit (1457\u201360), 41 brass\u00f3i keresked\u0151t kar\u00f3ba h\u00fazatott, 300-at meg\u00e9getett, telep\u00fcl\u00e9seket gy\u00fajtott fel. A megsz\u00e1ll\u00f3 t\u00f6r\u00f6k\u00f6k elleni k\u00fczdelme elismert (1461, 1462). M\u00e1ty\u00e1s kir. mozd\u00edtotta el a vajdai sz\u00e9kb\u0151l (1462. okt.\u2013nov.), amikor elfoglalta a rom\u00e1n fejedelmes\u00e9g havasalf\u00f6ldi ter\u00fcleteit. Visegr\u00e1dban raboskodott (1462\u201366), majd Pesten \u00e9lt \u00e9s r\u00e9szt vett a m. kir. balk\u00e1ni hadj\u00e1rataiban. M\u00e1ty\u00e1s, mikor felismerte Vlad hasznoss\u00e1g\u00e1t, feles\u00e9g\u00fcl adta hozz\u00e1 unokah\u00fag\u00e1t, Szil\u00e1gyi Jusztin\u00e1t, \u00e9s visszaadta a havasalf\u00f6ldi tartom\u00e1nyt (1475. j\u00fan.), hogy r\u00e9szt vegyen a t\u00f6r\u00f6k\u00f6k elleni balk\u00e1ni hadj\u00e1ratban (1475\u201376), ennek keret\u00e9ben foglalja el a buk.-i tr\u00f3nt (1476. okt.). R\u00f6vid harmadik uralkod\u00e1s\u00e1nak, III. Basarab t\u00f6r\u00f6k seg\u00edts\u00e9ggel v\u00e9grehajtott t\u00e1mad\u00e1sa vetett v\u00e9get, test\u0151rs\u00e9g\u00e9vel egy\u00fctt meg\u00f6lt\u00e9k. \u00d6rd\u00f6gv\u00f6lgy (Maros) sz\u00f3rv\u00e1nytelep\u00fcl\u00e9s k\u00f6zpontj\u00e1ban Drakula Vladnak, Vlad \u0162epe\u015f havasalf\u00f6ldi uralkod\u00f3 fi\u00e1nak, \u00e1ll\u00edtottak eml\u00e9km\u0171vet. Az iskola fal\u00e1ra helyezett m\u00e1rv\u00e1nyt\u00e1bla (1988) a telep\u00fcl\u00e9s alap\u00edt\u00f3jak\u00e9nt (1554) eml\u00edti. Eml\u00e9k\u00e9re a segesv\u00e1ri v\u00e1rban szobrot \u00e1ll\u00edtottak, a D\u00e1nosr\u00f3l sz\u00e1rmaz\u00f3 Iosif Constantin alkot\u00e1s\u00e1t (1998. dec. 1.). <br \/><strong>\u2013 Irod.:<\/strong> Avat\u00e1s, esk\u00fct\u00e9tel (N\u00fa., 1998. dec. 22.); Ciobanu, Radu \u015etefan: urmele lui Vlad \u0162epe\u015f (Buc., 1979); Dic\u0163onar enciclopedic (Buc., 2009); Dracula nyom\u00e1ban (N\u00fa., 1992. okt. 13.); Egyed \u00c1. 2013; Farkas Jen\u0151: Dracula Vajda hist\u00f3ri\u00e1ja (Bp., 1989); MMK; MNL; Mure\u015f, jude\u0163; Popescu, Petru Demetru: Istoria neamului rom\u00e2nesc: O\u015ftenii (Buc., 2005); Sepsisz\u00e9ki; Turisztikai kalauz.<\/br><\/p>\n","protected":false},"excerpt":{"rendered":"<p>Segesv\u00e1r, 1431., \u2020 1476. dec.: Havasalf\u00f6ld vajd\u00e1ja. \u2013 Vlad Dracul fejedelemnek \u00e9s Alexandru cel Bun egyik le\u00e1ny\u00e1nak a fia, Radu cel Frumos fiv\u00e9re. Segesv\u00e1ron lakott gyermekkor\u00e1ban (1431\u201335). Havasalf\u00f6ld uralkod\u00f3ja (1448. okt.\u2013nov., 1456\u201362, 1476. nov.-dec.). Kegyetlen\u00fcl kiv\u00e9geztette politikai ellenfelleit (1457\u201360), 41 brass\u00f3i keresked\u0151t kar\u00f3ba h\u00fazatott, 300-at meg\u00e9getett, telep\u00fcl\u00e9seket gy\u00fajtott fel. A megsz\u00e1ll\u00f3 t\u00f6r\u00f6k\u00f6k elleni k\u00fczdelme elismert [&hellip;]<\/p>\n","protected":false},"featured_media":0,"comment_status":"open","ping_status":"closed","template":"","meta":[],"product_brand":[],"product_cat":[137],"product_tag":[],"class_list":{"0":"post-24665","1":"product","2":"type-product","3":"status-publish","5":"product_cat-maros-megyei-eletrajzi-lexikon","7":"first","8":"instock","9":"shipping-taxable","10":"product-type-simple"},"_links":{"self":[{"href":"https:\/\/uj.adatbank.ro\/lexikon\/wp-json\/wp\/v2\/product\/24665","targetHints":{"allow":["GET"]}}],"collection":[{"href":"https:\/\/uj.adatbank.ro\/lexikon\/wp-json\/wp\/v2\/product"}],"about":[{"href":"https:\/\/uj.adatbank.ro\/lexikon\/wp-json\/wp\/v2\/types\/product"}],"replies":[{"embeddable":true,"href":"https:\/\/uj.adatbank.ro\/lexikon\/wp-json\/wp\/v2\/comments?post=24665"}],"wp:attachment":[{"href":"https:\/\/uj.adatbank.ro\/lexikon\/wp-json\/wp\/v2\/media?parent=24665"}],"wp:term":[{"taxonomy":"product_brand","embeddable":true,"href":"https:\/\/uj.adatbank.ro\/lexikon\/wp-json\/wp\/v2\/product_brand?post=24665"},{"taxonomy":"product_cat","embeddable":true,"href":"https:\/\/uj.adatbank.ro\/lexikon\/wp-json\/wp\/v2\/product_cat?post=24665"},{"taxonomy":"product_tag","embeddable":true,"href":"https:\/\/uj.adatbank.ro\/lexikon\/wp-json\/wp\/v2\/product_tag?post=24665"}],"curies":[{"name":"wp","href":"https:\/\/api.w.org\/{rel}","templated":true}]}}