{"id":24671,"date":"2025-08-01T18:16:07","date_gmt":"2025-08-01T16:16:07","guid":{"rendered":"https:\/\/uj.adatbank.ro\/lexikon\/termek\/vladutiu-nicolae-pop\/"},"modified":"2025-08-01T18:16:07","modified_gmt":"2025-08-01T16:16:07","slug":"vladutiu-nicolae-pop","status":"publish","type":"product","link":"https:\/\/uj.adatbank.ro\/lexikon\/termek\/vladutiu-nicolae-pop\/","title":{"rendered":"VL\u0102DU\u0162IU, Nicolae, Pop"},"content":{"rendered":"<p>Marosbog\u00e1t, 1818, \u2020 Marosbog\u00e1t, 1872. febr. 17.: g. kat. pap. \u2013 Az \u0151si csal\u00e1di nevet vette fel, apja Vasile Pop szint\u00e9n lelk\u00e9sz volt Marosbog\u00e1ton. Tan\u00edt\u00f3k\u00e9pz\u0151ben, ill. a r. k. gimn\u00e1ziumban tanult Mv.-en, Bal\u00e1zsfalv\u00e1n filoz\u00f3fi\u00e1t \u00e9s teol\u00f3gi\u00e1t tanult, jogot Kv.-on v\u00e9gzett, de nem fejezte be, majd Bal\u00e1zsfalv\u00e1n folytatta teol\u00f3giai tanulm\u00e1nyait, itt szentelt\u00e9k g. k. papp\u00e1 (1842. \u00e1pr. 28.). Marosbog\u00e1ton lett lelk\u00e9sz, ahol Tokaji J\u00e1nos ref. lelk\u00e9sszel \u00f6sszefogva (1848\u201349), csalafinta, okos kiengesztel\u00e9ssel leszerelt\u00e9k a sz\u00e9kely felkel\u0151ket \u00e9s a rom\u00e1nokat, megszabad\u00edtva Bog\u00e1tot a d\u00fal\u00e1st\u00f3l. A 48-as forradalom idej\u00e9n a szebeni Rom\u00e1n Nemzeti Bizotts\u00e1g \/ Tan\u00e1cs kinevezte f\u0151kapit\u00e1nny\u00e1 (1848. dec. 11.), a Mez\u0151s\u00e9g 92 k\u00f6zs\u00e9ge \u00e9s 8 trib\u00fcn tartozott fennhat\u00f3s\u00e1ga al\u00e1, ez volt a XIII. prefekt\u00fara, amely a Kv. \u00e9s Mv. k\u00f6z\u00f6tti ter\u00fcletet \u00f6lelte fel. Katonai t\u00e1bor\u00e1t Radn\u00f3ton alak\u00edtotta ki, majd Ludason, k\u00e9s\u0151bb Cintoson. A m. t\u00faler\u0151 miatt a Nyugati havasokba menek\u00fclt Avram Iancu sereg\u00e9hez (1949. jan.), r\u00e9szt vett a l\u00e1ndzs\u00e1sok minden rajta\u00fct\u00e9s\u00e9ben. Visszat\u00e9rt Marosbog\u00e1tra (1849. aug.), a m\u0171vel\u0151d\u00e9si \u00e9let megszervez\u0151je, \u00faj iskol\u00e1t l\u00e9tes\u00edtett. A hat\u00f3s\u00e1gok forradalmi m\u00faltja miatt zaklatt\u00e1k, le is tart\u00f3ztatt\u00e1k, de bizony\u00edt\u00e9kok hi\u00e1ny\u00e1ban felmentett\u00e9k. \u00d6sszegy\u0171jt\u00f6tte a forradalmi esem\u00e9nyekre vonatkoz\u00f3 adatokat \u00e9s okiratokat, valamint a sz\u00fcl\u0151faluja m\u00faltj\u00e1ra vonatkoz\u00f3kat, de m\u00e1r nem tudta feldolgozni ezeket. Petre Baciu mv.-i jog\u00e1sz \u00e9s publicista, valamint a falu lak\u00f3inak hozz\u00e1j\u00e1rul\u00e1s\u00e1val, eml\u00e9km\u0171vet \u00e1ll\u00edtottak neki (felavatt\u00e1k 1975). <br \/><strong>\u2013 Irod.:<\/strong> A\u0163inti\u015f; Borda; Chiorean 2008; Nistor, Ion: Decorarea lui Avram Iancu \u015fi camarazii s\u0103i (Buc., 1931); Olteanu, Ioan: Momente din activitatea prefectului C\u00e2mpiei Ardelene, N. V. (10., Apulum, 1972); Predescu; Profiluri mure\u015fene. 2.; Todea 2013; Tolok\u00e1n Jen\u0151: Marosbog\u00e1ton is van a diplom\u00e1ci\u00e1nak hagyom\u00e1nya (N\u00fa., 1998. m\u00e1r. 13.); Transilvania 1848\u201349.<\/br><\/p>\n","protected":false},"excerpt":{"rendered":"<p>Marosbog\u00e1t, 1818, \u2020 Marosbog\u00e1t, 1872. febr. 17.: g. kat. pap. \u2013 Az \u0151si csal\u00e1di nevet vette fel, apja Vasile Pop szint\u00e9n lelk\u00e9sz volt Marosbog\u00e1ton. Tan\u00edt\u00f3k\u00e9pz\u0151ben, ill. a r. k. gimn\u00e1ziumban tanult Mv.-en, Bal\u00e1zsfalv\u00e1n filoz\u00f3fi\u00e1t \u00e9s teol\u00f3gi\u00e1t tanult, jogot Kv.-on v\u00e9gzett, de nem fejezte be, majd Bal\u00e1zsfalv\u00e1n folytatta teol\u00f3giai tanulm\u00e1nyait, itt szentelt\u00e9k g. k. papp\u00e1 (1842. [&hellip;]<\/p>\n","protected":false},"featured_media":0,"comment_status":"open","ping_status":"closed","template":"","meta":[],"product_brand":[],"product_cat":[137],"product_tag":[],"class_list":{"0":"post-24671","1":"product","2":"type-product","3":"status-publish","5":"product_cat-maros-megyei-eletrajzi-lexikon","7":"first","8":"instock","9":"shipping-taxable","10":"product-type-simple"},"_links":{"self":[{"href":"https:\/\/uj.adatbank.ro\/lexikon\/wp-json\/wp\/v2\/product\/24671","targetHints":{"allow":["GET"]}}],"collection":[{"href":"https:\/\/uj.adatbank.ro\/lexikon\/wp-json\/wp\/v2\/product"}],"about":[{"href":"https:\/\/uj.adatbank.ro\/lexikon\/wp-json\/wp\/v2\/types\/product"}],"replies":[{"embeddable":true,"href":"https:\/\/uj.adatbank.ro\/lexikon\/wp-json\/wp\/v2\/comments?post=24671"}],"wp:attachment":[{"href":"https:\/\/uj.adatbank.ro\/lexikon\/wp-json\/wp\/v2\/media?parent=24671"}],"wp:term":[{"taxonomy":"product_brand","embeddable":true,"href":"https:\/\/uj.adatbank.ro\/lexikon\/wp-json\/wp\/v2\/product_brand?post=24671"},{"taxonomy":"product_cat","embeddable":true,"href":"https:\/\/uj.adatbank.ro\/lexikon\/wp-json\/wp\/v2\/product_cat?post=24671"},{"taxonomy":"product_tag","embeddable":true,"href":"https:\/\/uj.adatbank.ro\/lexikon\/wp-json\/wp\/v2\/product_tag?post=24671"}],"curies":[{"name":"wp","href":"https:\/\/api.w.org\/{rel}","templated":true}]}}