{"id":24683,"date":"2025-08-01T18:16:41","date_gmt":"2025-08-01T16:16:41","guid":{"rendered":"https:\/\/uj.adatbank.ro\/lexikon\/termek\/voczelka-ede-vocelka\/"},"modified":"2025-08-01T18:16:41","modified_gmt":"2025-08-01T16:16:41","slug":"voczelka-ede-vocelka","status":"publish","type":"product","link":"https:\/\/uj.adatbank.ro\/lexikon\/termek\/voczelka-ede-vocelka\/","title":{"rendered":"VOCZELKA Ede, Vocelka"},"content":{"rendered":"<p>Mnichovicz (Cseho.), 1820., 1824 k. \u2020 Mv., 1874. okt. 25.: zeneszerz\u0151, orgonista, karmester, tan\u00e1r. \u2013 A cseh sz\u00e1rmaz\u00e1s\u00fa muzsikus, zenei hajlama kor\u00e1n megmutatkozott, m\u00e1r 8\u201310 \u00e9ves kor\u00e1ban j\u00f3l j\u00e1tszott az orgon\u00e1n. Iskolai, zenei tanulm\u00e1nyait Pr\u00e1g\u00e1ban folytatta, majd B\u00e9csben is tanult. P\u00e1r \u00e9vig a Kir\u00e1lyh\u00e1g\u00f3n t\u00fal foglalkozott zenetan\u00edt\u00e1ssal. Mv-re telepedett (1846 v\u00e9g\u00e9n vagy 1847 elej\u00e9n). Koronk\u00e1n Schuster zongoratan\u00edt\u00f3 munk\u00e1j\u00e1t folytatta a gr. Toldalagi Ferenc gyermekeinek oktat\u00e1s\u00e1val. Mv. lakosa hal\u00e1l\u00e1ig (1849\u2013), mag\u00e1n zongora\u00f3r\u00e1kat adott. Kafka J\u00f3zsef honfit\u00e1rsa, kort\u00e1rsa \u00e9s zenei versenyt\u00e1rsa volt, Kafka technikai f\u00f6l\u00e9ny\u00e9vel szemben zeneszerz\u0151i \u00e9s m\u00f3dszertani hat\u00e1sa jelent\u0151s volt (1857). A mv.-i Ref. Koll. tan\u00e1ra, \u00e9nektan\u00edt\u00f3ja lett (1860\u2013), bevezette a kottaolvas\u00e1si \u00f3r\u00e1kat, a Koll.-i Dalk\u00f6r szervez\u0151je \u00e9s vezet\u0151je, templomban, temet\u00e9seken \u00e9s iskolai \u00fcnnep\u00e9lyeken l\u00e9ptek fel. A Mv.-re \u00e9rkezett Veszely K\u00e1roly pr\u00e9post r\u00e1b\u00edzta a r. k. le\u00e1nytanoda \u00e9nektan\u00edt\u00e1s\u00e1t, ami\u00e9rt lak\u00e1st \u00e9s ell\u00e1t\u00e1st biztos\u00edtott, \u00edgy \u00e9let\u00e9ben kedvez\u0151bb id\u0151szak kezd\u0151d\u00f6tt (1868\u2013). Az amat\u0151r muzsikusok karmestere (1860\u201365 k.), az els\u0151 mv.-i m\u0171kedvel\u0151 \u00e9nekkar, a v\u00e1ros els\u0151 dal\u00e1rd\u00e1j\u00e1nak kezdem\u00e9nyez\u0151je, a Mv.-i Dalk\u00f6r megalap\u00edt\u00f3ja, karmestere (1867. \u00e1pr. 30. \u2013 1874). Az alakul\u00f3 k\u00f6zgy\u0171l\u00e9sen lefektett\u00e9k az alapszab\u00e1lyokat, eln\u00f6k\u00f6t v\u00e1lasztottak Petri \u00c1d\u00e1m polg\u00e1rmester szem\u00e9ly\u00e9ben, aleln\u00f6k Fekete J\u00f3zsef, p\u00e9nzt\u00e1rnok Csibi K\u00e1roly, jegyz\u0151 G\u00f6ldner K\u00e1roly lett. A Dalk\u00f6r k\u00f3rusversenyen vett r\u00e9szt Kv.-on (1874. aug. 29.), a Bajza Honfidal-ra \u00edrt szerzem\u00e9ny\u00e9vel, a dal\u00e1rda ez\u00fcst karnagyi botot nyert. Kit\u0171n\u0151 szervez\u0151 volt, akinek munk\u00e1ss\u00e1ga nagym\u00e9rt\u00e9kben hozz\u00e1j\u00e1rult a v\u00e1ros zenei \u00e9let\u00e9nek k\u00e9s\u0151bbi fejl\u0151d\u00e9s\u00e9hez. T\u00f6bb szimfonikus m\u0171, zenekari \u00e1tirat \u00e9s kamaram\u0171, dal, templomi zene: mise, orat\u00f3rium, k\u00f3rusm\u0171 szerz\u0151je, amelyeket maga vez\u00e9nyelt k\u00fcl\u00f6nb\u00f6z\u0151 hangversenyeken. Egyik nagyszab\u00e1s\u00fa zenem\u0171v\u00e9t, orat\u00f3rium\u00e1t sikerrel mutatt\u00e1k be B\u00e9csben. Megzen\u00e9s\u00edtette n\u0151i karra Pet\u0151fi S\u00e1ndor Csillagos \u00e9jszaka c. vers\u00e9t. Gy\u00e1szdalt szerzett D\u00f3sa Elek hal\u00e1l\u00e1ra (1867. nov.). M\u0171v\u00e9szi orgona j\u00e1t\u00e9k\u00e1val is sikeres volt, tan\u00edtv\u00e1nya, Szekeres Elek lett a k\u00e9s\u0151bbi katolikus templomi orgonista. S\u00edrj\u00e1t a v\u00e1ros eml\u00e9koszloppal d\u00edsz\u00edtette (1880). <br \/><strong>\u2013 Irod.:<\/strong> Barab\u00e1s: Iskola a magasban; Gy\u00e1szjelent\u0151; Kim; L\u00e9n\u00e1rt J\u00f3zsef: V. E. eml\u00e9kezete (Maros-Vid\u00e9k, 1880. j\u00fal. 8.; 1880. j\u00fal. 16., 1880. j\u00fal. 22.); Mv. m\u0171v. v\u00e1r.; Sz\u00e1sz K\u00e1roly: A Mv.-i Zenekedvel\u0151k Egylete (V. Z., 1972. febr. 6); \u00d6kr\u00f6s; Zenetudom\u00e1nyi \u00edr\u00e1sok.<\/br><\/p>\n","protected":false},"excerpt":{"rendered":"<p>Mnichovicz (Cseho.), 1820., 1824 k. \u2020 Mv., 1874. okt. 25.: zeneszerz\u0151, orgonista, karmester, tan\u00e1r. \u2013 A cseh sz\u00e1rmaz\u00e1s\u00fa muzsikus, zenei hajlama kor\u00e1n megmutatkozott, m\u00e1r 8\u201310 \u00e9ves kor\u00e1ban j\u00f3l j\u00e1tszott az orgon\u00e1n. Iskolai, zenei tanulm\u00e1nyait Pr\u00e1g\u00e1ban folytatta, majd B\u00e9csben is tanult. P\u00e1r \u00e9vig a Kir\u00e1lyh\u00e1g\u00f3n t\u00fal foglalkozott zenetan\u00edt\u00e1ssal. Mv-re telepedett (1846 v\u00e9g\u00e9n vagy 1847 elej\u00e9n). Koronk\u00e1n [&hellip;]<\/p>\n","protected":false},"featured_media":0,"comment_status":"open","ping_status":"closed","template":"","meta":[],"product_brand":[],"product_cat":[137],"product_tag":[],"class_list":{"0":"post-24683","1":"product","2":"type-product","3":"status-publish","5":"product_cat-maros-megyei-eletrajzi-lexikon","7":"first","8":"instock","9":"shipping-taxable","10":"product-type-simple"},"_links":{"self":[{"href":"https:\/\/uj.adatbank.ro\/lexikon\/wp-json\/wp\/v2\/product\/24683","targetHints":{"allow":["GET"]}}],"collection":[{"href":"https:\/\/uj.adatbank.ro\/lexikon\/wp-json\/wp\/v2\/product"}],"about":[{"href":"https:\/\/uj.adatbank.ro\/lexikon\/wp-json\/wp\/v2\/types\/product"}],"replies":[{"embeddable":true,"href":"https:\/\/uj.adatbank.ro\/lexikon\/wp-json\/wp\/v2\/comments?post=24683"}],"wp:attachment":[{"href":"https:\/\/uj.adatbank.ro\/lexikon\/wp-json\/wp\/v2\/media?parent=24683"}],"wp:term":[{"taxonomy":"product_brand","embeddable":true,"href":"https:\/\/uj.adatbank.ro\/lexikon\/wp-json\/wp\/v2\/product_brand?post=24683"},{"taxonomy":"product_cat","embeddable":true,"href":"https:\/\/uj.adatbank.ro\/lexikon\/wp-json\/wp\/v2\/product_cat?post=24683"},{"taxonomy":"product_tag","embeddable":true,"href":"https:\/\/uj.adatbank.ro\/lexikon\/wp-json\/wp\/v2\/product_tag?post=24683"}],"curies":[{"name":"wp","href":"https:\/\/api.w.org\/{rel}","templated":true}]}}