{"id":24826,"date":"2025-08-01T18:22:09","date_gmt":"2025-08-01T16:22:09","guid":{"rendered":"https:\/\/uj.adatbank.ro\/lexikon\/termek\/weiss-mendel-h\/"},"modified":"2025-08-01T18:22:09","modified_gmt":"2025-08-01T16:22:09","slug":"weiss-mendel-h","status":"publish","type":"product","link":"https:\/\/uj.adatbank.ro\/lexikon\/termek\/weiss-mendel-h\/","title":{"rendered":"WEISS Mendel H."},"content":{"rendered":"<p>Mez\u0151\u00f6rm\u00e9nyes, 1903., \u2020\u00a0?: sz\u00e1szr\u00e9geni gyakorl\u00f3 orvos. \u2013 F\u00f6ldbirtokos csal\u00e1db\u00f3l sz\u00e1rmazik. R\u00e9szt vett az I. vh.-ban. Az egyetemet Kv.-on \u00e9s P\u00e1rizsban v\u00e9gezte, doktor\u00e1lt (1926). Tov\u00e1bb k\u00e9pezte mag\u00e1t P\u00e1rizsban \u00e9s Neuheim f\u00fcrd\u0151n. Sz\u00e1szr\u00e9genben gyakorl\u00f3 orvos (1927\u2013). \u00c1lland\u00f3an tudom\u00e1nyos k\u00eds\u00e9rleteket v\u00e9gzett, tudom\u00e1nyos szakk\u00f6nyvet \u00edrt, sz\u00e1mos cikke jelent meg belf\u00f6ldi orvosi lapokban, f\u0151leg n\u0151gy\u00f3gy\u00e1szattal \u00e9s \u00edz\u00fcleti b\u00e1ntalmakkal foglalkozott cikkeiben, a sz\u00edv m\u0171k\u00f6d\u00e9s\u00e9vel foglalkoz\u00f3 nagyobb munk\u00e1t is kidolgozott. <br \/><strong>\u2013 Irod.:<\/strong> Ki kicsoda?; Reghin, militari.<\/br><\/p>\n","protected":false},"excerpt":{"rendered":"<p>Mez\u0151\u00f6rm\u00e9nyes, 1903., \u2020\u00a0?: sz\u00e1szr\u00e9geni gyakorl\u00f3 orvos. \u2013 F\u00f6ldbirtokos csal\u00e1db\u00f3l sz\u00e1rmazik. R\u00e9szt vett az I. vh.-ban. Az egyetemet Kv.-on \u00e9s P\u00e1rizsban v\u00e9gezte, doktor\u00e1lt (1926). Tov\u00e1bb k\u00e9pezte mag\u00e1t P\u00e1rizsban \u00e9s Neuheim f\u00fcrd\u0151n. Sz\u00e1szr\u00e9genben gyakorl\u00f3 orvos (1927\u2013). \u00c1lland\u00f3an tudom\u00e1nyos k\u00eds\u00e9rleteket v\u00e9gzett, tudom\u00e1nyos szakk\u00f6nyvet \u00edrt, sz\u00e1mos cikke jelent meg belf\u00f6ldi orvosi lapokban, f\u0151leg n\u0151gy\u00f3gy\u00e1szattal \u00e9s \u00edz\u00fcleti b\u00e1ntalmakkal foglalkozott cikkeiben, [&hellip;]<\/p>\n","protected":false},"featured_media":0,"comment_status":"open","ping_status":"closed","template":"","meta":[],"product_brand":[],"product_cat":[137],"product_tag":[],"class_list":{"0":"post-24826","1":"product","2":"type-product","3":"status-publish","5":"product_cat-maros-megyei-eletrajzi-lexikon","7":"first","8":"instock","9":"shipping-taxable","10":"product-type-simple"},"_links":{"self":[{"href":"https:\/\/uj.adatbank.ro\/lexikon\/wp-json\/wp\/v2\/product\/24826","targetHints":{"allow":["GET"]}}],"collection":[{"href":"https:\/\/uj.adatbank.ro\/lexikon\/wp-json\/wp\/v2\/product"}],"about":[{"href":"https:\/\/uj.adatbank.ro\/lexikon\/wp-json\/wp\/v2\/types\/product"}],"replies":[{"embeddable":true,"href":"https:\/\/uj.adatbank.ro\/lexikon\/wp-json\/wp\/v2\/comments?post=24826"}],"wp:attachment":[{"href":"https:\/\/uj.adatbank.ro\/lexikon\/wp-json\/wp\/v2\/media?parent=24826"}],"wp:term":[{"taxonomy":"product_brand","embeddable":true,"href":"https:\/\/uj.adatbank.ro\/lexikon\/wp-json\/wp\/v2\/product_brand?post=24826"},{"taxonomy":"product_cat","embeddable":true,"href":"https:\/\/uj.adatbank.ro\/lexikon\/wp-json\/wp\/v2\/product_cat?post=24826"},{"taxonomy":"product_tag","embeddable":true,"href":"https:\/\/uj.adatbank.ro\/lexikon\/wp-json\/wp\/v2\/product_tag?post=24826"}],"curies":[{"name":"wp","href":"https:\/\/api.w.org\/{rel}","templated":true}]}}